{"id":2023,"date":"2025-04-08T11:34:25","date_gmt":"2025-04-08T11:34:25","guid":{"rendered":"https:\/\/congresso15.cmm.pt\/speakers\/"},"modified":"2025-11-15T21:09:58","modified_gmt":"2025-11-15T21:09:58","slug":"keynotes","status":"publish","type":"page","link":"https:\/\/congresso15.cmm.pt\/en\/keynotes\/","title":{"rendered":"Keynotes"},"content":{"rendered":"<p>[et_pb_section fb_built=&#8221;1&#8243; custom_padding_last_edited=&#8221;on|phone&#8221; admin_label=&#8221;Hero&#8221; _builder_version=&#8221;4.27.4&#8243; use_background_color_gradient=&#8221;on&#8221; background_color_gradient_stops=&#8221;#008aa8 0%|#ffffff 100%&#8221; custom_margin=&#8221;0px||||false|false&#8221; custom_padding=&#8221;100px||100px|&#8221; custom_padding_tablet=&#8221;130px||130px|&#8221; custom_padding_phone=&#8221;0px||50px||false|false&#8221; global_colors_info=&#8221;{}&#8221;][et_pb_row custom_padding_last_edited=&#8221;on|phone&#8221; admin_label=&#8221;title and illustration&#8221; _builder_version=&#8221;4.27.4&#8243; background_size=&#8221;initial&#8221; background_position=&#8221;top_left&#8221; background_repeat=&#8221;repeat&#8221; custom_margin=&#8221;|||&#8221; custom_margin_tablet=&#8221;|||&#8221; custom_margin_phone=&#8221;0px||||false|false&#8221; custom_margin_last_edited=&#8221;on|phone&#8221; custom_padding_tablet=&#8221;&#8221; custom_padding_phone=&#8221;50px||0px||false|false&#8221; global_colors_info=&#8221;{}&#8221;][et_pb_column type=&#8221;4_4&#8243; _builder_version=&#8221;4.16&#8243; custom_padding=&#8221;|||&#8221; global_colors_info=&#8221;{}&#8221; custom_padding__hover=&#8221;|||&#8221;][et_pb_text _builder_version=&#8221;4.27.4&#8243; header_font=&#8221;Merriweather|700|||||||&#8221; header_font_size=&#8221;46px&#8221; header_line_height=&#8221;1.3em&#8221; custom_margin=&#8221;||0px|&#8221; animation_style=&#8221;flip&#8221; animation_direction=&#8221;top&#8221; header_font_size_tablet=&#8221;46px&#8221; header_font_size_phone=&#8221;40px&#8221; header_font_size_last_edited=&#8221;on|phone&#8221; global_colors_info=&#8221;{}&#8221;]<\/p>\n<h1 style=\"text-align: center;\"><span style=\"color: #ffffff;\">Keynotes<\/span><\/h1>\n<p>[\/et_pb_text][et_pb_divider color=&#8221;gcid-11f9b122-e9c0-482b-a959-1714baa342ba&#8221; divider_position=&#8221;center&#8221; divider_weight=&#8221;2px&#8221; _builder_version=&#8221;4.27.4&#8243; max_width=&#8221;90px&#8221; max_width_tablet=&#8221;12%&#8221; max_width_last_edited=&#8221;off|desktop&#8221; module_alignment=&#8221;center&#8221; custom_margin=&#8221;|||&#8221; animation_style=&#8221;flip&#8221; animation_delay=&#8221;100ms&#8221; locked=&#8221;off&#8221; global_colors_info=&#8221;{%22gcid-11f9b122-e9c0-482b-a959-1714baa342ba%22:%91%22color%22%93}&#8221;][\/et_pb_divider][\/et_pb_column][\/et_pb_row][\/et_pb_section][et_pb_section fb_built=&#8221;1&#8243; custom_padding_last_edited=&#8221;on|phone&#8221; admin_label=&#8221;Speakers&#8221; _builder_version=&#8221;4.27.4&#8243; custom_margin_tablet=&#8221;&#8221; custom_margin_phone=&#8221;&#8221; custom_margin_last_edited=&#8221;on|phone&#8221; custom_padding=&#8221;60px||0px||false|false&#8221; custom_padding_tablet=&#8221;60px||0px||false|false&#8221; custom_padding_phone=&#8221;0px||||false|false&#8221; animation_style=&#8221;zoom&#8221; animation_intensity_zoom=&#8221;10%&#8221; global_colors_info=&#8221;{}&#8221;][et_pb_row column_structure=&#8221;1_3,2_3&#8243; _builder_version=&#8221;4.16&#8243; custom_margin=&#8221;2px|auto||auto||&#8221; custom_padding=&#8221;40px|0px|40px|0px&#8221; locked=&#8221;off&#8221; global_colors_info=&#8221;{}&#8221;][et_pb_column type=&#8221;1_3&#8243; _builder_version=&#8221;4.16&#8243; custom_padding=&#8221;|||&#8221; global_colors_info=&#8221;{}&#8221; custom_padding__hover=&#8221;|||&#8221;][et_pb_image src=&#8221;https:\/\/congresso15.cmm.pt\/wp-content\/uploads\/2025\/11\/image006.jpg&#8221; title_text=&#8221;image006&#8243; _builder_version=&#8221;4.27.4&#8243; max_width_tablet=&#8221;40%&#8221; max_width_phone=&#8221;40%&#8221; max_width_last_edited=&#8221;on|tablet&#8221; custom_margin=&#8221;|||&#8221; custom_margin_tablet=&#8221;90px|||&#8221; custom_margin_last_edited=&#8221;off|desktop&#8221; always_center_on_mobile=&#8221;off&#8221; locked=&#8221;off&#8221; global_colors_info=&#8221;{}&#8221;][\/et_pb_image][\/et_pb_column][et_pb_column type=&#8221;2_3&#8243; _builder_version=&#8221;4.16&#8243; custom_padding=&#8221;|||&#8221; global_colors_info=&#8221;{}&#8221; custom_padding__hover=&#8221;|||&#8221;][et_pb_text _builder_version=&#8221;4.27.4&#8243; text_font=&#8221;||||||||&#8221; text_text_color=&#8221;#7e7f93&#8243; text_font_size=&#8221;18px&#8221; text_line_height=&#8221;1.5em&#8221; header_font=&#8221;||||||||&#8221; header_3_font=&#8221;Merriweather|700|||||||&#8221; header_3_text_color=&#8221;#4646c4&#8243; header_3_font_size=&#8221;36px&#8221; header_3_line_height=&#8221;1.4em&#8221; text_font_size_tablet=&#8221;18px&#8221; text_font_size_phone=&#8221;15px&#8221; text_font_size_last_edited=&#8221;on|phone&#8221; text_line_height_tablet=&#8221;1.5em&#8221; text_line_height_phone=&#8221;1.6em&#8221; text_line_height_last_edited=&#8221;on|phone&#8221; header_3_font_size_tablet=&#8221;36px&#8221; header_3_font_size_phone=&#8221;25px&#8221; header_3_font_size_last_edited=&#8221;on|phone&#8221; locked=&#8221;off&#8221; global_colors_info=&#8221;{}&#8221;]<\/p>\n<h3><span style=\"color: #008aa8;\">Eng. Ana Ara\u00fajo<\/span><\/h3>\n<div>\n<p>Partner at Buro Happold, Fa\u00e7ade Engineering Lead and Building Retrofit Lead<\/p>\n<\/div>\n<div><\/div>\n<p>[\/et_pb_text][et_pb_text content_tablet=&#8221;<\/p>\n<div>Lecture: <strong><span style=%22font-size: 18px;%22>Hi Chat. Build me a fa\u00e7ade.\u201d Will it be that easy? Challenges and opportunities<\/span><\/strong><\/div>\n<div><\/div>\n<p>&#8221; content_phone=&#8221;<\/p>\n<div>Lecture: <strong><span style=%22font-size: 15px;%22>Hi Chat. Build me a fa\u00e7ade.\u201d Will it be that easy? Challenges and opportunities<\/span><\/strong><\/div>\n<div><\/div>\n<p>&#8221; content_last_edited=&#8221;on|phone&#8221; _builder_version=&#8221;4.27.4&#8243; text_font=&#8221;||||||||&#8221; text_text_color=&#8221;#7e7f93&#8243; text_font_size=&#8221;18px&#8221; text_line_height=&#8221;1.5em&#8221; header_font=&#8221;||||||||&#8221; header_3_font=&#8221;Merriweather|700|||||||&#8221; header_3_text_color=&#8221;#4646c4&#8243; header_3_font_size=&#8221;36px&#8221; header_3_line_height=&#8221;1.4em&#8221; text_font_size_tablet=&#8221;18px&#8221; text_font_size_phone=&#8221;15px&#8221; text_font_size_last_edited=&#8221;on|phone&#8221; text_line_height_tablet=&#8221;1.5em&#8221; text_line_height_phone=&#8221;1.6em&#8221; text_line_height_last_edited=&#8221;on|phone&#8221; locked=&#8221;off&#8221; global_colors_info=&#8221;{}&#8221;]<\/p>\n<div>Lecture: <strong>Hi Chat. Build me a fa\u00e7ade.\u201d Will it be that easy? Challenges and opportunities<\/strong><\/div>\n<p>[\/et_pb_text][et_pb_text _builder_version=&#8221;4.27.4&#8243; text_font=&#8221;||||||||&#8221; text_font_size=&#8221;18px&#8221; text_line_height=&#8221;1.8em&#8221; custom_padding=&#8221;||0px|||&#8221; text_font_size_tablet=&#8221;18px&#8221; text_font_size_phone=&#8221;15px&#8221; text_font_size_last_edited=&#8221;on|phone&#8221; text_line_height_tablet=&#8221;1.8em&#8221; text_line_height_phone=&#8221;1.6em&#8221; text_line_height_last_edited=&#8221;on|phone&#8221; global_colors_info=&#8221;{}&#8221;]<\/p>\n<p>Ana is a Civil Engineer (Faculdade da Engenharia da Universidade do Porto, Building Construction specialism) and Chartered Building Surveyor. Starting her career in Porto and currently based in London, Ana has been inspecting existing buildings and providing Fa\u00e7ade Engineering advice across multiple countries for the last 20 years. Since 2021, Ana has been leading the Buro Happold Fa\u00e7ade Engineering Team, an international group of more than 80 fa\u00e7ade engineering specialists based in Europe, North America, Middle East and Asia. The team designs and provides advice for some of the most iconic buildings in the world and actively engaged in industry technical, sustainability and computational development. With an enthusiasm for refurbishment inspired by the beautiful Heritage Centre of Porto, Ana\u2019s main focus of direct advice has been the refurbishment of existing buildings, always aiming to find innovative and sustainable solutions for the evolving challenges that the built environment faces. Technology will increasingly play an important role in this aim. Ana is a frequent speaker and moderator in industry conferences and academic talks, helping to disseminate knowledge and foster collaboration.<\/p>\n<p>[\/et_pb_text][\/et_pb_column][\/et_pb_row][et_pb_row column_structure=&#8221;1_3,2_3&#8243; _builder_version=&#8221;4.16&#8243; custom_margin=&#8221;2px|auto||auto||&#8221; custom_padding=&#8221;40px|0px|40px|0px&#8221; locked=&#8221;off&#8221; global_colors_info=&#8221;{}&#8221;][et_pb_column type=&#8221;1_3&#8243; _builder_version=&#8221;4.16&#8243; custom_padding=&#8221;|||&#8221; global_colors_info=&#8221;{}&#8221; custom_padding__hover=&#8221;|||&#8221;][et_pb_image src=&#8221;https:\/\/congresso15.cmm.pt\/wp-content\/uploads\/2025\/10\/A-LORCA.jpg&#8221; title_text=&#8221;A LORCA&#8221; _builder_version=&#8221;4.27.4&#8243; max_width_tablet=&#8221;40%&#8221; max_width_phone=&#8221;40%&#8221; max_width_last_edited=&#8221;on|tablet&#8221; custom_margin=&#8221;|||&#8221; custom_margin_tablet=&#8221;90px|||&#8221; custom_margin_last_edited=&#8221;off|desktop&#8221; always_center_on_mobile=&#8221;off&#8221; locked=&#8221;off&#8221; global_colors_info=&#8221;{}&#8221;][\/et_pb_image][\/et_pb_column][et_pb_column type=&#8221;2_3&#8243; _builder_version=&#8221;4.16&#8243; custom_padding=&#8221;|||&#8221; global_colors_info=&#8221;{}&#8221; custom_padding__hover=&#8221;|||&#8221;][et_pb_text _builder_version=&#8221;4.27.4&#8243; text_font=&#8221;||||||||&#8221; text_text_color=&#8221;#7e7f93&#8243; text_font_size=&#8221;18px&#8221; text_line_height=&#8221;1.5em&#8221; header_font=&#8221;||||||||&#8221; header_3_font=&#8221;Merriweather|700|||||||&#8221; header_3_text_color=&#8221;#4646c4&#8243; header_3_font_size=&#8221;36px&#8221; header_3_line_height=&#8221;1.4em&#8221; text_font_size_tablet=&#8221;18px&#8221; text_font_size_phone=&#8221;15px&#8221; text_font_size_last_edited=&#8221;on|phone&#8221; text_line_height_tablet=&#8221;1.5em&#8221; text_line_height_phone=&#8221;1.6em&#8221; text_line_height_last_edited=&#8221;on|phone&#8221; header_3_font_size_tablet=&#8221;36px&#8221; header_3_font_size_phone=&#8221;25px&#8221; header_3_font_size_last_edited=&#8221;on|phone&#8221; locked=&#8221;off&#8221; global_colors_info=&#8221;{}&#8221;]<\/p>\n<h3><span style=\"color: #008aa8;\">Arq. Alejandro Lorca<\/span><\/h3>\n<div>Senior Partner\u00a0and\u00a0Head of the Madrid studio\u00a0at L35 Architects<\/div>\n<div><\/div>\n<p>[\/et_pb_text][et_pb_text content_tablet=&#8221;<\/p>\n<div>Lecture: <strong><span style=%22font-size: 18px;%22>The Bernab\u00e9u Fa\u00e7ade<\/span><\/strong><\/div>\n<div><\/div>\n<p>&#8221; content_phone=&#8221;<\/p>\n<div>Lecture: <strong>The Bernab\u00e9u Fa\u00e7ade<\/strong><\/div>\n<div><\/div>\n<p>&#8221; content_last_edited=&#8221;on|phone&#8221; _builder_version=&#8221;4.27.4&#8243; text_font=&#8221;||||||||&#8221; text_text_color=&#8221;#7e7f93&#8243; text_font_size=&#8221;18px&#8221; text_line_height=&#8221;1.5em&#8221; header_font=&#8221;||||||||&#8221; header_3_font=&#8221;Merriweather|700|||||||&#8221; header_3_text_color=&#8221;#4646c4&#8243; header_3_font_size=&#8221;36px&#8221; header_3_line_height=&#8221;1.4em&#8221; text_font_size_tablet=&#8221;18px&#8221; text_font_size_phone=&#8221;15px&#8221; text_font_size_last_edited=&#8221;on|phone&#8221; text_line_height_tablet=&#8221;1.5em&#8221; text_line_height_phone=&#8221;1.6em&#8221; text_line_height_last_edited=&#8221;on|phone&#8221; locked=&#8221;off&#8221; global_colors_info=&#8221;{}&#8221;]<\/p>\n<div>Lecture: <strong><span style=\"font-size: 18px;\">The Bernab\u00e9u Fa\u00e7ade<\/span><\/strong><\/div>\n<p>[\/et_pb_text][et_pb_text _builder_version=&#8221;4.27.4&#8243; text_font=&#8221;||||||||&#8221; text_font_size=&#8221;18px&#8221; text_line_height=&#8221;1.8em&#8221; text_font_size_tablet=&#8221;18px&#8221; text_font_size_phone=&#8221;15px&#8221; text_font_size_last_edited=&#8221;on|phone&#8221; text_line_height_tablet=&#8221;1.8em&#8221; text_line_height_phone=&#8221;1.6em&#8221; text_line_height_last_edited=&#8221;on|phone&#8221; global_colors_info=&#8221;{}&#8221;]<\/p>\n<p style=\"font-weight: 400;\">Alejandro\u00a0is a\u00a0Senior Partner\u00a0and\u00a0Head of the Madrid studio\u00a0at L35 Architects.\u00a0<br \/>He leads and oversees design teams working on complex projects, particularly mixed-use and sports developments. In recent years, he has coordinated architectural and engineering studies for international projects. Among his most notable works are the Santiago Bernab\u00e9u Stadium in Madrid, the Gran Canaria Stadium, Petah Tikva urban regeneration project in Tel Aviv, and shopping centers such as Sofia Ring Mall and Islazul.<\/p>\n<p>[\/et_pb_text][\/et_pb_column][\/et_pb_row][et_pb_row column_structure=&#8221;1_3,2_3&#8243; _builder_version=&#8221;4.16&#8243; custom_margin=&#8221;2px|auto||auto||&#8221; custom_padding=&#8221;40px|0px|40px|0px&#8221; locked=&#8221;off&#8221; global_colors_info=&#8221;{}&#8221;][et_pb_column type=&#8221;1_3&#8243; _builder_version=&#8221;4.16&#8243; custom_padding=&#8221;|||&#8221; global_colors_info=&#8221;{}&#8221; custom_padding__hover=&#8221;|||&#8221;][et_pb_image src=&#8221;https:\/\/congresso15.cmm.pt\/wp-content\/uploads\/2025\/10\/Anton.png&#8221; title_text=&#8221;Anton&#8221; _builder_version=&#8221;4.27.4&#8243; max_width_tablet=&#8221;40%&#8221; max_width_phone=&#8221;40%&#8221; max_width_last_edited=&#8221;on|tablet&#8221; custom_margin=&#8221;|||&#8221; custom_margin_tablet=&#8221;90px|||&#8221; custom_margin_last_edited=&#8221;off|desktop&#8221; always_center_on_mobile=&#8221;off&#8221; locked=&#8221;off&#8221; global_colors_info=&#8221;{}&#8221;][\/et_pb_image][\/et_pb_column][et_pb_column type=&#8221;2_3&#8243; _builder_version=&#8221;4.16&#8243; custom_padding=&#8221;|||&#8221; global_colors_info=&#8221;{}&#8221; custom_padding__hover=&#8221;|||&#8221;][et_pb_text _builder_version=&#8221;4.27.4&#8243; text_font=&#8221;||||||||&#8221; text_text_color=&#8221;#7e7f93&#8243; text_font_size=&#8221;18px&#8221; text_line_height=&#8221;1.5em&#8221; header_font=&#8221;||||||||&#8221; header_3_font=&#8221;Merriweather|700|||||||&#8221; header_3_text_color=&#8221;#4646c4&#8243; header_3_font_size=&#8221;36px&#8221; header_3_line_height=&#8221;1.4em&#8221; text_font_size_tablet=&#8221;18px&#8221; text_font_size_phone=&#8221;15px&#8221; text_font_size_last_edited=&#8221;on|phone&#8221; text_line_height_tablet=&#8221;1.5em&#8221; text_line_height_phone=&#8221;1.6em&#8221; text_line_height_last_edited=&#8221;on|phone&#8221; header_3_font_size_tablet=&#8221;36px&#8221; header_3_font_size_phone=&#8221;25px&#8221; header_3_font_size_last_edited=&#8221;on|phone&#8221; locked=&#8221;off&#8221; global_colors_info=&#8221;{}&#8221;]<\/p>\n<h3><span style=\"color: #008aa8;\">Eng. Anton Zeilinger<\/span><\/h3>\n<div>\n<p class=\"p1\">igm Robotersystem \u2013\u00a0 Global Key Account Manager Caterpillar<\/p>\n<\/div>\n<div><\/div>\n<p>[\/et_pb_text][et_pb_text content_tablet=&#8221;<\/p>\n<div>Lecture: <strong><span style=%22font-size: 18px;%22>Integrative welding robot systems with advanced sensor technology<\/span><\/strong><\/div>\n<div><\/div>\n<p>&#8221; content_phone=&#8221;<\/p>\n<div>Lecture: <strong>Integrative welding robot systems with advanced sensor technology<\/strong><\/div>\n<div><\/div>\n<p>&#8221; content_last_edited=&#8221;on|phone&#8221; _builder_version=&#8221;4.27.4&#8243; text_font=&#8221;||||||||&#8221; text_text_color=&#8221;#7e7f93&#8243; text_font_size=&#8221;18px&#8221; text_line_height=&#8221;1.5em&#8221; header_font=&#8221;||||||||&#8221; header_3_font=&#8221;Merriweather|700|||||||&#8221; header_3_text_color=&#8221;#4646c4&#8243; header_3_font_size=&#8221;36px&#8221; header_3_line_height=&#8221;1.4em&#8221; custom_padding=&#8221;||0px|||&#8221; text_font_size_tablet=&#8221;18px&#8221; text_font_size_phone=&#8221;15px&#8221; text_font_size_last_edited=&#8221;on|phone&#8221; text_line_height_tablet=&#8221;1.5em&#8221; text_line_height_phone=&#8221;1.6em&#8221; text_line_height_last_edited=&#8221;on|phone&#8221; locked=&#8221;off&#8221; global_colors_info=&#8221;{}&#8221;]<\/p>\n<p>Lecture: <strong>Integrative welding robot systems with advanced sensor technology<\/strong><\/p>\n<p>[\/et_pb_text][et_pb_text _builder_version=&#8221;4.27.4&#8243; text_font=&#8221;||||||||&#8221; text_font_size=&#8221;18px&#8221; text_line_height=&#8221;1.8em&#8221; text_font_size_tablet=&#8221;18px&#8221; text_font_size_phone=&#8221;15px&#8221; text_font_size_last_edited=&#8221;on|phone&#8221; text_line_height_tablet=&#8221;1.8em&#8221; text_line_height_phone=&#8221;1.6em&#8221; text_line_height_last_edited=&#8221;on|phone&#8221; global_colors_info=&#8221;{}&#8221;]<\/p>\n<p style=\"font-weight: 400;\">Sales leader with an extensive track record at igm Robotersysteme AG, excelling in team leadership, client satisfaction, and optimizing service performance.<\/p>\n<p>[\/et_pb_text][\/et_pb_column][\/et_pb_row][et_pb_row column_structure=&#8221;1_3,2_3&#8243; _builder_version=&#8221;4.16&#8243; custom_margin=&#8221;2px|auto||auto||&#8221; custom_padding=&#8221;40px|0px|40px|0px&#8221; locked=&#8221;off&#8221; global_colors_info=&#8221;{}&#8221;][et_pb_column type=&#8221;1_3&#8243; _builder_version=&#8221;4.16&#8243; custom_padding=&#8221;|||&#8221; global_colors_info=&#8221;{}&#8221; custom_padding__hover=&#8221;|||&#8221;][et_pb_image src=&#8221;https:\/\/congresso15.cmm.pt\/wp-content\/uploads\/2025\/11\/AntonioPedro.jpeg&#8221; title_text=&#8221;AntonioPedro&#8221; _builder_version=&#8221;4.27.4&#8243; max_width_tablet=&#8221;40%&#8221; max_width_phone=&#8221;40%&#8221; max_width_last_edited=&#8221;on|tablet&#8221; custom_margin=&#8221;|||&#8221; custom_margin_tablet=&#8221;90px|||&#8221; custom_margin_last_edited=&#8221;off|desktop&#8221; always_center_on_mobile=&#8221;off&#8221; locked=&#8221;off&#8221; global_colors_info=&#8221;{}&#8221;][\/et_pb_image][\/et_pb_column][et_pb_column type=&#8221;2_3&#8243; _builder_version=&#8221;4.16&#8243; custom_padding=&#8221;|||&#8221; global_colors_info=&#8221;{}&#8221; custom_padding__hover=&#8221;|||&#8221;][et_pb_text _builder_version=&#8221;4.27.4&#8243; text_font=&#8221;||||||||&#8221; text_text_color=&#8221;#7e7f93&#8243; text_font_size=&#8221;18px&#8221; text_line_height=&#8221;1.5em&#8221; header_font=&#8221;||||||||&#8221; header_3_font=&#8221;Merriweather|700|||||||&#8221; header_3_text_color=&#8221;#4646c4&#8243; header_3_font_size=&#8221;36px&#8221; header_3_line_height=&#8221;1.4em&#8221; text_font_size_tablet=&#8221;18px&#8221; text_font_size_phone=&#8221;15px&#8221; text_font_size_last_edited=&#8221;on|phone&#8221; text_line_height_tablet=&#8221;1.5em&#8221; text_line_height_phone=&#8221;1.6em&#8221; text_line_height_last_edited=&#8221;on|phone&#8221; header_3_font_size_tablet=&#8221;36px&#8221; header_3_font_size_phone=&#8221;25px&#8221; header_3_font_size_last_edited=&#8221;on|phone&#8221; locked=&#8221;off&#8221; global_colors_info=&#8221;{}&#8221;]<\/p>\n<h3><span style=\"color: #008aa8;\">Eng. Ant\u00f3nio Pedro<\/span><\/h3>\n<div>\n<p class=\"p1\">CEO Metalogalva<\/p>\n<\/div>\n<div><\/div>\n<p>[\/et_pb_text][et_pb_text content_tablet=&#8221;<\/p>\n<div>Lecture: <strong>Key Impacts and Challenges of the Current Geopolitical Landscape: Navigating Tariffs, Inflation, and Trade Tensions<\/strong><\/div>\n<div><\/div>\n<p>&#8221; content_phone=&#8221;<\/p>\n<div>Lecture: <strong>Key Impacts and Challenges of the Current Geopolitical Landscape: Navigating Tariffs, Inflation, and Trade Tensions<\/strong><\/div>\n<div><\/div>\n<p>&#8221; content_last_edited=&#8221;on|phone&#8221; _builder_version=&#8221;4.27.4&#8243; text_font=&#8221;||||||||&#8221; text_text_color=&#8221;#7e7f93&#8243; text_font_size=&#8221;18px&#8221; text_line_height=&#8221;1.5em&#8221; header_font=&#8221;||||||||&#8221; header_3_font=&#8221;Merriweather|700|||||||&#8221; header_3_text_color=&#8221;#4646c4&#8243; header_3_font_size=&#8221;36px&#8221; header_3_line_height=&#8221;1.4em&#8221; custom_padding=&#8221;||0px|||&#8221; text_font_size_tablet=&#8221;18px&#8221; text_font_size_phone=&#8221;15px&#8221; text_font_size_last_edited=&#8221;on|phone&#8221; text_line_height_tablet=&#8221;1.5em&#8221; text_line_height_phone=&#8221;1.6em&#8221; text_line_height_last_edited=&#8221;on|phone&#8221; locked=&#8221;off&#8221; global_colors_info=&#8221;{}&#8221;]<\/p>\n<p>Lecture: <strong>Key Impacts and Challenges of the Current Geopolitical Landscape: Navigating Tariffs, Inflation, and Trade Tensions<\/strong><\/p>\n<p>[\/et_pb_text][et_pb_text _builder_version=&#8221;4.27.4&#8243; text_font=&#8221;||||||||&#8221; text_font_size=&#8221;18px&#8221; text_line_height=&#8221;1.8em&#8221; text_font_size_tablet=&#8221;18px&#8221; text_font_size_phone=&#8221;15px&#8221; text_font_size_last_edited=&#8221;on|phone&#8221; text_line_height_tablet=&#8221;1.8em&#8221; text_line_height_phone=&#8221;1.6em&#8221; text_line_height_last_edited=&#8221;on|phone&#8221; global_colors_info=&#8221;{}&#8221;]<\/p>\n<p>Ant\u00f3nio Pedro Rocha Brito M. Antunes is the CEO of Metalogalva and responsible for the metalworking area of \u200b\u200bthe Vigent Group, which has industrial units in seven countries (Portugal, France, Germany, Poland, England, Ukraine, United States, Angola) and a commercial presence in two more markets. He began his career at Metalogalva as an intern in 2005, assuming the Technical Directorship in 2007. In 2011, he joined the Board of Directors, playing a central role in the company&#8217;s internationalization process. In 2020, he was invited to lead the conglomerate, consolidating the group&#8217;s global expansion and strategic diversification. With solid experience in training and developing teams to face global challenges, Ant\u00f3nio Pedro has led operations that compete at the highest level in the metalworking sector. His career includes organic growth and acquisitions (M&amp;A) of European competitors, as well as the creation of joint ventures in countries such as Ukraine, Brazil, and Saudi Arabia. Holding a Global Executive MBA from INSEAD, a Master&#8217;s degree in Civil Engineering from the University of Porto, and a General Management Program from AESE, he combines technical knowledge and strategic vision to drive innovation and competitiveness in the industrial sector.<\/p>\n<p>[\/et_pb_text][\/et_pb_column][\/et_pb_row][et_pb_row column_structure=&#8221;1_3,2_3&#8243; _builder_version=&#8221;4.16&#8243; custom_margin=&#8221;2px|auto||auto||&#8221; custom_padding=&#8221;40px|0px|40px|0px&#8221; global_colors_info=&#8221;{}&#8221;][et_pb_column type=&#8221;1_3&#8243; _builder_version=&#8221;4.16&#8243; custom_padding=&#8221;|||&#8221; global_colors_info=&#8221;{}&#8221; custom_padding__hover=&#8221;|||&#8221;][et_pb_image src=&#8221;https:\/\/congresso15.cmm.pt\/wp-content\/uploads\/2025\/04\/Ben-Young-300dpi.png&#8221; title_text=&#8221;Ben Young (300dpi)&#8221; _builder_version=&#8221;4.27.4&#8243; max_width_tablet=&#8221;40%&#8221; max_width_phone=&#8221;40%&#8221; max_width_last_edited=&#8221;on|tablet&#8221; custom_margin=&#8221;|||&#8221; custom_margin_tablet=&#8221;90px|||&#8221; custom_margin_last_edited=&#8221;off|desktop&#8221; always_center_on_mobile=&#8221;off&#8221; locked=&#8221;off&#8221; global_colors_info=&#8221;{}&#8221;][\/et_pb_image][\/et_pb_column][et_pb_column type=&#8221;2_3&#8243; _builder_version=&#8221;4.16&#8243; custom_padding=&#8221;|||&#8221; global_colors_info=&#8221;{}&#8221; custom_padding__hover=&#8221;|||&#8221;][et_pb_text _builder_version=&#8221;4.27.4&#8243; text_font=&#8221;||||||||&#8221; text_text_color=&#8221;#7e7f93&#8243; text_font_size=&#8221;18px&#8221; text_line_height=&#8221;1.5em&#8221; header_font=&#8221;||||||||&#8221; header_3_font=&#8221;Merriweather|700|||||||&#8221; header_3_text_color=&#8221;#4646c4&#8243; header_3_font_size=&#8221;36px&#8221; header_3_line_height=&#8221;1.4em&#8221; text_font_size_tablet=&#8221;18px&#8221; text_font_size_phone=&#8221;15px&#8221; text_font_size_last_edited=&#8221;on|phone&#8221; text_line_height_tablet=&#8221;1.5em&#8221; text_line_height_phone=&#8221;1.6em&#8221; text_line_height_last_edited=&#8221;on|phone&#8221; header_3_font_size_tablet=&#8221;36px&#8221; header_3_font_size_phone=&#8221;25px&#8221; header_3_font_size_last_edited=&#8221;on|phone&#8221; locked=&#8221;off&#8221; global_colors_info=&#8221;{}&#8221;]<\/p>\n<h3><span style=\"color: #008aa8;\">Prof. Ben Young<\/span><\/h3>\n<div><span lang=\"EN-US\">Vice President and Chair Professor of Steel Structures of The Hong Kong Polytechnic University<\/span><\/div>\n<div><\/div>\n<p>[\/et_pb_text][et_pb_text content_tablet=&#8221;<\/p>\n<div>Lecture: <strong><span style=%22font-size: 18px;%22>Testing, numerical modelling and design of cold-formed stainless steel built-up closed section members in bending<\/span><\/strong><\/div>\n<div><\/div>\n<p>&#8221; content_phone=&#8221;<\/p>\n<div>Lecture: <strong><span style=%22font-size: 15px;%22>Testing, numerical modelling and design of cold-formed stainless steel built-up closed section members in bending<\/span><\/strong><\/div>\n<div><\/div>\n<p>&#8221; content_last_edited=&#8221;on|phone&#8221; _builder_version=&#8221;4.27.4&#8243; text_font=&#8221;||||||||&#8221; text_text_color=&#8221;#7e7f93&#8243; text_font_size=&#8221;18px&#8221; text_line_height=&#8221;1.5em&#8221; header_font=&#8221;||||||||&#8221; header_3_font=&#8221;Merriweather|700|||||||&#8221; header_3_text_color=&#8221;#4646c4&#8243; header_3_font_size=&#8221;36px&#8221; header_3_line_height=&#8221;1.4em&#8221; text_font_size_tablet=&#8221;18px&#8221; text_font_size_phone=&#8221;15px&#8221; text_font_size_last_edited=&#8221;on|phone&#8221; text_line_height_tablet=&#8221;1.5em&#8221; text_line_height_phone=&#8221;1.6em&#8221; text_line_height_last_edited=&#8221;on|phone&#8221; locked=&#8221;off&#8221; global_colors_info=&#8221;{}&#8221;]<\/p>\n<div>Lecture: <strong><span style=\"font-size: 18px;\">Testing, numerical modelling and design of cold-formed stainless steel built-up closed section members in bending<\/span><\/strong><\/div>\n<div><\/div>\n<p>[\/et_pb_text][et_pb_text _builder_version=&#8221;4.27.4&#8243; text_font=&#8221;||||||||&#8221; text_font_size=&#8221;18px&#8221; text_line_height=&#8221;1.8em&#8221; text_font_size_tablet=&#8221;18px&#8221; text_font_size_phone=&#8221;15px&#8221; text_font_size_last_edited=&#8221;on|phone&#8221; text_line_height_tablet=&#8221;1.8em&#8221; text_line_height_phone=&#8221;1.6em&#8221; text_line_height_last_edited=&#8221;on|phone&#8221; global_colors_info=&#8221;{}&#8221;]<\/p>\n<p style=\"font-weight: 400;\">Professor Ben Young is Vice President (Student and Global Affairs) and Chair Professor of Steel Structures of The Hong Kong Polytechnic University, overseeing the institutional policies and plans related to student development and promotion of culture, as well as the global engagement endeavors in educational initiatives involving the establishment of partnership with leading universities and strategic partners worldwide. Professor Young is well acquainted with academic research and actively serves on academic panels for various government agencies and non-governmental organizations. He is an Advisory Member of the American Institute of Steel Construction for the Committee on Structural Stainless Steel. Professor Young is currently a Co-Editor-in-Chief of the Journal of Constructional Steel Research, published by Elsevier. He has published over 700 international journal and conference papers, of which over 400 are SCI-indexed journal papers. He has an h-index of 73 in Scopus. Professor Young has been elected as a Member of the European Academy of Sciences and Arts (EASA). He also received the Shortridge Hardesty Award for his research contributions to the stability design of cold-formed steel and stainless steel structures, given by the American Society of Civil Engineers in 2020.       <\/p>\n<p>[\/et_pb_text][\/et_pb_column][\/et_pb_row][et_pb_row column_structure=&#8221;1_3,2_3&#8243; _builder_version=&#8221;4.16&#8243; custom_margin=&#8221;|||&#8221; custom_padding=&#8221;40px|0px|40px|0px&#8221; global_colors_info=&#8221;{}&#8221;][et_pb_column type=&#8221;1_3&#8243; _builder_version=&#8221;4.16&#8243; custom_padding=&#8221;|||&#8221; global_colors_info=&#8221;{}&#8221; custom_padding__hover=&#8221;|||&#8221;][et_pb_image src=&#8221;https:\/\/congresso15.cmm.pt\/wp-content\/uploads\/2025\/05\/image.png&#8221; title_text=&#8221;image&#8221; _builder_version=&#8221;4.27.4&#8243; max_width_tablet=&#8221;40%&#8221; max_width_phone=&#8221;40%&#8221; max_width_last_edited=&#8221;on|tablet&#8221; custom_margin=&#8221;|||&#8221; custom_margin_tablet=&#8221;90px|||&#8221; custom_margin_last_edited=&#8221;off|desktop&#8221; always_center_on_mobile=&#8221;off&#8221; locked=&#8221;off&#8221; global_colors_info=&#8221;{}&#8221;][\/et_pb_image][\/et_pb_column][et_pb_column type=&#8221;2_3&#8243; _builder_version=&#8221;4.16&#8243; custom_padding=&#8221;|||&#8221; global_colors_info=&#8221;{}&#8221; custom_padding__hover=&#8221;|||&#8221;][et_pb_text _builder_version=&#8221;4.27.4&#8243; text_font=&#8221;||||||||&#8221; text_text_color=&#8221;#7e7f93&#8243; text_font_size=&#8221;18px&#8221; text_line_height=&#8221;1.5em&#8221; header_font=&#8221;||||||||&#8221; header_3_font=&#8221;Merriweather|700|||||||&#8221; header_3_text_color=&#8221;#4646c4&#8243; header_3_font_size=&#8221;36px&#8221; header_3_line_height=&#8221;1.4em&#8221; text_font_size_tablet=&#8221;18px&#8221; text_font_size_phone=&#8221;15px&#8221; text_font_size_last_edited=&#8221;on|phone&#8221; text_line_height_tablet=&#8221;1.5em&#8221; text_line_height_phone=&#8221;1.6em&#8221; text_line_height_last_edited=&#8221;on|phone&#8221; header_3_font_size_tablet=&#8221;36px&#8221; header_3_font_size_phone=&#8221;22px&#8221; header_3_font_size_last_edited=&#8221;on|phone&#8221; locked=&#8221;off&#8221; global_colors_info=&#8221;{}&#8221;]<\/p>\n<h3><span style=\"color: #008aa8;\">Prof. Bernardo Almada-Lobo<\/span><\/h3>\n<p>Full Professor of Industrial Engineering and Management at the Faculty of Engineering of the University of Porto<\/p>\n<p>[\/et_pb_text][et_pb_text content_tablet=&#8221;<\/p>\n<div>Lecture: <strong><span style=%22font-size: 18px;%22>Steel construction in the age of artificial intelligence: where have we come from, where are we going?<\/span><\/strong><\/div>\n<div><\/div>\n<p>&#8221; content_phone=&#8221;<\/p>\n<div>Lecture: <strong><span style=%22font-size: 15px;%22>Steel construction in the age of artificial intelligence: where have we come from, where are we going?<\/span><\/strong><\/div>\n<div><\/div>\n<p>&#8221; content_last_edited=&#8221;on|phone&#8221; _builder_version=&#8221;4.27.4&#8243; text_font=&#8221;||||||||&#8221; text_text_color=&#8221;#7e7f93&#8243; text_font_size=&#8221;18px&#8221; text_line_height=&#8221;1.5em&#8221; header_font=&#8221;||||||||&#8221; header_3_font=&#8221;Merriweather|700|||||||&#8221; header_3_text_color=&#8221;#4646c4&#8243; header_3_font_size=&#8221;36px&#8221; header_3_line_height=&#8221;1.4em&#8221; text_font_size_tablet=&#8221;18px&#8221; text_font_size_phone=&#8221;15px&#8221; text_font_size_last_edited=&#8221;on|phone&#8221; text_line_height_tablet=&#8221;1.5em&#8221; text_line_height_phone=&#8221;1.6em&#8221; text_line_height_last_edited=&#8221;on|phone&#8221; locked=&#8221;off&#8221; global_colors_info=&#8221;{}&#8221;]<\/p>\n<div>Lecture: <strong><span style=\"font-size: 18px;\">Steel construction in the age of artificial intelligence: where have we come from, where are we going?<\/span><\/strong><\/div>\n<div><\/div>\n<p>[\/et_pb_text][et_pb_text _builder_version=&#8221;4.27.4&#8243; text_font=&#8221;||||||||&#8221; text_font_size=&#8221;18px&#8221; text_line_height=&#8221;1.8em&#8221; text_font_size_tablet=&#8221;18px&#8221; text_font_size_phone=&#8221;15px&#8221; text_font_size_last_edited=&#8221;on|phone&#8221; text_line_height_tablet=&#8221;1.8em&#8221; text_line_height_phone=&#8221;1.6em&#8221; text_line_height_last_edited=&#8221;on|phone&#8221; global_colors_info=&#8221;{}&#8221;]<\/p>\n<p>Full Professor of Industrial Engineering and Management at the Faculty of Engineering of the University of Porto (FEUP), and at Porto Business School. Co-founder and partner of LTPlabs, an AI &amp; advanced analytics company. Member of the Board of Trustees of the Belmiro de Azevedo Foundation. Member of the Academy of Engineering. Former director of INESC TEC and researcher at the Sloan School of Management at the Massachusetts Institute of Technology. Degree, Doctorate and Aggregate in Industrial Engineering and Management from FEUP. Advanced Management Program at INSEAD. Certified Analytics Professional by INFORMS.       <\/p>\n<p>[\/et_pb_text][\/et_pb_column][\/et_pb_row][et_pb_row column_structure=&#8221;1_3,2_3&#8243; _builder_version=&#8221;4.27.4&#8243; custom_margin=&#8221;|||&#8221; custom_padding=&#8221;40px|0px|40px|0px&#8221; locked=&#8221;off&#8221; global_colors_info=&#8221;{}&#8221;][et_pb_column type=&#8221;1_3&#8243; _builder_version=&#8221;4.27.4&#8243; custom_padding=&#8221;|||&#8221; global_colors_info=&#8221;{}&#8221; custom_padding__hover=&#8221;|||&#8221;][et_pb_image src=&#8221;https:\/\/congresso15.cmm.pt\/wp-content\/uploads\/2025\/10\/Bruno-Martins-Azevedo-CSW-PT.jpg&#8221; title_text=&#8221;Bruno Martins Azevedo &#8211; CSW PT&#8221; _builder_version=&#8221;4.27.4&#8243; max_width_tablet=&#8221;40%&#8221; max_width_phone=&#8221;40%&#8221; max_width_last_edited=&#8221;on|tablet&#8221; custom_margin=&#8221;|||&#8221; custom_margin_tablet=&#8221;90px|||&#8221; custom_margin_last_edited=&#8221;off|desktop&#8221; always_center_on_mobile=&#8221;off&#8221; locked=&#8221;off&#8221; global_colors_info=&#8221;{}&#8221;][\/et_pb_image][\/et_pb_column][et_pb_column type=&#8221;2_3&#8243; _builder_version=&#8221;4.16&#8243; custom_padding=&#8221;|||&#8221; global_colors_info=&#8221;{}&#8221; custom_padding__hover=&#8221;|||&#8221;][et_pb_text _builder_version=&#8221;4.27.4&#8243; text_font=&#8221;||||||||&#8221; text_text_color=&#8221;#7e7f93&#8243; text_font_size=&#8221;18px&#8221; text_line_height=&#8221;1.5em&#8221; header_font=&#8221;||||||||&#8221; header_3_font=&#8221;Merriweather|700|||||||&#8221; header_3_text_color=&#8221;#4646c4&#8243; header_3_font_size=&#8221;36px&#8221; header_3_line_height=&#8221;1.4em&#8221; text_font_size_tablet=&#8221;18px&#8221; text_font_size_phone=&#8221;15px&#8221; text_font_size_last_edited=&#8221;on|phone&#8221; text_line_height_tablet=&#8221;1.5em&#8221; text_line_height_phone=&#8221;1.6em&#8221; text_line_height_last_edited=&#8221;on|phone&#8221; header_3_font_size_tablet=&#8221;36px&#8221; header_3_font_size_phone=&#8221;22px&#8221; header_3_font_size_last_edited=&#8221;on|phone&#8221; locked=&#8221;off&#8221; global_colors_info=&#8221;{}&#8221;]<\/p>\n<h3><span style=\"color: #008aa8;\">Eng. Bruno Martins Azevedo<\/span><\/h3>\n<p>Project &amp; Contract Management Director, Business Development at <br \/>CSWind PT<\/p>\n<p>[\/et_pb_text][et_pb_text content_tablet=&#8221;<\/p>\n<div>\n<p>Lecture: <strong><span style=%22font-size: 18px;%22>Floating the Future: Industrializing Offshore Wind in Portugal<\/span><\/strong><\/p>\n<\/div>\n<div><\/div>\n<p>&#8221; content_phone=&#8221;<\/p>\n<div>Lecture: <strong>Floating the Future: Industrializing Offshore Wind in Portugal<\/strong><\/div>\n<div><\/div>\n<p>&#8221; content_last_edited=&#8221;on|phone&#8221; _builder_version=&#8221;4.27.4&#8243; text_font=&#8221;||||||||&#8221; text_text_color=&#8221;#7e7f93&#8243; text_font_size=&#8221;18px&#8221; text_line_height=&#8221;1.5em&#8221; header_font=&#8221;||||||||&#8221; header_3_font=&#8221;Merriweather|700|||||||&#8221; header_3_text_color=&#8221;#4646c4&#8243; header_3_font_size=&#8221;36px&#8221; header_3_line_height=&#8221;1.4em&#8221; custom_padding=&#8221;0px|||||&#8221; text_font_size_tablet=&#8221;18px&#8221; text_font_size_phone=&#8221;15px&#8221; text_font_size_last_edited=&#8221;on|phone&#8221; text_line_height_tablet=&#8221;1.5em&#8221; text_line_height_phone=&#8221;1.6em&#8221; text_line_height_last_edited=&#8221;on|phone&#8221; locked=&#8221;off&#8221; global_colors_info=&#8221;{}&#8221;]<\/p>\n<div>Lecture: <strong><span style=\"font-size: 18px;\"><span>Floating the Future: Industrializing Offshore Wind in Portugal<\/span><\/span><\/strong><\/div>\n<div><\/div>\n<p>[\/et_pb_text][et_pb_text _builder_version=&#8221;4.27.4&#8243; text_font=&#8221;||||||||&#8221; text_font_size=&#8221;18px&#8221; text_line_height=&#8221;1.8em&#8221; text_font_size_tablet=&#8221;18px&#8221; text_font_size_phone=&#8221;15px&#8221; text_font_size_last_edited=&#8221;on|phone&#8221; text_line_height_tablet=&#8221;1.8em&#8221; text_line_height_phone=&#8221;1.6em&#8221; text_line_height_last_edited=&#8221;on|phone&#8221; global_colors_info=&#8221;{}&#8221;]<\/p>\n<p>With a degree in Environmental Engineering, Bruno Martins Azevedo began his career in 2004 as a research specialist in mathematical modelling to support environmental decision-making in EU-sponsored projects, focusing on estuaries and coastal lagoons. During this time, he contributed as both lead and co-author to several internationally published scientific articles. Over the past two decades, he has built a robust international career, primarily within the Oil &amp; Gas sector \u2014 spanning offshore and onshore LPG\/LNG infrastructure, large steel jackets, topsides, and substations. Since 2019, he has been actively engaged in the energy transition, returning to Portugal to contribute to the development of the renewables sector, particularly in floating wind foundation technologies. An expert in Project and Contract Management, Bruno Martins Azevedo currently serves also as Business Development Director at CSWind Portugal. In this role, he leads the strategic alignment of the Portuguese branch with South Korea CSWind Corporation\u2019s global operations, supporting the company&#8217;s position as a worldwide leader in wind tower and foundation manufacturing.<\/p>\n<p>[\/et_pb_text][\/et_pb_column][\/et_pb_row][et_pb_row column_structure=&#8221;1_3,2_3&#8243; _builder_version=&#8221;4.16&#8243; custom_margin=&#8221;|||&#8221; custom_padding=&#8221;40px|0px|40px|0px&#8221; global_colors_info=&#8221;{}&#8221;][et_pb_column type=&#8221;1_3&#8243; _builder_version=&#8221;4.16&#8243; custom_padding=&#8221;|||&#8221; global_colors_info=&#8221;{}&#8221; custom_padding__hover=&#8221;|||&#8221;][et_pb_image src=&#8221;https:\/\/congresso15.cmm.pt\/wp-content\/uploads\/2025\/06\/foto_daniel_aelenei.jpeg&#8221; title_text=&#8221;foto_daniel_aelenei&#8221; _builder_version=&#8221;4.27.4&#8243; max_width_tablet=&#8221;40%&#8221; max_width_phone=&#8221;40%&#8221; max_width_last_edited=&#8221;on|tablet&#8221; custom_margin=&#8221;|||&#8221; custom_margin_tablet=&#8221;90px|||&#8221; custom_margin_last_edited=&#8221;off|desktop&#8221; always_center_on_mobile=&#8221;off&#8221; locked=&#8221;off&#8221; global_colors_info=&#8221;{}&#8221;][\/et_pb_image][\/et_pb_column][et_pb_column type=&#8221;2_3&#8243; _builder_version=&#8221;4.16&#8243; custom_padding=&#8221;|||&#8221; global_colors_info=&#8221;{}&#8221; custom_padding__hover=&#8221;|||&#8221;][et_pb_text _builder_version=&#8221;4.27.4&#8243; text_font=&#8221;||||||||&#8221; text_text_color=&#8221;#7e7f93&#8243; text_font_size=&#8221;18px&#8221; text_line_height=&#8221;1.5em&#8221; header_font=&#8221;||||||||&#8221; header_3_font=&#8221;Merriweather|700|||||||&#8221; header_3_text_color=&#8221;#4646c4&#8243; header_3_font_size=&#8221;36px&#8221; header_3_line_height=&#8221;1.4em&#8221; text_font_size_tablet=&#8221;18px&#8221; text_font_size_phone=&#8221;15px&#8221; text_font_size_last_edited=&#8221;on|phone&#8221; text_line_height_tablet=&#8221;1.5em&#8221; text_line_height_phone=&#8221;1.6em&#8221; text_line_height_last_edited=&#8221;on|phone&#8221; header_3_font_size_tablet=&#8221;36px&#8221; header_3_font_size_phone=&#8221;22px&#8221; header_3_font_size_last_edited=&#8221;on|phone&#8221; locked=&#8221;off&#8221; global_colors_info=&#8221;{}&#8221;]<\/p>\n<h3><span style=\"color: #008aa8;\">Prof. Daniel Aelenei<\/span><span style=\"color: #008aa8;\"><\/span><\/h3>\n<p>Associate Professor at NOVA School of Science and Technology, Portuga<\/p>\n<p>[\/et_pb_text][et_pb_text content_tablet=&#8221;<\/p>\n<div>Lecture: <strong>Education and Advanced Training in Fa\u00e7ade Engineering: Skills for Sustainability, Energy Efficiency, Comfort, and Well-Being<\/strong><\/div>\n<div><\/div>\n<p>&#8221; content_phone=&#8221;<\/p>\n<div>Lecture: <strong>Education and Advanced Training in Fa\u00e7ade Engineering: Skills for Sustainability, Energy Efficiency, Comfort, and Well-Being<\/strong><\/div>\n<div><\/div>\n<p>&#8221; content_last_edited=&#8221;on|phone&#8221; _builder_version=&#8221;4.27.4&#8243; text_font=&#8221;||||||||&#8221; text_text_color=&#8221;#7e7f93&#8243; text_font_size=&#8221;18px&#8221; text_line_height=&#8221;1.5em&#8221; header_font=&#8221;||||||||&#8221; header_3_font=&#8221;Merriweather|700|||||||&#8221; header_3_text_color=&#8221;#4646c4&#8243; header_3_font_size=&#8221;36px&#8221; header_3_line_height=&#8221;1.4em&#8221; text_font_size_tablet=&#8221;18px&#8221; text_font_size_phone=&#8221;15px&#8221; text_font_size_last_edited=&#8221;on|phone&#8221; text_line_height_tablet=&#8221;1.5em&#8221; text_line_height_phone=&#8221;1.6em&#8221; text_line_height_last_edited=&#8221;on|phone&#8221; locked=&#8221;off&#8221; global_colors_info=&#8221;{}&#8221;]<\/p>\n<div>Lecture: <strong>Education and Advanced Training in Fa\u00e7ade Engineering: Skills for Sustainability, Energy Efficiency, Comfort, and Well-Being<\/strong><\/div>\n<div><\/div>\n<p>[\/et_pb_text][et_pb_text _builder_version=&#8221;4.27.4&#8243; text_font=&#8221;||||||||&#8221; text_font_size=&#8221;18px&#8221; text_line_height=&#8221;1.8em&#8221; text_font_size_tablet=&#8221;18px&#8221; text_font_size_phone=&#8221;15px&#8221; text_font_size_last_edited=&#8221;on|phone&#8221; text_line_height_tablet=&#8221;1.8em&#8221; text_line_height_phone=&#8221;1.6em&#8221; text_line_height_last_edited=&#8221;on|phone&#8221; global_colors_info=&#8221;{}&#8221;]<\/p>\n<p>Daniel Aelenei is Associate Professor at NOVA School of Science and Technology, Portugal, where he coordinates the Master\u2019s in Fa\u00e7ade Technology. His research focuses on low-energy and net-zero energy buildings, with emphasis on adaptive fa\u00e7ades and solar passive retrofits. He has been active in international initiatives such as COST Action TU1403 \u2013 Adaptive Facades Network, IEA EBC Annex 67, and the EU Interreg Project SUDOKET, and is a co-founder of the European Fa\u00e7ade Network. Daniel Aelenei is a certified expert and trainer under Portugal\u2019s Energy Certification System (SCE) and co-founder of the European Fa\u00e7ade Network.<\/p>\n<p>[\/et_pb_text][\/et_pb_column][\/et_pb_row][et_pb_row column_structure=&#8221;1_3,2_3&#8243; _builder_version=&#8221;4.16&#8243; custom_margin=&#8221;|||&#8221; custom_padding=&#8221;40px|0px|40px|0px&#8221; locked=&#8221;off&#8221; global_colors_info=&#8221;{}&#8221;][et_pb_column type=&#8221;1_3&#8243; _builder_version=&#8221;4.16&#8243; custom_padding=&#8221;|||&#8221; global_colors_info=&#8221;{}&#8221; custom_padding__hover=&#8221;|||&#8221;][et_pb_image src=&#8221;https:\/\/congresso15.cmm.pt\/wp-content\/uploads\/2025\/11\/RAR_E8A8582_A_Photo-Ricardo-Raminhos.jpeg&#8221; title_text=&#8221;RAR_E8A8582_A_Photo Ricardo Raminhos&#8221; _builder_version=&#8221;4.27.4&#8243; max_width_tablet=&#8221;40%&#8221; max_width_phone=&#8221;40%&#8221; max_width_last_edited=&#8221;on|tablet&#8221; custom_margin=&#8221;|||&#8221; custom_margin_tablet=&#8221;90px|||&#8221; custom_margin_last_edited=&#8221;off|desktop&#8221; always_center_on_mobile=&#8221;off&#8221; locked=&#8221;off&#8221; global_colors_info=&#8221;{}&#8221;][\/et_pb_image][\/et_pb_column][et_pb_column type=&#8221;2_3&#8243; _builder_version=&#8221;4.16&#8243; custom_padding=&#8221;|||&#8221; global_colors_info=&#8221;{}&#8221; custom_padding__hover=&#8221;|||&#8221;][et_pb_text _builder_version=&#8221;4.27.4&#8243; text_font=&#8221;||||||||&#8221; text_text_color=&#8221;#7e7f93&#8243; text_font_size=&#8221;18px&#8221; text_line_height=&#8221;1.5em&#8221; header_font=&#8221;||||||||&#8221; header_3_font=&#8221;Merriweather|700|||||||&#8221; header_3_text_color=&#8221;#4646c4&#8243; header_3_font_size=&#8221;36px&#8221; header_3_line_height=&#8221;1.4em&#8221; text_font_size_tablet=&#8221;18px&#8221; text_font_size_phone=&#8221;15px&#8221; text_font_size_last_edited=&#8221;on|phone&#8221; text_line_height_tablet=&#8221;1.5em&#8221; text_line_height_phone=&#8221;1.6em&#8221; text_line_height_last_edited=&#8221;on|phone&#8221; header_3_font_size_tablet=&#8221;36px&#8221; header_3_font_size_phone=&#8221;22px&#8221; header_3_font_size_last_edited=&#8221;on|phone&#8221; locked=&#8221;off&#8221; global_colors_info=&#8221;{}&#8221;]<\/p>\n<h3><span style=\"color: #008aa8;\">Prof. Diego Inglez de Souza <\/span><\/h3>\n<p>Faculty of Architecture, University of Porto<\/p>\n<p>[\/et_pb_text][et_pb_text content_tablet=&#8221;<\/p>\n<div>Lecture: <strong>Prefabrication: between constructive pragmatism and the complexity of reality.<\/strong><\/div>\n<div><\/div>\n<p>&#8221; content_phone=&#8221;<\/p>\n<div>Lecture: <strong>Prefabrication: between constructive pragmatism and the complexity of reality.<\/strong><\/div>\n<div><\/div>\n<p>&#8221; content_last_edited=&#8221;on|phone&#8221; _builder_version=&#8221;4.27.4&#8243; text_font=&#8221;||||||||&#8221; text_text_color=&#8221;#7e7f93&#8243; text_font_size=&#8221;18px&#8221; text_line_height=&#8221;1.5em&#8221; header_font=&#8221;||||||||&#8221; header_3_font=&#8221;Merriweather|700|||||||&#8221; header_3_text_color=&#8221;#4646c4&#8243; header_3_font_size=&#8221;36px&#8221; header_3_line_height=&#8221;1.4em&#8221; text_font_size_tablet=&#8221;18px&#8221; text_font_size_phone=&#8221;15px&#8221; text_font_size_last_edited=&#8221;on|phone&#8221; text_line_height_tablet=&#8221;1.5em&#8221; text_line_height_phone=&#8221;1.6em&#8221; text_line_height_last_edited=&#8221;on|phone&#8221; locked=&#8221;off&#8221; global_colors_info=&#8221;{}&#8221;]<\/p>\n<div>Lecture: <strong>Prefabrication: between constructive pragmatism and the complexity of reality.<\/strong><\/div>\n<div><\/div>\n<p>[\/et_pb_text][et_pb_text _builder_version=&#8221;4.27.4&#8243; text_font=&#8221;||||||||&#8221; text_font_size=&#8221;18px&#8221; text_line_height=&#8221;1.8em&#8221; text_font_size_tablet=&#8221;18px&#8221; text_font_size_phone=&#8221;15px&#8221; text_font_size_last_edited=&#8221;on|phone&#8221; text_line_height_tablet=&#8221;1.8em&#8221; text_line_height_phone=&#8221;1.6em&#8221; text_line_height_last_edited=&#8221;on|phone&#8221; global_colors_info=&#8221;{}&#8221;]<\/p>\n<p>Diego Inglez de Souza (S\u00e3o Paulo, 1978) is an architect and urban planner, with a doctorate in History, Architecture and Urbanism from the University of S\u00e3o Paulo and the Universit\u00e9 Paris 1 Panth\u00e9on-Sorbonne. He is a researcher at the Center for Architecture and Urbanism Studies (CEAU) of the Faculty of Architecture at the University of Porto. His work investigates the interactions between architecture, social policies, cultural practices, and environmental dimensions. He is the author of *Reconstruindo Cajueiro Seco* (Annablume, 2010) and co-author of *Arquitetura do bacalhau e outras esp\u00e9cies* (Dafne Editora, 2022), with Andr\u00e9 Tavares. His work has been published in books and journals in Brazil, Europe, and the United States.<\/p>\n<p>[\/et_pb_text][\/et_pb_column][\/et_pb_row][et_pb_row column_structure=&#8221;1_3,2_3&#8243; _builder_version=&#8221;4.16&#8243; custom_margin=&#8221;|||&#8221; custom_padding=&#8221;40px|0px|40px|0px&#8221; locked=&#8221;off&#8221; global_colors_info=&#8221;{}&#8221;][et_pb_column type=&#8221;1_3&#8243; _builder_version=&#8221;4.16&#8243; custom_padding=&#8221;|||&#8221; global_colors_info=&#8221;{}&#8221; custom_padding__hover=&#8221;|||&#8221;][et_pb_image src=&#8221;https:\/\/congresso15.cmm.pt\/wp-content\/uploads\/2025\/10\/Eivin-Sonju2.png&#8221; title_text=&#8221;Eivin Sonju2&#8243; _builder_version=&#8221;4.27.4&#8243; max_width_tablet=&#8221;40%&#8221; max_width_phone=&#8221;40%&#8221; max_width_last_edited=&#8221;on|tablet&#8221; custom_margin=&#8221;|||&#8221; custom_margin_tablet=&#8221;90px|||&#8221; custom_margin_last_edited=&#8221;off|desktop&#8221; always_center_on_mobile=&#8221;off&#8221; locked=&#8221;off&#8221; global_colors_info=&#8221;{}&#8221;][\/et_pb_image][\/et_pb_column][et_pb_column type=&#8221;2_3&#8243; _builder_version=&#8221;4.16&#8243; custom_padding=&#8221;|||&#8221; global_colors_info=&#8221;{}&#8221; custom_padding__hover=&#8221;|||&#8221;][et_pb_text _builder_version=&#8221;4.27.4&#8243; text_font=&#8221;||||||||&#8221; text_text_color=&#8221;#7e7f93&#8243; text_font_size=&#8221;18px&#8221; text_line_height=&#8221;1.5em&#8221; header_font=&#8221;||||||||&#8221; header_3_font=&#8221;Merriweather|700|||||||&#8221; header_3_text_color=&#8221;#4646c4&#8243; header_3_font_size=&#8221;36px&#8221; header_3_line_height=&#8221;1.4em&#8221; text_font_size_tablet=&#8221;18px&#8221; text_font_size_phone=&#8221;15px&#8221; text_font_size_last_edited=&#8221;on|phone&#8221; text_line_height_tablet=&#8221;1.5em&#8221; text_line_height_phone=&#8221;1.6em&#8221; text_line_height_last_edited=&#8221;on|phone&#8221; header_3_font_size_tablet=&#8221;36px&#8221; header_3_font_size_phone=&#8221;22px&#8221; header_3_font_size_last_edited=&#8221;on|phone&#8221; locked=&#8221;off&#8221; global_colors_info=&#8221;{}&#8221;]<\/p>\n<h3><span style=\"color: #008aa8;\">Eng. Eivind S\u00f8nju<\/span><\/h3>\n<p>Clovers International (Portugal) &amp; Clovers AS (Norway)<\/p>\n<p>[\/et_pb_text][et_pb_text content_tablet=&#8221;<\/p>\n<div>Lecture: <strong>Portugal\u2019s Energy-Security Imperative: Renewables &#038; Autonomy as the Catalyst for Reindustrialization<\/strong><\/div>\n<div><\/div>\n<p>&#8221; content_phone=&#8221;<\/p>\n<div>Lecture: <strong>Portugal\u2019s Energy-Security Imperative: Renewables &#038; Autonomy as the Catalyst for Reindustrialization<\/strong><\/div>\n<div><\/div>\n<p>&#8221; content_last_edited=&#8221;on|phone&#8221; _builder_version=&#8221;4.27.4&#8243; text_font=&#8221;||||||||&#8221; text_text_color=&#8221;#7e7f93&#8243; text_font_size=&#8221;18px&#8221; text_line_height=&#8221;1.5em&#8221; header_font=&#8221;||||||||&#8221; header_3_font=&#8221;Merriweather|700|||||||&#8221; header_3_text_color=&#8221;#4646c4&#8243; header_3_font_size=&#8221;36px&#8221; header_3_line_height=&#8221;1.4em&#8221; custom_padding=&#8221;||0px|||&#8221; text_font_size_tablet=&#8221;18px&#8221; text_font_size_phone=&#8221;15px&#8221; text_font_size_last_edited=&#8221;on|phone&#8221; text_line_height_tablet=&#8221;1.5em&#8221; text_line_height_phone=&#8221;1.6em&#8221; text_line_height_last_edited=&#8221;on|phone&#8221; locked=&#8221;off&#8221; global_colors_info=&#8221;{}&#8221;]<\/p>\n<div>Lecture: <strong>Portugal\u2019s Energy-Security Imperative: Renewables &amp; Autonomy as the Catalyst for Reindustrialization<\/strong><\/div>\n<div><\/div>\n<p>[\/et_pb_text][et_pb_text _builder_version=&#8221;4.27.4&#8243; text_font=&#8221;||||||||&#8221; text_font_size=&#8221;18px&#8221; text_line_height=&#8221;1.8em&#8221; text_font_size_tablet=&#8221;18px&#8221; text_font_size_phone=&#8221;15px&#8221; text_font_size_last_edited=&#8221;on|phone&#8221; text_line_height_tablet=&#8221;1.8em&#8221; text_line_height_phone=&#8221;1.6em&#8221; text_line_height_last_edited=&#8221;on|phone&#8221; global_colors_info=&#8221;{}&#8221;]<\/p>\n<p>Eivind S\u00f8nju is a marine\/structural engineering leader with 20+ years across offshore wind and oil &amp; gas. Managing Director founder of Clovers AS, he is the inventor behind the MOLO\u00ae steel semisubmersible floater and leads its industrialization for serial production. Previously he served as Principal Engineer at Statkraft, and Technical Lead at FORCE Technology. His work spans offshore substations, floating and fixed support structures, due diligence, and supply-chain development. Eivind is an expert referee for the Research Council of Norway and holds an MSc in Marine Structures from NTNU.<\/p>\n<p>[\/et_pb_text][\/et_pb_column][\/et_pb_row][et_pb_row column_structure=&#8221;1_3,2_3&#8243; _builder_version=&#8221;4.16&#8243; custom_margin=&#8221;|||&#8221; custom_padding=&#8221;40px|0px|40px|0px&#8221; global_colors_info=&#8221;{}&#8221;][et_pb_column type=&#8221;1_3&#8243; _builder_version=&#8221;4.16&#8243; custom_padding=&#8221;|||&#8221; global_colors_info=&#8221;{}&#8221; custom_padding__hover=&#8221;|||&#8221;][et_pb_image src=&#8221;https:\/\/congresso15.cmm.pt\/wp-content\/uploads\/2025\/04\/Fljubinkovic-1.jpeg&#8221; title_text=&#8221;Fljubinkovic&#8221; _builder_version=&#8221;4.27.4&#8243; max_width=&#8221;100%&#8221; max_width_tablet=&#8221;40%&#8221; max_width_phone=&#8221;40%&#8221; max_width_last_edited=&#8221;on|tablet&#8221; custom_margin=&#8221;|||&#8221; custom_margin_tablet=&#8221;90px|||&#8221; custom_margin_last_edited=&#8221;off|desktop&#8221; always_center_on_mobile=&#8221;off&#8221; locked=&#8221;off&#8221; global_colors_info=&#8221;{}&#8221;][\/et_pb_image][\/et_pb_column][et_pb_column type=&#8221;2_3&#8243; _builder_version=&#8221;4.16&#8243; custom_padding=&#8221;|||&#8221; global_colors_info=&#8221;{}&#8221; custom_padding__hover=&#8221;|||&#8221;][et_pb_text _builder_version=&#8221;4.27.4&#8243; text_font=&#8221;||||||||&#8221; text_text_color=&#8221;#7e7f93&#8243; text_font_size=&#8221;18px&#8221; text_line_height=&#8221;1.5em&#8221; header_font=&#8221;||||||||&#8221; header_3_font=&#8221;Merriweather|700|||||||&#8221; header_3_text_color=&#8221;#4646c4&#8243; header_3_font_size=&#8221;36px&#8221; header_3_line_height=&#8221;1.4em&#8221; text_font_size_tablet=&#8221;18px&#8221; text_font_size_phone=&#8221;15px&#8221; text_font_size_last_edited=&#8221;on|phone&#8221; text_line_height_tablet=&#8221;1.5em&#8221; text_line_height_phone=&#8221;1.6em&#8221; text_line_height_last_edited=&#8221;on|phone&#8221; header_3_font_size_tablet=&#8221;36px&#8221; header_3_font_size_phone=&#8221;25px&#8221; header_3_font_size_last_edited=&#8221;on|phone&#8221; locked=&#8221;off&#8221; global_colors_info=&#8221;{}&#8221;]<\/p>\n<h3><span style=\"color: #008aa8;\">Dr. Filip Ljubincovi\u0107<\/span><\/h3>\n<p>Assistant Researcher in Steel and Composite Structures at the University of Coimbra<\/p>\n<p>[\/et_pb_text][et_pb_text content_tablet=&#8221;<\/p>\n<div>Lecture: <span style=%22font-family: inherit;%22><strong><span style=%22font-size: 15px;%22>Building the future: AI in construction and structural design<\/span><\/strong><\/span><\/div>\n<div><\/div>\n<p>&#8221; content_phone=&#8221;<\/p>\n<div>Lecture: <span style=%22font-family: inherit;%22><strong><span style=%22font-size: 15px;%22>Building the future: AI in construction and structural design<\/span><\/strong><\/span><\/div>\n<div><\/div>\n<p>&#8221; content_last_edited=&#8221;on|phone&#8221; _builder_version=&#8221;4.27.4&#8243; text_font=&#8221;||||||||&#8221; text_text_color=&#8221;#7e7f93&#8243; text_font_size=&#8221;18px&#8221; text_line_height=&#8221;1.5em&#8221; header_font=&#8221;||||||||&#8221; header_3_font=&#8221;Merriweather|700|||||||&#8221; header_3_text_color=&#8221;#4646c4&#8243; header_3_font_size=&#8221;36px&#8221; header_3_line_height=&#8221;1.4em&#8221; text_font_size_tablet=&#8221;18px&#8221; text_font_size_phone=&#8221;15px&#8221; text_font_size_last_edited=&#8221;on|phone&#8221; locked=&#8221;off&#8221; global_colors_info=&#8221;{}&#8221;]<\/p>\n<div>Lecture: <strong><span style=\"font-size: 18px;\">Building the future: AI in construction and structural design<\/span><\/strong><\/div>\n<div><\/div>\n<p>[\/et_pb_text][et_pb_text _builder_version=&#8221;4.27.4&#8243; text_font=&#8221;||||||||&#8221; text_font_size=&#8221;18px&#8221; text_line_height=&#8221;1.8em&#8221; custom_padding=&#8221;||0px|||&#8221; text_font_size_tablet=&#8221;18px&#8221; text_font_size_phone=&#8221;15px&#8221; text_font_size_last_edited=&#8221;on|phone&#8221; text_line_height_tablet=&#8221;1.8em&#8221; text_line_height_phone=&#8221;1.6em&#8221; text_line_height_last_edited=&#8221;on|phone&#8221; global_colors_info=&#8221;{}&#8221;]<\/p>\n<p>Dr. Filip Ljubinkovi\u0107 is an Assistant Researcher in Steel and Composite Structures at the University of Coimbra and a member of the ISISE Research Unit. Holding a Ph.D. in Steel and Composite Structures, his research focuses on the stability of steel plates and curved panels in bridge applications, as well as on steel connections-combining structural engineering expertise with digitalization and advanced computational methods. He has participated in over 10 national and European research projects and holds 3 international patents in modular construction. His contributions have been recognized with the prestigious John Henry Garrod King Medal from the British Institution of Civil Engineers (ICE). Dr. Ljubinkovi\u0107 is the convenor of the CEN\/TC250\/SC3 Ad-hoc Group on AI Design of Steel Structures, leading European standardization efforts in this emerging field. He teaches courses on steel structures and is a member of several technical committees, including CEN\/TC250\/SC3 WG5, CEN\/TC250\/SC3 WG22, ECCS\/TWG8.3, and the Portuguese Technical Committee for Steel Structures (CT115\/SC3). He is also a member of the Portuguese Steelwork Association (CMM) and a member of the Scientific Committee of the XV Conference on Steel and Composite Construction.      <\/p>\n<p>[\/et_pb_text][\/et_pb_column][\/et_pb_row][et_pb_row column_structure=&#8221;1_3,2_3&#8243; _builder_version=&#8221;4.16&#8243; custom_margin=&#8221;|||&#8221; custom_padding=&#8221;40px|0px|40px|0px&#8221; locked=&#8221;off&#8221; global_colors_info=&#8221;{}&#8221;][et_pb_column type=&#8221;1_3&#8243; _builder_version=&#8221;4.16&#8243; custom_padding=&#8221;|||&#8221; global_colors_info=&#8221;{}&#8221; custom_padding__hover=&#8221;|||&#8221;][et_pb_image src=&#8221;https:\/\/congresso15.cmm.pt\/wp-content\/uploads\/2025\/07\/Germano-Vega.jpg&#8221; title_text=&#8221;Germano Vega&#8221; _builder_version=&#8221;4.27.4&#8243; max_width=&#8221;100%&#8221; max_width_tablet=&#8221;40%&#8221; max_width_phone=&#8221;40%&#8221; max_width_last_edited=&#8221;on|tablet&#8221; custom_margin=&#8221;|||&#8221; custom_margin_tablet=&#8221;90px|||&#8221; custom_margin_last_edited=&#8221;off|desktop&#8221; always_center_on_mobile=&#8221;off&#8221; locked=&#8221;off&#8221; global_colors_info=&#8221;{}&#8221;][\/et_pb_image][\/et_pb_column][et_pb_column type=&#8221;2_3&#8243; _builder_version=&#8221;4.16&#8243; custom_padding=&#8221;|||&#8221; global_colors_info=&#8221;{}&#8221; custom_padding__hover=&#8221;|||&#8221;][et_pb_text _builder_version=&#8221;4.27.4&#8243; text_font=&#8221;||||||||&#8221; text_text_color=&#8221;#7e7f93&#8243; text_font_size=&#8221;18px&#8221; text_line_height=&#8221;1.5em&#8221; header_font=&#8221;||||||||&#8221; header_3_font=&#8221;Merriweather|700|||||||&#8221; header_3_text_color=&#8221;#4646c4&#8243; header_3_font_size=&#8221;36px&#8221; header_3_line_height=&#8221;1.4em&#8221; text_font_size_tablet=&#8221;18px&#8221; text_font_size_phone=&#8221;15px&#8221; text_font_size_last_edited=&#8221;on|phone&#8221; text_line_height_tablet=&#8221;1.5em&#8221; text_line_height_phone=&#8221;1.6em&#8221; text_line_height_last_edited=&#8221;on|phone&#8221; header_3_font_size_tablet=&#8221;36px&#8221; header_3_font_size_phone=&#8221;25px&#8221; header_3_font_size_last_edited=&#8221;on|phone&#8221; locked=&#8221;off&#8221; global_colors_info=&#8221;{}&#8221;]<\/p>\n<h3><span style=\"color: #008aa8;\">Eng. Germano Veiga<\/span><\/h3>\n<div><span>CTO at AGT Robotics<\/span><\/div>\n<div><\/div>\n<p>[\/et_pb_text][et_pb_text content_tablet=&#8221;<\/p>\n<div>Lecture: <b><span lang=%22EN-US%22>Smart Robotic Welding in the Construction Steel Industry<\/span><\/b><\/div>\n<div><\/div>\n<p>&#8221; content_phone=&#8221;<\/p>\n<div>Lecture: <b><span lang=%22EN-US%22>Smart Robotic Welding in the Construction Steel Industry<\/span><\/b><\/div>\n<div><\/div>\n<p>&#8221; content_last_edited=&#8221;on|phone&#8221; _builder_version=&#8221;4.27.4&#8243; text_font=&#8221;||||||||&#8221; text_text_color=&#8221;#7e7f93&#8243; text_font_size=&#8221;18px&#8221; text_line_height=&#8221;1.5em&#8221; header_font=&#8221;||||||||&#8221; header_3_font=&#8221;Merriweather|700|||||||&#8221; header_3_text_color=&#8221;#4646c4&#8243; header_3_font_size=&#8221;36px&#8221; header_3_line_height=&#8221;1.4em&#8221; text_font_size_tablet=&#8221;18px&#8221; text_font_size_phone=&#8221;15px&#8221; text_font_size_last_edited=&#8221;on|phone&#8221; locked=&#8221;off&#8221; global_colors_info=&#8221;{}&#8221;]<\/p>\n<div>\n<p>Lecture: <b><span lang=\"EN-US\">Smart Robotic Welding in the Construction Steel Industry<\/span><\/b><\/p>\n<div><\/div>\n<\/div>\n<div><\/div>\n<p>[\/et_pb_text][et_pb_text _builder_version=&#8221;4.27.4&#8243; text_font=&#8221;||||||||&#8221; text_font_size=&#8221;18px&#8221; text_line_height=&#8221;1.8em&#8221; custom_padding=&#8221;||0px|||&#8221; text_font_size_tablet=&#8221;18px&#8221; text_font_size_phone=&#8221;15px&#8221; text_font_size_last_edited=&#8221;on|phone&#8221; text_line_height_tablet=&#8221;1.8em&#8221; text_line_height_phone=&#8221;1.6em&#8221; text_line_height_last_edited=&#8221;on|phone&#8221; global_colors_info=&#8221;{}&#8221;]<\/p>\n<p style=\"font-weight: 400;\">Germano Veiga is a Mechanical Engineer with a PhD in Mechanical Engineering (Robotics and Automation) from the University of Coimbra (2010). In 2005, he was an invited researcher at Lund University in Sweden and was also a researcher (2002\u20132011) and Invited Professor (2007\u20132011) at the University of Coimbra, as well as an Assistant Professor at the Faculty of Engineering of the University of Porto between 2016 and 2022. Germano joined INESC TEC in 2012, where he was Co-Coordinator of the Centre for Robotics and Intelligent Systems from 2016 to 2023. In 2012, he founded SARKKIS Robotics, which became part of the Canadian AGT Robotics group in 2022. Since 2023, he has been the CTO of the AGT Robotics, and responsible of the company\u2019s European office in Porto. His work has focused on the development of plug-and-produce technologies, robot programming, mobile manipulators, and human-robot interaction, with the aim of contributing to a more efficient and sustainable industry. <span style=\"font-weight: 400;\">Throughout his career, he has coordinated and participated in several significant European research projects, including FP6 SMErobot, FP7 ECHORD, FP7-CARLoS, FP7-STAMINA, FP7-SMErobotics, and H2020-ColRobot. Since January 2017, he has coordinated the H2020 ScalABLE4.0 project, further strengthening his contribution to the advancement of industrial robotics in Europe.<\/span><\/p>\n<p>[\/et_pb_text][\/et_pb_column][\/et_pb_row][et_pb_row column_structure=&#8221;1_3,2_3&#8243; _builder_version=&#8221;4.16&#8243; custom_margin=&#8221;|||&#8221; custom_padding=&#8221;40px|0px|40px|0px&#8221; locked=&#8221;off&#8221; global_colors_info=&#8221;{}&#8221;][et_pb_column type=&#8221;1_3&#8243; _builder_version=&#8221;4.16&#8243; custom_padding=&#8221;|||&#8221; global_colors_info=&#8221;{}&#8221; custom_padding__hover=&#8221;|||&#8221;][et_pb_image src=&#8221;https:\/\/congresso15.cmm.pt\/wp-content\/uploads\/2025\/10\/jacobo.jpg&#8221; title_text=&#8221;jacobo&#8221; _builder_version=&#8221;4.27.4&#8243; max_width=&#8221;100%&#8221; max_width_tablet=&#8221;40%&#8221; max_width_phone=&#8221;40%&#8221; max_width_last_edited=&#8221;on|tablet&#8221; custom_margin=&#8221;|||&#8221; custom_margin_tablet=&#8221;90px|||&#8221; custom_margin_last_edited=&#8221;off|desktop&#8221; always_center_on_mobile=&#8221;off&#8221; locked=&#8221;off&#8221; global_colors_info=&#8221;{}&#8221;][\/et_pb_image][\/et_pb_column][et_pb_column type=&#8221;2_3&#8243; _builder_version=&#8221;4.16&#8243; custom_padding=&#8221;|||&#8221; global_colors_info=&#8221;{}&#8221; custom_padding__hover=&#8221;|||&#8221;][et_pb_text _builder_version=&#8221;4.27.4&#8243; text_font=&#8221;||||||||&#8221; text_text_color=&#8221;#7e7f93&#8243; text_font_size=&#8221;18px&#8221; text_line_height=&#8221;1.5em&#8221; header_font=&#8221;||||||||&#8221; header_3_font=&#8221;Merriweather|700|||||||&#8221; header_3_text_color=&#8221;#4646c4&#8243; header_3_font_size=&#8221;36px&#8221; header_3_line_height=&#8221;1.4em&#8221; text_font_size_tablet=&#8221;18px&#8221; text_font_size_phone=&#8221;15px&#8221; text_font_size_last_edited=&#8221;on|phone&#8221; text_line_height_tablet=&#8221;1.5em&#8221; text_line_height_phone=&#8221;1.6em&#8221; text_line_height_last_edited=&#8221;on|phone&#8221; header_3_font_size_tablet=&#8221;36px&#8221; header_3_font_size_phone=&#8221;25px&#8221; header_3_font_size_last_edited=&#8221;on|phone&#8221; locked=&#8221;off&#8221; global_colors_info=&#8221;{}&#8221;]<\/p>\n<h3><span style=\"color: #008aa8;\">Arq. Jacobo Campomnes<\/span><\/h3>\n<div>Associate Architect and Director of International Projects at ENAR<\/div>\n<div><\/div>\n<p>[\/et_pb_text][et_pb_text content_tablet=&#8221;<\/p>\n<div>Lecture: <strong>Unpredictable Future<\/strong><\/div>\n<div><\/div>\n<p>&#8221; content_phone=&#8221;<\/p>\n<div>Palestra: <strong><span style=%22font-size: 15px;%22>Unpredictable Future<\/span><\/strong><\/div>\n<div><\/div>\n<p>&#8221; content_last_edited=&#8221;on|phone&#8221; _builder_version=&#8221;4.27.4&#8243; text_font=&#8221;||||||||&#8221; text_text_color=&#8221;#7e7f93&#8243; text_font_size=&#8221;18px&#8221; text_line_height=&#8221;1.5em&#8221; header_font=&#8221;||||||||&#8221; header_3_font=&#8221;Merriweather|700|||||||&#8221; header_3_text_color=&#8221;#4646c4&#8243; header_3_font_size=&#8221;36px&#8221; header_3_line_height=&#8221;1.4em&#8221; text_font_size_tablet=&#8221;18px&#8221; text_font_size_phone=&#8221;15px&#8221; text_font_size_last_edited=&#8221;on|phone&#8221; locked=&#8221;off&#8221; global_colors_info=&#8221;{}&#8221;]<\/p>\n<div>\n<p>Palestra: <strong>Unpredictable Future<\/strong><\/p>\n<div><\/div>\n<\/div>\n<div><\/div>\n<p>[\/et_pb_text][et_pb_text _builder_version=&#8221;4.27.4&#8243; text_font=&#8221;||||||||&#8221; text_font_size=&#8221;18px&#8221; text_line_height=&#8221;1.8em&#8221; custom_padding=&#8221;||0px|||&#8221; text_font_size_tablet=&#8221;18px&#8221; text_font_size_phone=&#8221;15px&#8221; text_font_size_last_edited=&#8221;on|phone&#8221; text_line_height_tablet=&#8221;1.8em&#8221; text_line_height_phone=&#8221;1.6em&#8221; text_line_height_last_edited=&#8221;on|phone&#8221; global_colors_info=&#8221;{}&#8221;]<\/p>\n<p>Jacobo Pel\u00e1ez-Campomanes is an Associate Architect and Director of International Projects at ENAR, with extensive experience in facade engineering and sustainable architecture. He has led major international projects in Europe, the Middle East, and North Africa, including stadiums, resorts, and corporate headquarters. Jacobo holds multiple master&#8217;s degrees from UPM and has been a speaker at global conferences on facade refurbishment and composite materials.<\/p>\n<p>[\/et_pb_text][\/et_pb_column][\/et_pb_row][et_pb_row column_structure=&#8221;1_3,2_3&#8243; _builder_version=&#8221;4.16&#8243; custom_margin=&#8221;|||&#8221; custom_padding=&#8221;40px|0px|40px|0px&#8221; locked=&#8221;off&#8221; global_colors_info=&#8221;{}&#8221;][et_pb_column type=&#8221;1_3&#8243; _builder_version=&#8221;4.16&#8243; custom_padding=&#8221;|||&#8221; global_colors_info=&#8221;{}&#8221; custom_padding__hover=&#8221;|||&#8221;][et_pb_image src=&#8221;https:\/\/congresso15.cmm.pt\/wp-content\/uploads\/2025\/07\/James.jpeg&#8221; title_text=&#8221;James&#8221; _builder_version=&#8221;4.27.4&#8243; max_width=&#8221;100%&#8221; max_width_tablet=&#8221;40%&#8221; max_width_phone=&#8221;40%&#8221; max_width_last_edited=&#8221;on|tablet&#8221; custom_margin=&#8221;|||&#8221; custom_margin_tablet=&#8221;90px|||&#8221; custom_margin_last_edited=&#8221;off|desktop&#8221; always_center_on_mobile=&#8221;off&#8221; locked=&#8221;off&#8221; global_colors_info=&#8221;{}&#8221;][\/et_pb_image][\/et_pb_column][et_pb_column type=&#8221;2_3&#8243; _builder_version=&#8221;4.16&#8243; custom_padding=&#8221;|||&#8221; global_colors_info=&#8221;{}&#8221; custom_padding__hover=&#8221;|||&#8221;][et_pb_text _builder_version=&#8221;4.27.4&#8243; text_font=&#8221;||||||||&#8221; text_text_color=&#8221;#7e7f93&#8243; text_font_size=&#8221;18px&#8221; text_line_height=&#8221;1.5em&#8221; header_font=&#8221;||||||||&#8221; header_3_font=&#8221;Merriweather|700|||||||&#8221; header_3_text_color=&#8221;#4646c4&#8243; header_3_font_size=&#8221;36px&#8221; header_3_line_height=&#8221;1.4em&#8221; text_font_size_tablet=&#8221;18px&#8221; text_font_size_phone=&#8221;15px&#8221; text_font_size_last_edited=&#8221;on|phone&#8221; text_line_height_tablet=&#8221;1.5em&#8221; text_line_height_phone=&#8221;1.6em&#8221; text_line_height_last_edited=&#8221;on|phone&#8221; header_3_font_size_tablet=&#8221;36px&#8221; header_3_font_size_phone=&#8221;25px&#8221; header_3_font_size_last_edited=&#8221;on|phone&#8221; locked=&#8221;off&#8221; global_colors_info=&#8221;{}&#8221;]<\/p>\n<h3><span style=\"color: #008aa8;\">Prof. James O&#8217;Callaghan<\/span><\/h3>\n<div><span lang=\"EN-GB\">Founding Director Eckersley O\u2019Callaghan, Professor at TU Delft<\/span><\/div>\n<div><\/div>\n<p>[\/et_pb_text][et_pb_text content_tablet=&#8221;<\/p>\n<div>Lecture: <strong><span style=%22font-size: 18px;%22><span>Engineering Transparency<\/span><\/span><\/strong><\/div>\n<div><\/div>\n<p>&#8221; content_phone=&#8221;<\/p>\n<div>Lecture: <strong><span style=%22font-size: 15px;%22><span>Engineering Transparency<\/span><\/span><\/strong><\/div>\n<div><\/div>\n<p>&#8221; content_last_edited=&#8221;on|phone&#8221; _builder_version=&#8221;4.27.4&#8243; text_font=&#8221;||||||||&#8221; text_text_color=&#8221;#7e7f93&#8243; text_font_size=&#8221;18px&#8221; text_line_height=&#8221;1.5em&#8221; header_font=&#8221;||||||||&#8221; header_3_font=&#8221;Merriweather|700|||||||&#8221; header_3_text_color=&#8221;#4646c4&#8243; header_3_font_size=&#8221;36px&#8221; header_3_line_height=&#8221;1.4em&#8221; text_font_size_tablet=&#8221;18px&#8221; text_font_size_phone=&#8221;15px&#8221; text_font_size_last_edited=&#8221;on|phone&#8221; locked=&#8221;off&#8221; global_colors_info=&#8221;{}&#8221;]<\/p>\n<div>Lecture: <strong><span style=\"font-size: 18px;\"><span>Engineering Transparency<\/span><\/span><\/strong><\/div>\n<div><\/div>\n<p>[\/et_pb_text][et_pb_text _builder_version=&#8221;4.27.4&#8243; text_font=&#8221;||||||||&#8221; text_font_size=&#8221;18px&#8221; text_line_height=&#8221;1.8em&#8221; custom_padding=&#8221;||0px|||&#8221; text_font_size_tablet=&#8221;18px&#8221; text_font_size_phone=&#8221;15px&#8221; text_font_size_last_edited=&#8221;on|phone&#8221; text_line_height_tablet=&#8221;1.8em&#8221; text_line_height_phone=&#8221;1.6em&#8221; text_line_height_last_edited=&#8221;on|phone&#8221; global_colors_info=&#8221;{}&#8221;]<\/p>\n<p style=\"font-weight: 400;\"><span>James O\u2019Callaghan is a world leading Structural and Facade Engineer who is widely acknowledged as an authority in application and engineering of structural glass. <\/span><span>His innovative and practical approach has made him an integral part of the design team for a number of internationally known clients and their pioneering and award-winning projects. These include Apple, Google and Atlassian to name but a few. He is passionate about sustainability and strives for continual improvement and evolution in all the solutions his practice delivers. <\/span><span>He is co-founder of the multi award-winning structural and facade engineering practice, Eckersley O\u2019Callaghan, which he has led in being one of most recognised creative engineering design practices in the world. The established practice now has ten offices around the world and continues to grow through a combination of great clients and valued solutions. <\/span><span>As Professor of Architectural Glass at TU Delft, James has a key role in establishing research in all areas of glass in architecture. This is helping to map out the use of glass in the urban fabric of the future and accelerate more sustainable and responsible solutions.<\/span><\/p>\n<p style=\"font-weight: 400;\">\n<p>[\/et_pb_text][\/et_pb_column][\/et_pb_row][et_pb_row column_structure=&#8221;1_3,2_3&#8243; _builder_version=&#8221;4.16&#8243; custom_margin=&#8221;|||&#8221; custom_padding=&#8221;40px|0px|40px|0px&#8221; global_colors_info=&#8221;{}&#8221;][et_pb_column type=&#8221;1_3&#8243; _builder_version=&#8221;4.16&#8243; custom_padding=&#8221;|||&#8221; global_colors_info=&#8221;{}&#8221; custom_padding__hover=&#8221;|||&#8221;][et_pb_image src=&#8221;https:\/\/congresso15.cmm.pt\/wp-content\/uploads\/2025\/05\/64ee2f494029640e0f36c3b9_JP-Headshot_Sq.webp&#8221; title_text=&#8221;64ee2f494029640e0f36c3b9_JP Headshot_Sq&#8221; _builder_version=&#8221;4.27.4&#8243; max_width_tablet=&#8221;40%&#8221; max_width_phone=&#8221;40%&#8221; max_width_last_edited=&#8221;on|tablet&#8221; custom_margin=&#8221;|||&#8221; custom_margin_tablet=&#8221;90px|||&#8221; custom_margin_last_edited=&#8221;off|desktop&#8221; always_center_on_mobile=&#8221;off&#8221; locked=&#8221;off&#8221; global_colors_info=&#8221;{}&#8221;][\/et_pb_image][\/et_pb_column][et_pb_column type=&#8221;2_3&#8243; _builder_version=&#8221;4.16&#8243; custom_padding=&#8221;|||&#8221; global_colors_info=&#8221;{}&#8221; custom_padding__hover=&#8221;|||&#8221;][et_pb_text _builder_version=&#8221;4.27.4&#8243; text_font=&#8221;||||||||&#8221; text_text_color=&#8221;#7e7f93&#8243; text_font_size=&#8221;18px&#8221; text_line_height=&#8221;1.5em&#8221; header_font=&#8221;||||||||&#8221; header_3_font=&#8221;Merriweather|700|||||||&#8221; header_3_text_color=&#8221;#4646c4&#8243; header_3_font_size=&#8221;36px&#8221; header_3_line_height=&#8221;1.4em&#8221; text_font_size_tablet=&#8221;18px&#8221; text_font_size_phone=&#8221;15px&#8221; text_font_size_last_edited=&#8221;on|phone&#8221; text_line_height_tablet=&#8221;1.5em&#8221; text_line_height_phone=&#8221;1.6em&#8221; text_line_height_last_edited=&#8221;on|phone&#8221; header_3_font_size_tablet=&#8221;36px&#8221; header_3_font_size_phone=&#8221;25px&#8221; header_3_font_size_last_edited=&#8221;on|phone&#8221; locked=&#8221;off&#8221; global_colors_info=&#8221;{}&#8221;]<\/p>\n<h3><span style=\"color: #008aa8;\">Eng. Jennifer Pazdon <\/span><\/h3>\n<div class=\"team-member_title-top\">\n<div class=\"text-size-xlarge\">Vice President, USA | Director, UK Division at Cast Connex<\/div>\n<\/div>\n<p>[\/et_pb_text][et_pb_text content_tablet=&#8221;<\/p>\n<div>Lecture: <strong>Steel Castings for Enhanced Performance of Structures<\/strong><\/div>\n<div><\/div>\n<p>&#8221; content_phone=&#8221;<\/p>\n<div>Lecture: <strong><span style=%22font-size: 15px;%22>Steel Castings for Enhanced Performance of Structures<\/span><\/strong><\/div>\n<div><\/div>\n<p>&#8221; content_last_edited=&#8221;on|phone&#8221; _builder_version=&#8221;4.27.4&#8243; text_font=&#8221;||||||||&#8221; text_text_color=&#8221;#7e7f93&#8243; text_font_size=&#8221;18px&#8221; text_line_height=&#8221;1.5em&#8221; header_font=&#8221;||||||||&#8221; header_3_font=&#8221;Merriweather|700|||||||&#8221; header_3_text_color=&#8221;#4646c4&#8243; header_3_font_size=&#8221;36px&#8221; header_3_line_height=&#8221;1.4em&#8221; text_font_size_tablet=&#8221;18px&#8221; text_font_size_phone=&#8221;15px&#8221; text_font_size_last_edited=&#8221;on|phone&#8221; locked=&#8221;off&#8221; global_colors_info=&#8221;{}&#8221;]<\/p>\n<div>Lecture: <strong>Steel Castings for Enhanced Performance of Structures<\/strong><\/div>\n<div><\/div>\n<p>[\/et_pb_text][et_pb_text _builder_version=&#8221;4.27.4&#8243; text_font=&#8221;||||||||&#8221; text_font_size=&#8221;18px&#8221; text_line_height=&#8221;1.8em&#8221; custom_padding=&#8221;||0px|||&#8221; text_font_size_tablet=&#8221;18px&#8221; text_font_size_phone=&#8221;15px&#8221; text_font_size_last_edited=&#8221;on|phone&#8221; text_line_height_tablet=&#8221;1.8em&#8221; text_line_height_phone=&#8221;1.6em&#8221; text_line_height_last_edited=&#8221;on|phone&#8221; global_colors_info=&#8221;{}&#8221;]<\/p>\n<p>As the Vice President and UK Office Leader at CAST CONNEX, Jennifer Pazdon leverages over 15 years of experience in design and construction to support engineers, architects, and contractors in the use of cast steel connections to optimize performance, economy, aesthetics, and constructability. Pazdon is a licensed structural engineer in New York State. She holds a Master of Science in Engineering from Princeton University and a Bachelor of Science in Civil Engineering with a Minor in Architecture from Carnegie Mellon University. Pazdon has practiced as a structural engineering consultant based in New York City, Africa, and Southeast Asia on new construction and renovation and retrofits for an array of structural typologies including: steel, concrete, wood, mass timber, tall buildings, bridges, single family homes, art installations, and strengthening of low-tech vernacular buildings in developing nations. Pazdon is Chair of the AASHTO\/NSBA Collaboration Task Group 17: Steel Castings, and a Director of the Board of the Structural Engineers Association of New York and a Member of the CTBUH EDI Committee. She was Teaching Fellow in Mechanics, Materials and Sciences at Princeton University, Adjunct Professor of Architecture at The Cooper Union, and she has lectured extensively on applications for steel castings in buildings, bridges, and other structures.     <\/p>\n<p>[\/et_pb_text][\/et_pb_column][\/et_pb_row][et_pb_row column_structure=&#8221;1_3,2_3&#8243; _builder_version=&#8221;4.16&#8243; custom_margin=&#8221;|||&#8221; custom_padding=&#8221;40px|0px|40px|0px&#8221; global_colors_info=&#8221;{}&#8221;][et_pb_column type=&#8221;1_3&#8243; _builder_version=&#8221;4.16&#8243; custom_padding=&#8221;|||&#8221; global_colors_info=&#8221;{}&#8221; custom_padding__hover=&#8221;|||&#8221;][et_pb_image src=&#8221;https:\/\/congresso15.cmm.pt\/wp-content\/uploads\/2025\/09\/JOP_2021-1.jpg&#8221; title_text=&#8221;JOP_2021&#8243; _builder_version=&#8221;4.27.4&#8243; max_width_tablet=&#8221;40%&#8221; max_width_phone=&#8221;40%&#8221; max_width_last_edited=&#8221;on|tablet&#8221; custom_margin=&#8221;|||&#8221; custom_margin_tablet=&#8221;90px|||&#8221; custom_margin_last_edited=&#8221;off|desktop&#8221; always_center_on_mobile=&#8221;off&#8221; locked=&#8221;off&#8221; global_colors_info=&#8221;{}&#8221;][\/et_pb_image][\/et_pb_column][et_pb_column type=&#8221;2_3&#8243; _builder_version=&#8221;4.16&#8243; custom_padding=&#8221;|||&#8221; global_colors_info=&#8221;{}&#8221; custom_padding__hover=&#8221;|||&#8221;][et_pb_text _builder_version=&#8221;4.27.4&#8243; text_font=&#8221;||||||||&#8221; text_text_color=&#8221;#7e7f93&#8243; text_font_size=&#8221;18px&#8221; text_line_height=&#8221;1.5em&#8221; header_font=&#8221;||||||||&#8221; header_3_font=&#8221;Merriweather|700|||||||&#8221; header_3_text_color=&#8221;#4646c4&#8243; header_3_font_size=&#8221;36px&#8221; header_3_line_height=&#8221;1.4em&#8221; text_font_size_tablet=&#8221;18px&#8221; text_font_size_phone=&#8221;15px&#8221; text_font_size_last_edited=&#8221;on|phone&#8221; text_line_height_tablet=&#8221;1.5em&#8221; text_line_height_phone=&#8221;1.6em&#8221; text_line_height_last_edited=&#8221;on|phone&#8221; header_3_font_size_tablet=&#8221;36px&#8221; header_3_font_size_phone=&#8221;25px&#8221; header_3_font_size_last_edited=&#8221;on|phone&#8221; locked=&#8221;off&#8221; global_colors_info=&#8221;{}&#8221;]<\/p>\n<h3><span style=\"color: #008aa8;\">Prof. Jos\u00e9 Oliveira Pedro<\/span><\/h3>\n<div class=\"team-member_title-top\">\n<div class=\"text-size-xlarge\"><span>Professor of Bridge and Structural Design \u2013 Instituto Superior T\u00e9cnico \u2013 University of Lisbon<\/span><\/div>\n<\/div>\n<p>[\/et_pb_text][et_pb_text content_tablet=&#8221;<\/p>\n<div>\n<p>Lecture: <strong>New Trends in the Design of Steel and Composite Bridges<\/strong><\/p>\n<div><\/div>\n<\/div>\n<div><\/div>\n<p>&#8221; content_phone=&#8221;<\/p>\n<div>Lecture: <strong>New Trends in the Design of Steel and Composite Bridges<\/strong><\/div>\n<div><\/div>\n<p>&#8221; content_last_edited=&#8221;on|phone&#8221; _builder_version=&#8221;4.27.4&#8243; text_font=&#8221;||||||||&#8221; text_text_color=&#8221;#7e7f93&#8243; text_font_size=&#8221;18px&#8221; text_line_height=&#8221;1.5em&#8221; header_font=&#8221;||||||||&#8221; header_3_font=&#8221;Merriweather|700|||||||&#8221; header_3_text_color=&#8221;#4646c4&#8243; header_3_font_size=&#8221;36px&#8221; header_3_line_height=&#8221;1.4em&#8221; text_font_size_tablet=&#8221;18px&#8221; text_font_size_phone=&#8221;15px&#8221; text_font_size_last_edited=&#8221;on|phone&#8221; locked=&#8221;off&#8221; global_colors_info=&#8221;{}&#8221;]<\/p>\n<div>Lecture: <strong>New Trends in the Design of Steel and Composite Bridges<\/strong><\/div>\n<div><\/div>\n<p>[\/et_pb_text][et_pb_text _builder_version=&#8221;4.27.4&#8243; text_font=&#8221;||||||||&#8221; text_font_size=&#8221;18px&#8221; text_line_height=&#8221;1.8em&#8221; custom_padding=&#8221;||0px|||&#8221; text_font_size_tablet=&#8221;18px&#8221; text_font_size_phone=&#8221;15px&#8221; text_font_size_last_edited=&#8221;on|phone&#8221; text_line_height_tablet=&#8221;1.8em&#8221; text_line_height_phone=&#8221;1.6em&#8221; text_line_height_last_edited=&#8221;on|phone&#8221; global_colors_info=&#8221;{}&#8221;]<\/p>\n<p style=\"font-weight: 400;\">Jos\u00e9 J. Oliveira Pedro holds a degree (1991), MSc (1995) and PhD (2007) in Civil (Structural) Engineering from IST \u2013 University of Lisbon, where he teaches Bridges, Structural Design, and Special Structures. His PhD addressed the structural analysis of composite steel\u2013concrete cable-stayed bridges. Recognised with 16 merit teaching awards at IST, he was a research fellow at the University of Li\u00e8ge (1999) and Visiting Professor at EPFL (2015). Co-authored of three books and over 100 publications, he received the Baker Medal (2013) and John Henry Garrood King Medal (2017) from the Institution of Civil Engineers for articles in Bridge Engineering journal. His research includes participation in major European RFCS projects and advanced training through FUNDEC courses. As a design engineer at GRID International since 1991, he has contributed to the design of more than 120 bridges and special structures. He is also active in the development of Eurocodes, serving on CEN\/TC 250 as Convenor of SC 3\/WG 11 (EN 1993-1-11), and as a member of WG 5 \/ ECCS-TWG 8.3 (EN 1993-1-5) and WG 13 (EN 1993-2). At national level, he is a member of the mirror groups for Eurocodes 2, 3, 4 and 8, and Convenor of the Horizontal Group for Bridges.<\/p>\n<p>[\/et_pb_text][\/et_pb_column][\/et_pb_row][et_pb_row column_structure=&#8221;1_3,2_3&#8243; _builder_version=&#8221;4.16&#8243; custom_margin=&#8221;|||&#8221; custom_padding=&#8221;40px|0px|40px|0px&#8221; global_colors_info=&#8221;{}&#8221;][et_pb_column type=&#8221;1_3&#8243; _builder_version=&#8221;4.16&#8243; custom_padding=&#8221;|||&#8221; global_colors_info=&#8221;{}&#8221; custom_padding__hover=&#8221;|||&#8221;][et_pb_image src=&#8221;https:\/\/congresso15.cmm.pt\/wp-content\/uploads\/2025\/04\/Luciano_01.jpg&#8221; title_text=&#8221;Luciano_01&#8243; _builder_version=&#8221;4.27.4&#8243; max_width_tablet=&#8221;40%&#8221; max_width_phone=&#8221;40%&#8221; max_width_last_edited=&#8221;on|tablet&#8221; custom_margin=&#8221;|||&#8221; custom_margin_tablet=&#8221;90px|||&#8221; custom_margin_last_edited=&#8221;off|desktop&#8221; always_center_on_mobile=&#8221;off&#8221; locked=&#8221;off&#8221; global_colors_info=&#8221;{}&#8221;][\/et_pb_image][\/et_pb_column][et_pb_column type=&#8221;2_3&#8243; _builder_version=&#8221;4.16&#8243; custom_padding=&#8221;|||&#8221; global_colors_info=&#8221;{}&#8221; custom_padding__hover=&#8221;|||&#8221;][et_pb_text _builder_version=&#8221;4.27.4&#8243; text_font=&#8221;||||||||&#8221; text_text_color=&#8221;#7e7f93&#8243; text_font_size=&#8221;18px&#8221; text_line_height=&#8221;1.5em&#8221; header_font=&#8221;||||||||&#8221; header_3_font=&#8221;Merriweather|700|||||||&#8221; header_3_text_color=&#8221;#4646c4&#8243; header_3_font_size=&#8221;36px&#8221; header_3_line_height=&#8221;1.4em&#8221; text_font_size_tablet=&#8221;18px&#8221; text_font_size_phone=&#8221;15px&#8221; text_font_size_last_edited=&#8221;on|phone&#8221; text_line_height_tablet=&#8221;1.5em&#8221; text_line_height_phone=&#8221;1.6em&#8221; text_line_height_last_edited=&#8221;on|phone&#8221; header_3_font_size_tablet=&#8221;36px&#8221; header_3_font_size_phone=&#8221;25px&#8221; header_3_font_size_last_edited=&#8221;on|phone&#8221; locked=&#8221;off&#8221; global_colors_info=&#8221;{}&#8221;]<\/p>\n<h3><span style=\"color: #008aa8;\">Prof. Luciano Lima<\/span><\/h3>\n<p>Full Professor Department of Structural Engineering Rio de Janeiro State University<\/p>\n<p>[\/et_pb_text][et_pb_text content_tablet=&#8221;<\/p>\n<div>Lecture: <strong><span style=%22font-size: 18px;%22>Stainless steels in Brazilian structural engineering: Challenges and opportunities<\/span><\/strong><\/div>\n<div><\/div>\n<p>&#8221; content_phone=&#8221;<\/p>\n<div>Lecture: <strong><span style=%22font-size: 15px;%22>Stainless steels in Brazilian structural engineering: Challenges and opportunities<\/span><\/strong><\/div>\n<div><\/div>\n<p>&#8221; content_last_edited=&#8221;on|phone&#8221; _builder_version=&#8221;4.27.4&#8243; text_font=&#8221;||||||||&#8221; text_text_color=&#8221;#7e7f93&#8243; text_font_size=&#8221;18px&#8221; text_line_height=&#8221;1.5em&#8221; header_font=&#8221;||||||||&#8221; header_3_font=&#8221;Merriweather|700|||||||&#8221; header_3_text_color=&#8221;#4646c4&#8243; header_3_font_size=&#8221;36px&#8221; header_3_line_height=&#8221;1.4em&#8221; text_font_size_tablet=&#8221;18px&#8221; text_font_size_phone=&#8221;15px&#8221; text_font_size_last_edited=&#8221;on|phone&#8221; text_line_height_tablet=&#8221;1.5em&#8221; text_line_height_phone=&#8221;1.6em&#8221; text_line_height_last_edited=&#8221;on|phone&#8221; locked=&#8221;off&#8221; global_colors_info=&#8221;{}&#8221;]<\/p>\n<div>Lecture: <strong><span style=\"font-size: 18px;\">Stainless steels in Brazilian structural engineering: Challenges and opportunities<\/span><\/strong><\/div>\n<div><\/div>\n<p>[\/et_pb_text][et_pb_text content_tablet=&#8221;<\/p>\n<p style=%22font-weight: 400;%22><span>Professor Luciano Lima (PhD) teaches at both undergraduate and graduate levels at the College of Engineering. He is deeply engaged in research on steel and composite structures. In the last 20 years, he has been working on activities related to laboratory testing, numerical modelling, advanced analyses, and structural design.    <\/span><span>He has been awarded the <em>An\u00edsio Teixeira<\/em> Prize as the Best Professor elected by the students from UERJ Science and Technology Center (2013 and 2015). His mentored students (undergraduate, MSc and PhD) have received many Awards from the Rio de Janeiro Engineering Council (CREA-RJ) for their developed works in steel and composite structures, mainly regarding stainless steel structures.   <\/span><span style=%22font-size: 18px;%22>He is the co-author of three books about steel structures. Furthermore, he was chair of three international conferences held in Rio de Janeiro, Brazil:   <\/span><span style=%22font-size: 18px;%22><a href=%22http:\/\/www.labciv.eng.uerj.br\/sdss2010\/%22>SDSS<\/a><\/span><span style=%22font-size: 18px;%22> <\/span><span style=%22font-size: 18px;%22>(2010), <\/span><span style=%22font-size: 18px;%22><a href=%22http:\/\/www.labciv.eng.uerj.br\/ists15\/%22>ISTS15<\/a><\/span><span style=%22font-size: 18px;%22> <\/span><span style=%22font-size: 18px;%22>(2015) and <\/span><span style=%22font-size: 18px;%22><a href=%22http:\/\/www.labciv.eng.uerj.br\/icsas2024%22><sup>10th<\/sup> ICSAS<\/a><\/span><span style=%22font-size: 18px;%22> <\/span><span style=%22font-size: 18px;%22>(2024).  <\/span><span style=%22font-size: 18px;%22>Since last year, he has been working as Associate Editor at Structures and as Guest Editor for a Special Issue in Thin-Walled Structures (Elsevier Journals).  <\/span><span>He has been funded by National Brazilian Agencies such as FAPERJ, CNPq and CAPES.<\/span><\/p>\n<p>&#8221; content_phone=&#8221;<\/p>\n<p style=%22font-weight: 400;%22><span>Professor Luciano Lima (PhD) teaches at both undergraduate and graduate levels at the College of Engineering. He is deeply engaged in research on steel and composite structures. In the last 20 years, he has been working on activities related to laboratory testing, numerical modelling, advanced analyses, and structural design.    <\/span><span>He has been awarded the <em>An\u00edsio Teixeira<\/em> Prize as the Best Professor elected by the students from UERJ Science and Technology Center (2013 and 2015). His mentored students (undergraduate, MSc and PhD) have received many Awards from the Rio de Janeiro Engineering Council (CREA-RJ) for their developed works in steel and composite structures, mainly regarding stainless steel structures.   <\/span><span style=%22font-size: 15px;%22>He is the co-author of three books about steel structures. Furthermore, he was chair of three international conferences held in Rio de Janeiro, Brazil:   <\/span><span style=%22font-size: 15px;%22><a href=%22http:\/\/www.labciv.eng.uerj.br\/sdss2010\/%22>SDSS<\/a><\/span><span style=%22font-size: 15px;%22> <\/span><span style=%22font-size: 15px;%22>(2010), <\/span><span style=%22font-size: 15px;%22><a href=%22http:\/\/www.labciv.eng.uerj.br\/ists15\/%22>ISTS15<\/a><\/span><span style=%22font-size: 15px;%22> <\/span><span style=%22font-size: 15px;%22>(2015) and <\/span><span style=%22font-size: 15px;%22><a href=%22http:\/\/www.labciv.eng.uerj.br\/icsas2024%22><sup>10th<\/sup> ICSAS<\/a><\/span><span style=%22font-size: 15px;%22> <\/span><span style=%22font-size: 15px;%22>(2024).  <\/span><span style=%22font-size: 15px;%22>Since last year, he has been working as Associate Editor at Structures and as Guest Editor for a Special Issue in Thin-Walled Structures (Elsevier Journals).  <\/span><span>He has been funded by National Brazilian Agencies such as FAPERJ, CNPq and CAPES.<\/span><\/p>\n<p>&#8221; content_last_edited=&#8221;on|phone&#8221; _builder_version=&#8221;4.27.4&#8243; text_font=&#8221;||||||||&#8221; text_font_size=&#8221;18px&#8221; text_line_height=&#8221;1.8em&#8221; text_font_size_tablet=&#8221;18px&#8221; text_font_size_phone=&#8221;15px&#8221; text_font_size_last_edited=&#8221;on|phone&#8221; text_line_height_tablet=&#8221;1.8em&#8221; text_line_height_phone=&#8221;1.6em&#8221; text_line_height_last_edited=&#8221;on|phone&#8221; global_colors_info=&#8221;{}&#8221;]<\/p>\n<p style=\"font-weight: 400;\"><span>Professor Luciano Lima (PhD) teaches at both undergraduate and graduate levels at the College of Engineering. He is deeply engaged in research on steel and composite structures. In the last 20 years, he has been working on activities related to laboratory testing, numerical modelling, advanced analyses, and structural design.    <\/span><span>He has been awarded the <em>An\u00edsio Teixeira<\/em> Prize as the Best Professor elected by the students from UERJ Science and Technology Center (2013 and 2015). His mentored students (undergraduate, MSc and PhD) have received many Awards from the Rio de Janeiro Engineering Council (CREA-RJ) for their developed works in steel and composite structures, mainly regarding stainless steel structures.   <\/span><span style=\"font-size: 18px;\">He is the co-author of three books about steel structures. Furthermore, he was chair of three international conferences held in Rio de Janeiro, Brazil:   <\/span><span style=\"font-size: 18px;\"><a href=\"http:\/\/www.labciv.eng.uerj.br\/sdss2010\/\">SDSS<\/a><\/span><span style=\"font-size: 18px;\"> <\/span><span style=\"font-size: 18px;\">(2010), <\/span><span style=\"font-size: 18px;\"><a href=\"http:\/\/www.labciv.eng.uerj.br\/ists15\/\">ISTS15<\/a><\/span><span style=\"font-size: 18px;\"> <\/span><span style=\"font-size: 18px;\">(2015) and <\/span><span style=\"font-size: 18px;\"><a href=\"http:\/\/www.labciv.eng.uerj.br\/icsas2024\"><sup>10th<\/sup> ICSAS<\/a><\/span><span style=\"font-size: 18px;\"> <\/span><span style=\"font-size: 18px;\">(2024).  <\/span><span style=\"font-size: 18px;\">Since last year, he has been working as Associate Editor at Structures and as Guest Editor for a Special Issue in Thin-Walled Structures (Elsevier Journals).  <\/span><span>He has been funded by National Brazilian Agencies such as FAPERJ, CNPq and CAPES.<\/span><\/p>\n<p>[\/et_pb_text][\/et_pb_column][\/et_pb_row][et_pb_row column_structure=&#8221;1_3,2_3&#8243; custom_padding_last_edited=&#8221;on|phone&#8221; _builder_version=&#8221;4.27.4&#8243; custom_margin=&#8221;|||&#8221; custom_padding=&#8221;40px|0px|40px|0px&#8221; custom_padding_tablet=&#8221;40px|0px|40px|0px&#8221; custom_padding_phone=&#8221;40px|0px|0px|0px|false|false&#8221; global_colors_info=&#8221;{}&#8221;][et_pb_column type=&#8221;1_3&#8243; _builder_version=&#8221;4.16&#8243; custom_padding=&#8221;|||&#8221; global_colors_info=&#8221;{}&#8221; custom_padding__hover=&#8221;|||&#8221;][et_pb_image src=&#8221;https:\/\/congresso15.cmm.pt\/wp-content\/uploads\/2025\/05\/luissilva.jpeg&#8221; title_text=&#8221;luissilva&#8221; _builder_version=&#8221;4.27.4&#8243; max_width_tablet=&#8221;40%&#8221; max_width_phone=&#8221;40%&#8221; max_width_last_edited=&#8221;on|tablet&#8221; custom_margin=&#8221;|||&#8221; custom_margin_tablet=&#8221;90px|||&#8221; custom_margin_last_edited=&#8221;off|desktop&#8221; always_center_on_mobile=&#8221;off&#8221; locked=&#8221;off&#8221; global_colors_info=&#8221;{}&#8221;][\/et_pb_image][\/et_pb_column][et_pb_column type=&#8221;2_3&#8243; _builder_version=&#8221;4.16&#8243; custom_padding=&#8221;|||&#8221; global_colors_info=&#8221;{}&#8221; custom_padding__hover=&#8221;|||&#8221;][et_pb_text _builder_version=&#8221;4.27.4&#8243; text_font=&#8221;||||||||&#8221; text_text_color=&#8221;#7e7f93&#8243; text_font_size=&#8221;18px&#8221; text_line_height=&#8221;1.5em&#8221; header_font=&#8221;||||||||&#8221; header_3_font=&#8221;Merriweather|700|||||||&#8221; header_3_text_color=&#8221;#4646c4&#8243; header_3_font_size=&#8221;36px&#8221; header_3_line_height=&#8221;1.4em&#8221; custom_margin=&#8221;||26px|||&#8221; text_font_size_tablet=&#8221;18px&#8221; text_font_size_phone=&#8221;15px&#8221; text_font_size_last_edited=&#8221;on|phone&#8221; text_line_height_tablet=&#8221;1.5em&#8221; text_line_height_phone=&#8221;1.6em&#8221; text_line_height_last_edited=&#8221;on|phone&#8221; header_3_font_size_tablet=&#8221;36px&#8221; header_3_font_size_phone=&#8221;25px&#8221; header_3_font_size_last_edited=&#8221;on|phone&#8221; locked=&#8221;off&#8221; global_colors_info=&#8221;{}&#8221;]<\/p>\n<h3><span style=\"color: #008aa8;\">Prof. Lu\u00eds Sim\u00f5es da Silva<\/span><\/h3>\n<div class=\"team-member_title-top\">\n<div class=\"text-size-xlarge\">\n<div>Professor of Steel Construction &#8211; <span>University of Coimbra<\/span><\/div>\n<div><span>co-Editor-in-Chief Journal of Constructional Steel Research<\/span><\/div>\n<p style=\"font-weight: 400;\">\n<\/div>\n<\/div>\n<p>[\/et_pb_text][et_pb_text content_tablet=&#8221;<\/p>\n<div>Lecture: <strong><span style=%22font-size: 18px;%22>SeaPower: Innovation and Engineering in Maritime Construction<\/span><\/strong><\/div>\n<div><\/div>\n<p>&#8221; content_phone=&#8221;<\/p>\n<div>Lecture: <strong><span style=%22font-size: 15px;%22>SeaPower: Innovation and Engineering in Maritime Construction<\/span><\/strong><\/div>\n<div><\/div>\n<p>&#8221; content_last_edited=&#8221;on|phone&#8221; _builder_version=&#8221;4.27.4&#8243; text_font=&#8221;||||||||&#8221; text_text_color=&#8221;#7e7f93&#8243; text_font_size=&#8221;18px&#8221; text_line_height=&#8221;1.5em&#8221; header_font=&#8221;||||||||&#8221; header_3_font=&#8221;Merriweather|700|||||||&#8221; header_3_text_color=&#8221;#4646c4&#8243; header_3_font_size=&#8221;36px&#8221; header_3_line_height=&#8221;1.4em&#8221; text_font_size_tablet=&#8221;18px&#8221; text_font_size_phone=&#8221;15px&#8221; text_font_size_last_edited=&#8221;on|phone&#8221; locked=&#8221;off&#8221; global_colors_info=&#8221;{}&#8221;]<\/p>\n<div>Lecture: <strong><span style=\"font-size: 18px;\">SeaPower: Innovation and Engineering in Maritime Construction<\/span><\/strong><\/div>\n<div><\/div>\n<p>[\/et_pb_text][et_pb_text _builder_version=&#8221;4.27.4&#8243; text_font=&#8221;||||||||&#8221; text_font_size=&#8221;18px&#8221; text_line_height=&#8221;1.8em&#8221; custom_padding=&#8221;||0px|||&#8221; text_font_size_tablet=&#8221;18px&#8221; text_font_size_phone=&#8221;15px&#8221; text_font_size_last_edited=&#8221;on|phone&#8221; text_line_height_tablet=&#8221;1.8em&#8221; text_line_height_phone=&#8221;1.6em&#8221; text_line_height_last_edited=&#8221;on|phone&#8221; global_colors_info=&#8221;{}&#8221;]<\/p>\n<p><span>Professor of Steel Construction, Department of Civil Engineering, University of Coimbra. Head of Steel Construction Group of ISISE &#8211; Institute for Sustainability and Innovation in Structural Engineering, Research Center financed by FCT (Portuguese Science Foundation). Co-Editor-in-Chief Journal of Constructional Steel Research. President of CMM (Portuguese Steelwork Association). President of Seapower. Awarded with an Honoris Causa Doctorate by the University of Liege in 2018.     <\/span><\/p>\n<p><span><\/span><\/p>\n<p>[\/et_pb_text][\/et_pb_column][\/et_pb_row][et_pb_row column_structure=&#8221;1_3,2_3&#8243; custom_padding_last_edited=&#8221;on|phone&#8221; _builder_version=&#8221;4.27.4&#8243; custom_margin=&#8221;|||&#8221; custom_padding=&#8221;40px|0px|40px|0px&#8221; custom_padding_tablet=&#8221;40px|0px|40px|0px&#8221; custom_padding_phone=&#8221;40px|0px|0px|0px|false|false&#8221; locked=&#8221;off&#8221; global_colors_info=&#8221;{}&#8221;][et_pb_column type=&#8221;1_3&#8243; _builder_version=&#8221;4.16&#8243; custom_padding=&#8221;|||&#8221; global_colors_info=&#8221;{}&#8221; custom_padding__hover=&#8221;|||&#8221;][et_pb_image src=&#8221;https:\/\/congresso15.cmm.pt\/wp-content\/uploads\/2025\/11\/MarcoBatists.jpg&#8221; title_text=&#8221;MarcoBatists&#8221; _builder_version=&#8221;4.27.4&#8243; max_width_tablet=&#8221;40%&#8221; max_width_phone=&#8221;40%&#8221; max_width_last_edited=&#8221;on|tablet&#8221; custom_margin=&#8221;|||&#8221; custom_margin_tablet=&#8221;90px|||&#8221; custom_margin_last_edited=&#8221;off|desktop&#8221; always_center_on_mobile=&#8221;off&#8221; locked=&#8221;off&#8221; global_colors_info=&#8221;{}&#8221;][\/et_pb_image][\/et_pb_column][et_pb_column type=&#8221;2_3&#8243; _builder_version=&#8221;4.16&#8243; custom_padding=&#8221;|||&#8221; global_colors_info=&#8221;{}&#8221; custom_padding__hover=&#8221;|||&#8221;][et_pb_text _builder_version=&#8221;4.27.4&#8243; text_font=&#8221;||||||||&#8221; text_text_color=&#8221;#7e7f93&#8243; text_font_size=&#8221;18px&#8221; text_line_height=&#8221;1.5em&#8221; header_font=&#8221;||||||||&#8221; header_3_font=&#8221;Merriweather|700|||||||&#8221; header_3_text_color=&#8221;#4646c4&#8243; header_3_font_size=&#8221;36px&#8221; header_3_line_height=&#8221;1.4em&#8221; custom_margin=&#8221;||26px|||&#8221; text_font_size_tablet=&#8221;18px&#8221; text_font_size_phone=&#8221;15px&#8221; text_font_size_last_edited=&#8221;on|phone&#8221; text_line_height_tablet=&#8221;1.5em&#8221; text_line_height_phone=&#8221;1.6em&#8221; text_line_height_last_edited=&#8221;on|phone&#8221; header_3_font_size_tablet=&#8221;36px&#8221; header_3_font_size_phone=&#8221;25px&#8221; header_3_font_size_last_edited=&#8221;on|phone&#8221; locked=&#8221;off&#8221; global_colors_info=&#8221;{}&#8221;]<\/p>\n<h3><span style=\"color: #008aa8;\">Eng. Marco Baptista<\/span><\/h3>\n<div class=\"team-member_title-top\">\n<div class=\"text-size-xlarge\">\n<div>\n<p>Lecture: <strong>Construction as a Product<\/strong><\/p>\n<\/div>\n<p style=\"font-weight: 400;\">\n<\/div>\n<\/div>\n<p>[\/et_pb_text][et_pb_text _builder_version=&#8221;4.27.4&#8243; text_font=&#8221;||||||||&#8221; text_font_size=&#8221;18px&#8221; text_line_height=&#8221;1.8em&#8221; custom_padding=&#8221;||0px|||&#8221; text_font_size_tablet=&#8221;18px&#8221; text_font_size_phone=&#8221;15px&#8221; text_font_size_last_edited=&#8221;on|phone&#8221; text_line_height_tablet=&#8221;1.8em&#8221; text_line_height_phone=&#8221;1.6em&#8221; text_line_height_last_edited=&#8221;on|phone&#8221; global_colors_info=&#8221;{}&#8221;]<\/p>\n<p>Marco Baptista (born December 18, 1969) is a civil engineer, graduated from the Faculty of Engineering of the University of Porto (FEUP), with a master&#8217;s degree in Civil Engineering Structures (1999). He participated in international research at ISMES (Italy) and taught between 1995 and 2007 at institutions such as UTAD and the Polytechnic Institute of Viana do Castelo, in the areas of Structures. He is co-author of several scientific publications and has extensive professional experience since 1993, having founded A400 \u2013 Engineering Consultants, where he is a managing partner. He has led highly complex projects in Portugal and abroad, and is a Specialist in Structures certified by the Order of Engineers (2017). In 2022 he completed a postgraduate degree in Real Estate Management at Porto Business School.<\/p>\n<p><span><\/span><\/p>\n<p>[\/et_pb_text][\/et_pb_column][\/et_pb_row][et_pb_row column_structure=&#8221;1_3,2_3&#8243; custom_padding_last_edited=&#8221;on|phone&#8221; _builder_version=&#8221;4.27.4&#8243; custom_margin=&#8221;|||&#8221; custom_padding=&#8221;40px|0px|40px|0px&#8221; custom_padding_tablet=&#8221;40px|0px|40px|0px&#8221; custom_padding_phone=&#8221;40px|0px|0px|0px|false|false&#8221; locked=&#8221;off&#8221; global_colors_info=&#8221;{}&#8221;][et_pb_column type=&#8221;1_3&#8243; _builder_version=&#8221;4.16&#8243; custom_padding=&#8221;|||&#8221; global_colors_info=&#8221;{}&#8221; custom_padding__hover=&#8221;|||&#8221;][et_pb_image src=&#8221;https:\/\/congresso15.cmm.pt\/wp-content\/uploads\/2025\/06\/IMG_20241005_103815597_MF_PORTRAIT3-scaled-e1750772933646.jpg&#8221; title_text=&#8221;IMG_20241005_103815597_MF_PORTRAIT~3&#8243; _builder_version=&#8221;4.27.4&#8243; max_width_tablet=&#8221;40%&#8221; max_width_phone=&#8221;40%&#8221; max_width_last_edited=&#8221;on|tablet&#8221; custom_margin=&#8221;|||&#8221; custom_margin_tablet=&#8221;90px|||&#8221; custom_margin_last_edited=&#8221;off|desktop&#8221; always_center_on_mobile=&#8221;off&#8221; locked=&#8221;off&#8221; global_colors_info=&#8221;{}&#8221;][\/et_pb_image][\/et_pb_column][et_pb_column type=&#8221;2_3&#8243; _builder_version=&#8221;4.16&#8243; custom_padding=&#8221;|||&#8221; global_colors_info=&#8221;{}&#8221; custom_padding__hover=&#8221;|||&#8221;][et_pb_text _builder_version=&#8221;4.27.4&#8243; text_font=&#8221;||||||||&#8221; text_text_color=&#8221;#7e7f93&#8243; text_font_size=&#8221;18px&#8221; text_line_height=&#8221;1.5em&#8221; header_font=&#8221;||||||||&#8221; header_3_font=&#8221;Merriweather|700|||||||&#8221; header_3_text_color=&#8221;#4646c4&#8243; header_3_font_size=&#8221;36px&#8221; header_3_line_height=&#8221;1.4em&#8221; custom_margin=&#8221;||26px|||&#8221; text_font_size_tablet=&#8221;18px&#8221; text_font_size_phone=&#8221;15px&#8221; text_font_size_last_edited=&#8221;on|phone&#8221; text_line_height_tablet=&#8221;1.5em&#8221; text_line_height_phone=&#8221;1.6em&#8221; text_line_height_last_edited=&#8221;on|phone&#8221; header_3_font_size_tablet=&#8221;36px&#8221; header_3_font_size_phone=&#8221;25px&#8221; header_3_font_size_last_edited=&#8221;on|phone&#8221; locked=&#8221;off&#8221; global_colors_info=&#8221;{}&#8221;]<\/p>\n<h3><span style=\"color: #008aa8;\">Prof. Mauro Overend<\/span><\/h3>\n<div class=\"team-member_title-top\">\n<div class=\"text-size-xlarge\">\n<div>Professor of Structural Design &amp; Mechanics &#8211; TU Delft<span><\/span><\/div>\n<p style=\"font-weight: 400;\">\n<\/div>\n<\/div>\n<p>[\/et_pb_text][et_pb_text content_tablet=&#8221;<\/p>\n<div>Lecture: <strong><span style=%22font-size: 18px;%22><span>Towards More Sustainable Fa\u00e7ades: Recent research on resource-efficient, resilient and human-centered building envelopes<\/span><\/span><\/strong><\/div>\n<div><\/div>\n<p>&#8221; content_phone=&#8221;<\/p>\n<div>Lecture: <strong><span style=%22font-size: 15px;%22><span>Towards More Sustainable Fa\u00e7ades:  Recent research on resource-efficient,  resilient and human-centered building envelopes<\/span><\/span><\/strong><\/div>\n<div><\/div>\n<p>&#8221; content_last_edited=&#8221;on|phone&#8221; _builder_version=&#8221;4.27.4&#8243; text_font=&#8221;||||||||&#8221; text_text_color=&#8221;#7e7f93&#8243; text_font_size=&#8221;18px&#8221; text_line_height=&#8221;1.5em&#8221; header_font=&#8221;||||||||&#8221; header_3_font=&#8221;Merriweather|700|||||||&#8221; header_3_text_color=&#8221;#4646c4&#8243; header_3_font_size=&#8221;36px&#8221; header_3_line_height=&#8221;1.4em&#8221; text_font_size_tablet=&#8221;18px&#8221; text_font_size_phone=&#8221;15px&#8221; text_font_size_last_edited=&#8221;on|phone&#8221; locked=&#8221;off&#8221; global_colors_info=&#8221;{}&#8221;]<\/p>\n<div>Lecture: <strong><span style=\"font-size: 18px;\">Towards <span>More Sustainable Fa\u00e7ades:\u00a0 Recent research on resource-efficient,\u00a0 resilient and human-centered building envelopes<\/span><\/span><\/strong><\/div>\n<div><\/div>\n<p>[\/et_pb_text][et_pb_text _builder_version=&#8221;4.27.4&#8243; text_font=&#8221;||||||||&#8221; text_font_size=&#8221;18px&#8221; text_line_height=&#8221;1.8em&#8221; custom_padding=&#8221;||0px|||&#8221; text_font_size_tablet=&#8221;18px&#8221; text_font_size_phone=&#8221;15px&#8221; text_font_size_last_edited=&#8221;on|phone&#8221; text_line_height_tablet=&#8221;1.8em&#8221; text_line_height_phone=&#8221;1.6em&#8221; text_line_height_last_edited=&#8221;on|phone&#8221; global_colors_info=&#8221;{}&#8221;]<\/p>\n<p>Mauro Overend is the Professor of Structural Design &amp; Mechanics at TU Delft where he teaches engineers and architects, and has established the ReStruct Research Group. He is a chartered engineer with several years of consulting engineering, teaching and research experience in the fields of structural design and fa\u00e7ade engineering. In his previous role Mauro founded and led the Glass &amp; Fa\u00e7ade Technology Research Group at the University of Cambridge. His research and teaching interests are at the interface of materials engineering and structural design which underpin the performance of sustainable materials, facades and structures. Mauro has a track record of leading interdisciplinary research teams at the Universities of Nottingham, Cambridge and Delft. He has secured over \u20ac14million of funding for his research, has supervised 22 PhD students, 7 post-doctoral researchers and has more than 150 peer-reviewed publications to his credit. Mauro also leads\/serves on several international committees related to sustainable materials and structures and he has provided specialist engineering design and forensic engineering expertise on some of the most challenging and high profile buildings worldwide. He has received numerous international awards for his work such the IABSE award and the Institution of Structural Engineers Guthrie Brown Medal.\u00a0\u00a0\u00a0\u00a0\u00a0<\/p>\n<p><span><\/span><\/p>\n<p>[\/et_pb_text][\/et_pb_column][\/et_pb_row][et_pb_row column_structure=&#8221;1_3,2_3&#8243; _builder_version=&#8221;4.16&#8243; custom_margin=&#8221;|||&#8221; custom_padding=&#8221;40px|0px|40px|0px&#8221; global_colors_info=&#8221;{}&#8221;][et_pb_column type=&#8221;1_3&#8243; _builder_version=&#8221;4.16&#8243; custom_padding=&#8221;|||&#8221; global_colors_info=&#8221;{}&#8221; custom_padding__hover=&#8221;|||&#8221;][et_pb_image src=&#8221;https:\/\/congresso15.cmm.pt\/wp-content\/uploads\/2025\/04\/1531230357586.jpeg&#8221; title_text=&#8221;1531230357586&#8243; _builder_version=&#8221;4.27.4&#8243; max_width_tablet=&#8221;40%&#8221; max_width_phone=&#8221;40%&#8221; max_width_last_edited=&#8221;on|tablet&#8221; custom_margin=&#8221;|||&#8221; custom_margin_tablet=&#8221;90px|||&#8221; custom_margin_last_edited=&#8221;off|desktop&#8221; always_center_on_mobile=&#8221;off&#8221; locked=&#8221;off&#8221; global_colors_info=&#8221;{}&#8221;][\/et_pb_image][\/et_pb_column][et_pb_column type=&#8221;2_3&#8243; _builder_version=&#8221;4.16&#8243; custom_padding=&#8221;|||&#8221; global_colors_info=&#8221;{}&#8221; custom_padding__hover=&#8221;|||&#8221;][et_pb_text _builder_version=&#8221;4.27.4&#8243; text_font=&#8221;||||||||&#8221; text_text_color=&#8221;#7e7f93&#8243; text_font_size=&#8221;18px&#8221; text_line_height=&#8221;1.5em&#8221; header_font=&#8221;||||||||&#8221; header_3_font=&#8221;Merriweather|700|||||||&#8221; header_3_text_color=&#8221;#4646c4&#8243; header_3_font_size=&#8221;36px&#8221; header_3_line_height=&#8221;1.4em&#8221; text_font_size_tablet=&#8221;18px&#8221; text_font_size_phone=&#8221;15px&#8221; text_font_size_last_edited=&#8221;on|phone&#8221; text_line_height_tablet=&#8221;1.5em&#8221; text_line_height_phone=&#8221;1.6em&#8221; text_line_height_last_edited=&#8221;on|phone&#8221; header_3_font_size_tablet=&#8221;36px&#8221; header_3_font_size_phone=&#8221;25px&#8221; header_3_font_size_last_edited=&#8221;on|phone&#8221; locked=&#8221;off&#8221; global_colors_info=&#8221;{}&#8221;]<\/p>\n<h3><span style=\"color: #008aa8;\">Eng. Miguel Correia <\/span><\/h3>\n<p><span>Main Principal Lead &#8211; Structural &amp; Marine Technology at Wood<\/span><\/p>\n<p>[\/et_pb_text][et_pb_text content_tablet=&#8221;<\/p>\n<div>Lecture: <strong><span style=%22font-size: 18px;%22>Importance of steel structures across the offshore energy sectors<\/span><\/strong><\/div>\n<div><\/div>\n<p>&#8221; content_phone=&#8221;<\/p>\n<div>Lecture: <strong><span style=%22font-size: 15px;%22>Importance of steel structures across the offshore energy sectors<\/span><\/strong><\/div>\n<div><\/div>\n<p>&#8221; content_last_edited=&#8221;on|phone&#8221; _builder_version=&#8221;4.27.4&#8243; text_font=&#8221;||||||||&#8221; text_text_color=&#8221;#7e7f93&#8243; text_font_size=&#8221;18px&#8221; text_line_height=&#8221;1.5em&#8221; header_font=&#8221;||||||||&#8221; header_3_font=&#8221;Merriweather|700|||||||&#8221; header_3_text_color=&#8221;#4646c4&#8243; header_3_font_size=&#8221;36px&#8221; header_3_line_height=&#8221;1.4em&#8221; text_font_size_tablet=&#8221;18px&#8221; text_font_size_phone=&#8221;15px&#8221; text_font_size_last_edited=&#8221;on|phone&#8221; locked=&#8221;off&#8221; global_colors_info=&#8221;{}&#8221;]<\/p>\n<div>Lecture: <strong><span style=\"font-size: 18px;\">Importance of steel structures across the offshore energy sectors<\/span><\/strong><\/div>\n<div><\/div>\n<p>[\/et_pb_text][et_pb_text _builder_version=&#8221;4.27.4&#8243; text_font=&#8221;||||||||&#8221; text_font_size=&#8221;18px&#8221; text_line_height=&#8221;1.8em&#8221; custom_padding=&#8221;||0px|||&#8221; text_font_size_tablet=&#8221;18px&#8221; text_font_size_phone=&#8221;15px&#8221; text_font_size_last_edited=&#8221;on|phone&#8221; text_line_height_tablet=&#8221;1.8em&#8221; text_line_height_phone=&#8221;1.6em&#8221; text_line_height_last_edited=&#8221;on|phone&#8221; global_colors_info=&#8221;{}&#8221;]<\/p>\n<p style=\"font-weight: 400;\">Miguel Correia is today the Main Principal Lead in Wood PLC Norway where he leads the structural and Marine Technology department for the last 4 years. Wood offers engineering of new onshore, offshore, and subsea construction and modification projects, as well as new build and modifications of ships. His international experience also includes the management of the Structural Integrity department at Force Technology Norway, for 7 years, and before that Greenland group and Agility Group as Senior Structural Engineer and Structural Discipline lead. His national experience between 2000 and 2011 was developed in IDOM Consulting Engineering Architecture, Lisbon office, where he worked manly on onshore industrial projects, initially as senior structural engineer and later as lead the Structural Department. His educational background was built on two MSc Degrees, the<sup>1st<\/sup> in Civil Engineering &#8211; Structural Engineering Profile and the second in Steel and Composite Structures, respectively in ISEL &#8211; Instituto Superior de Engenharia de Lisboa and Coimbra University here the defended his thesis &#8211; Robustness, redundancy of offshore structures &#8211; Jacket Platforms.      <span> <\/span>He is also a member of the Portuguese Steelwork Association (CMM)<\/p>\n<p style=\"font-weight: 400;\">[\/et_pb_text][\/et_pb_column][\/et_pb_row][et_pb_row column_structure=&#8221;1_3,2_3&#8243; _builder_version=&#8221;4.16&#8243; custom_margin=&#8221;|||&#8221; custom_padding=&#8221;40px|0px|40px|0px&#8221; locked=&#8221;off&#8221; global_colors_info=&#8221;{}&#8221;][et_pb_column type=&#8221;1_3&#8243; _builder_version=&#8221;4.16&#8243; custom_padding=&#8221;|||&#8221; global_colors_info=&#8221;{}&#8221; custom_padding__hover=&#8221;|||&#8221;][et_pb_image src=&#8221;https:\/\/congresso15.cmm.pt\/wp-content\/uploads\/2025\/10\/Imagem1.png&#8221; title_text=&#8221;Imagem1&#8243; _builder_version=&#8221;4.27.4&#8243; max_width_tablet=&#8221;40%&#8221; max_width_phone=&#8221;40%&#8221; max_width_last_edited=&#8221;on|tablet&#8221; custom_margin=&#8221;|||&#8221; custom_margin_tablet=&#8221;90px|||&#8221; custom_margin_last_edited=&#8221;off|desktop&#8221; always_center_on_mobile=&#8221;off&#8221; locked=&#8221;off&#8221; global_colors_info=&#8221;{}&#8221;][\/et_pb_image][\/et_pb_column][et_pb_column type=&#8221;2_3&#8243; _builder_version=&#8221;4.16&#8243; custom_padding=&#8221;|||&#8221; global_colors_info=&#8221;{}&#8221; custom_padding__hover=&#8221;|||&#8221;][et_pb_text _builder_version=&#8221;4.27.4&#8243; text_font=&#8221;||||||||&#8221; text_text_color=&#8221;#7e7f93&#8243; text_font_size=&#8221;18px&#8221; text_line_height=&#8221;1.5em&#8221; header_font=&#8221;||||||||&#8221; header_3_font=&#8221;Merriweather|700|||||||&#8221; header_3_text_color=&#8221;#4646c4&#8243; header_3_font_size=&#8221;36px&#8221; header_3_line_height=&#8221;1.4em&#8221; text_font_size_tablet=&#8221;18px&#8221; text_font_size_phone=&#8221;15px&#8221; text_font_size_last_edited=&#8221;on|phone&#8221; text_line_height_tablet=&#8221;1.5em&#8221; text_line_height_phone=&#8221;1.6em&#8221; text_line_height_last_edited=&#8221;on|phone&#8221; header_3_font_size_tablet=&#8221;36px&#8221; header_3_font_size_phone=&#8221;25px&#8221; header_3_font_size_last_edited=&#8221;on|phone&#8221; locked=&#8221;off&#8221; global_colors_info=&#8221;{}&#8221;]<\/p>\n<h3><span style=\"color: #008aa8;\">Arq. Miguel N\u00fa\u00f1ez D\u00edaz<\/span><\/h3>\n<p>Technical Director and Facade Consultant at ENAR<\/p>\n<p>[\/et_pb_text][et_pb_text content_tablet=&#8221;<\/p>\n<div>\n<p>Palestra: <strong>Unpredictable Future<\/strong><\/p>\n<div><\/div>\n<\/div>\n<div><\/div>\n<p>&#8221; content_phone=&#8221;<\/p>\n<div>Lecture: <span style=%22font-size: 15px;%22><b>Unpredictable Future<\/b><\/span><\/div>\n<p>&#8221; content_last_edited=&#8221;on|phone&#8221; _builder_version=&#8221;4.27.4&#8243; text_font=&#8221;||||||||&#8221; text_text_color=&#8221;#7e7f93&#8243; text_font_size=&#8221;18px&#8221; text_line_height=&#8221;1.5em&#8221; header_font=&#8221;||||||||&#8221; header_3_font=&#8221;Merriweather|700|||||||&#8221; header_3_text_color=&#8221;#4646c4&#8243; header_3_font_size=&#8221;36px&#8221; header_3_line_height=&#8221;1.4em&#8221; custom_padding=&#8221;||0px|||&#8221; text_font_size_tablet=&#8221;18px&#8221; text_font_size_phone=&#8221;15px&#8221; text_font_size_last_edited=&#8221;on|phone&#8221; locked=&#8221;off&#8221; global_colors_info=&#8221;{}&#8221;]<\/p>\n<div>Lecture:<strong> Unpredictable Future<\/strong><\/div>\n<div><\/div>\n<p>[\/et_pb_text][et_pb_text _builder_version=&#8221;4.27.4&#8243; text_font=&#8221;||||||||&#8221; text_font_size=&#8221;18px&#8221; text_line_height=&#8221;1.8em&#8221; custom_padding=&#8221;||0px|||&#8221; text_font_size_tablet=&#8221;18px&#8221; text_font_size_phone=&#8221;15px&#8221; text_font_size_last_edited=&#8221;on|phone&#8221; text_line_height_tablet=&#8221;1.8em&#8221; text_line_height_phone=&#8221;1.6em&#8221; text_line_height_last_edited=&#8221;on|phone&#8221; global_colors_info=&#8221;{}&#8221;]<\/p>\n<p>Miguel \u00c1ngel N\u00fa\u00f1ez is a Technical Director and Facade Consultant at ENAR with over 25 years of experience in architectural envelopes. He holds a PhD in Architecture and an Executive MBA, and has led major facade projects for airports, corporate buildings, and cultural institutions across Europe and the Middle East. His expertise includes structural glass, composite materials, and digital facades, supported by active participation in EU research programs like HORIZON. Miguel is a frequent speaker at international conferences and has contributed to technical publications on facade design.<\/p>\n<p style=\"font-weight: 400;\">\n<p>[\/et_pb_text][\/et_pb_column][\/et_pb_row][et_pb_row column_structure=&#8221;1_3,2_3&#8243; _builder_version=&#8221;4.16&#8243; custom_margin=&#8221;|||&#8221; custom_padding=&#8221;40px|0px|40px|0px&#8221; global_colors_info=&#8221;{}&#8221;][et_pb_column type=&#8221;1_3&#8243; _builder_version=&#8221;4.16&#8243; custom_padding=&#8221;|||&#8221; global_colors_info=&#8221;{}&#8221; custom_padding__hover=&#8221;|||&#8221;][et_pb_image src=&#8221;https:\/\/congresso15.cmm.pt\/wp-content\/uploads\/2025\/09\/MOF1709-Copy.jpg&#8221; title_text=&#8221;_MOF1709 &#8211; Copy&#8221; _builder_version=&#8221;4.27.4&#8243; max_width_tablet=&#8221;40%&#8221; max_width_phone=&#8221;40%&#8221; max_width_last_edited=&#8221;on|tablet&#8221; custom_margin=&#8221;|||&#8221; custom_margin_tablet=&#8221;90px|||&#8221; custom_margin_last_edited=&#8221;off|desktop&#8221; always_center_on_mobile=&#8221;off&#8221; locked=&#8221;off&#8221; global_colors_info=&#8221;{}&#8221;][\/et_pb_image][\/et_pb_column][et_pb_column type=&#8221;2_3&#8243; _builder_version=&#8221;4.16&#8243; custom_padding=&#8221;|||&#8221; global_colors_info=&#8221;{}&#8221; custom_padding__hover=&#8221;|||&#8221;][et_pb_text _builder_version=&#8221;4.27.4&#8243; text_font=&#8221;||||||||&#8221; text_text_color=&#8221;#7e7f93&#8243; text_font_size=&#8221;18px&#8221; text_line_height=&#8221;1.5em&#8221; header_font=&#8221;||||||||&#8221; header_3_font=&#8221;Merriweather|700|||||||&#8221; header_3_text_color=&#8221;#4646c4&#8243; header_3_font_size=&#8221;36px&#8221; header_3_line_height=&#8221;1.4em&#8221; text_font_size_tablet=&#8221;18px&#8221; text_font_size_phone=&#8221;15px&#8221; text_font_size_last_edited=&#8221;on|phone&#8221; text_line_height_tablet=&#8221;1.5em&#8221; text_line_height_phone=&#8221;1.6em&#8221; text_line_height_last_edited=&#8221;on|phone&#8221; header_3_font_size_tablet=&#8221;36px&#8221; header_3_font_size_phone=&#8221;25px&#8221; header_3_font_size_last_edited=&#8221;on|phone&#8221; locked=&#8221;off&#8221; global_colors_info=&#8221;{}&#8221;]<\/p>\n<h3><span style=\"color: #008aa8;\">Eng. Murray Cook<\/span><\/h3>\n<p>Executive Director, EGGA \u2013 Galvanizing Europe<\/p>\n<p>[\/et_pb_text][et_pb_text content_tablet=&#8221;<\/p>\n<div>Lecture: <strong><span style=%22font-size: 18px;%22>Optimising Sustainability and Circularity of Steel Structures \u2013 The Importance of Corrosion Protection<\/span><\/strong><\/div>\n<div><\/div>\n<p>&#8221; content_phone=&#8221;<\/p>\n<div>Lecture: <strong>Optimising Sustainability and Circularity of Steel Structures \u2013 The Importance of Corrosion Protection<\/strong><\/div>\n<div><\/div>\n<p>&#8221; content_last_edited=&#8221;on|phone&#8221; _builder_version=&#8221;4.27.4&#8243; text_font=&#8221;||||||||&#8221; text_text_color=&#8221;#7e7f93&#8243; text_font_size=&#8221;18px&#8221; text_line_height=&#8221;1.5em&#8221; header_font=&#8221;||||||||&#8221; header_3_font=&#8221;Merriweather|700|||||||&#8221; header_3_text_color=&#8221;#4646c4&#8243; header_3_font_size=&#8221;36px&#8221; header_3_line_height=&#8221;1.4em&#8221; text_font_size_tablet=&#8221;18px&#8221; text_font_size_phone=&#8221;15px&#8221; text_font_size_last_edited=&#8221;on|phone&#8221; locked=&#8221;off&#8221; global_colors_info=&#8221;{}&#8221;]<\/p>\n<div>Lecture: <strong><span style=\"font-size: 18px;\">Optimising Sustainability and Circularity of Steel Structures \u2013 The Importance of Corrosion Protection <\/span><\/strong><\/div>\n<div><\/div>\n<p>[\/et_pb_text][et_pb_text _builder_version=&#8221;4.27.4&#8243; text_font=&#8221;||||||||&#8221; text_font_size=&#8221;18px&#8221; text_line_height=&#8221;1.8em&#8221; custom_padding=&#8221;||0px|||&#8221; text_font_size_tablet=&#8221;18px&#8221; text_font_size_phone=&#8221;15px&#8221; text_font_size_last_edited=&#8221;on|phone&#8221; text_line_height_tablet=&#8221;1.8em&#8221; text_line_height_phone=&#8221;1.6em&#8221; text_line_height_last_edited=&#8221;on|phone&#8221; global_colors_info=&#8221;{}&#8221;]<\/p>\n<p data-start=\"40\" data-end=\"482\">Murray Cook is Executive Director of the European General Galvanizers Association (Galvanizing Europe), representing around 700 plants that protect ~7 million tonnes of steel annually through hot dip galvanizing. He has extensive experience in zinc and zinc coatings, having held senior roles at the UK Galvanizers Association and the International Zinc Association, where he led sustainability strategy development. He is Chairman of ISO\/TC107 SC4 and actively contributes to CEN and ISO work on steel fabrication, corrosion protection, sustainability, and environmental issues, while also collaborating with ECCS technical committees on regulatory and policy matters. He holds a degree in Materials Science and Metallurgical Engineering from the University of Wales (Cardiff), a postgraduate qualification in Marketing, and is a member of several professional and advisory bodies, including the International EPD System\u2019s Advisory Panel.<\/p>\n<p style=\"font-weight: 400;\">\n<p>[\/et_pb_text][\/et_pb_column][\/et_pb_row][et_pb_row column_structure=&#8221;1_3,2_3&#8243; _builder_version=&#8221;4.16&#8243; custom_margin=&#8221;|||&#8221; custom_padding=&#8221;40px|0px|40px|0px&#8221; locked=&#8221;off&#8221; global_colors_info=&#8221;{}&#8221;][et_pb_column type=&#8221;1_3&#8243; _builder_version=&#8221;4.16&#8243; custom_padding=&#8221;|||&#8221; global_colors_info=&#8221;{}&#8221; custom_padding__hover=&#8221;|||&#8221;][et_pb_image src=&#8221;https:\/\/congresso15.cmm.pt\/wp-content\/uploads\/2025\/11\/NunoCapa.png&#8221; title_text=&#8221;NunoCapa&#8221; _builder_version=&#8221;4.27.4&#8243; max_width_tablet=&#8221;40%&#8221; max_width_phone=&#8221;40%&#8221; max_width_last_edited=&#8221;on|tablet&#8221; custom_margin=&#8221;|||&#8221; custom_margin_tablet=&#8221;90px|||&#8221; custom_margin_last_edited=&#8221;off|desktop&#8221; always_center_on_mobile=&#8221;off&#8221; locked=&#8221;off&#8221; global_colors_info=&#8221;{}&#8221;][\/et_pb_image][\/et_pb_column][et_pb_column type=&#8221;2_3&#8243; _builder_version=&#8221;4.16&#8243; custom_padding=&#8221;|||&#8221; global_colors_info=&#8221;{}&#8221; custom_padding__hover=&#8221;|||&#8221;][et_pb_text _builder_version=&#8221;4.27.4&#8243; text_font=&#8221;||||||||&#8221; text_text_color=&#8221;#7e7f93&#8243; text_font_size=&#8221;18px&#8221; text_line_height=&#8221;1.5em&#8221; header_font=&#8221;||||||||&#8221; header_3_font=&#8221;Merriweather|700|||||||&#8221; header_3_text_color=&#8221;#4646c4&#8243; header_3_font_size=&#8221;36px&#8221; header_3_line_height=&#8221;1.4em&#8221; text_font_size_tablet=&#8221;18px&#8221; text_font_size_phone=&#8221;15px&#8221; text_font_size_last_edited=&#8221;on|phone&#8221; text_line_height_tablet=&#8221;1.5em&#8221; text_line_height_phone=&#8221;1.6em&#8221; text_line_height_last_edited=&#8221;on|phone&#8221; header_3_font_size_tablet=&#8221;36px&#8221; header_3_font_size_phone=&#8221;25px&#8221; header_3_font_size_last_edited=&#8221;on|phone&#8221; locked=&#8221;off&#8221; global_colors_info=&#8221;{}&#8221;]<\/p>\n<h3><span style=\"color: #008aa8;\">Arq. Nuno Capa<\/span><\/h3>\n<p>Nuno Ferreira Capa, Arquitetura e Design Lda<\/p>\n<p>[\/et_pb_text][et_pb_text content_tablet=&#8221;<\/p>\n<p>Lecture: <strong>Modular Design in Architecture<\/strong><\/p>\n<p>&#8221; content_phone=&#8221;<\/p>\n<div>Lecture: <strong>Modular Design in Architecture<\/strong><\/div>\n<div><\/div>\n<p>&#8221; content_last_edited=&#8221;on|phone&#8221; _builder_version=&#8221;4.27.4&#8243; text_font=&#8221;||||||||&#8221; text_text_color=&#8221;#7e7f93&#8243; text_font_size=&#8221;18px&#8221; text_line_height=&#8221;1.5em&#8221; header_font=&#8221;||||||||&#8221; header_3_font=&#8221;Merriweather|700|||||||&#8221; header_3_text_color=&#8221;#4646c4&#8243; header_3_font_size=&#8221;36px&#8221; header_3_line_height=&#8221;1.4em&#8221; custom_padding=&#8221;||0px|||&#8221; text_font_size_tablet=&#8221;18px&#8221; text_font_size_phone=&#8221;15px&#8221; text_font_size_last_edited=&#8221;on|phone&#8221; locked=&#8221;off&#8221; global_colors_info=&#8221;{}&#8221;]<\/p>\n<div>Lecture: <strong>Modular Design in Architecture<\/strong><\/div>\n<div><\/div>\n<p>[\/et_pb_text][et_pb_text _builder_version=&#8221;4.27.4&#8243; text_font=&#8221;||||||||&#8221; text_font_size=&#8221;18px&#8221; text_line_height=&#8221;1.8em&#8221; custom_padding=&#8221;||0px|||&#8221; text_font_size_tablet=&#8221;18px&#8221; text_font_size_phone=&#8221;15px&#8221; text_font_size_last_edited=&#8221;on|phone&#8221; text_line_height_tablet=&#8221;1.8em&#8221; text_line_height_phone=&#8221;1.6em&#8221; text_line_height_last_edited=&#8221;on|phone&#8221; global_colors_info=&#8221;{}&#8221;]<\/p>\n<p>Nuno Capa is an architect graduated from the Faculty of Architecture of the University of Porto and has worked professionally since 1998 in the areas of architecture, urban planning and design. His work encompasses new construction and rehabilitation projects, including industrial, service, residential and urban buildings. His career has been widely recognized, with several national and international awards, including:<\/p>\n<ul>\n<li>Ancestral Church of Frai\u00e3o (Braga) \u2013 Architecture MasterPrize 2022 (Restoration &amp; Renovation);<\/li>\n<li>Maison826 and Dst Chapel (Braga) \u2013 Architecture MasterPrize 2020 (Commercial Interior and Small Architecture);<\/li>\n<li>Bysteel FS Building (Braga) \u2013 Honorable Mention in the Architecture MasterPrize 2020 (Industrial Buildings);<\/li>\n<li>Urbo Business Centre (Matosinhos) \u2013 Architecture MasterPrize 2019, SIL Award 2019 and Expresso\/SIC Not\u00edcias Award, in addition to being shortlisted for the BluePrint Awards 2019.<\/li>\n<\/ul>\n<p>Their practice stands out for a contemporary approach that values \u200b\u200bthe harmony between form, light, materials and sustainability, understanding architectural form as an artistic expression integrated into the territory.<\/p>\n<p style=\"font-weight: 400;\">[\/et_pb_text][\/et_pb_column][\/et_pb_row][et_pb_row column_structure=&#8221;1_3,2_3&#8243; _builder_version=&#8221;4.16&#8243; custom_margin=&#8221;|||&#8221; custom_padding=&#8221;40px|0px|40px|0px&#8221; locked=&#8221;off&#8221; global_colors_info=&#8221;{}&#8221;][et_pb_column type=&#8221;1_3&#8243; _builder_version=&#8221;4.16&#8243; custom_padding=&#8221;|||&#8221; global_colors_info=&#8221;{}&#8221; custom_padding__hover=&#8221;|||&#8221;][et_pb_image src=&#8221;https:\/\/congresso15.cmm.pt\/wp-content\/uploads\/2025\/11\/Neves-1.jpg&#8221; title_text=&#8221;Neves&#8221; _builder_version=&#8221;4.27.4&#8243; max_width_tablet=&#8221;40%&#8221; max_width_phone=&#8221;40%&#8221; max_width_last_edited=&#8221;on|tablet&#8221; custom_margin=&#8221;|||&#8221; custom_margin_tablet=&#8221;90px|||&#8221; custom_margin_last_edited=&#8221;off|desktop&#8221; always_center_on_mobile=&#8221;off&#8221; locked=&#8221;off&#8221; global_colors_info=&#8221;{}&#8221;][\/et_pb_image][\/et_pb_column][et_pb_column type=&#8221;2_3&#8243; _builder_version=&#8221;4.16&#8243; custom_padding=&#8221;|||&#8221; global_colors_info=&#8221;{}&#8221; custom_padding__hover=&#8221;|||&#8221;][et_pb_text _builder_version=&#8221;4.27.4&#8243; text_font=&#8221;||||||||&#8221; text_text_color=&#8221;#7e7f93&#8243; text_font_size=&#8221;18px&#8221; text_line_height=&#8221;1.5em&#8221; header_font=&#8221;||||||||&#8221; header_3_font=&#8221;Merriweather|700|||||||&#8221; header_3_text_color=&#8221;#4646c4&#8243; header_3_font_size=&#8221;36px&#8221; header_3_line_height=&#8221;1.4em&#8221; text_font_size_tablet=&#8221;18px&#8221; text_font_size_phone=&#8221;15px&#8221; text_font_size_last_edited=&#8221;on|phone&#8221; text_line_height_tablet=&#8221;1.5em&#8221; text_line_height_phone=&#8221;1.6em&#8221; text_line_height_last_edited=&#8221;on|phone&#8221; header_3_font_size_tablet=&#8221;36px&#8221; header_3_font_size_phone=&#8221;25px&#8221; header_3_font_size_last_edited=&#8221;on|phone&#8221; locked=&#8221;off&#8221; global_colors_info=&#8221;{}&#8221;]<\/p>\n<h3><span style=\"color: #008aa8;\">Eng. Nuno Neves<\/span><\/h3>\n<p>Head of Design \u2013 bysteel<\/p>\n<p>[\/et_pb_text][et_pb_text content_tablet=&#8221;<\/p>\n<div>Lecture: <strong><span style=%22font-size: 18px;%22>Zethaus \u2013 Industrialized construction. Building tomorrow<\/span><\/strong><\/div>\n<div><\/div>\n<p>&#8221; content_phone=&#8221;<\/p>\n<div>Lecture: <strong><span style=%22font-size: 15px;%22>Zethaus \u2013 Industrialized construction. Building tomorrow<\/span><\/strong><\/div>\n<div><\/div>\n<p>&#8221; content_last_edited=&#8221;on|phone&#8221; _builder_version=&#8221;4.27.4&#8243; text_font=&#8221;||||||||&#8221; text_text_color=&#8221;#7e7f93&#8243; text_font_size=&#8221;18px&#8221; text_line_height=&#8221;1.5em&#8221; header_font=&#8221;||||||||&#8221; header_3_font=&#8221;Merriweather|700|||||||&#8221; header_3_text_color=&#8221;#4646c4&#8243; header_3_font_size=&#8221;36px&#8221; header_3_line_height=&#8221;1.4em&#8221; custom_padding=&#8221;||0px|||&#8221; text_font_size_tablet=&#8221;18px&#8221; text_font_size_phone=&#8221;15px&#8221; text_font_size_last_edited=&#8221;on|phone&#8221; locked=&#8221;off&#8221; global_colors_info=&#8221;{}&#8221;]<\/p>\n<div>Lecture: <strong>Zethaus \u2013 Industrialized construction. Building tomorrow<\/strong><\/div>\n<div><\/div>\n<p>[\/et_pb_text][et_pb_text _builder_version=&#8221;4.27.4&#8243; text_font=&#8221;||||||||&#8221; text_font_size=&#8221;18px&#8221; text_line_height=&#8221;1.8em&#8221; custom_padding=&#8221;||0px|||&#8221; text_font_size_tablet=&#8221;18px&#8221; text_font_size_phone=&#8221;15px&#8221; text_font_size_last_edited=&#8221;on|phone&#8221; text_line_height_tablet=&#8221;1.8em&#8221; text_line_height_phone=&#8221;1.6em&#8221; text_line_height_last_edited=&#8221;on|phone&#8221; global_colors_info=&#8221;{}&#8221;]<\/p>\n<p data-start=\"40\" data-end=\"482\"><span>Nuno Neves <\/span><span>was born in 1976 in Porto. He has a degree in civil engineering from the Faculty of Engineering of the University of Porto (1999), in the structures option. He has a master&#8217;s degree in structures (2003) from the Faculty of Engineering of the University of Porto and an MBA from the Catholic University of Porto (2010). With 23 years of professional experience, he has developed structural design activities since 1999 at the company AFACONSULT with coordination and project management roles since 2007, having participated in structural projects such as the Convent of S. Francisco in Coimbra or the Bridge Pedro- In\u00eas in Coimbra. In 2010 he joined the DST group, at the company bysteel where he led the project department. Having participated in projects such as Lyon Airport, Schiphol Airport or the Longchamps Racecourse in Paris. As of 2022 he is a member of the management board of the company bysteel, being responible for the technical department, and performs technical coordination functions in the industrialization project | modular construction in the DST group.<\/span><\/p>\n<p style=\"font-weight: 400;\">\n<p>[\/et_pb_text][\/et_pb_column][\/et_pb_row][et_pb_row column_structure=&#8221;1_3,2_3&#8243; _builder_version=&#8221;4.16&#8243; custom_margin=&#8221;|||&#8221; custom_padding=&#8221;40px|0px|40px|0px&#8221; locked=&#8221;off&#8221; global_colors_info=&#8221;{}&#8221;][et_pb_column type=&#8221;1_3&#8243; _builder_version=&#8221;4.16&#8243; custom_padding=&#8221;|||&#8221; global_colors_info=&#8221;{}&#8221; custom_padding__hover=&#8221;|||&#8221;][et_pb_image src=&#8221;https:\/\/congresso15.cmm.pt\/wp-content\/uploads\/2025\/11\/Unknown.jpeg&#8221; title_text=&#8221;Unknown&#8221; _builder_version=&#8221;4.27.4&#8243; max_width_tablet=&#8221;40%&#8221; max_width_phone=&#8221;40%&#8221; max_width_last_edited=&#8221;on|tablet&#8221; custom_margin=&#8221;|||&#8221; custom_margin_tablet=&#8221;90px|||&#8221; custom_margin_last_edited=&#8221;off|desktop&#8221; always_center_on_mobile=&#8221;off&#8221; locked=&#8221;off&#8221; global_colors_info=&#8221;{}&#8221;][\/et_pb_image][\/et_pb_column][et_pb_column type=&#8221;2_3&#8243; _builder_version=&#8221;4.16&#8243; custom_padding=&#8221;|||&#8221; global_colors_info=&#8221;{}&#8221; custom_padding__hover=&#8221;|||&#8221;][et_pb_text _builder_version=&#8221;4.27.4&#8243; text_font=&#8221;||||||||&#8221; text_text_color=&#8221;#7e7f93&#8243; text_font_size=&#8221;18px&#8221; text_line_height=&#8221;1.5em&#8221; header_font=&#8221;||||||||&#8221; header_3_font=&#8221;Merriweather|700|||||||&#8221; header_3_text_color=&#8221;#4646c4&#8243; header_3_font_size=&#8221;36px&#8221; header_3_line_height=&#8221;1.4em&#8221; text_font_size_tablet=&#8221;18px&#8221; text_font_size_phone=&#8221;15px&#8221; text_font_size_last_edited=&#8221;on|phone&#8221; text_line_height_tablet=&#8221;1.5em&#8221; text_line_height_phone=&#8221;1.6em&#8221; text_line_height_last_edited=&#8221;on|phone&#8221; header_3_font_size_tablet=&#8221;36px&#8221; header_3_font_size_phone=&#8221;25px&#8221; header_3_font_size_last_edited=&#8221;on|phone&#8221; locked=&#8221;off&#8221; global_colors_info=&#8221;{}&#8221;]<\/p>\n<h3><span style=\"color: #008aa8;\">Prof. \u00d3scar Afonso<\/span><\/h3>\n<p>Full Professor at the Faculty of Economics of the University of Porto<\/p>\n<p>[\/et_pb_text][et_pb_text content_tablet=&#8221;<\/p>\n<div>Lecture: <strong>Growth, Specialization, and Reforms: Paths to the Future<\/strong><\/div>\n<div><\/div>\n<p>&#8221; content_phone=&#8221;<\/p>\n<div>Lecture: <strong>Growth, Specialization, and Reforms: Paths to the Future<\/strong><\/div>\n<div><\/div>\n<p>&#8221; content_last_edited=&#8221;on|phone&#8221; _builder_version=&#8221;4.27.4&#8243; text_font=&#8221;||||||||&#8221; text_text_color=&#8221;#7e7f93&#8243; text_font_size=&#8221;18px&#8221; text_line_height=&#8221;1.5em&#8221; header_font=&#8221;||||||||&#8221; header_3_font=&#8221;Merriweather|700|||||||&#8221; header_3_text_color=&#8221;#4646c4&#8243; header_3_font_size=&#8221;36px&#8221; header_3_line_height=&#8221;1.4em&#8221; custom_padding=&#8221;||0px|||&#8221; text_font_size_tablet=&#8221;18px&#8221; text_font_size_phone=&#8221;15px&#8221; text_font_size_last_edited=&#8221;on|phone&#8221; locked=&#8221;off&#8221; global_colors_info=&#8221;{}&#8221;]<\/p>\n<div>Lecture: <strong>Growth, Specialization, and Reforms: Paths to the Future<\/strong><\/div>\n<div><\/div>\n<p>[\/et_pb_text][et_pb_text _builder_version=&#8221;4.27.4&#8243; text_font=&#8221;||||||||&#8221; text_font_size=&#8221;18px&#8221; text_line_height=&#8221;1.8em&#8221; custom_padding=&#8221;1px||0px|||&#8221; text_font_size_tablet=&#8221;18px&#8221; text_font_size_phone=&#8221;15px&#8221; text_font_size_last_edited=&#8221;on|phone&#8221; text_line_height_tablet=&#8221;1.8em&#8221; text_line_height_phone=&#8221;1.6em&#8221; text_line_height_last_edited=&#8221;on|phone&#8221; global_colors_info=&#8221;{}&#8221;]<\/p>\n<p data-start=\"40\" data-end=\"482\">\u00d3scar Afonso holds a doctorate and is a full professor at the Faculty of Economics of the University of Porto (FEP). He has taught at all three levels of study \u2013 undergraduate, master&#8217;s, and doctoral. He is the current Director of FEP and President of the Scientific Council. He is a founding member of NIFIP (Research Center in Public Finance and Monetary Policy) and OBEGEF (Observatory of Economics and Management of Fraud, where he served as president). He is a member of CEFUP (Center for Studies in Economics and Finance of the University of Porto). He is the author of books, several book chapters, more than 130 articles in international scientific journals, numerous working papers, and communications at international conferences. He has carried out consultancy work, both as a member of the technical team and as a coordinator. He is the president of the Remuneration Committee of FC Porto and of the Advisory Committee of the CMVM (Portuguese Securities Market Commission).<\/p>\n<p style=\"font-weight: 400;\">\n<p>[\/et_pb_text][\/et_pb_column][\/et_pb_row][et_pb_row column_structure=&#8221;1_3,2_3&#8243; _builder_version=&#8221;4.16&#8243; custom_margin=&#8221;|||&#8221; custom_padding=&#8221;40px|0px|40px|0px&#8221; locked=&#8221;off&#8221; global_colors_info=&#8221;{}&#8221;][et_pb_column type=&#8221;1_3&#8243; _builder_version=&#8221;4.16&#8243; custom_padding=&#8221;|||&#8221; global_colors_info=&#8221;{}&#8221; custom_padding__hover=&#8221;|||&#8221;][et_pb_image src=&#8221;https:\/\/congresso15.cmm.pt\/wp-content\/uploads\/2025\/11\/PSerradas-copia-scaled.jpeg&#8221; title_text=&#8221;PSerradas &#8211; co\u0301pia&#8221; _builder_version=&#8221;4.27.4&#8243; max_width_tablet=&#8221;40%&#8221; max_width_phone=&#8221;40%&#8221; max_width_last_edited=&#8221;on|tablet&#8221; custom_margin=&#8221;|||&#8221; custom_margin_tablet=&#8221;90px|||&#8221; custom_margin_last_edited=&#8221;off|desktop&#8221; always_center_on_mobile=&#8221;off&#8221; locked=&#8221;off&#8221; global_colors_info=&#8221;{}&#8221;][\/et_pb_image][\/et_pb_column][et_pb_column type=&#8221;2_3&#8243; _builder_version=&#8221;4.16&#8243; custom_padding=&#8221;|||&#8221; global_colors_info=&#8221;{}&#8221; custom_padding__hover=&#8221;|||&#8221;][et_pb_text _builder_version=&#8221;4.27.4&#8243; text_font=&#8221;||||||||&#8221; text_text_color=&#8221;#7e7f93&#8243; text_font_size=&#8221;18px&#8221; text_line_height=&#8221;1.5em&#8221; header_font=&#8221;||||||||&#8221; header_3_font=&#8221;Merriweather|700|||||||&#8221; header_3_text_color=&#8221;#4646c4&#8243; header_3_font_size=&#8221;36px&#8221; header_3_line_height=&#8221;1.4em&#8221; text_font_size_tablet=&#8221;18px&#8221; text_font_size_phone=&#8221;15px&#8221; text_font_size_last_edited=&#8221;on|phone&#8221; text_line_height_tablet=&#8221;1.5em&#8221; text_line_height_phone=&#8221;1.6em&#8221; text_line_height_last_edited=&#8221;on|phone&#8221; header_3_font_size_tablet=&#8221;36px&#8221; header_3_font_size_phone=&#8221;25px&#8221; header_3_font_size_last_edited=&#8221;on|phone&#8221; locked=&#8221;off&#8221; global_colors_info=&#8221;{}&#8221;]<\/p>\n<h3><span style=\"color: #008aa8;\">Eng. Paulo Serradas\u00a0<\/span><\/h3>\n<p>Director of Teixeira Duarte, S.A., holding company of the Teixeira Duarte Group.<\/p>\n<p>[\/et_pb_text][et_pb_text content_tablet=&#8221;<\/p>\n<div>\n<p>Lecture: <strong>The Future of Steelworking &#8211; The Vision of Teixeira Duarte<\/strong><\/p>\n<div><\/div>\n<\/div>\n<div><\/div>\n<p>&#8221; content_phone=&#8221;<\/p>\n<div>Lecture: <strong>The Future of Steelworking &#8211; The Vision of Teixeira Duarte<\/strong><\/div>\n<div><\/div>\n<p>&#8221; content_last_edited=&#8221;on|phone&#8221; _builder_version=&#8221;4.27.4&#8243; text_font=&#8221;||||||||&#8221; text_text_color=&#8221;#7e7f93&#8243; text_font_size=&#8221;18px&#8221; text_line_height=&#8221;1.5em&#8221; header_font=&#8221;||||||||&#8221; header_3_font=&#8221;Merriweather|700|||||||&#8221; header_3_text_color=&#8221;#4646c4&#8243; header_3_font_size=&#8221;36px&#8221; header_3_line_height=&#8221;1.4em&#8221; custom_padding=&#8221;||0px|||&#8221; text_font_size_tablet=&#8221;18px&#8221; text_font_size_phone=&#8221;15px&#8221; text_font_size_last_edited=&#8221;on|phone&#8221; locked=&#8221;off&#8221; global_colors_info=&#8221;{}&#8221;]<\/p>\n<div>Lecture: <strong>The Future of Steelworking &#8211; The Vision of Teixeira Duarte<\/strong><\/div>\n<div><\/div>\n<p>[\/et_pb_text][et_pb_text _builder_version=&#8221;4.27.4&#8243; text_font=&#8221;||||||||&#8221; text_font_size=&#8221;18px&#8221; text_line_height=&#8221;1.8em&#8221; custom_padding=&#8221;1px||0px|||&#8221; text_font_size_tablet=&#8221;18px&#8221; text_font_size_phone=&#8221;15px&#8221; text_font_size_last_edited=&#8221;on|phone&#8221; text_line_height_tablet=&#8221;1.8em&#8221; text_line_height_phone=&#8221;1.6em&#8221; text_line_height_last_edited=&#8221;on|phone&#8221; global_colors_info=&#8221;{}&#8221;]<\/p>\n<p>With a degree in Civil Engineering and a postgraduate degree in Controllership and Financial Analysis, Paulo Serradas was Director of Works and Director of Production Sub-Center at &#8220;Teixeira Duarte &#8211; Engenharia e Constru\u00e7\u00f5es, S.A.&#8221; between 1992 and 2006. After this period, he was responsible for project management of two hotels of the Savoy Group in Funchal and, subsequently, served as CEO and Administrator of Martifer Alum\u00ednios, S.A., a company dedicated to the execution of building facades, with contracts throughout Europe, Brazil, Australia, Saudi Arabia and Angola. In 2013 he returned to &#8220;Teixeira Duarte &#8211; Engenharia e Constru\u00e7\u00f5es, S.A.&#8221;, acting as General Director in the Group&#8217;s subsidiaries &#8220;SOMAFEL &#8211; Engenharia e Obras Ferrovi\u00e1rias, S.A.&#8221; and &#8220;OFM \u2013 Obras Ferrovi\u00e1rias e Mar\u00edtimas, S.A.&#8221;. In 2019 he was appointed Director of &#8220;Teixeira Duarte &#8211; Engenharia e Constru\u00e7\u00f5es, S.A.&#8221;, and in 2023, he was elected Director of Teixeira Duarte, S.A., the holding company of the Teixeira Duarte Group, being responsible for coordinating all of the Group&#8217;s Construction activity.<\/p>\n<p style=\"font-weight: 400;\">\n<p>[\/et_pb_text][\/et_pb_column][\/et_pb_row][et_pb_row column_structure=&#8221;1_3,2_3&#8243; _builder_version=&#8221;4.16&#8243; custom_margin=&#8221;|||&#8221; custom_padding=&#8221;40px|0px|40px|0px&#8221; global_colors_info=&#8221;{}&#8221;][et_pb_column type=&#8221;1_3&#8243; _builder_version=&#8221;4.16&#8243; custom_padding=&#8221;|||&#8221; global_colors_info=&#8221;{}&#8221; custom_padding__hover=&#8221;|||&#8221;][et_pb_image src=&#8221;https:\/\/congresso15.cmm.pt\/wp-content\/uploads\/2025\/08\/prof.-Pierre.jpeg&#8221; title_text=&#8221;prof. Pierre&#8221; _builder_version=&#8221;4.27.4&#8243; max_width_tablet=&#8221;40%&#8221; max_width_phone=&#8221;40%&#8221; max_width_last_edited=&#8221;on|tablet&#8221; custom_margin=&#8221;|||&#8221; custom_margin_tablet=&#8221;90px|||&#8221; custom_margin_last_edited=&#8221;off|desktop&#8221; always_center_on_mobile=&#8221;off&#8221; locked=&#8221;off&#8221; global_colors_info=&#8221;{}&#8221;][\/et_pb_image][\/et_pb_column][et_pb_column type=&#8221;2_3&#8243; _builder_version=&#8221;4.16&#8243; custom_padding=&#8221;|||&#8221; global_colors_info=&#8221;{}&#8221; custom_padding__hover=&#8221;|||&#8221;][et_pb_text _builder_version=&#8221;4.27.4&#8243; text_font=&#8221;||||||||&#8221; text_text_color=&#8221;#7e7f93&#8243; text_font_size=&#8221;18px&#8221; text_line_height=&#8221;1.5em&#8221; header_font=&#8221;||||||||&#8221; header_3_font=&#8221;Merriweather|700|||||||&#8221; header_3_text_color=&#8221;#4646c4&#8243; header_3_font_size=&#8221;36px&#8221; header_3_line_height=&#8221;1.4em&#8221; custom_margin=&#8221;||26px|||&#8221; text_font_size_tablet=&#8221;18px&#8221; text_font_size_phone=&#8221;15px&#8221; text_font_size_last_edited=&#8221;on|phone&#8221; text_line_height_tablet=&#8221;1.5em&#8221; text_line_height_phone=&#8221;1.6em&#8221; text_line_height_last_edited=&#8221;on|phone&#8221; header_3_font_size_tablet=&#8221;36px&#8221; header_3_font_size_phone=&#8221;25px&#8221; header_3_font_size_last_edited=&#8221;on|phone&#8221; header_3_line_height_tablet=&#8221;1.4em&#8221; header_3_line_height_phone=&#8221;1.6em&#8221; header_3_line_height_last_edited=&#8221;on|phone&#8221; locked=&#8221;off&#8221; global_colors_info=&#8221;{}&#8221;]<\/p>\n<h3><span style=\"color: #008aa8;\">Prof. Pierre Engel<\/span><\/h3>\n<div class=\"team-member_title-top\">\n<div class=\"text-size-xlarge\">\n<p style=\"font-weight: 400;\"><span>Head of ArcelorMittal New <\/span><span>Headquarters &#8211;<\/span><span>ArcelorMittal Europe<\/span><\/p>\n<p style=\"font-weight: 400;\">\n<\/div>\n<\/div>\n<p>[\/et_pb_text][et_pb_text content_tablet=&#8221;<\/p>\n<div>Lecture: <strong><span style=%22font-size: 18px;%22>Symbolic and iconic steel achievement<\/span><\/strong><\/div>\n<div><\/div>\n<p>&#8221; content_phone=&#8221;<\/p>\n<div>Lecture: <strong>Symbolic and iconic steel achievement<\/strong><\/div>\n<div><\/div>\n<p>&#8221; content_last_edited=&#8221;on|phone&#8221; _builder_version=&#8221;4.27.4&#8243; text_font=&#8221;||||||||&#8221; text_text_color=&#8221;#7e7f93&#8243; text_font_size=&#8221;18px&#8221; text_line_height=&#8221;1.5em&#8221; header_font=&#8221;||||||||&#8221; header_3_font=&#8221;Merriweather|700|||||||&#8221; header_3_text_color=&#8221;#4646c4&#8243; header_3_font_size=&#8221;36px&#8221; header_3_line_height=&#8221;1.4em&#8221; text_font_size_tablet=&#8221;18px&#8221; text_font_size_phone=&#8221;15px&#8221; text_font_size_last_edited=&#8221;on|phone&#8221; locked=&#8221;off&#8221; global_colors_info=&#8221;{}&#8221;]<\/p>\n<div>Lecture: <strong><span style=\"font-size: 18px;\">Symbolic and iconic steel achievement<\/span><\/strong><\/div>\n<div><\/div>\n<p>[\/et_pb_text][et_pb_text _builder_version=&#8221;4.27.4&#8243; text_font=&#8221;||||||||&#8221; text_font_size=&#8221;18px&#8221; text_line_height=&#8221;1.8em&#8221; custom_padding=&#8221;||0px|||&#8221; text_font_size_tablet=&#8221;18px&#8221; text_font_size_phone=&#8221;15px&#8221; text_font_size_last_edited=&#8221;on|phone&#8221; text_line_height_tablet=&#8221;1.8em&#8221; text_line_height_phone=&#8221;1.6em&#8221; text_line_height_last_edited=&#8221;on|phone&#8221; global_colors_info=&#8221;{}&#8221;]<\/p>\n<p><span>Pierre Engel is an expert<\/span> in construction and structural engineering, with experience in research, development, studies, consulting, and project management in France and internationally. Specializing in steel structures, rehabilitation, and major construction projects.   <span><\/span><span>With a Ph.D. and Master&#8217;s in Civil Engineering from the University of Salford; he has directed major works such as the Olympic Rings for Paris 2024, the Orbit Tower for London 2012, and the Luxembourg Pavilion at the Shanghai Expo, held executive roles in international real estate and construction firms, developed innovative low-carbon building solutions, taught at leading French engineering and architecture schools, received two silver medals from the French Academy of Architecture, and is an active member of several renowned scientific organizations, demonstrating strong skills in international project management, teaching, research, and technological innovation in construction<\/span><\/p>\n<p><span><\/span><\/p>\n<p>[\/et_pb_text][\/et_pb_column][\/et_pb_row][et_pb_row column_structure=&#8221;1_3,2_3&#8243; _builder_version=&#8221;4.16&#8243; custom_margin=&#8221;|||&#8221; custom_padding=&#8221;40px|0px|40px|0px&#8221; global_colors_info=&#8221;{}&#8221;][et_pb_column type=&#8221;1_3&#8243; _builder_version=&#8221;4.16&#8243; custom_padding=&#8221;|||&#8221; global_colors_info=&#8221;{}&#8221; custom_padding__hover=&#8221;|||&#8221;][et_pb_image src=&#8221;https:\/\/congresso15.cmm.pt\/wp-content\/uploads\/2025\/09\/Ricardo-Ceia-copia.jpg&#8221; title_text=&#8221;Ricardo Ceia &#8211; co\u0301pia&#8221; _builder_version=&#8221;4.27.4&#8243; max_width_tablet=&#8221;40%&#8221; max_width_phone=&#8221;40%&#8221; max_width_last_edited=&#8221;on|tablet&#8221; custom_margin=&#8221;|||&#8221; custom_margin_tablet=&#8221;90px|||&#8221; custom_margin_last_edited=&#8221;off|desktop&#8221; always_center_on_mobile=&#8221;off&#8221; locked=&#8221;off&#8221; global_colors_info=&#8221;{}&#8221;][\/et_pb_image][\/et_pb_column][et_pb_column type=&#8221;2_3&#8243; _builder_version=&#8221;4.16&#8243; custom_padding=&#8221;|||&#8221; global_colors_info=&#8221;{}&#8221; custom_padding__hover=&#8221;|||&#8221;][et_pb_text _builder_version=&#8221;4.27.4&#8243; text_font=&#8221;||||||||&#8221; text_text_color=&#8221;#7e7f93&#8243; text_font_size=&#8221;18px&#8221; text_line_height=&#8221;1.5em&#8221; header_font=&#8221;||||||||&#8221; header_3_font=&#8221;Merriweather|700|||||||&#8221; header_3_text_color=&#8221;#4646c4&#8243; header_3_font_size=&#8221;36px&#8221; header_3_line_height=&#8221;1.4em&#8221; custom_margin=&#8221;||26px|||&#8221; text_font_size_tablet=&#8221;18px&#8221; text_font_size_phone=&#8221;15px&#8221; text_font_size_last_edited=&#8221;on|phone&#8221; text_line_height_tablet=&#8221;1.5em&#8221; text_line_height_phone=&#8221;1.6em&#8221; text_line_height_last_edited=&#8221;on|phone&#8221; header_3_font_size_tablet=&#8221;36px&#8221; header_3_font_size_phone=&#8221;25px&#8221; header_3_font_size_last_edited=&#8221;on|phone&#8221; header_3_line_height_tablet=&#8221;1.4em&#8221; header_3_line_height_phone=&#8221;1.6em&#8221; header_3_line_height_last_edited=&#8221;on|phone&#8221; locked=&#8221;off&#8221; global_colors_info=&#8221;{}&#8221;]<\/p>\n<h3><span style=\"color: #008aa8;\">Eng. Ricardo Ceia<\/span><\/h3>\n<div class=\"team-member_title-top\">\n<div class=\"text-size-xlarge\">\n<p style=\"font-weight: 400;\">Technical Director \u2013 Fa\u00e7ades @ Martifer<\/p>\n<\/div>\n<\/div>\n<p>[\/et_pb_text][et_pb_text content_tablet=&#8221;<\/p>\n<div>Lecture: <strong>From the Drawing Board to BIM and Beyond \u2013 Between Design, Performance and Augmented Reality<\/strong><\/div>\n<div><\/div>\n<p>&#8221; content_phone=&#8221;<\/p>\n<div>Lecture: <strong>From the Drawing Board to BIM and Beyond \u2013 Between Design, Performance and Augmented Reality<\/strong><\/div>\n<div><\/div>\n<p>&#8221; content_last_edited=&#8221;on|phone&#8221; _builder_version=&#8221;4.27.4&#8243; text_font=&#8221;||||||||&#8221; text_text_color=&#8221;#7e7f93&#8243; text_font_size=&#8221;18px&#8221; text_line_height=&#8221;1.5em&#8221; header_font=&#8221;||||||||&#8221; header_3_font=&#8221;Merriweather|700|||||||&#8221; header_3_text_color=&#8221;#4646c4&#8243; header_3_font_size=&#8221;36px&#8221; header_3_line_height=&#8221;1.4em&#8221; text_font_size_tablet=&#8221;18px&#8221; text_font_size_phone=&#8221;15px&#8221; text_font_size_last_edited=&#8221;on|phone&#8221; locked=&#8221;off&#8221; global_colors_info=&#8221;{}&#8221;]<\/p>\n<div>Lecture: <strong>From the Drawing Board to BIM and Beyond \u2013 Between Design, Performance and Augmented Reality<\/strong><\/div>\n<div><\/div>\n<p>[\/et_pb_text][et_pb_text _builder_version=&#8221;4.27.4&#8243; text_font=&#8221;||||||||&#8221; text_font_size=&#8221;18px&#8221; text_line_height=&#8221;1.8em&#8221; custom_padding=&#8221;||0px|||&#8221; text_font_size_tablet=&#8221;18px&#8221; text_font_size_phone=&#8221;15px&#8221; text_font_size_last_edited=&#8221;on|phone&#8221; text_line_height_tablet=&#8221;1.8em&#8221; text_line_height_phone=&#8221;1.6em&#8221; text_line_height_last_edited=&#8221;on|phone&#8221; global_colors_info=&#8221;{}&#8221;]<\/p>\n<p style=\"font-weight: 400;\">A Civil Engineer with extensive experience in the building envelope sector, Ricardo Ceia has developed a portfolio of projects across diverse geographies, with a strong focus on the UK market. He is currently Technical Director for the fa\u00e7ades business unit at Martifer, a role he assumed after contributing to several construction management teams across Europe, Africa and Asia. His international career also includes participation in complex projects with Zagope, further strengthening his global perspective and ability to adapt to demanding engineering environments. With a unique perspective on the evolution of fa\u00e7ades \u2014 from manual drawings to augmented reality \u2014 Ricardo will bring to the congress a reflection on the past, present and future of construction.<\/p>\n<p style=\"font-weight: 400;\"><span>\u00a0<\/span><\/p>\n<p><span><\/span><\/p>\n<p>[\/et_pb_text][\/et_pb_column][\/et_pb_row][\/et_pb_section]<\/p>\n","protected":false},"excerpt":{"rendered":"<p>KeynotesEng. Ana Ara\u00fajo Partner at Buro Happold, Fa\u00e7ade Engineering Lead and Building Retrofit Lead Lecture: Hi Chat. Build me a fa\u00e7ade.\u201d Will it be that easy? Challenges and opportunitiesAna is a Civil Engineer (Faculdade da Engenharia da Universidade do Porto, Building Construction specialism) and Chartered Building Surveyor. Starting her career in Porto and currently based [&hellip;]<\/p>\n","protected":false},"author":1,"featured_media":0,"parent":0,"menu_order":0,"comment_status":"closed","ping_status":"closed","template":"","meta":{"_et_pb_use_builder":"on","_et_pb_old_content":"","_et_gb_content_width":"","_view_id":"","footnotes":""},"class_list":["post-2023","page","type-page","status-publish","hentry"],"_links":{"self":[{"href":"https:\/\/congresso15.cmm.pt\/en\/wp-json\/wp\/v2\/pages\/2023","targetHints":{"allow":["GET"]}}],"collection":[{"href":"https:\/\/congresso15.cmm.pt\/en\/wp-json\/wp\/v2\/pages"}],"about":[{"href":"https:\/\/congresso15.cmm.pt\/en\/wp-json\/wp\/v2\/types\/page"}],"author":[{"embeddable":true,"href":"https:\/\/congresso15.cmm.pt\/en\/wp-json\/wp\/v2\/users\/1"}],"replies":[{"embeddable":true,"href":"https:\/\/congresso15.cmm.pt\/en\/wp-json\/wp\/v2\/comments?post=2023"}],"version-history":[{"count":57,"href":"https:\/\/congresso15.cmm.pt\/en\/wp-json\/wp\/v2\/pages\/2023\/revisions"}],"predecessor-version":[{"id":5449,"href":"https:\/\/congresso15.cmm.pt\/en\/wp-json\/wp\/v2\/pages\/2023\/revisions\/5449"}],"wp:attachment":[{"href":"https:\/\/congresso15.cmm.pt\/en\/wp-json\/wp\/v2\/media?parent=2023"}],"curies":[{"name":"wp","href":"https:\/\/api.w.org\/{rel}","templated":true}]}}