{"id":1944,"date":"2025-04-21T18:57:01","date_gmt":"2025-04-21T18:57:01","guid":{"rendered":"https:\/\/congresso15.cmm.pt\/temas\/"},"modified":"2025-07-30T14:21:25","modified_gmt":"2025-07-30T14:21:25","slug":"temas","status":"publish","type":"page","link":"https:\/\/congresso15.cmm.pt\/es\/temas\/","title":{"rendered":"Temas"},"content":{"rendered":"<p>[et_pb_section fb_built=\u00bb1&#8243; custom_padding_last_edited=\u00bbon|phone\u00bb admin_label=\u00bbHero\u00bb _builder_version=\u00bb4.27.4&#8243; use_background_color_gradient=\u00bbon\u00bb background_color_gradient_stops=\u00bb#008aa8 0%|#ffffff 100%\u00bb custom_margin=\u00bb|||\u00bb custom_margin_tablet=\u00bb|||\u00bb custom_margin_phone=\u00bb|||\u00bb custom_margin_last_edited=\u00bbon|phone\u00bb custom_padding=\u00bb100px||100px|\u00bb custom_padding_tablet=\u00bb130px||130px|\u00bb custom_padding_phone=\u00bb0px||50px||false|false\u00bb locked=\u00bboff\u00bb global_colors_info=\u00bb{}\u00bb][et_pb_row admin_label=\u00bbt\u00edtulo e ilustraci\u00f3n\u00bb _builder_version=\u00bb4.27.4&#8243; background_size=\u00bbinitial\u00bb background_position=\u00bbtop_left\u00bb background_repeat=\u00bbrepeat\u00bb custom_margin=\u00bb|||\u00bb custom_margin_tablet=\u00bb|||\u00bb custom_margin_phone=\u00bb0px||||false|false\u00bb custom_margin_last_edited=\u00bbon|phone\u00bb custom_padding=\u00bb50px||20px||false|false\u00bb global_colors_info=\u00bb{}\u00bb][et_pb_column type=\u00bb4_4&#8243; _builder_version=\u00bb4.16&#8243; custom_padding=\u00bb|||\u00bb global_colors_info=\u00bb{}\u00bb custom_padding__hover=\u00bb|||\u00bb][et_pb_text _builder_version=\u00bb4.27.4&#8243; text_text_color=\u00bbgcid-adb69198-e3ff-412f-91c9-bffd69623065&#8243; header_font=\u00bbMerriweather|700|||||||\u00bb header_text_color=\u00bbgcid-adb69198-e3ff-412f-91c9-bffd69623065&#8243; header_font_size=\u00bb46px\u00bb header_line_height=\u00bb1.3em\u00bb custom_margin=\u00bb||0px|\u00bb custom_margin_tablet=\u00bb||0px|\u00bb custom_margin_phone=\u00bb0px||||false|false\u00bb custom_margin_last_edited=\u00bbon|phone\u00bb custom_padding_tablet=\u00bb\u00bb custom_padding_phone=\u00bb0px||||false|false\u00bb custom_padding_last_edited=\u00bbon|phone\u00bb animation_style=\u00bbflip\u00bb animation_direction=\u00bbtop\u00bb header_font_size_tablet=\u00bb46px\u00bb header_font_size_phone=\u00bb40px\u00bb header_font_size_last_edited=\u00bbon|phone\u00bb global_colors_info=\u00bb{%22gcid-adb69198-e3ff-412f-91c9-bffd69623065%22:%91%22text_text_color%22,%22header_text_color%22%93}\u00bb]<\/p>\n<h1 style=\"text-align: center;\">Temas destacados<\/h1>\n<p>[\/et_pb_text][et_pb_divider color=\u00bbgcid-11f9b122-e9c0-482b-a959-1714baa342ba\u00bb divider_position=\u00bbcenter\u00bb divider_weight=\u00bb2px\u00bb _builder_version=\u00bb4.27.4&#8243; max_width=\u00bb90px\u00bb max_width_tablet=\u00bb12%\u00bb max_width_last_edited=\u00bboff|desktop\u00bb module_alignment=\u00bbcenter\u00bb custom_margin=\u00bb|||\u00bb animation_style=\u00bbflip\u00bb animation_delay=\u00bb100ms\u00bb locked=\u00bboff\u00bb global_colors_info=\u00bb{%22gcid-11f9b122-e9c0-482b-a959-1714baa342ba%22:%91%22color%22%93}\u00bb][\/et_pb_divider][et_pb_text _builder_version=\u00bb4.27.4&#8243; text_font=\u00bb||||||||\u00bb text_text_color=\u00bbgcid-adb69198-e3ff-412f-91c9-bffd69623065&#8243; text_font_size=\u00bb20px\u00bb text_line_height=\u00bb1.8em\u00bb custom_margin=\u00bb25px|||\u00bb animation_style=\u00bbflip\u00bb animation_direction=\u00bbtop\u00bb animation_delay=\u00bb100ms\u00bb text_font_size_tablet=\u00bb20px\u00bb text_font_size_phone=\u00bb18px\u00bb text_font_size_last_edited=\u00bbon|phone\u00bb text_line_height_tablet=\u00bb1.8em\u00bb text_line_height_phone=\u00bb1.6em\u00bb text_line_height_last_edited=\u00bbon|phone\u00bb global_colors_info=\u00bb{%22gcid-adb69198-e3ff-412f-91c9-bffd69623065%22:%91%22text_text_color%22%93}\u00bb]<\/p>\n<p style=\"text-align: center;\"><span>En esta edici\u00f3n se dar\u00e1 especial relevancia a los temas: \u00bbInteligencia Artifical\u00bb y \u00bbEnerg\u00eda.<\/span><\/p>\n<p>[\/et_pb_text][et_pb_button button_url=\u00bbhttps:\/\/congresso15.cmm.pt\/es\/inscribete\/?et_fb=1&#038;PageSpeed=off\u00bb button_text=\u00bbinscr\u00edbete aqu\u00ed\u00bb button_alignment=\u00bbcenter\u00bb _builder_version=\u00bb4.27.4&#8243; custom_button=\u00bbon\u00bb button_text_size=\u00bb14px\u00bb button_bg_color=\u00bbgcid-11f9b122-e9c0-482b-a959-1714baa342ba\u00bb button_border_width=\u00bb12px\u00bb button_border_color=\u00bbgcid-11f9b122-e9c0-482b-a959-1714baa342ba\u00bb button_border_radius=\u00bb0px\u00bb button_letter_spacing=\u00bb1px\u00bb button_font=\u00bb|700||on|||||\u00bb button_icon=\u00bb&#x24;||divi||400&#8243; button_on_hover=\u00bboff\u00bb background_layout=\u00bbdark\u00bb custom_margin=\u00bb31px||||false|false\u00bb custom_padding=\u00bb|||\u00bb animation_style=\u00bbflip\u00bb animation_direction=\u00bbtop\u00bb animation_delay=\u00bb200ms\u00bb button_text_size_tablet=\u00bb14px\u00bb button_text_size_phone=\u00bb10px\u00bb button_text_size_last_edited=\u00bbon|phone\u00bb locked=\u00bboff\u00bb global_colors_info=\u00bb{%22gcid-11f9b122-e9c0-482b-a959-1714baa342ba%22:%91%22button_bg_color%22,%22button_border_color%22%93}\u00bb button_text_size__hover_enabled=\u00bboff\u00bb button_one_text_size__hover_enabled=\u00bboff\u00bb button_two_text_size__hover_enabled=\u00bboff\u00bb button_text_color__hover_enabled=\u00bboff\u00bb button_one_text_color__hover_enabled=\u00bboff\u00bb button_two_text_color__hover_enabled=\u00bboff\u00bb button_border_width__hover_enabled=\u00bboff\u00bb button_one_border_width__hover_enabled=\u00bboff\u00bb button_two_border_width__hover_enabled=\u00bboff\u00bb button_border_color__hover_enabled=\u00bboff\u00bb button_one_border_color__hover_enabled=\u00bboff\u00bb button_two_border_color__hover_enabled=\u00bboff\u00bb button_border_radius__hover_enabled=\u00bboff\u00bb button_one_border_radius__hover_enabled=\u00bboff\u00bb button_two_border_radius__hover_enabled=\u00bboff\u00bb button_letter_spacing__hover_enabled=\u00bboff\u00bb button_one_letter_spacing__hover_enabled=\u00bboff\u00bb button_two_letter_spacing__hover_enabled=\u00bboff\u00bb button_bg_color__hover_enabled=\u00bboff\u00bb button_one_bg_color__hover_enabled=\u00bboff\u00bb button_two_bg_color__hover_enabled=\u00bboff\u00bb][\/et_pb_button][\/et_pb_column][\/et_pb_row][\/et_pb_section][et_pb_section fb_built=\u00bb1&#8243; custom_padding_last_edited=\u00bbon|phone\u00bb admin_label=\u00bbAbout\u00bb _builder_version=\u00bb4.27.4&#8243; custom_margin_tablet=\u00bb\u00bb custom_margin_phone=\u00bb\u00bb custom_margin_last_edited=\u00bbon|phone\u00bb custom_padding=\u00bb60px|0px|100px|0px||\u00bb custom_padding_tablet=\u00bb60px|0px|100px|0px||\u00bb custom_padding_phone=\u00bb0px||0px||false|false\u00bb global_colors_info=\u00bb{}\u00bb][et_pb_row _builder_version=\u00bb4.27.4&#8243; _module_preset=\u00bbdefault\u00bb custom_padding=\u00bb498px|||||\u00bb global_colors_info=\u00bb{}\u00bb][et_pb_column type=\u00bb4_4&#8243; _builder_version=\u00bb4.27.4&#8243; _module_preset=\u00bbdefault\u00bb global_colors_info=\u00bb{}\u00bb][et_pb_accordion _builder_version=\u00bb4.27.4&#8243; _module_preset=\u00bbdefault\u00bb custom_margin=\u00bb-523px|||||\u00bb global_colors_info=\u00bb{}\u00bb][et_pb_accordion_item title=\u00bbArquitectura y acero\u00bb open=\u00bbon\u00bb _builder_version=\u00bb4.27.4&#8243; _module_preset=\u00bbdefault\u00bb global_colors_info=\u00bb{}\u00bb]<\/p>\n<p>Un conferenciante con amplia experiencia en la realizaci\u00f3n de proyectos y obras en construcci\u00f3n met\u00e1lica realizar\u00e1 la introducci\u00f3n a este tema. Se pretende difundir ejemplos de utilizaci\u00f3n de estructuras de acero en obras emblem\u00e1ticas de la arquitectura moderna, haciendo hincapi\u00e9 en la necesidad de una intensa cooperaci\u00f3n entre los proyectistas de arquitectura y estructura, as\u00ed como en el potencial del acero como material de construcci\u00f3n. Se trata de un tema que se espera atraiga una importante participaci\u00f3n de arquitectos y proyectistas.  <\/p>\n<p>[\/et_pb_accordion_item][et_pb_accordion_item title=\u00bbPuentes de acero y mixtos\u00bb _builder_version=\u00bb4.27.4&#8243; _module_preset=\u00bbdefault\u00bb global_colors_info=\u00bb{}\u00bb open=\u00bboff\u00bb]<\/p>\n<p>Adem\u00e1s de las obras y proyectos m\u00e1s recientes en estructura de acero y\/o mixta, se debatir\u00e1 sobre las tendencias actuales en la concepci\u00f3n de puentes y los procesos constructivos. <\/p>\n<p>[\/et_pb_accordion_item][et_pb_accordion_item title=\u00bbEficiencia energ\u00e9tica y sostenibilidad de las estructuras de acero y mixtas\u00bb _builder_version=\u00bb4.27.4&#8243; _module_preset=\u00bbdefault\u00bb global_colors_info=\u00bb{}\u00bb toggle_text_align_tablet=\u00bb\u00bb toggle_text_align_phone=\u00bbleft\u00bb toggle_text_align_last_edited=\u00bbon|phone\u00bb open=\u00bboff\u00bb]<\/p>\n<p style=\"font-weight: 400;\">La sostenibilidad es un tema clave para el desarrollo de la sociedad en todos sus aspectos. Se presentar\u00e1n proyectos y obras recientes en estructuras de acero, demostrando el atractivo natural de este material para cumplir los objetivos de la construcci\u00f3n sostenible: ser socialmente justo, econ\u00f3micamente viable y respetuoso con el medio ambiente. <\/p>\n<p>[\/et_pb_accordion_item][et_pb_accordion_item title=\u00bbSoluciones industrializadas para la construcci\u00f3n de edificios\u00bb _builder_version=\u00bb4.27.4&#8243; _module_preset=\u00bbdefault\u00bb global_colors_info=\u00bb{}\u00bb toggle_text_align_tablet=\u00bb\u00bb toggle_text_align_phone=\u00bbleft\u00bb toggle_text_align_last_edited=\u00bbon|phone\u00bb open=\u00bboff\u00bb]<\/p>\n<p>Este tema pretende poner de relieve los recientes avances en la construcci\u00f3n de edificios, con las implicaciones que la r\u00e1pida industrializaci\u00f3n est\u00e1 provocando en el sector de la construcci\u00f3n.<\/p>\n<p>[\/et_pb_accordion_item][et_pb_accordion_item title=\u00bbGrandes proyectos\u00bb _builder_version=\u00bb4.27.4&#8243; _module_preset=\u00bbdefault\u00bb global_colors_info=\u00bb{}\u00bb open=\u00bboff\u00bb]<\/p>\n<p>Esperamos una gran participaci\u00f3n de dise\u00f1adores y arquitectos en este tema, mostrando claramente las ventajas del uso de estructuras de acero en la concepci\u00f3n de grandes proyectos: simplicidad, esbeltez, luminosidad, etc.<\/p>\n<p>[\/et_pb_accordion_item][et_pb_accordion_item title=\u00bbSeguridad estructural y desempe\u00f1o de los nuevos materiales y productos\u00bb _builder_version=\u00bb4.27.4&#8243; _module_preset=\u00bbdefault\u00bb global_colors_info=\u00bb{}\u00bb toggle_text_align_tablet=\u00bb\u00bb toggle_text_align_phone=\u00bbleft\u00bb toggle_text_align_last_edited=\u00bbon|phone\u00bb open=\u00bboff\u00bb]<\/p>\n<p>Se abordar\u00e1 el desarrollo de productos y t\u00e9cnicas innovadoras.<\/p>\n<p>[\/et_pb_accordion_item][et_pb_accordion_item title=\u00bbEjecuci\u00f3n y gesti\u00f3n de calidad de la construcci\u00f3n en acero\u00bb _builder_version=\u00bb4.27.4&#8243; _module_preset=\u00bbdefault\u00bb global_colors_info=\u00bb{}\u00bb toggle_text_align_tablet=\u00bb\u00bb toggle_text_align_phone=\u00bbleft\u00bb toggle_text_align_last_edited=\u00bbon|phone\u00bb open=\u00bboff\u00bb]<\/p>\n<p style=\"font-weight: 400;\">La inclusi\u00f3n de este tema pretende destacar los beneficios de la implantaci\u00f3n de sistemas de calidad para evitar problemas y costes imprevistos.<\/p>\n<p>[\/et_pb_accordion_item][et_pb_accordion_item title=\u00bbLa construcci\u00f3n met\u00e1lica en la industria petrolera, la miner\u00eda y la producci\u00f3n de energ\u00eda renovable\u00bb _builder_version=\u00bb4.27.4&#8243; _module_preset=\u00bbdefault\u00bb global_colors_info=\u00bb{}\u00bb toggle_text_align_tablet=\u00bb\u00bb toggle_text_align_phone=\u00bbleft\u00bb toggle_text_align_last_edited=\u00bbon|phone\u00bb open=\u00bboff\u00bb]<\/p>\n<p>Este tema pretende destacar el importante papel de la construcci\u00f3n met\u00e1lica en el sector esencial de la energ\u00eda, haciendo hincapi\u00e9 en las energ\u00edas renovables y la construcci\u00f3n met\u00e1lica off-shore (submarina y de superficie).<\/p>\n<p>[\/et_pb_accordion_item][et_pb_accordion_item title=\u00bbLSF \u2013 Light Steel Framing\u00bb _builder_version=\u00bb4.27.4&#8243; _module_preset=\u00bbdefault\u00bb global_colors_info=\u00bb{}\u00bb open=\u00bboff\u00bb]<\/p>\n<p style=\"font-weight: 400;\">Se trata de un sistema constructivo innovador, que en las \u00faltimas d\u00e9cadas ha contribuido a la transformaci\u00f3n del sector de la construcci\u00f3n. Extremadamente vers\u00e1til, competitivo y tecnol\u00f3gicamente avanzado, destaca por su eficiencia estructural y sostenibilidad, ofreciendo numerosas ventajas frente a materiales estructurales tradicionales como el hormig\u00f3n y la madera. Con una aplicaci\u00f3n cada vez m\u00e1s amplia en proyectos residenciales y comerciales, explorando soluciones modulares, este m\u00e9todo constructivo combina alta precisi\u00f3n, velocidad de ejecuci\u00f3n y compatibilidad con diferentes materiales y tecnolog\u00edas constructivas, impulsando la automatizaci\u00f3n y digitalizaci\u00f3n de procesos en el sector. En la conferencia se explorar\u00e1n sus principales ventajas, estrategias y buenas pr\u00e1cticas constructivas que garantizan un desempe\u00f1o superior, durabilidad y eficiencia energ\u00e9tica, consolidando al LSF como una soluci\u00f3n de alto valor estrat\u00e9gico en el contexto de la construcci\u00f3n sustentable e industrializada.   <\/p>\n<p>[\/et_pb_accordion_item][et_pb_accordion_item title=\u00bbIngenier\u00eda de fachadas: Innovaci\u00f3n, sostenibilidad y versatilidad de materiales\u00bb _builder_version=\u00bb4.27.4&#8243; _module_preset=\u00bbdefault\u00bb global_colors_info=\u00bb{}\u00bb toggle_text_align_tablet=\u00bb\u00bb toggle_text_align_phone=\u00bbleft\u00bb toggle_text_align_last_edited=\u00bbon|phone\u00bb open=\u00bboff\u00bb]<\/p>\n<p>Se destacar\u00e1n los materiales y soluciones innovadores para fachadas, incluidos los sistemas de fachadas inteligentes para optimizar la eficiencia energ\u00e9tica operativa. Se presentar\u00e1n llamativas propuestas arquitect\u00f3nicas para fachadas de edificios, as\u00ed como nuevos avances en comportamiento estructural bajo cargas actuales y accidentales, dise\u00f1o, ingenier\u00eda basada en el rendimiento, f\u00edsica de la construcci\u00f3n, sostenibilidad y nuevas tecnolog\u00edas para la producci\u00f3n y construcci\u00f3n de fachadas y sus componentes.<\/p>\n<p>[\/et_pb_accordion_item][\/et_pb_accordion][\/et_pb_column][\/et_pb_row][\/et_pb_section]<\/p>\n","protected":false},"excerpt":{"rendered":"<p>Temas destacadosEn esta edici\u00f3n se dar\u00e1 especial relevancia a los temas: \u00bbInteligencia Artifical\u00bb y \u00bbEnerg\u00eda.Un conferenciante con amplia experiencia en la realizaci\u00f3n de proyectos y obras en construcci\u00f3n met\u00e1lica realizar\u00e1 la introducci\u00f3n a este tema. Se pretende difundir ejemplos de utilizaci\u00f3n de estructuras de acero en obras emblem\u00e1ticas de la arquitectura moderna, haciendo hincapi\u00e9 en [&hellip;]<\/p>\n","protected":false},"author":2,"featured_media":0,"parent":0,"menu_order":0,"comment_status":"closed","ping_status":"closed","template":"","meta":{"_et_pb_use_builder":"on","_et_pb_old_content":"","_et_gb_content_width":"","_view_id":"","footnotes":""},"class_list":["post-1944","page","type-page","status-publish","hentry"],"_links":{"self":[{"href":"https:\/\/congresso15.cmm.pt\/es\/wp-json\/wp\/v2\/pages\/1944","targetHints":{"allow":["GET"]}}],"collection":[{"href":"https:\/\/congresso15.cmm.pt\/es\/wp-json\/wp\/v2\/pages"}],"about":[{"href":"https:\/\/congresso15.cmm.pt\/es\/wp-json\/wp\/v2\/types\/page"}],"author":[{"embeddable":true,"href":"https:\/\/congresso15.cmm.pt\/es\/wp-json\/wp\/v2\/users\/2"}],"replies":[{"embeddable":true,"href":"https:\/\/congresso15.cmm.pt\/es\/wp-json\/wp\/v2\/comments?post=1944"}],"version-history":[{"count":32,"href":"https:\/\/congresso15.cmm.pt\/es\/wp-json\/wp\/v2\/pages\/1944\/revisions"}],"predecessor-version":[{"id":4263,"href":"https:\/\/congresso15.cmm.pt\/es\/wp-json\/wp\/v2\/pages\/1944\/revisions\/4263"}],"wp:attachment":[{"href":"https:\/\/congresso15.cmm.pt\/es\/wp-json\/wp\/v2\/media?parent=1944"}],"curies":[{"name":"wp","href":"https:\/\/api.w.org\/{rel}","templated":true}]}}