{"id":1995,"date":"2025-04-17T16:49:51","date_gmt":"2025-04-17T16:49:51","guid":{"rendered":"https:\/\/congresso15.cmm.pt\/cientifico\/"},"modified":"2025-07-30T14:27:21","modified_gmt":"2025-07-30T14:27:21","slug":"cientifico","status":"publish","type":"page","link":"https:\/\/congresso15.cmm.pt\/es\/cientifico\/","title":{"rendered":"Cient\u00edfico"},"content":{"rendered":"<p>[et_pb_section fb_built=\u00bb1&#8243; custom_padding_last_edited=\u00bbon|phone\u00bb admin_label=\u00bbHero\u00bb _builder_version=\u00bb4.27.4&#8243; background_color=\u00bbRGBA(255,255,255,0)\u00bb use_background_color_gradient=\u00bbon\u00bb background_color_gradient_stops=\u00bb#008aa8 1%|#ffffff 100%\u00bb custom_margin=\u00bb|||\u00bb custom_padding=\u00bb100px||100px|\u00bb custom_padding_tablet=\u00bb130px||130px|\u00bb custom_padding_phone=\u00bb20px||50px||false|false\u00bb global_colors_info=\u00bb{}\u00bb][et_pb_row admin_label=\u00bbt\u00edtulo e ilustraci\u00f3n\u00bb _builder_version=\u00bb4.16&#8243; background_size=\u00bbinitial\u00bb background_position=\u00bbtop_left\u00bb background_repeat=\u00bbrepeat\u00bb custom_margin=\u00bb|auto|-3px|auto||\u00bb custom_padding=\u00bb||0px|||\u00bb global_colors_info=\u00bb{}\u00bb][et_pb_column type=\u00bb4_4&#8243; _builder_version=\u00bb4.16&#8243; custom_padding=\u00bb|||\u00bb global_colors_info=\u00bb{}\u00bb custom_padding__hover=\u00bb|||\u00bb][et_pb_text _builder_version=\u00bb4.27.4&#8243; header_font=\u00bbMerriweather|700|||||||\u00bb header_font_size=\u00bb46px\u00bb header_line_height=\u00bb1.3em\u00bb custom_margin=\u00bb||10px|||\u00bb custom_padding=\u00bb||0px|||\u00bb animation_style=\u00bbflip\u00bb animation_direction=\u00bbtop\u00bb header_font_size_tablet=\u00bb46px\u00bb header_font_size_phone=\u00bb40px\u00bb header_font_size_last_edited=\u00bbon|phone\u00bb global_colors_info=\u00bb{}\u00bb]<\/p>\n<h1 style=\"text-align: center;\"><span style=\"color: #ffffff;\">Comit\u00e9 Cient\u00edfico<\/span><\/h1>\n<p>[\/et_pb_text][et_pb_divider color=\u00bbgcid-11f9b122-e9c0-482b-a959-1714baa342ba\u00bb divider_position=\u00bbcenter\u00bb divider_weight=\u00bb2px\u00bb _builder_version=\u00bb4.27.4&#8243; max_width=\u00bb90px\u00bb max_width_tablet=\u00bb12%\u00bb max_width_last_edited=\u00bboff|desktop\u00bb module_alignment=\u00bbcenter\u00bb custom_margin=\u00bb|||\u00bb animation_style=\u00bbflip\u00bb animation_delay=\u00bb100ms\u00bb locked=\u00bboff\u00bb global_colors_info=\u00bb{%22gcid-11f9b122-e9c0-482b-a959-1714baa342ba%22:%91%22color%22%93}\u00bb][\/et_pb_divider][\/et_pb_column][\/et_pb_row][\/et_pb_section][et_pb_section fb_built=\u00bb1&#8243; custom_padding_last_edited=\u00bbon|tablet\u00bb admin_label=\u00bbSpeakers\u00bb _builder_version=\u00bb4.27.4&#8243; custom_padding=\u00bb90px||90px|\u00bb custom_padding_tablet=\u00bb0px||0px||false|false\u00bb custom_padding_phone=\u00bb0px||0px||false|false\u00bb animation_style=\u00bbzoom\u00bb animation_intensity_zoom=\u00bb10%\u00bb global_colors_info=\u00bb{}\u00bb][et_pb_row column_structure=\u00bb1_3,1_3,1_3&#8243; custom_padding_last_edited=\u00bbon|tablet\u00bb _builder_version=\u00bb4.27.4&#8243; _module_preset=\u00bbdefault\u00bb min_height=\u00bb285px\u00bb custom_margin_tablet=\u00bb||-42px||false|false\u00bb custom_margin_phone=\u00bb||-42px||false|false\u00bb custom_margin_last_edited=\u00bbon|tablet\u00bb custom_padding=\u00bb||0px|||\u00bb custom_padding_tablet=\u00bb||0px||false|false\u00bb custom_padding_phone=\u00bb||0px||false|false\u00bb locked=\u00bboff\u00bb global_colors_info=\u00bb{}\u00bb][et_pb_column type=\u00bb1_3&#8243; _builder_version=\u00bb4.27.4&#8243; _module_preset=\u00bbdefault\u00bb global_colors_info=\u00bb{}\u00bb][\/et_pb_column][et_pb_column type=\u00bb1_3&#8243; _builder_version=\u00bb4.27.4&#8243; _module_preset=\u00bbdefault\u00bb global_colors_info=\u00bb{}\u00bb][ba_flipbox front_media_type=\u00bbimage\u00bb front_img=\u00bbhttps:\/\/congresso15.cmm.pt\/wp-content\/uploads\/2025\/04\/PVR.png\u00bb front_title=\u00bbPaulo Vila Real  \u00bb front_subtitle=\u00bbPresidente\u00bb front_description=\u00bbUniversidad de Aveiro\u00bb back_media_type=\u00bbnone\u00bb back_title=\u00bbProfesor Titular\u00bb back_description=\u00bb<br \/>\nDirector del Programa de Doctorado en Ingenier\u00eda Civil \u2013 Universidad de Aveiro\u00bb duration=\u00bb650ms\u00bb main_height=\u00bb265px\u00bb front_padding=\u00bb0px|3px|0px|3px|false|true\u00bb front_ct_padding=\u00bb0px|3px|0px|3px|false|true\u00bb back_padding=\u00bb0px|3px|0px|3px|false|true\u00bb back_ct_padding=\u00bb0px|3px|0px|3px|false|true\u00bb front_img_height=\u00bb120px\u00bb front_img_width=\u00bb120px\u00bb back_img_height=\u00bb120px\u00bb back_img_width=\u00bb120px\u00bb back_bg_color=\u00bbgcid-11f9b122-e9c0-482b-a959-1714baa342ba\u00bb front_bg_color=\u00bb#ffffff\u00bb front_desc_spacing=\u00bb10px\u00bb back_desc_spacing=\u00bb10px\u00bb _builder_version=\u00bb4.27.4&#8243; _module_preset=\u00bbdefault\u00bb front_title_font_size=\u00bb1.5rem\u00bb front_description_font_size=\u00bb1rem\u00bb back_title_text_color=\u00bb#ffffff\u00bb back_title_font_size=\u00bb1.5rem\u00bb back_title_line_height=\u00bb2.4em\u00bb back_description_text_color=\u00bb#ffffff\u00bb back_description_font_size=\u00bb1rem\u00bb back_description_line_height=\u00bb1.7em\u00bb border_radii_card=\u00bbon|9px|9px|9px|9px\u00bb border_width_all_card=\u00bb1px\u00bb border_color_all_card=\u00bb#a83662&#8243; border_radii_front_media=\u00bbon|100px|100px|100px|100px\u00bb border_radii_back_media=\u00bbon|100px|100px|100px|100px\u00bb global_colors_info=\u00bb{%22gcid-11f9b122-e9c0-482b-a959-1714baa342ba%22:%91%22back_bg_color%22%93}\u00bb][\/ba_flipbox][\/et_pb_column][et_pb_column type=\u00bb1_3&#8243; _builder_version=\u00bb4.27.4&#8243; _module_preset=\u00bbdefault\u00bb global_colors_info=\u00bb{}\u00bb][\/et_pb_column][\/et_pb_row][et_pb_row column_structure=\u00bb1_4,1_4,1_4,1_4&#8243; custom_padding_last_edited=\u00bbon|tablet\u00bb _builder_version=\u00bb4.27.4&#8243; _module_preset=\u00bbdefault\u00bb min_height=\u00bb257px\u00bb custom_margin=\u00bb30px|auto||auto||\u00bb custom_margin_tablet=\u00bb0px|auto|-30px|auto|false|false\u00bb custom_margin_phone=\u00bb0px|auto|-30px|auto|false|false\u00bb custom_margin_last_edited=\u00bbon|tablet\u00bb custom_padding_tablet=\u00bb0px||0px||false|false\u00bb custom_padding_phone=\u00bb0px||0px||false|false\u00bb locked=\u00bboff\u00bb global_colors_info=\u00bb{}\u00bb][et_pb_column type=\u00bb1_4&#8243; _builder_version=\u00bb4.27.4&#8243; _module_preset=\u00bbdefault\u00bb global_colors_info=\u00bb{}\u00bb][ba_flipbox front_media_type=\u00bbimage\u00bb front_img=\u00bbhttps:\/\/congresso15.cmm.pt\/wp-content\/uploads\/2025\/04\/iStock-826819876-Converted-03.png\u00bb front_title=\u00bbAb\u00edlio Jes\u00fas  \u00bb front_description=\u00bbFEUP\u00bb back_media_type=\u00bbnone\u00bb back_title=\u00bbProfesor\u00bb back_description=\u00bbUniversidad de Oporto\u00bb main_height=\u00bb265px\u00bb front_padding=\u00bb0px|3px|0px|3px|false|true\u00bb front_ct_padding=\u00bb0px|3px|0px|3px|false|true\u00bb back_padding=\u00bb0px|3px|0px|3px|false|true\u00bb back_ct_padding=\u00bb0px|3px|0px|3px|false|true\u00bb front_img_height=\u00bb120px\u00bb front_img_width=\u00bb120px\u00bb back_img_height=\u00bb120px\u00bb back_img_width=\u00bb120px\u00bb back_bg_color=\u00bbgcid-11f9b122-e9c0-482b-a959-1714baa342ba\u00bb front_bg_color=\u00bb#ffffff\u00bb front_desc_spacing=\u00bb10px\u00bb back_desc_spacing=\u00bb10px\u00bb _builder_version=\u00bb4.27.4&#8243; _module_preset=\u00bbdefault\u00bb front_title_font_size=\u00bb1.5rem\u00bb front_title_line_height=\u00bb1.7em\u00bb front_description_font_size=\u00bb1rem\u00bb front_description_line_height=\u00bb1.7em\u00bb back_title_text_color=\u00bb#ffffff\u00bb back_title_font_size=\u00bb1.5rem\u00bb back_title_line_height=\u00bb2em\u00bb back_description_text_color=\u00bb#ffffff\u00bb back_description_font_size=\u00bb1rem\u00bb front_subtitle_line_height=\u00bb1.7em\u00bb custom_padding=\u00bb|4px||4px|false|false\u00bb border_radii_card=\u00bbon|9px|9px|9px|9px\u00bb border_width_all_card=\u00bb1px\u00bb border_color_all_card=\u00bbgcid-11f9b122-e9c0-482b-a959-1714baa342ba\u00bb border_radii_front_media=\u00bbon|100px|100px|100px|100px\u00bb border_radii_back_media=\u00bbon|100px|100px|100px|100px\u00bb global_colors_info=\u00bb{%22gcid-11f9b122-e9c0-482b-a959-1714baa342ba%22:%91%22back_bg_color%22,%22border_color_all_card%22%93}\u00bb][\/ba_flipbox][\/et_pb_column][et_pb_column type=\u00bb1_4&#8243; _builder_version=\u00bb4.27.4&#8243; _module_preset=\u00bbdefault\u00bb global_colors_info=\u00bb{}\u00bb][ba_flipbox front_media_type=\u00bbimage\u00bb front_img=\u00bbhttps:\/\/congresso15.cmm.pt\/wp-content\/uploads\/2025\/04\/aldina-foto-scaled.jpg\u00bb front_title=\u00bbAldina Santiago\u00bb front_description=\u00bbUniversidad de Coimbra\u00bb back_media_type=\u00bbnone\u00bb back_title=\u00bbProfesora Asociada\u00bb back_description=\u00bbDEC \u2013 Universidad de Coimbra\u00bb main_height=\u00bb265px\u00bb front_padding=\u00bb0px|3px|0px|3px|false|true\u00bb front_ct_padding=\u00bb0px|3px|0px|3px|false|false\u00bb back_padding=\u00bb|3px||3px|false|true\u00bb back_ct_padding=\u00bb0px|3px|0px|3px|false|true\u00bb front_img_height=\u00bb120px\u00bb front_img_width=\u00bb120px\u00bb back_img_height=\u00bb120px\u00bb back_img_width=\u00bb120px\u00bb back_bg_color=\u00bbgcid-11f9b122-e9c0-482b-a959-1714baa342ba\u00bb front_bg_color=\u00bb#ffffff\u00bb front_desc_spacing=\u00bb10px\u00bb back_desc_spacing=\u00bb10px\u00bb _builder_version=\u00bb4.27.4&#8243; _module_preset=\u00bbdefault\u00bb front_title_font_size=\u00bb1.5rem\u00bb front_title_line_height=\u00bb1.7em\u00bb front_description_font_size=\u00bb1rem\u00bb front_description_line_height=\u00bb1.7em\u00bb back_title_text_color=\u00bb#ffffff\u00bb back_title_font_size=\u00bb1.5rem\u00bb back_title_line_height=\u00bb1.2em\u00bb back_description_text_color=\u00bb#ffffff\u00bb back_description_font_size=\u00bb1rem\u00bb back_description_line_height=\u00bb1.7em\u00bb front_subtitle_line_height=\u00bb1.7em\u00bb custom_padding=\u00bb|||0px|false|false\u00bb border_radii_card=\u00bbon|9px|9px|9px|9px\u00bb border_width_all_card=\u00bb1px\u00bb border_color_all_card=\u00bbgcid-11f9b122-e9c0-482b-a959-1714baa342ba\u00bb border_radii_front_media=\u00bbon|100px|100px|100px|100px\u00bb border_radii_back_media=\u00bbon|100px|100px|100px|100px\u00bb global_colors_info=\u00bb{%22gcid-11f9b122-e9c0-482b-a959-1714baa342ba%22:%91%22back_bg_color%22,%22border_color_all_card%22%93}\u00bb][\/ba_flipbox][\/et_pb_column][et_pb_column type=\u00bb1_4&#8243; _builder_version=\u00bb4.27.4&#8243; _module_preset=\u00bbdefault\u00bb global_colors_info=\u00bb{}\u00bb][ba_flipbox front_media_type=\u00bbimage\u00bb front_img=\u00bbhttps:\/\/congresso15.cmm.pt\/wp-content\/uploads\/2025\/04\/Alejandro-Bernabeu.png\u00bb front_title=\u00bbAlejandro Bernabeu\u00bb front_description=\u00bbBernabeu Ingenieros\/UPM\u00bb back_media_type=\u00bbnone\u00bb back_title=\u00bbProfesor Asociado\u00bb back_description=\u00bbUniversidad Polit\u00e9cnica de Madrid\u00bb main_height=\u00bb265px\u00bb front_padding=\u00bb0px|3px|0px|3px|false|true\u00bb front_ct_padding=\u00bb0px|3px|0px|3px|false|true\u00bb back_padding=\u00bb0px|3px|0px|3px|false|true\u00bb back_ct_padding=\u00bb0px|3px|0px|3px|false|true\u00bb front_img_height=\u00bb120px\u00bb front_img_width=\u00bb120px\u00bb back_img_height=\u00bb120px\u00bb back_img_width=\u00bb120px\u00bb back_bg_color=\u00bbgcid-11f9b122-e9c0-482b-a959-1714baa342ba\u00bb front_bg_color=\u00bb#ffffff\u00bb front_desc_spacing=\u00bb10px\u00bb back_desc_spacing=\u00bb10px\u00bb _builder_version=\u00bb4.27.4&#8243; _module_preset=\u00bbdefault\u00bb front_title_font_size=\u00bb1.5rem\u00bb front_title_line_height=\u00bb1.7em\u00bb front_description_font_size=\u00bb1rem\u00bb front_description_line_height=\u00bb1.7em\u00bb back_title_text_color=\u00bb#ffffff\u00bb back_title_font_size=\u00bb1.5rem\u00bb back_description_text_color=\u00bb#ffffff\u00bb back_description_font_size=\u00bb1rem\u00bb back_description_line_height=\u00bb1.7em\u00bb front_subtitle_line_height=\u00bb1.7em\u00bb custom_padding=\u00bb|4px||4px|false|false\u00bb border_radii_card=\u00bbon|9px|9px|9px|9px\u00bb border_width_all_card=\u00bb1px\u00bb border_color_all_card=\u00bbgcid-11f9b122-e9c0-482b-a959-1714baa342ba\u00bb border_radii_front_media=\u00bbon|100px|100px|100px|100px\u00bb border_radii_back_media=\u00bbon|100px|100px|100px|100px\u00bb global_colors_info=\u00bb{%22gcid-11f9b122-e9c0-482b-a959-1714baa342ba%22:%91%22back_bg_color%22,%22border_color_all_card%22%93}\u00bb][\/ba_flipbox][\/et_pb_column][et_pb_column type=\u00bb1_4&#8243; _builder_version=\u00bb4.27.4&#8243; _module_preset=\u00bbdefault\u00bb global_colors_info=\u00bb{}\u00bb][ba_flipbox front_media_type=\u00bbimage\u00bb front_img=\u00bbhttps:\/\/congresso15.cmm.pt\/wp-content\/uploads\/2025\/04\/Alexandra-Feliz.jpeg\u00bb front_title=\u00bbAlexandra Feliz\u00bb front_description=\u00bbO Feliz Metalomec\u00e2nica\u00bb back_media_type=\u00bbnone\u00bb back_title=\u00bbDirector  \u00bb back_description=\u00bbConstrucci\u00f3n Met\u00e1lica de la ONU O FELIZ | Delegado adjunto del Distrito de Braga de la Orden de Ingenieros | Vicepresidente de AEMinho\u00bb main_height=\u00bb265px\u00bb front_padding=\u00bb0px|3px|0px|3px|false|true\u00bb front_ct_padding=\u00bb0px|3px|0px|3px|false|false\u00bb back_padding=\u00bb0px|3px|0px|3px|false|true\u00bb back_ct_padding=\u00bb0px|3px|0px|3px|false|false\u00bb front_img_height=\u00bb120px\u00bb front_img_width=\u00bb120px\u00bb back_img_height=\u00bb120px\u00bb back_img_width=\u00bb120px\u00bb back_bg_color=\u00bbgcid-11f9b122-e9c0-482b-a959-1714baa342ba\u00bb front_bg_color=\u00bb#ffffff\u00bb front_desc_spacing=\u00bb10px\u00bb back_desc_spacing=\u00bb10px\u00bb _builder_version=\u00bb4.27.4&#8243; _module_preset=\u00bbdefault\u00bb front_title_font_size=\u00bb1.5rem\u00bb front_title_line_height=\u00bb1.7em\u00bb front_description_font_size=\u00bb1rem\u00bb front_description_line_height=\u00bb1.7em\u00bb back_title_text_color=\u00bb#ffffff\u00bb back_title_font_size=\u00bb1.5rem\u00bb back_title_line_height=\u00bb1.7em\u00bb back_description_text_color=\u00bb#ffffff\u00bb back_description_font_size=\u00bb1rem\u00bb back_description_line_height=\u00bb1.7em\u00bb front_subtitle_line_height=\u00bb1.7em\u00bb custom_padding=\u00bb|4px||4px|false|false\u00bb border_radii_card=\u00bbon|9px|9px|9px|9px\u00bb border_width_all_card=\u00bb1px\u00bb border_color_all_card=\u00bbgcid-11f9b122-e9c0-482b-a959-1714baa342ba\u00bb border_radii_front_media=\u00bbon|100px|100px|100px|100px\u00bb border_radii_back_media=\u00bbon|100px|100px|100px|100px\u00bb global_colors_info=\u00bb{%22gcid-11f9b122-e9c0-482b-a959-1714baa342ba%22:%91%22border_color_all_card%22,%22back_bg_color%22%93}\u00bb][\/ba_flipbox][\/et_pb_column][\/et_pb_row][et_pb_row column_structure=\u00bb1_4,1_4,1_4,1_4&#8243; custom_padding_last_edited=\u00bbon|tablet\u00bb _builder_version=\u00bb4.27.4&#8243; _module_preset=\u00bbdefault\u00bb min_height=\u00bb257px\u00bb custom_margin=\u00bb30px|auto||auto||\u00bb custom_margin_tablet=\u00bb30px|auto|-30px|auto|false|false\u00bb custom_margin_phone=\u00bb30px|auto|-30px|auto|false|false\u00bb custom_margin_last_edited=\u00bbon|tablet\u00bb custom_padding_tablet=\u00bb||0px||false|false\u00bb custom_padding_phone=\u00bb||0px||false|false\u00bb locked=\u00bboff\u00bb global_colors_info=\u00bb{}\u00bb][et_pb_column type=\u00bb1_4&#8243; _builder_version=\u00bb4.27.4&#8243; _module_preset=\u00bbdefault\u00bb global_colors_info=\u00bb{}\u00bb][ba_flipbox front_media_type=\u00bbimage\u00bb front_img=\u00bbhttps:\/\/congresso15.cmm.pt\/wp-content\/uploads\/2025\/04\/AlfonsoLoureiro.jpg\u00bb front_title=\u00bbAlfonso Loureiro\u00bb front_description=\u00bbUDC\u00bb back_media_type=\u00bbnone\u00bb back_title=\u00bbProfesor\u00bb back_description=\u00bbUniversidad de Catalu\u00f1a\u00bb main_height=\u00bb265px\u00bb front_padding=\u00bb0px|3px|0px|3px|false|true\u00bb front_ct_padding=\u00bb0px|3px|0px|3px|false|false\u00bb back_padding=\u00bb0px|3px|0px|3px|false|true\u00bb back_ct_padding=\u00bb0px|3px|0px|3px|false|true\u00bb front_img_height=\u00bb120px\u00bb front_img_width=\u00bb120px\u00bb back_img_height=\u00bb120px\u00bb back_img_width=\u00bb120px\u00bb back_bg_color=\u00bbgcid-11f9b122-e9c0-482b-a959-1714baa342ba\u00bb front_bg_color=\u00bb#ffffff\u00bb front_desc_spacing=\u00bb10px\u00bb back_desc_spacing=\u00bb10px\u00bb _builder_version=\u00bb4.27.4&#8243; _module_preset=\u00bbdefault\u00bb front_title_font_size=\u00bb1.5rem\u00bb front_title_line_height=\u00bb1.7em\u00bb front_description_font_size=\u00bb1rem\u00bb back_title_text_color=\u00bb#ffffff\u00bb back_title_font_size=\u00bb1.5rem\u00bb back_title_line_height=\u00bb1.7em\u00bb back_description_text_color=\u00bb#ffffff\u00bb back_description_font_size=\u00bb1rem\u00bb back_description_line_height=\u00bb1.7em\u00bb custom_padding=\u00bb|4px||4px|false|false\u00bb border_radii_card=\u00bbon|9px|9px|9px|9px\u00bb border_width_all_card=\u00bb1px\u00bb border_color_all_card=\u00bbgcid-11f9b122-e9c0-482b-a959-1714baa342ba\u00bb border_radii_front_media=\u00bbon|100px|100px|100px|100px\u00bb border_radii_back_media=\u00bbon|100px|100px|100px|100px\u00bb global_colors_info=\u00bb{%22gcid-11f9b122-e9c0-482b-a959-1714baa342ba%22:%91%22back_bg_color%22,%22border_color_all_card%22%93}\u00bb][\/ba_flipbox][\/et_pb_column][et_pb_column type=\u00bb1_4&#8243; _builder_version=\u00bb4.27.4&#8243; _module_preset=\u00bbdefault\u00bb global_colors_info=\u00bb{}\u00bb][ba_flipbox front_media_type=\u00bbimage\u00bb front_img=\u00bbhttps:\/\/congresso15.cmm.pt\/wp-content\/uploads\/2025\/04\/AltinoLoureiro.jpg\u00bb front_title=\u00bbAltino Loureiro\u00bb front_description=\u00bbUniversidad de Coimbra\u00bb back_media_type=\u00bbnone\u00bb back_title=\u00bbProfesor Titular\u00bb back_description=\u00bbDEM \u2013 Universidad de Coimbra\u00bb main_height=\u00bb265px\u00bb front_padding=\u00bb0px|3px|0px|3px|false|true\u00bb front_ct_padding=\u00bb0px|3px|0px|3px|false|false\u00bb back_padding=\u00bb0px|3px|0px|3px|false|true\u00bb back_ct_padding=\u00bb0px|3px|0px|3px|false|true\u00bb front_img_height=\u00bb120px\u00bb front_img_width=\u00bb120px\u00bb back_img_height=\u00bb120px\u00bb back_img_width=\u00bb120px\u00bb back_bg_color=\u00bbgcid-11f9b122-e9c0-482b-a959-1714baa342ba\u00bb front_bg_color=\u00bb#ffffff\u00bb front_desc_spacing=\u00bb10px\u00bb back_desc_spacing=\u00bb10px\u00bb _builder_version=\u00bb4.27.4&#8243; _module_preset=\u00bbdefault\u00bb front_title_font_size=\u00bb1.5rem\u00bb front_title_line_height=\u00bb1.7em\u00bb front_description_font_size=\u00bb1rem\u00bb front_description_line_height=\u00bb1.7em\u00bb back_title_text_color=\u00bb#ffffff\u00bb back_title_font_size=\u00bb1.5rem\u00bb back_title_line_height=\u00bb1.7em\u00bb back_description_text_color=\u00bb#ffffff\u00bb back_description_font_size=\u00bb1rem\u00bb back_description_line_height=\u00bb1.7em\u00bb front_subtitle_line_height=\u00bb1.7em\u00bb back_subtitle_line_height=\u00bb1.7em\u00bb custom_padding=\u00bb|4px||4px|false|false\u00bb border_radii_card=\u00bbon|9px|9px|9px|9px\u00bb border_width_all_card=\u00bb1px\u00bb border_color_all_card=\u00bbgcid-11f9b122-e9c0-482b-a959-1714baa342ba\u00bb border_radii_front_media=\u00bbon|100px|100px|100px|100px\u00bb border_radii_back_media=\u00bbon|100px|100px|100px|100px\u00bb global_colors_info=\u00bb{%22gcid-11f9b122-e9c0-482b-a959-1714baa342ba%22:%91%22back_bg_color%22,%22border_color_all_card%22%93}\u00bb][\/ba_flipbox][\/et_pb_column][et_pb_column type=\u00bb1_4&#8243; _builder_version=\u00bb4.27.4&#8243; _module_preset=\u00bbdefault\u00bb global_colors_info=\u00bb{}\u00bb][ba_flipbox front_media_type=\u00bbimage\u00bb front_img=\u00bbhttps:\/\/congresso15.cmm.pt\/wp-content\/uploads\/2025\/04\/Ana-Espinos-Capilla.jpg\u00bb front_title=\u00bbAna Espin\u00f3s Capilla\u00bb front_description=\u00bbUPV\u00bb back_media_type=\u00bbnone\u00bb back_title=\u00bbProfesora Asociada\u00bb back_description=\u00bbUniversidad Polit\u00e9cnica de Valencia\u00bb main_height=\u00bb265px\u00bb front_padding=\u00bb0px|3px|0px|3px|false|true\u00bb front_ct_padding=\u00bb0px|3px|0px|3px|false|false\u00bb back_padding=\u00bb0px|3px|0px|3px|false|true\u00bb back_ct_padding=\u00bb0px|3px|0px|3px|false|true\u00bb front_img_height=\u00bb120px\u00bb front_img_width=\u00bb120px\u00bb back_img_height=\u00bb120px\u00bb back_img_width=\u00bb120px\u00bb back_bg_color=\u00bbgcid-11f9b122-e9c0-482b-a959-1714baa342ba\u00bb front_bg_color=\u00bb#ffffff\u00bb front_desc_spacing=\u00bb10px\u00bb back_desc_spacing=\u00bb10px\u00bb _builder_version=\u00bb4.27.4&#8243; _module_preset=\u00bbdefault\u00bb front_title_font_size=\u00bb1.5rem\u00bb front_title_line_height=\u00bb1.7em\u00bb front_description_font_size=\u00bb1rem\u00bb front_description_line_height=\u00bb1.7em\u00bb back_title_text_color=\u00bb#ffffff\u00bb back_title_font_size=\u00bb1.5rem\u00bb back_title_line_height=\u00bb1.7em\u00bb back_description_text_color=\u00bb#ffffff\u00bb back_description_font_size=\u00bb1rem\u00bb back_description_line_height=\u00bb1.7em\u00bb front_subtitle_line_height=\u00bb1.7em\u00bb back_subtitle_line_height=\u00bb1.7em\u00bb custom_padding=\u00bb|4px||4px|false|false\u00bb border_radii_card=\u00bbon|9px|9px|9px|9px\u00bb border_width_all_card=\u00bb1px\u00bb border_color_all_card=\u00bbgcid-11f9b122-e9c0-482b-a959-1714baa342ba\u00bb border_radii_front_media=\u00bbon|100px|100px|100px|100px\u00bb border_radii_back_media=\u00bbon|100px|100px|100px|100px\u00bb global_colors_info=\u00bb{%22gcid-11f9b122-e9c0-482b-a959-1714baa342ba%22:%91%22back_bg_color%22,%22border_color_all_card%22%93}\u00bb][\/ba_flipbox][\/et_pb_column][et_pb_column type=\u00bb1_4&#8243; _builder_version=\u00bb4.27.4&#8243; _module_preset=\u00bbdefault\u00bb global_colors_info=\u00bb{}\u00bb][ba_flipbox front_media_type=\u00bbimage\u00bb front_img=\u00bbhttps:\/\/congresso15.cmm.pt\/wp-content\/uploads\/2025\/04\/AnaGirao.jpeg\u00bb front_title=\u00bbAna Gir\u00e3o Coelho\u00bb front_description=\u00bbBCSA\u00bb back_media_type=\u00bbnone\u00bb back_title=\u00bbDirector de Ingenier\u00eda\u00bb back_description=\u00bbBritish Constructional Steelwork Association\u00bb main_height=\u00bb265px\u00bb front_padding=\u00bb0px|3px|0px|3px|false|true\u00bb front_ct_padding=\u00bb0px|3px|0px|3px|false|false\u00bb back_padding=\u00bb0px|3px|0px|3px|false|true\u00bb back_ct_padding=\u00bb0px|3px|0px|3px|false|true\u00bb front_img_height=\u00bb120px\u00bb front_img_width=\u00bb120px\u00bb back_img_height=\u00bb120px\u00bb back_img_width=\u00bb120px\u00bb back_bg_color=\u00bbgcid-11f9b122-e9c0-482b-a959-1714baa342ba\u00bb front_bg_color=\u00bb#ffffff\u00bb front_desc_spacing=\u00bb10px\u00bb back_desc_spacing=\u00bb10px\u00bb _builder_version=\u00bb4.27.4&#8243; _module_preset=\u00bbdefault\u00bb front_title_font_size=\u00bb1.5rem\u00bb front_title_line_height=\u00bb1.7em\u00bb front_description_font_size=\u00bb1rem\u00bb front_description_line_height=\u00bb1.7em\u00bb back_title_text_color=\u00bb#ffffff\u00bb back_title_font_size=\u00bb1.5rem\u00bb back_title_line_height=\u00bb1.7em\u00bb back_description_text_color=\u00bb#ffffff\u00bb back_description_font_size=\u00bb1rem\u00bb back_description_line_height=\u00bb1.7em\u00bb front_subtitle_line_height=\u00bb1.7em\u00bb back_subtitle_line_height=\u00bb1.7em\u00bb custom_padding=\u00bb|4px||4px|false|false\u00bb border_radii_card=\u00bbon|9px|9px|9px|9px\u00bb border_width_all_card=\u00bb1px\u00bb border_color_all_card=\u00bbgcid-11f9b122-e9c0-482b-a959-1714baa342ba\u00bb border_radii_front_media=\u00bbon|100px|100px|100px|100px\u00bb border_radii_back_media=\u00bbon|100px|100px|100px|100px\u00bb global_colors_info=\u00bb{%22gcid-11f9b122-e9c0-482b-a959-1714baa342ba%22:%91%22back_bg_color%22,%22border_color_all_card%22%93}\u00bb][\/ba_flipbox][\/et_pb_column][\/et_pb_row][et_pb_row column_structure=\u00bb1_4,1_4,1_4,1_4&#8243; custom_padding_last_edited=\u00bbon|tablet\u00bb _builder_version=\u00bb4.27.4&#8243; _module_preset=\u00bbdefault\u00bb min_height=\u00bb257px\u00bb custom_margin=\u00bb30px|auto||auto||\u00bb custom_margin_tablet=\u00bb||-30px||false|false\u00bb custom_margin_phone=\u00bb||-30px||false|false\u00bb custom_margin_last_edited=\u00bbon|tablet\u00bb custom_padding_tablet=\u00bb||0px||false|false\u00bb custom_padding_phone=\u00bb||0px||false|false\u00bb locked=\u00bboff\u00bb global_colors_info=\u00bb{}\u00bb][et_pb_column type=\u00bb1_4&#8243; _builder_version=\u00bb4.27.4&#8243; _module_preset=\u00bbdefault\u00bb global_colors_info=\u00bb{}\u00bb][ba_flipbox front_media_type=\u00bbimage\u00bb front_img=\u00bbhttps:\/\/congresso15.cmm.pt\/wp-content\/uploads\/2025\/04\/iStock-826819876-Converted-02.png\u00bb front_title=\u00bbAna ISabel Silva\u00bb front_description=\u00bbIP\u00bb back_media_type=\u00bbnone\u00bb back_title=\u00bbDirector\u00bb back_description=\u00bbRede Ferrovi\u00e1ria\u00bb main_height=\u00bb265px\u00bb front_padding=\u00bb0px|3px|0px|3px|false|true\u00bb front_ct_padding=\u00bb0px|3px|0px|3px|false|false\u00bb back_padding=\u00bb0px|3px|0px|3px|false|true\u00bb back_ct_padding=\u00bb0px|3px|0px|3px|false|false\u00bb front_img_height=\u00bb120px\u00bb front_img_width=\u00bb120px\u00bb back_img_height=\u00bb120px\u00bb back_img_width=\u00bb120px\u00bb back_bg_color=\u00bbgcid-11f9b122-e9c0-482b-a959-1714baa342ba\u00bb front_bg_color=\u00bb#ffffff\u00bb front_desc_spacing=\u00bb10px\u00bb back_desc_spacing=\u00bb10px\u00bb _builder_version=\u00bb4.27.4&#8243; _module_preset=\u00bbdefault\u00bb front_title_font_size=\u00bb1.5rem\u00bb front_title_line_height=\u00bb1.7em\u00bb front_description_font_size=\u00bb1rem\u00bb front_description_line_height=\u00bb1.7em\u00bb back_title_text_color=\u00bb#ffffff\u00bb back_title_font_size=\u00bb1.5rem\u00bb back_title_line_height=\u00bb1.7em\u00bb back_description_text_color=\u00bb#ffffff\u00bb back_description_font_size=\u00bb1rem\u00bb back_description_line_height=\u00bb1.7em\u00bb front_subtitle_line_height=\u00bb1.7em\u00bb back_subtitle_line_height=\u00bb1.7em\u00bb custom_padding=\u00bb|4px||4px|false|false\u00bb border_radii_card=\u00bbon|9px|9px|9px|9px\u00bb border_width_all_card=\u00bb1px\u00bb border_color_all_card=\u00bbgcid-11f9b122-e9c0-482b-a959-1714baa342ba\u00bb border_radii_front_media=\u00bbon|100px|100px|100px|100px\u00bb border_radii_back_media=\u00bbon|100px|100px|100px|100px\u00bb global_colors_info=\u00bb{%22gcid-11f9b122-e9c0-482b-a959-1714baa342ba%22:%91%22back_bg_color%22,%22border_color_all_card%22%93}\u00bb][\/ba_flipbox][\/et_pb_column][et_pb_column type=\u00bb1_4&#8243; _builder_version=\u00bb4.27.4&#8243; _module_preset=\u00bbdefault\u00bb global_colors_info=\u00bb{}\u00bb][ba_flipbox front_media_type=\u00bbimage\u00bb front_img=\u00bbhttps:\/\/congresso15.cmm.pt\/wp-content\/uploads\/2025\/04\/adao_da_fonseca_pessoa.jpg\u00bb front_title=\u00bbAnt\u00f3nio Ad\u00e3o da Fonseca\u00bb front_description=\u00bbFEUP\u00bb back_media_type=\u00bbnone\u00bb back_title=\u00bbProfesor Titular\u00bb back_description=\u00bbFEUP, Ad\u00e3o da Fonseca Engenheiros Consultores\u00bb main_height=\u00bb265px\u00bb front_padding=\u00bb0px|3px|0px|3px|false|true\u00bb front_ct_padding=\u00bb0px|3px|0px|3px|false|true\u00bb back_padding=\u00bb0px|3px|0px|3px|false|true\u00bb back_ct_padding=\u00bb0px|3px|0px|3px|false|true\u00bb front_img_height=\u00bb120px\u00bb front_img_width=\u00bb120px\u00bb back_img_height=\u00bb120px\u00bb back_img_width=\u00bb120px\u00bb back_bg_color=\u00bbgcid-11f9b122-e9c0-482b-a959-1714baa342ba\u00bb front_bg_color=\u00bb#ffffff\u00bb front_desc_spacing=\u00bb10px\u00bb back_desc_spacing=\u00bb10px\u00bb _builder_version=\u00bb4.27.4&#8243; _module_preset=\u00bbdefault\u00bb front_title_font_size=\u00bb1.5rem\u00bb front_title_line_height=\u00bb1.7em\u00bb front_description_font_size=\u00bb1rem\u00bb front_description_line_height=\u00bb1.7em\u00bb back_title_text_color=\u00bb#ffffff\u00bb back_title_font_size=\u00bb1.5rem\u00bb back_title_line_height=\u00bb1.7em\u00bb back_description_text_color=\u00bb#ffffff\u00bb back_description_font_size=\u00bb1rem\u00bb back_description_line_height=\u00bb1.7em\u00bb front_subtitle_line_height=\u00bb1.7em\u00bb back_subtitle_line_height=\u00bb1.7em\u00bb custom_padding=\u00bb|4px||4px|false|false\u00bb border_radii_card=\u00bbon|9px|9px|9px|9px\u00bb border_width_all_card=\u00bb1px\u00bb border_color_all_card=\u00bbgcid-11f9b122-e9c0-482b-a959-1714baa342ba\u00bb border_radii_front_media=\u00bbon|100px|100px|100px|100px\u00bb border_radii_back_media=\u00bbon|100px|100px|100px|100px\u00bb global_colors_info=\u00bb{%22gcid-11f9b122-e9c0-482b-a959-1714baa342ba%22:%91%22back_bg_color%22,%22border_color_all_card%22%93}\u00bb][\/ba_flipbox][\/et_pb_column][et_pb_column type=\u00bb1_4&#8243; _builder_version=\u00bb4.27.4&#8243; _module_preset=\u00bbdefault\u00bb global_colors_info=\u00bb{}\u00bb][ba_flipbox front_media_type=\u00bbimage\u00bb front_img=\u00bbhttps:\/\/congresso15.cmm.pt\/wp-content\/uploads\/2025\/04\/Fundo-de-PHOTO-2024-11-30-13-12-31-removido.png\u00bb front_title=\u00bbAnt\u00f3nio Reis  \u00bb front_description=\u00bbIST\u00bb back_media_type=\u00bbnone\u00bb back_title=\u00bbProfesor Titular\u00bb back_description=\u00bbIST | GRID International, Consulting Engineers, S.A.\u00bb main_height=\u00bb265px\u00bb front_padding=\u00bb0px|3px|0px|3px|false|true\u00bb front_ct_padding=\u00bb0px|3px|0px|3px|false|true\u00bb back_padding=\u00bb0px|3px|0px|3px|false|true\u00bb back_ct_padding=\u00bb0px|3px|0px|3px|false|false\u00bb front_img_height=\u00bb120px\u00bb front_img_width=\u00bb120px\u00bb back_img_height=\u00bb120px\u00bb back_img_width=\u00bb120px\u00bb back_bg_color=\u00bbgcid-11f9b122-e9c0-482b-a959-1714baa342ba\u00bb front_bg_color=\u00bb#ffffff\u00bb front_desc_spacing=\u00bb10px\u00bb back_desc_spacing=\u00bb10px\u00bb _builder_version=\u00bb4.27.4&#8243; _module_preset=\u00bbdefault\u00bb front_title_font_size=\u00bb1.5rem\u00bb front_title_line_height=\u00bb1.7em\u00bb front_description_font_size=\u00bb1rem\u00bb front_description_line_height=\u00bb1.7em\u00bb back_title_text_color=\u00bb#ffffff\u00bb back_title_font_size=\u00bb1.5rem\u00bb back_title_line_height=\u00bb1.7em\u00bb back_description_text_color=\u00bb#ffffff\u00bb back_description_font_size=\u00bb1rem\u00bb back_description_line_height=\u00bb1.7em\u00bb front_subtitle_line_height=\u00bb1.7em\u00bb back_subtitle_line_height=\u00bb1.7em\u00bb custom_padding=\u00bb|4px||4px|false|false\u00bb border_radii_card=\u00bbon|9px|9px|9px|9px\u00bb border_width_all_card=\u00bb1px\u00bb border_color_all_card=\u00bbgcid-11f9b122-e9c0-482b-a959-1714baa342ba\u00bb border_radii_front_media=\u00bbon|100px|100px|100px|100px\u00bb border_radii_back_media=\u00bbon|100px|100px|100px|100px\u00bb global_colors_info=\u00bb{%22gcid-11f9b122-e9c0-482b-a959-1714baa342ba%22:%91%22back_bg_color%22,%22border_color_all_card%22%93}\u00bb][\/ba_flipbox][\/et_pb_column][et_pb_column type=\u00bb1_4&#8243; _builder_version=\u00bb4.27.4&#8243; _module_preset=\u00bbdefault\u00bb global_colors_info=\u00bb{}\u00bb][ba_flipbox front_media_type=\u00bbimage\u00bb front_img=\u00bbhttps:\/\/congresso15.cmm.pt\/wp-content\/uploads\/2025\/04\/Matos-Silva.jpeg\u00bb front_title=\u00bbAnt\u00f3nio Matos Silva\u00bb front_description=\u00bbMartifer\u00bb back_media_type=\u00bbnone\u00bb back_title=\u00bbJefe del Departamento T\u00e9cnico  \u00bb back_description=\u00bbMartifer\u00bb main_height=\u00bb265px\u00bb front_padding=\u00bb0px|3px|0px|3px|false|true\u00bb front_ct_padding=\u00bb0px|3px|0px|3px|false|false\u00bb back_padding=\u00bb0px|3px|0px|3px|false|true\u00bb back_ct_padding=\u00bb0px|3px|0px|3px|false|false\u00bb front_img_height=\u00bb120px\u00bb front_img_width=\u00bb120px\u00bb back_img_height=\u00bb120px\u00bb back_img_width=\u00bb120px\u00bb back_bg_color=\u00bbgcid-11f9b122-e9c0-482b-a959-1714baa342ba\u00bb front_bg_color=\u00bb#ffffff\u00bb front_desc_spacing=\u00bb10px\u00bb back_desc_spacing=\u00bb10px\u00bb _builder_version=\u00bb4.27.4&#8243; _module_preset=\u00bbdefault\u00bb front_title_font_size=\u00bb1.5rem\u00bb front_title_line_height=\u00bb1.7em\u00bb front_description_font_size=\u00bb1rem\u00bb front_description_line_height=\u00bb1.7em\u00bb back_title_text_color=\u00bb#ffffff\u00bb back_title_font_size=\u00bb1.5rem\u00bb back_title_line_height=\u00bb1.7em\u00bb back_description_text_color=\u00bb#ffffff\u00bb back_description_font_size=\u00bb1rem\u00bb back_description_line_height=\u00bb1.7em\u00bb front_subtitle_line_height=\u00bb1.7em\u00bb back_subtitle_line_height=\u00bb1.7em\u00bb custom_padding=\u00bb|4px||4px|false|false\u00bb border_radii_card=\u00bbon|9px|9px|9px|9px\u00bb border_width_all_card=\u00bb1px\u00bb border_color_all_card=\u00bbgcid-11f9b122-e9c0-482b-a959-1714baa342ba\u00bb border_radii_front_media=\u00bbon|100px|100px|100px|100px\u00bb border_radii_back_media=\u00bbon|100px|100px|100px|100px\u00bb global_colors_info=\u00bb{%22gcid-11f9b122-e9c0-482b-a959-1714baa342ba%22:%91%22back_bg_color%22,%22border_color_all_card%22%93}\u00bb][\/ba_flipbox][\/et_pb_column][\/et_pb_row][et_pb_row column_structure=\u00bb1_4,1_4,1_4,1_4&#8243; custom_padding_last_edited=\u00bbon|tablet\u00bb _builder_version=\u00bb4.27.4&#8243; _module_preset=\u00bbdefault\u00bb min_height=\u00bb257px\u00bb custom_margin=\u00bb30px|auto||auto||\u00bb custom_margin_tablet=\u00bb||-30px||false|false\u00bb custom_margin_phone=\u00bb||-30px||false|false\u00bb custom_margin_last_edited=\u00bbon|tablet\u00bb custom_padding_tablet=\u00bb||0px||false|false\u00bb custom_padding_phone=\u00bb||0px||false|false\u00bb locked=\u00bboff\u00bb global_colors_info=\u00bb{}\u00bb][et_pb_column type=\u00bb1_4&#8243; _builder_version=\u00bb4.27.4&#8243; _module_preset=\u00bbdefault\u00bb global_colors_info=\u00bb{}\u00bb][ba_flipbox front_media_type=\u00bbimage\u00bb front_img=\u00bbhttps:\/\/congresso15.cmm.pt\/wp-content\/uploads\/2025\/04\/1707597807728.jpeg\u00bb front_title=\u00bbArtur Mateus\u00bb front_description=\u00bbUniversidad de Coimbra\u00bb back_media_type=\u00bbnone\u00bb back_title=\u00bbInvestigador principal\u00bb back_description=\u00bbUniversidad de Coimbra\u00bb main_height=\u00bb265px\u00bb front_padding=\u00bb0px|3px|0px|3px|false|true\u00bb front_ct_padding=\u00bb0px|3px|0px|3px|false|false\u00bb back_padding=\u00bb0px|3px|0px|3px|false|true\u00bb back_ct_padding=\u00bb0px|3px|0px|3px|false|false\u00bb front_img_height=\u00bb120px\u00bb front_img_width=\u00bb120px\u00bb back_img_height=\u00bb120px\u00bb back_img_width=\u00bb120px\u00bb back_bg_color=\u00bbgcid-11f9b122-e9c0-482b-a959-1714baa342ba\u00bb front_bg_color=\u00bb#ffffff\u00bb front_desc_spacing=\u00bb10px\u00bb back_desc_spacing=\u00bb10px\u00bb _builder_version=\u00bb4.27.4&#8243; _module_preset=\u00bbdefault\u00bb front_title_font_size=\u00bb1.5rem\u00bb front_title_line_height=\u00bb1.7em\u00bb front_description_font_size=\u00bb1rem\u00bb front_description_line_height=\u00bb1.7em\u00bb back_title_text_color=\u00bb#ffffff\u00bb back_title_font_size=\u00bb1.5rem\u00bb back_title_line_height=\u00bb1.7em\u00bb back_description_text_color=\u00bb#ffffff\u00bb back_description_font_size=\u00bb1rem\u00bb back_description_line_height=\u00bb1.7em\u00bb front_subtitle_line_height=\u00bb1.7em\u00bb back_subtitle_line_height=\u00bb1.7em\u00bb custom_padding=\u00bb|4px||4px|false|false\u00bb border_radii_card=\u00bbon|9px|9px|9px|9px\u00bb border_width_all_card=\u00bb1px\u00bb border_color_all_card=\u00bbgcid-11f9b122-e9c0-482b-a959-1714baa342ba\u00bb border_radii_front_media=\u00bbon|100px|100px|100px|100px\u00bb border_radii_back_media=\u00bbon|100px|100px|100px|100px\u00bb global_colors_info=\u00bb{%22gcid-11f9b122-e9c0-482b-a959-1714baa342ba%22:%91%22back_bg_color%22,%22border_color_all_card%22%93}\u00bb][\/ba_flipbox][\/et_pb_column][et_pb_column type=\u00bb1_4&#8243; _builder_version=\u00bb4.27.4&#8243; _module_preset=\u00bbdefault\u00bb global_colors_info=\u00bb{}\u00bb][ba_flipbox front_media_type=\u00bbimage\u00bb front_img=\u00bbhttps:\/\/congresso15.cmm.pt\/wp-content\/uploads\/2025\/04\/beatriz-gil2.jpg\u00bb front_title=\u00bbBeatriz Gil\u00bb front_description=\u00bbUNAV\u00bb back_media_type=\u00bbnone\u00bb back_title=\u00bbProfesor Titular\u00bb back_description=\u00bbUniversidad de Navarra\u00bb main_height=\u00bb265px\u00bb front_padding=\u00bb0px|3px|0px|3px|false|true\u00bb front_ct_padding=\u00bb0px|3px|0px|3px|false|true\u00bb back_padding=\u00bb0px|3px|0px|3px|false|true\u00bb back_ct_padding=\u00bb0px|3px|0px|3px|false|true\u00bb front_img_height=\u00bb120px\u00bb front_img_width=\u00bb120px\u00bb back_img_height=\u00bb120px\u00bb back_img_width=\u00bb120px\u00bb back_bg_color=\u00bbgcid-11f9b122-e9c0-482b-a959-1714baa342ba\u00bb front_bg_color=\u00bb#ffffff\u00bb front_desc_spacing=\u00bb10px\u00bb back_desc_spacing=\u00bb10px\u00bb _builder_version=\u00bb4.27.4&#8243; _module_preset=\u00bbdefault\u00bb front_title_font_size=\u00bb1.5rem\u00bb front_title_line_height=\u00bb1.7em\u00bb front_description_font_size=\u00bb1rem\u00bb front_description_line_height=\u00bb1.7em\u00bb back_title_text_color=\u00bb#ffffff\u00bb back_title_font_size=\u00bb1.5rem\u00bb back_title_line_height=\u00bb1.7em\u00bb back_description_text_color=\u00bb#ffffff\u00bb back_description_font_size=\u00bb1rem\u00bb back_description_line_height=\u00bb1.7em\u00bb front_subtitle_line_height=\u00bb1.7em\u00bb back_subtitle_line_height=\u00bb1.7em\u00bb custom_padding=\u00bb|4px||4px|false|false\u00bb border_radii_card=\u00bbon|9px|9px|9px|9px\u00bb border_width_all_card=\u00bb1px\u00bb border_color_all_card=\u00bbgcid-11f9b122-e9c0-482b-a959-1714baa342ba\u00bb border_radii_front_media=\u00bbon|100px|100px|100px|100px\u00bb border_radii_back_media=\u00bbon|100px|100px|100px|100px\u00bb global_colors_info=\u00bb{%22gcid-11f9b122-e9c0-482b-a959-1714baa342ba%22:%91%22back_bg_color%22,%22border_color_all_card%22%93}\u00bb][\/ba_flipbox][\/et_pb_column][et_pb_column type=\u00bb1_4&#8243; _builder_version=\u00bb4.27.4&#8243; _module_preset=\u00bbdefault\u00bb global_colors_info=\u00bb{}\u00bb][ba_flipbox front_media_type=\u00bbimage\u00bb front_img=\u00bbhttps:\/\/congresso15.cmm.pt\/wp-content\/uploads\/2025\/04\/Bruno.jpg\u00bb front_title=\u00bbBruno Marques\u00bb front_description=\u00bbGrupo Ferpinta\u00bb back_media_type=\u00bbnone\u00bb back_title=\u00bbDirector de Calidad\u00bb back_description=\u00bbGrupo Ferpinta\u00bb main_height=\u00bb265px\u00bb front_padding=\u00bb0px|3px|0px|3px|false|true\u00bb front_ct_padding=\u00bb0px|3px|0px|3px|false|true\u00bb back_padding=\u00bb0px|3px|0px|3px|false|true\u00bb back_ct_padding=\u00bb0px|3px|0px|3px|false|false\u00bb front_img_height=\u00bb120px\u00bb front_img_width=\u00bb120px\u00bb back_img_height=\u00bb120px\u00bb back_img_width=\u00bb120px\u00bb back_bg_color=\u00bbgcid-11f9b122-e9c0-482b-a959-1714baa342ba\u00bb front_bg_color=\u00bb#ffffff\u00bb front_desc_spacing=\u00bb10px\u00bb back_desc_spacing=\u00bb10px\u00bb _builder_version=\u00bb4.27.4&#8243; _module_preset=\u00bbdefault\u00bb front_title_font_size=\u00bb1.5rem\u00bb front_title_line_height=\u00bb1.7em\u00bb front_description_font_size=\u00bb1rem\u00bb front_description_line_height=\u00bb1.7em\u00bb back_title_text_color=\u00bb#ffffff\u00bb back_title_font_size=\u00bb1.5rem\u00bb back_title_line_height=\u00bb1.7em\u00bb back_description_text_color=\u00bb#ffffff\u00bb back_description_font_size=\u00bb1rem\u00bb back_description_line_height=\u00bb1.7em\u00bb front_subtitle_line_height=\u00bb1.7em\u00bb back_subtitle_line_height=\u00bb1.7em\u00bb custom_padding=\u00bb|4px||4px|false|false\u00bb border_radii_card=\u00bbon|9px|9px|9px|9px\u00bb border_width_all_card=\u00bb1px\u00bb border_color_all_card=\u00bbgcid-11f9b122-e9c0-482b-a959-1714baa342ba\u00bb border_radii_front_media=\u00bbon|100px|100px|100px|100px\u00bb border_radii_back_media=\u00bbon|100px|100px|100px|100px\u00bb global_colors_info=\u00bb{%22gcid-11f9b122-e9c0-482b-a959-1714baa342ba%22:%91%22back_bg_color%22,%22border_color_all_card%22%93}\u00bb][\/ba_flipbox][\/et_pb_column][et_pb_column type=\u00bb1_4&#8243; _builder_version=\u00bb4.27.4&#8243; _module_preset=\u00bbdefault\u00bb global_colors_info=\u00bb{}\u00bb][ba_flipbox front_media_type=\u00bbimage\u00bb front_img=\u00bbhttps:\/\/congresso15.cmm.pt\/wp-content\/uploads\/2025\/04\/1543493730126.jpeg\u00bb front_title=\u00bbCarlos Couto\u00bb front_description=\u00bbUniversidad de Aveiro\u00bb back_media_type=\u00bbnone\u00bb back_title=\u00bbAsistente de Investigaci\u00f3n\u00bb back_description=\u00bbDEC \u2013 Universidad de Aveiro\u00bb main_height=\u00bb265px\u00bb front_padding=\u00bb0px|3px|0px|3px|false|true\u00bb front_ct_padding=\u00bb0px|3px|0px|3px|false|false\u00bb back_padding=\u00bb0px|3px|0px|3px|false|true\u00bb back_ct_padding=\u00bb0px|3px|0px|3px|false|false\u00bb front_img_height=\u00bb120px\u00bb front_img_width=\u00bb120px\u00bb back_img_height=\u00bb120px\u00bb back_img_width=\u00bb120px\u00bb back_bg_color=\u00bbgcid-11f9b122-e9c0-482b-a959-1714baa342ba\u00bb front_bg_color=\u00bb#ffffff\u00bb front_desc_spacing=\u00bb10px\u00bb back_desc_spacing=\u00bb10px\u00bb _builder_version=\u00bb4.27.4&#8243; _module_preset=\u00bbdefault\u00bb front_title_font_size=\u00bb1.5rem\u00bb front_title_line_height=\u00bb1.7em\u00bb front_description_font_size=\u00bb1rem\u00bb front_description_line_height=\u00bb1.7em\u00bb back_title_text_color=\u00bb#ffffff\u00bb back_title_font_size=\u00bb1.5rem\u00bb back_title_line_height=\u00bb1.7em\u00bb back_description_text_color=\u00bb#ffffff\u00bb back_description_font_size=\u00bb1rem\u00bb back_description_line_height=\u00bb1.7em\u00bb front_subtitle_line_height=\u00bb1.7em\u00bb back_subtitle_line_height=\u00bb1.7em\u00bb custom_padding=\u00bb|4px||4px|false|false\u00bb border_radii_card=\u00bbon|9px|9px|9px|9px\u00bb border_width_all_card=\u00bb1px\u00bb border_color_all_card=\u00bbgcid-11f9b122-e9c0-482b-a959-1714baa342ba\u00bb border_radii_front_media=\u00bbon|100px|100px|100px|100px\u00bb border_radii_back_media=\u00bbon|100px|100px|100px|100px\u00bb global_colors_info=\u00bb{%22gcid-11f9b122-e9c0-482b-a959-1714baa342ba%22:%91%22back_bg_color%22,%22border_color_all_card%22%93}\u00bb][\/ba_flipbox][\/et_pb_column][\/et_pb_row][et_pb_row column_structure=\u00bb1_4,1_4,1_4,1_4&#8243; custom_padding_last_edited=\u00bbon|tablet\u00bb _builder_version=\u00bb4.27.4&#8243; _module_preset=\u00bbdefault\u00bb min_height=\u00bb257px\u00bb custom_margin=\u00bb30px|auto||auto||\u00bb custom_margin_tablet=\u00bb||-30px||false|false\u00bb custom_margin_phone=\u00bb||-30px||false|false\u00bb custom_margin_last_edited=\u00bbon|tablet\u00bb custom_padding_tablet=\u00bb||0px||false|false\u00bb custom_padding_phone=\u00bb||0px||false|false\u00bb locked=\u00bboff\u00bb global_colors_info=\u00bb{}\u00bb][et_pb_column type=\u00bb1_4&#8243; _builder_version=\u00bb4.27.4&#8243; _module_preset=\u00bbdefault\u00bb global_colors_info=\u00bb{}\u00bb][ba_flipbox front_media_type=\u00bbimage\u00bb front_img=\u00bbhttps:\/\/congresso15.cmm.pt\/wp-content\/uploads\/2025\/04\/Foto-Carlos_Graciano.jpg\u00bb front_title=\u00bbCarlos Graciano\u00bb front_description=\u00bbUNAL\u00bb back_media_type=\u00bbnone\u00bb back_title=\u00bbProfesor Titular\u00bb back_description=\u00bbUniversidad Nacional de Colombia\u00bb main_height=\u00bb265px\u00bb front_padding=\u00bb0px|0px|0px|0px\u00bb front_ct_padding=\u00bb0px|3px|0px|3px|false|false\u00bb back_padding=\u00bb0px|0px|0px|0px\u00bb back_ct_padding=\u00bb0px|3px|0px|3px|false|false\u00bb front_img_height=\u00bb120px\u00bb front_img_width=\u00bb120px\u00bb back_img_height=\u00bb120px\u00bb back_img_width=\u00bb120px\u00bb back_bg_color=\u00bbgcid-11f9b122-e9c0-482b-a959-1714baa342ba\u00bb front_bg_color=\u00bb#ffffff\u00bb front_desc_spacing=\u00bb10px\u00bb back_desc_spacing=\u00bb10px\u00bb _builder_version=\u00bb4.27.4&#8243; _module_preset=\u00bbdefault\u00bb front_title_font_size=\u00bb1.5rem\u00bb front_title_line_height=\u00bb1.7em\u00bb front_description_font_size=\u00bb1rem\u00bb front_description_line_height=\u00bb1.7em\u00bb back_title_text_color=\u00bb#ffffff\u00bb back_title_font_size=\u00bb1.5rem\u00bb back_title_line_height=\u00bb1.7em\u00bb back_description_text_color=\u00bb#ffffff\u00bb back_description_font_size=\u00bb1rem\u00bb back_description_line_height=\u00bb1.7em\u00bb front_subtitle_line_height=\u00bb1.7em\u00bb back_subtitle_line_height=\u00bb1.7em\u00bb custom_padding=\u00bb|4px||4px|false|false\u00bb border_radii_card=\u00bbon|9px|9px|9px|9px\u00bb border_width_all_card=\u00bb1px\u00bb border_color_all_card=\u00bbgcid-11f9b122-e9c0-482b-a959-1714baa342ba\u00bb border_radii_front_media=\u00bbon|100px|100px|100px|100px\u00bb border_radii_back_media=\u00bbon|100px|100px|100px|100px\u00bb global_colors_info=\u00bb{%22gcid-11f9b122-e9c0-482b-a959-1714baa342ba%22:%91%22back_bg_color%22,%22border_color_all_card%22%93}\u00bb][\/ba_flipbox][\/et_pb_column][et_pb_column type=\u00bb1_4&#8243; _builder_version=\u00bb4.27.4&#8243; _module_preset=\u00bbdefault\u00bb global_colors_info=\u00bb{}\u00bb][ba_flipbox front_media_type=\u00bbimage\u00bb front_img=\u00bbhttps:\/\/congresso15.cmm.pt\/wp-content\/uploads\/2025\/04\/CarlosMunoz.png\u00bb front_title=\u00bbCarlos Mu\u00f1oz\u00bb front_description=\u00bbUPC\u00bb back_media_type=\u00bbnone\u00bb back_title=\u00bbProfesor\u00bb back_description=\u00bbUniversidad Polit\u00e9cnica de Catalu\u00f1a\u00bb main_height=\u00bb265px\u00bb front_padding=\u00bb0px|0px|0px|0px\u00bb front_ct_padding=\u00bb0px|3px|0px|3px|false|false\u00bb back_padding=\u00bb0px|0px|0px|0px\u00bb back_ct_padding=\u00bb0px|3px|0px|3px|false|false\u00bb front_img_height=\u00bb120px\u00bb front_img_width=\u00bb120px\u00bb back_img_height=\u00bb120px\u00bb back_img_width=\u00bb120px\u00bb back_bg_color=\u00bbgcid-11f9b122-e9c0-482b-a959-1714baa342ba\u00bb front_bg_color=\u00bb#ffffff\u00bb front_desc_spacing=\u00bb10px\u00bb back_desc_spacing=\u00bb10px\u00bb _builder_version=\u00bb4.27.4&#8243; _module_preset=\u00bbdefault\u00bb front_title_font_size=\u00bb1.5rem\u00bb front_title_line_height=\u00bb1.7em\u00bb front_description_font_size=\u00bb1rem\u00bb front_description_line_height=\u00bb1.7em\u00bb back_title_text_color=\u00bb#ffffff\u00bb back_title_font_size=\u00bb1.5rem\u00bb back_title_line_height=\u00bb1.7em\u00bb back_description_text_color=\u00bb#ffffff\u00bb back_description_font_size=\u00bb1rem\u00bb back_description_line_height=\u00bb1.7em\u00bb front_subtitle_line_height=\u00bb1.7em\u00bb back_subtitle_line_height=\u00bb1.7em\u00bb custom_padding=\u00bb|4px||4px|false|false\u00bb border_radii_card=\u00bbon|9px|9px|9px|9px\u00bb border_width_all_card=\u00bb1px\u00bb border_color_all_card=\u00bbgcid-11f9b122-e9c0-482b-a959-1714baa342ba\u00bb border_radii_front_media=\u00bbon|100px|100px|100px|100px\u00bb border_radii_back_media=\u00bbon|100px|100px|100px|100px\u00bb global_colors_info=\u00bb{%22gcid-11f9b122-e9c0-482b-a959-1714baa342ba%22:%91%22back_bg_color%22,%22border_color_all_card%22%93}\u00bb][\/ba_flipbox][\/et_pb_column][et_pb_column type=\u00bb1_4&#8243; _builder_version=\u00bb4.27.4&#8243; _module_preset=\u00bbdefault\u00bb global_colors_info=\u00bb{}\u00bb][ba_flipbox front_media_type=\u00bbimage\u00bb front_img=\u00bbhttps:\/\/congresso15.cmm.pt\/wp-content\/uploads\/2025\/04\/Poco-1.jpg\u00bb front_title=\u00bbCarlos Po\u00e7o\u00bb front_description=\u00bbPo\u00e7o SA\u00bb back_media_type=\u00bbnone\u00bb back_title=\u00bbCEO\u00bb back_description=\u00bbPo\u00e7o Equipamentos Industriais, SA\u00bb main_height=\u00bb265px\u00bb front_padding=\u00bb0px|0px|0px|0px\u00bb front_ct_padding=\u00bb0px|3px|0px|3px|false|false\u00bb back_padding=\u00bb0px|0px|0px|0px\u00bb back_ct_padding=\u00bb0px|3px|0px|3px|false|false\u00bb front_img_height=\u00bb120px\u00bb front_img_width=\u00bb120px\u00bb back_img_height=\u00bb120px\u00bb back_img_width=\u00bb120px\u00bb back_bg_color=\u00bbgcid-11f9b122-e9c0-482b-a959-1714baa342ba\u00bb front_bg_color=\u00bb#ffffff\u00bb front_desc_spacing=\u00bb10px\u00bb back_desc_spacing=\u00bb10px\u00bb _builder_version=\u00bb4.27.4&#8243; _module_preset=\u00bbdefault\u00bb front_title_font_size=\u00bb1.5rem\u00bb front_title_line_height=\u00bb1.7em\u00bb front_description_font_size=\u00bb1rem\u00bb front_description_line_height=\u00bb1.7em\u00bb back_title_text_color=\u00bb#ffffff\u00bb back_title_font_size=\u00bb1.5rem\u00bb back_title_line_height=\u00bb1.7em\u00bb back_description_text_color=\u00bb#ffffff\u00bb back_description_font_size=\u00bb1rem\u00bb back_description_line_height=\u00bb1.7em\u00bb front_subtitle_line_height=\u00bb1.7em\u00bb back_subtitle_line_height=\u00bb1.7em\u00bb custom_padding=\u00bb|4px||4px|false|false\u00bb border_radii_card=\u00bbon|9px|9px|9px|9px\u00bb border_width_all_card=\u00bb1px\u00bb border_color_all_card=\u00bbgcid-11f9b122-e9c0-482b-a959-1714baa342ba\u00bb border_radii_front_media=\u00bbon|100px|100px|100px|100px\u00bb border_radii_back_media=\u00bbon|100px|100px|100px|100px\u00bb global_colors_info=\u00bb{%22gcid-11f9b122-e9c0-482b-a959-1714baa342ba%22:%91%22back_bg_color%22,%22border_color_all_card%22%93}\u00bb][\/ba_flipbox][\/et_pb_column][et_pb_column type=\u00bb1_4&#8243; _builder_version=\u00bb4.27.4&#8243; _module_preset=\u00bbdefault\u00bb global_colors_info=\u00bb{}\u00bb][ba_flipbox front_media_type=\u00bbimage\u00bb front_img=\u00bbhttps:\/\/congresso15.cmm.pt\/wp-content\/uploads\/2025\/04\/Carlos-Rebelo-5.jpg\u00bb front_title=\u00bbCarlos Rebelo\u00bb front_description=\u00bbUniversidad de Coimbra\u00bb back_media_type=\u00bbnone\u00bb back_title=\u00bbProfesor Asociado\u00bb back_description=\u00bbDEC \u2013 Universidad de Coimbra\u00bb main_height=\u00bb265px\u00bb front_padding=\u00bb0px|0px|0px|0px\u00bb front_ct_padding=\u00bb0px|3px|0px|3px|false|false\u00bb back_padding=\u00bb0px|0px|0px|0px\u00bb back_ct_padding=\u00bb0px|3px|0px|3px|false|false\u00bb front_img_height=\u00bb120px\u00bb front_img_width=\u00bb120px\u00bb back_img_height=\u00bb120px\u00bb back_img_width=\u00bb120px\u00bb back_bg_color=\u00bbgcid-11f9b122-e9c0-482b-a959-1714baa342ba\u00bb front_bg_color=\u00bb#ffffff\u00bb front_desc_spacing=\u00bb10px\u00bb back_desc_spacing=\u00bb10px\u00bb _builder_version=\u00bb4.27.4&#8243; _module_preset=\u00bbdefault\u00bb front_title_font_size=\u00bb1.5rem\u00bb front_title_line_height=\u00bb1.7em\u00bb front_description_font_size=\u00bb1rem\u00bb front_description_line_height=\u00bb1.7em\u00bb back_title_text_color=\u00bb#ffffff\u00bb back_title_font_size=\u00bb1.5rem\u00bb back_title_line_height=\u00bb1.7em\u00bb back_description_text_color=\u00bb#ffffff\u00bb back_description_font_size=\u00bb1rem\u00bb back_description_line_height=\u00bb1.7em\u00bb front_subtitle_line_height=\u00bb1.7em\u00bb back_subtitle_line_height=\u00bb1.7em\u00bb custom_padding=\u00bb|4px||4px|false|false\u00bb border_radii_card=\u00bbon|9px|9px|9px|9px\u00bb border_width_all_card=\u00bb1px\u00bb border_color_all_card=\u00bbgcid-11f9b122-e9c0-482b-a959-1714baa342ba\u00bb border_radii_front_media=\u00bbon|100px|100px|100px|100px\u00bb border_radii_back_media=\u00bbon|100px|100px|100px|100px\u00bb global_colors_info=\u00bb{%22gcid-11f9b122-e9c0-482b-a959-1714baa342ba%22:%91%22back_bg_color%22,%22border_color_all_card%22%93}\u00bb][\/ba_flipbox][\/et_pb_column][\/et_pb_row][et_pb_row column_structure=\u00bb1_4,1_4,1_4,1_4&#8243; custom_padding_last_edited=\u00bbon|tablet\u00bb _builder_version=\u00bb4.27.4&#8243; _module_preset=\u00bbdefault\u00bb min_height=\u00bb257px\u00bb custom_margin=\u00bb30px|auto||auto||\u00bb custom_margin_tablet=\u00bb||-30px||false|false\u00bb custom_margin_phone=\u00bb||-30px||false|false\u00bb custom_margin_last_edited=\u00bbon|tablet\u00bb custom_padding_tablet=\u00bb||0px||false|false\u00bb custom_padding_phone=\u00bb||0px||false|false\u00bb locked=\u00bboff\u00bb global_colors_info=\u00bb{}\u00bb][et_pb_column type=\u00bb1_4&#8243; _builder_version=\u00bb4.27.4&#8243; _module_preset=\u00bbdefault\u00bb global_colors_info=\u00bb{}\u00bb][ba_flipbox front_media_type=\u00bbimage\u00bb front_img=\u00bbhttps:\/\/congresso15.cmm.pt\/wp-content\/uploads\/2025\/04\/constancarigueiro-e1745531293977.jpg\u00bb front_title=\u00bbConstan\u00e7a Rigueiro\u00bb front_description=\u00bbIPCB\u00bb back_media_type=\u00bbnone\u00bb back_title=\u00bbProfesor\u00bb back_description=\u00bbInstituto Polit\u00e9cnico de Castelo Branco<br \/>\n\u00bb main_height=\u00bb265px\u00bb front_padding=\u00bb0px|0px|0px|0px\u00bb front_ct_padding=\u00bb0px|3px|0px|3px|false|false\u00bb back_padding=\u00bb0px|0px|0px|0px\u00bb back_ct_padding=\u00bb0px|3px|0px|3px|false|false\u00bb front_img_height=\u00bb120px\u00bb front_img_width=\u00bb120px\u00bb back_img_height=\u00bb120px\u00bb back_img_width=\u00bb120px\u00bb back_bg_color=\u00bbgcid-11f9b122-e9c0-482b-a959-1714baa342ba\u00bb front_bg_color=\u00bb#ffffff\u00bb front_desc_spacing=\u00bb10px\u00bb back_desc_spacing=\u00bb10px\u00bb _builder_version=\u00bb4.27.4&#8243; _module_preset=\u00bbdefault\u00bb front_title_font_size=\u00bb1.5rem\u00bb front_title_line_height=\u00bb1.7em\u00bb front_description_font_size=\u00bb1rem\u00bb front_description_line_height=\u00bb1.7em\u00bb back_title_text_color=\u00bb#ffffff\u00bb back_title_font_size=\u00bb1.5rem\u00bb back_title_line_height=\u00bb1.7em\u00bb back_description_text_color=\u00bb#ffffff\u00bb back_description_font_size=\u00bb1rem\u00bb back_description_line_height=\u00bb1.7em\u00bb front_subtitle_line_height=\u00bb1.7em\u00bb back_subtitle_line_height=\u00bb1.7em\u00bb custom_padding=\u00bb|4px||4px|false|false\u00bb border_radii_card=\u00bbon|9px|9px|9px|9px\u00bb border_width_all_card=\u00bb1px\u00bb border_color_all_card=\u00bbgcid-11f9b122-e9c0-482b-a959-1714baa342ba\u00bb border_radii_front_media=\u00bbon|100px|100px|100px|100px\u00bb border_radii_back_media=\u00bbon|100px|100px|100px|100px\u00bb global_colors_info=\u00bb{%22gcid-11f9b122-e9c0-482b-a959-1714baa342ba%22:%91%22back_bg_color%22,%22border_color_all_card%22%93}\u00bb][\/ba_flipbox][\/et_pb_column][et_pb_column type=\u00bb1_4&#8243; _builder_version=\u00bb4.27.4&#8243; _module_preset=\u00bbdefault\u00bb global_colors_info=\u00bb{}\u00bb][ba_flipbox front_media_type=\u00bbimage\u00bb front_img=\u00bbhttps:\/\/congresso15.cmm.pt\/wp-content\/uploads\/2025\/06\/foto_daniel_aelenei.jpeg\u00bb front_title=\u00bbDaniel Aelenei\u00bb front_description=\u00bbUNL\u00bb back_media_type=\u00bbnone\u00bb back_title=\u00bbProfesor Aosiciado\u00bb back_description=\u00bbUniversidad Nueva de Lisboa\u00bb main_height=\u00bb265px\u00bb front_padding=\u00bb0px|0px|0px|0px\u00bb front_ct_padding=\u00bb0px|3px|0px|3px|false|false\u00bb back_padding=\u00bb0px|0px|0px|0px\u00bb back_ct_padding=\u00bb0px|3px|0px|3px|false|false\u00bb front_img_height=\u00bb120px\u00bb front_img_width=\u00bb120px\u00bb back_img_height=\u00bb120px\u00bb back_img_width=\u00bb120px\u00bb back_bg_color=\u00bbgcid-11f9b122-e9c0-482b-a959-1714baa342ba\u00bb front_bg_color=\u00bb#ffffff\u00bb front_desc_spacing=\u00bb10px\u00bb back_desc_spacing=\u00bb10px\u00bb _builder_version=\u00bb4.27.4&#8243; _module_preset=\u00bbdefault\u00bb front_title_font_size=\u00bb1.5rem\u00bb front_title_line_height=\u00bb1.7em\u00bb front_description_font_size=\u00bb1rem\u00bb front_description_line_height=\u00bb1.7em\u00bb back_title_text_color=\u00bb#ffffff\u00bb back_title_font_size=\u00bb1.5rem\u00bb back_title_line_height=\u00bb1.7em\u00bb back_description_text_color=\u00bb#ffffff\u00bb back_description_font_size=\u00bb1rem\u00bb back_description_line_height=\u00bb1.7em\u00bb front_subtitle_line_height=\u00bb1.7em\u00bb back_subtitle_line_height=\u00bb1.7em\u00bb custom_padding=\u00bb|4px||4px|false|false\u00bb border_radii_card=\u00bbon|9px|9px|9px|9px\u00bb border_width_all_card=\u00bb1px\u00bb border_color_all_card=\u00bbgcid-11f9b122-e9c0-482b-a959-1714baa342ba\u00bb border_radii_front_media=\u00bbon|100px|100px|100px|100px\u00bb border_radii_back_media=\u00bbon|100px|100px|100px|100px\u00bb locked=\u00bboff\u00bb global_colors_info=\u00bb{%22gcid-11f9b122-e9c0-482b-a959-1714baa342ba%22:%91%22back_bg_color%22,%22border_color_all_card%22%93}\u00bb][\/ba_flipbox][\/et_pb_column][et_pb_column type=\u00bb1_4&#8243; _builder_version=\u00bb4.27.4&#8243; _module_preset=\u00bbdefault\u00bb global_colors_info=\u00bb{}\u00bb][ba_flipbox front_media_type=\u00bbimage\u00bb front_img=\u00bbhttps:\/\/congresso15.cmm.pt\/wp-content\/uploads\/2025\/04\/1601325616931.jpeg\u00bb front_title=\u00bbDavid Andrade\u00bb front_description=\u00bbUniversidad de Coimbra\u00bb back_media_type=\u00bbnone\u00bb back_title=\u00bbInvestigador Doctorado\u00bb back_description=\u00bbDEC \u2013 Universidad de Coimbra\u00bb main_height=\u00bb265px\u00bb front_padding=\u00bb0px|0px|0px|0px\u00bb front_ct_padding=\u00bb0px|3px|0px|3px|false|false\u00bb back_padding=\u00bb0px|0px|0px|0px\u00bb back_ct_padding=\u00bb0px|3px|0px|3px|false|false\u00bb front_img_height=\u00bb120px\u00bb front_img_width=\u00bb120px\u00bb back_img_height=\u00bb120px\u00bb back_img_width=\u00bb120px\u00bb back_bg_color=\u00bbgcid-11f9b122-e9c0-482b-a959-1714baa342ba\u00bb front_bg_color=\u00bb#ffffff\u00bb front_desc_spacing=\u00bb10px\u00bb back_desc_spacing=\u00bb10px\u00bb _builder_version=\u00bb4.27.4&#8243; _module_preset=\u00bbdefault\u00bb front_title_font_size=\u00bb1.5rem\u00bb front_title_line_height=\u00bb1.7em\u00bb front_description_font_size=\u00bb1rem\u00bb front_description_line_height=\u00bb1.7em\u00bb back_title_text_color=\u00bb#ffffff\u00bb back_title_font_size=\u00bb1.5rem\u00bb back_title_line_height=\u00bb1.7em\u00bb back_description_text_color=\u00bb#ffffff\u00bb back_description_font_size=\u00bb1rem\u00bb back_description_line_height=\u00bb1.7em\u00bb front_subtitle_line_height=\u00bb1.7em\u00bb back_subtitle_line_height=\u00bb1.7em\u00bb custom_padding=\u00bb|4px||4px|false|false\u00bb border_radii_card=\u00bbon|9px|9px|9px|9px\u00bb border_width_all_card=\u00bb1px\u00bb border_color_all_card=\u00bbgcid-11f9b122-e9c0-482b-a959-1714baa342ba\u00bb border_radii_front_media=\u00bbon|100px|100px|100px|100px\u00bb border_radii_back_media=\u00bbon|100px|100px|100px|100px\u00bb global_colors_info=\u00bb{%22gcid-11f9b122-e9c0-482b-a959-1714baa342ba%22:%91%22back_bg_color%22,%22border_color_all_card%22%93}\u00bb][\/ba_flipbox][\/et_pb_column][et_pb_column type=\u00bb1_4&#8243; _builder_version=\u00bb4.27.4&#8243; _module_preset=\u00bbdefault\u00bb global_colors_info=\u00bb{}\u00bb][ba_flipbox front_media_type=\u00bbimage\u00bb front_img=\u00bbhttps:\/\/congresso15.cmm.pt\/wp-content\/uploads\/2025\/04\/Dinar_CAMOTIM-e1745532020574.jpg\u00bb front_title=\u00bbDinar Camotim\u00bb front_description=\u00bbIST\u00bb back_media_type=\u00bbnone\u00bb back_title=\u00bbProfesor Titular\u00bb back_description=\u00bbInstituto Superior T\u00e9cnico\u00bb main_height=\u00bb265px\u00bb front_padding=\u00bb0px|0px|0px|0px\u00bb front_ct_padding=\u00bb0px|3px|0px|3px|false|false\u00bb back_padding=\u00bb0px|0px|0px|0px\u00bb back_ct_padding=\u00bb0px|3px|0px|3px|false|false\u00bb front_img_height=\u00bb120px\u00bb front_img_width=\u00bb120px\u00bb back_img_height=\u00bb120px\u00bb back_img_width=\u00bb120px\u00bb back_bg_color=\u00bbgcid-11f9b122-e9c0-482b-a959-1714baa342ba\u00bb front_bg_color=\u00bb#ffffff\u00bb front_desc_spacing=\u00bb10px\u00bb back_desc_spacing=\u00bb10px\u00bb _builder_version=\u00bb4.27.4&#8243; _module_preset=\u00bbdefault\u00bb front_title_font_size=\u00bb1.5rem\u00bb front_title_line_height=\u00bb1.7em\u00bb front_description_font_size=\u00bb1rem\u00bb front_description_line_height=\u00bb1.7em\u00bb back_title_text_color=\u00bb#ffffff\u00bb back_title_font_size=\u00bb1.5rem\u00bb back_title_line_height=\u00bb1.7em\u00bb back_description_text_color=\u00bb#ffffff\u00bb back_description_font_size=\u00bb1rem\u00bb back_description_line_height=\u00bb1.7em\u00bb front_subtitle_line_height=\u00bb1.7em\u00bb back_subtitle_line_height=\u00bb1.7em\u00bb custom_padding=\u00bb|4px||4px|false|false\u00bb border_radii_card=\u00bbon|9px|9px|9px|9px\u00bb border_width_all_card=\u00bb1px\u00bb border_color_all_card=\u00bbgcid-11f9b122-e9c0-482b-a959-1714baa342ba\u00bb border_radii_front_media=\u00bbon|100px|100px|100px|100px\u00bb border_radii_back_media=\u00bbon|100px|100px|100px|100px\u00bb global_colors_info=\u00bb{%22gcid-11f9b122-e9c0-482b-a959-1714baa342ba%22:%91%22back_bg_color%22,%22border_color_all_card%22%93}\u00bb][\/ba_flipbox][\/et_pb_column][\/et_pb_row][et_pb_row column_structure=\u00bb1_4,1_4,1_4,1_4&#8243; custom_padding_last_edited=\u00bbon|tablet\u00bb _builder_version=\u00bb4.27.4&#8243; _module_preset=\u00bbdefault\u00bb min_height=\u00bb257px\u00bb custom_margin=\u00bb30px|auto||auto||\u00bb custom_margin_tablet=\u00bb||-30px||false|false\u00bb custom_margin_phone=\u00bb||-30px||false|false\u00bb custom_margin_last_edited=\u00bbon|tablet\u00bb custom_padding_tablet=\u00bb||0px||false|false\u00bb custom_padding_phone=\u00bb||0px||false|false\u00bb locked=\u00bboff\u00bb global_colors_info=\u00bb{}\u00bb][et_pb_column type=\u00bb1_4&#8243; _builder_version=\u00bb4.27.4&#8243; _module_preset=\u00bbdefault\u00bb global_colors_info=\u00bb{}\u00bb][ba_flipbox front_media_type=\u00bbimage\u00bb front_img=\u00bbhttps:\/\/congresso15.cmm.pt\/wp-content\/uploads\/2025\/04\/1734983096211.jpeg\u00bb front_title=\u00bbDiogo Ribeiro\u00bb front_description=\u00bbISEP\u00bb back_media_type=\u00bbnone\u00bb back_title=\u00bbProfesor Asistente  \u00bb back_description=\u00bbInstituto Superior de Ingenier\u00eda de Porto\u00bb main_height=\u00bb265px\u00bb front_padding=\u00bb0px|0px|0px|0px\u00bb front_ct_padding=\u00bb0px|3px|0px|3px|false|false\u00bb back_padding=\u00bb0px|0px|0px|0px\u00bb back_ct_padding=\u00bb0px|3px|0px|3px|false|false\u00bb front_img_height=\u00bb120px\u00bb front_img_width=\u00bb120px\u00bb back_img_height=\u00bb120px\u00bb back_img_width=\u00bb120px\u00bb back_bg_color=\u00bbgcid-11f9b122-e9c0-482b-a959-1714baa342ba\u00bb front_bg_color=\u00bb#ffffff\u00bb front_desc_spacing=\u00bb10px\u00bb back_desc_spacing=\u00bb10px\u00bb _builder_version=\u00bb4.27.4&#8243; _module_preset=\u00bbdefault\u00bb front_title_font_size=\u00bb1.5rem\u00bb front_title_line_height=\u00bb1.7em\u00bb front_description_font_size=\u00bb1rem\u00bb front_description_line_height=\u00bb1.7em\u00bb back_title_text_color=\u00bb#ffffff\u00bb back_title_font_size=\u00bb1.5rem\u00bb back_title_line_height=\u00bb1.7em\u00bb back_description_text_color=\u00bb#ffffff\u00bb back_description_font_size=\u00bb1rem\u00bb back_description_line_height=\u00bb1.7em\u00bb front_subtitle_line_height=\u00bb1.7em\u00bb back_subtitle_line_height=\u00bb1.7em\u00bb custom_padding=\u00bb|4px||4px|false|false\u00bb border_radii_card=\u00bbon|9px|9px|9px|9px\u00bb border_width_all_card=\u00bb1px\u00bb border_color_all_card=\u00bbgcid-11f9b122-e9c0-482b-a959-1714baa342ba\u00bb border_radii_front_media=\u00bbon|100px|100px|100px|100px\u00bb border_radii_back_media=\u00bbon|100px|100px|100px|100px\u00bb global_colors_info=\u00bb{%22gcid-11f9b122-e9c0-482b-a959-1714baa342ba%22:%91%22back_bg_color%22,%22border_color_all_card%22%93}\u00bb][\/ba_flipbox][\/et_pb_column][et_pb_column type=\u00bb1_4&#8243; _builder_version=\u00bb4.27.4&#8243; _module_preset=\u00bbdefault\u00bb global_colors_info=\u00bb{}\u00bb][ba_flipbox front_media_type=\u00bbimage\u00bb front_img=\u00bbhttps:\/\/congresso15.cmm.pt\/wp-content\/uploads\/2025\/04\/A132F664445253A5C250B621ECDB7548.jpg\u00bb front_title=\u00bbDulce Rodriges\u00bb front_description=\u00bbUniversidad de Coimbra\u00bb back_media_type=\u00bbnone\u00bb back_title=\u00bbProfesora Asociada\u00bb back_description=\u00bbDEM \u2013 Universidad de Coimbra\u00bb main_height=\u00bb265px\u00bb front_padding=\u00bb0px|0px|0px|0px\u00bb front_ct_padding=\u00bb0px|3px|0px|3px|false|false\u00bb back_padding=\u00bb0px|0px|0px|0px\u00bb back_ct_padding=\u00bb0px|3px|0px|3px|false|false\u00bb front_img_height=\u00bb120px\u00bb front_img_width=\u00bb120px\u00bb back_img_height=\u00bb120px\u00bb back_img_width=\u00bb120px\u00bb back_bg_color=\u00bbgcid-11f9b122-e9c0-482b-a959-1714baa342ba\u00bb front_bg_color=\u00bb#ffffff\u00bb front_desc_spacing=\u00bb10px\u00bb back_desc_spacing=\u00bb10px\u00bb _builder_version=\u00bb4.27.4&#8243; _module_preset=\u00bbdefault\u00bb front_title_font_size=\u00bb1.5rem\u00bb front_title_line_height=\u00bb1.7em\u00bb front_description_font_size=\u00bb1rem\u00bb front_description_line_height=\u00bb1.7em\u00bb back_title_text_color=\u00bb#ffffff\u00bb back_title_font_size=\u00bb1.5rem\u00bb back_title_line_height=\u00bb1.7em\u00bb back_description_text_color=\u00bb#ffffff\u00bb back_description_font_size=\u00bb1rem\u00bb back_description_line_height=\u00bb1.7em\u00bb front_subtitle_line_height=\u00bb1.7em\u00bb back_subtitle_line_height=\u00bb1.7em\u00bb custom_padding=\u00bb|4px||4px|false|false\u00bb border_radii_card=\u00bbon|9px|9px|9px|9px\u00bb border_width_all_card=\u00bb1px\u00bb border_color_all_card=\u00bbgcid-11f9b122-e9c0-482b-a959-1714baa342ba\u00bb border_radii_front_media=\u00bbon|100px|100px|100px|100px\u00bb border_radii_back_media=\u00bbon|100px|100px|100px|100px\u00bb global_colors_info=\u00bb{%22gcid-11f9b122-e9c0-482b-a959-1714baa342ba%22:%91%22back_bg_color%22,%22border_color_all_card%22%93}\u00bb][\/ba_flipbox][\/et_pb_column][et_pb_column type=\u00bb1_4&#8243; _builder_version=\u00bb4.27.4&#8243; _module_preset=\u00bbdefault\u00bb global_colors_info=\u00bb{}\u00bb][ba_flipbox front_media_type=\u00bbimage\u00bb front_img=\u00bbhttps:\/\/congresso15.cmm.pt\/wp-content\/uploads\/2025\/04\/211263-e1745532891387.jpg\u00bb front_title=\u00bbElsa Caetano\u00bb front_description=\u00bbFEUP\u00bb back_media_type=\u00bbnone\u00bb back_title=\u00bbProfesor Titular\u00bb back_description=\u00bbFacultad de Ingenier\u00eda de la Universidad de Oporto\u00bb main_height=\u00bb265px\u00bb front_padding=\u00bb0px|0px|0px|0px\u00bb front_ct_padding=\u00bb0px|3px|0px|3px|false|false\u00bb back_padding=\u00bb0px|0px|0px|0px\u00bb back_ct_padding=\u00bb0px|3px|0px|3px|false|false\u00bb front_img_height=\u00bb120px\u00bb front_img_width=\u00bb120px\u00bb back_img_height=\u00bb120px\u00bb back_img_width=\u00bb120px\u00bb back_bg_color=\u00bbgcid-11f9b122-e9c0-482b-a959-1714baa342ba\u00bb front_bg_color=\u00bb#ffffff\u00bb front_desc_spacing=\u00bb10px\u00bb back_desc_spacing=\u00bb10px\u00bb _builder_version=\u00bb4.27.4&#8243; _module_preset=\u00bbdefault\u00bb front_title_font_size=\u00bb1.5rem\u00bb front_title_line_height=\u00bb1.7em\u00bb front_description_font_size=\u00bb1rem\u00bb front_description_line_height=\u00bb1.7em\u00bb back_title_text_color=\u00bb#ffffff\u00bb back_title_font_size=\u00bb1.5rem\u00bb back_title_line_height=\u00bb1.7em\u00bb back_description_text_color=\u00bb#ffffff\u00bb back_description_font_size=\u00bb1rem\u00bb back_description_line_height=\u00bb1.7em\u00bb front_subtitle_line_height=\u00bb1.7em\u00bb back_subtitle_line_height=\u00bb1.7em\u00bb custom_padding=\u00bb|4px||4px|false|false\u00bb border_radii_card=\u00bbon|9px|9px|9px|9px\u00bb border_width_all_card=\u00bb1px\u00bb border_color_all_card=\u00bbgcid-11f9b122-e9c0-482b-a959-1714baa342ba\u00bb border_radii_front_media=\u00bbon|100px|100px|100px|100px\u00bb border_radii_back_media=\u00bbon|100px|100px|100px|100px\u00bb global_colors_info=\u00bb{%22gcid-11f9b122-e9c0-482b-a959-1714baa342ba%22:%91%22back_bg_color%22,%22border_color_all_card%22%93}\u00bb][\/ba_flipbox][\/et_pb_column][et_pb_column type=\u00bb1_4&#8243; _builder_version=\u00bb4.27.4&#8243; _module_preset=\u00bbdefault\u00bb global_colors_info=\u00bb{}\u00bb][ba_flipbox front_media_type=\u00bbimage\u00bb front_img=\u00bbhttps:\/\/congresso15.cmm.pt\/wp-content\/uploads\/2025\/04\/Fljubinkovic-1.jpeg\u00bb front_title=\u00bbFilip Ljubinkovi\u0107\u00bb front_description=\u00bbUniversidad de Coimbra\u00bb back_media_type=\u00bbnone\u00bb back_title=\u00bbInvestigador\u00bb back_description=\u00bbDEC \u2013 Universidad de Coimbra\u00bb main_height=\u00bb265px\u00bb front_padding=\u00bb0px|0px|0px|0px\u00bb front_ct_padding=\u00bb0px|3px|0px|3px|false|false\u00bb back_padding=\u00bb0px|0px|0px|0px\u00bb back_ct_padding=\u00bb0px|3px|0px|3px|false|false\u00bb front_img_height=\u00bb120px\u00bb front_img_width=\u00bb120px\u00bb back_img_height=\u00bb120px\u00bb back_img_width=\u00bb120px\u00bb back_bg_color=\u00bbgcid-11f9b122-e9c0-482b-a959-1714baa342ba\u00bb front_bg_color=\u00bb#ffffff\u00bb front_desc_spacing=\u00bb10px\u00bb back_desc_spacing=\u00bb10px\u00bb _builder_version=\u00bb4.27.4&#8243; _module_preset=\u00bbdefault\u00bb front_title_font_size=\u00bb1.5rem\u00bb front_title_line_height=\u00bb1.7em\u00bb front_description_font_size=\u00bb1rem\u00bb front_description_line_height=\u00bb1.7em\u00bb back_title_text_color=\u00bb#ffffff\u00bb back_title_font_size=\u00bb1.5rem\u00bb back_title_line_height=\u00bb1.7em\u00bb back_description_text_color=\u00bb#ffffff\u00bb back_description_font_size=\u00bb1rem\u00bb back_description_line_height=\u00bb1.7em\u00bb front_subtitle_line_height=\u00bb1.7em\u00bb back_subtitle_line_height=\u00bb1.7em\u00bb custom_padding=\u00bb|4px||4px|false|false\u00bb border_radii_card=\u00bbon|9px|9px|9px|9px\u00bb border_width_all_card=\u00bb1px\u00bb border_color_all_card=\u00bbgcid-11f9b122-e9c0-482b-a959-1714baa342ba\u00bb border_radii_front_media=\u00bbon|100px|100px|100px|100px\u00bb border_radii_back_media=\u00bbon|100px|100px|100px|100px\u00bb global_colors_info=\u00bb{%22gcid-11f9b122-e9c0-482b-a959-1714baa342ba%22:%91%22back_bg_color%22,%22border_color_all_card%22%93}\u00bb][\/ba_flipbox][\/et_pb_column][\/et_pb_row][et_pb_row column_structure=\u00bb1_4,1_4,1_4,1_4&#8243; custom_padding_last_edited=\u00bbon|tablet\u00bb _builder_version=\u00bb4.27.4&#8243; _module_preset=\u00bbdefault\u00bb min_height=\u00bb257px\u00bb custom_margin=\u00bb30px|auto||auto||\u00bb custom_margin_tablet=\u00bb||-30px||false|false\u00bb custom_margin_phone=\u00bb||-30px||false|false\u00bb custom_margin_last_edited=\u00bbon|tablet\u00bb custom_padding_tablet=\u00bb||0px||false|false\u00bb custom_padding_phone=\u00bb||0px||false|false\u00bb locked=\u00bboff\u00bb global_colors_info=\u00bb{}\u00bb][et_pb_column type=\u00bb1_4&#8243; _builder_version=\u00bb4.27.4&#8243; _module_preset=\u00bbdefault\u00bb global_colors_info=\u00bb{}\u00bb][ba_flipbox front_media_type=\u00bbimage\u00bb front_img=\u00bbhttps:\/\/congresso15.cmm.pt\/wp-content\/uploads\/2025\/06\/transferir_2.jpg\u00bb front_title=\u00bbFilipe Amarante dos Santos\u00bb front_description=\u00bbUNL\u00bb back_media_type=\u00bbnone\u00bb back_title=\u00bbProfesor Aosiciado\u00bb back_description=\u00bbUniversidad Nueva de Lisboa\u00bb main_height=\u00bb265px\u00bb front_padding=\u00bb0px|0px|0px|0px\u00bb front_ct_padding=\u00bb0px|3px|0px|3px|false|false\u00bb back_padding=\u00bb0px|0px|0px|0px\u00bb back_ct_padding=\u00bb0px|3px|0px|3px|false|false\u00bb front_img_height=\u00bb120px\u00bb front_img_width=\u00bb120px\u00bb back_img_height=\u00bb120px\u00bb back_img_width=\u00bb120px\u00bb back_bg_color=\u00bbgcid-11f9b122-e9c0-482b-a959-1714baa342ba\u00bb front_bg_color=\u00bb#ffffff\u00bb front_desc_spacing=\u00bb10px\u00bb back_desc_spacing=\u00bb10px\u00bb _builder_version=\u00bb4.27.4&#8243; _module_preset=\u00bbdefault\u00bb front_title_font_size=\u00bb1.5rem\u00bb front_title_line_height=\u00bb1.7em\u00bb front_description_font_size=\u00bb1rem\u00bb front_description_line_height=\u00bb1.7em\u00bb back_title_text_color=\u00bb#ffffff\u00bb back_title_font_size=\u00bb1.5rem\u00bb back_title_line_height=\u00bb1.7em\u00bb back_description_text_color=\u00bb#ffffff\u00bb back_description_font_size=\u00bb1rem\u00bb back_description_line_height=\u00bb1.7em\u00bb front_subtitle_line_height=\u00bb1.7em\u00bb back_subtitle_line_height=\u00bb1.7em\u00bb custom_padding=\u00bb|4px||4px|false|false\u00bb border_radii_card=\u00bbon|9px|9px|9px|9px\u00bb border_width_all_card=\u00bb1px\u00bb border_color_all_card=\u00bbgcid-11f9b122-e9c0-482b-a959-1714baa342ba\u00bb border_radii_front_media=\u00bbon|100px|100px|100px|100px\u00bb border_radii_back_media=\u00bbon|100px|100px|100px|100px\u00bb locked=\u00bboff\u00bb global_colors_info=\u00bb{%22gcid-11f9b122-e9c0-482b-a959-1714baa342ba%22:%91%22back_bg_color%22,%22border_color_all_card%22%93}\u00bb][\/ba_flipbox][\/et_pb_column][et_pb_column type=\u00bb1_4&#8243; _builder_version=\u00bb4.27.4&#8243; _module_preset=\u00bbdefault\u00bb global_colors_info=\u00bb{}\u00bb][ba_flipbox front_media_type=\u00bbimage\u00bb front_img=\u00bbhttps:\/\/congresso15.cmm.pt\/wp-content\/uploads\/2025\/04\/1635155836498.jpeg\u00bb front_title=\u00bbFilipe Santos\u00bb front_description=\u00bbVESAM Group\u00bb back_media_type=\u00bbnone\u00bb back_title=\u00bbCEO\u00bb back_description=\u00bbVESAM Group\u00bb main_height=\u00bb265px\u00bb front_padding=\u00bb0px|0px|0px|0px\u00bb front_ct_padding=\u00bb0px|3px|0px|3px|false|false\u00bb back_padding=\u00bb0px|0px|0px|0px\u00bb back_ct_padding=\u00bb0px|3px|0px|3px|false|false\u00bb front_img_height=\u00bb120px\u00bb front_img_width=\u00bb120px\u00bb back_img_height=\u00bb120px\u00bb back_img_width=\u00bb120px\u00bb back_bg_color=\u00bbgcid-11f9b122-e9c0-482b-a959-1714baa342ba\u00bb front_bg_color=\u00bb#ffffff\u00bb front_desc_spacing=\u00bb10px\u00bb back_desc_spacing=\u00bb10px\u00bb _builder_version=\u00bb4.27.4&#8243; _module_preset=\u00bbdefault\u00bb front_title_font_size=\u00bb1.5rem\u00bb front_title_line_height=\u00bb1.7em\u00bb front_description_font_size=\u00bb1rem\u00bb front_description_line_height=\u00bb1.7em\u00bb back_title_text_color=\u00bb#ffffff\u00bb back_title_font_size=\u00bb1.5rem\u00bb back_title_line_height=\u00bb1.7em\u00bb back_description_text_color=\u00bb#ffffff\u00bb back_description_font_size=\u00bb1rem\u00bb back_description_line_height=\u00bb1.7em\u00bb front_subtitle_line_height=\u00bb1.7em\u00bb back_subtitle_line_height=\u00bb1.7em\u00bb custom_padding=\u00bb|4px||4px|false|false\u00bb border_radii_card=\u00bbon|9px|9px|9px|9px\u00bb border_width_all_card=\u00bb1px\u00bb border_color_all_card=\u00bbgcid-11f9b122-e9c0-482b-a959-1714baa342ba\u00bb border_radii_front_media=\u00bbon|100px|100px|100px|100px\u00bb border_radii_back_media=\u00bbon|100px|100px|100px|100px\u00bb global_colors_info=\u00bb{%22gcid-11f9b122-e9c0-482b-a959-1714baa342ba%22:%91%22back_bg_color%22,%22border_color_all_card%22%93}\u00bb][\/ba_flipbox][\/et_pb_column][et_pb_column type=\u00bb1_4&#8243; _builder_version=\u00bb4.27.4&#8243; _module_preset=\u00bbdefault\u00bb global_colors_info=\u00bb{}\u00bb][ba_flipbox front_media_type=\u00bbimage\u00bb front_img=\u00bbhttps:\/\/congresso15.cmm.pt\/wp-content\/uploads\/2025\/04\/iStock-826819876-Converted-03.png\u00bb front_title=\u00bbFrancisco Virtuoso\u00bb front_description=\u00bbIST\u00bb back_media_type=\u00bbnone\u00bb back_title=\u00bbProfesor Asociado\u00bb back_description=\u00bbInstituto Superior T\u00e9cnico\u00bb main_height=\u00bb265px\u00bb front_padding=\u00bb0px|0px|0px|0px\u00bb front_ct_padding=\u00bb0px|3px|0px|3px|false|false\u00bb back_padding=\u00bb0px|0px|0px|0px\u00bb back_ct_padding=\u00bb0px|3px|0px|3px|false|false\u00bb front_img_height=\u00bb120px\u00bb front_img_width=\u00bb120px\u00bb back_img_height=\u00bb120px\u00bb back_img_width=\u00bb120px\u00bb back_bg_color=\u00bbgcid-11f9b122-e9c0-482b-a959-1714baa342ba\u00bb front_bg_color=\u00bb#ffffff\u00bb front_desc_spacing=\u00bb10px\u00bb back_desc_spacing=\u00bb10px\u00bb _builder_version=\u00bb4.27.4&#8243; _module_preset=\u00bbdefault\u00bb front_title_font_size=\u00bb1.5rem\u00bb front_title_line_height=\u00bb1.7em\u00bb front_description_font_size=\u00bb1rem\u00bb front_description_line_height=\u00bb1.7em\u00bb back_title_text_color=\u00bb#ffffff\u00bb back_title_font_size=\u00bb1.5rem\u00bb back_title_line_height=\u00bb1.7em\u00bb back_description_text_color=\u00bb#ffffff\u00bb back_description_font_size=\u00bb1rem\u00bb back_description_line_height=\u00bb1.7em\u00bb front_subtitle_line_height=\u00bb1.7em\u00bb back_subtitle_line_height=\u00bb1.7em\u00bb custom_padding=\u00bb|4px||4px|false|false\u00bb border_radii_card=\u00bbon|9px|9px|9px|9px\u00bb border_width_all_card=\u00bb1px\u00bb border_color_all_card=\u00bbgcid-11f9b122-e9c0-482b-a959-1714baa342ba\u00bb border_radii_front_media=\u00bbon|100px|100px|100px|100px\u00bb border_radii_back_media=\u00bbon|100px|100px|100px|100px\u00bb global_colors_info=\u00bb{%22gcid-11f9b122-e9c0-482b-a959-1714baa342ba%22:%91%22back_bg_color%22,%22border_color_all_card%22%93}\u00bb][\/ba_flipbox][\/et_pb_column][et_pb_column type=\u00bb1_4&#8243; _builder_version=\u00bb4.27.4&#8243; _module_preset=\u00bbdefault\u00bb global_colors_info=\u00bb{}\u00bb][ba_flipbox front_media_type=\u00bbimage\u00bb front_img=\u00bbhttps:\/\/congresso15.cmm.pt\/wp-content\/uploads\/2025\/06\/Helder_Craveiro2.png\u00bb front_title=\u00bbH\u00e9lder Craveiro\u00bb front_description=\u00bbUniversidad de Coimbra\u00bb back_media_type=\u00bbnone\u00bb back_title=\u00bbInvestigador\u00bb back_description=\u00bbDEC \u2013 Universidad de Coimbra\u00bb main_height=\u00bb265px\u00bb front_padding=\u00bb0px|0px|0px|0px\u00bb front_ct_padding=\u00bb0px|3px|0px|3px|false|false\u00bb back_padding=\u00bb0px|0px|0px|0px\u00bb back_ct_padding=\u00bb0px|3px|0px|3px|false|false\u00bb front_img_height=\u00bb120px\u00bb front_img_width=\u00bb120px\u00bb back_img_height=\u00bb120px\u00bb back_img_width=\u00bb120px\u00bb back_bg_color=\u00bbgcid-11f9b122-e9c0-482b-a959-1714baa342ba\u00bb front_bg_color=\u00bb#ffffff\u00bb front_desc_spacing=\u00bb10px\u00bb back_desc_spacing=\u00bb10px\u00bb _builder_version=\u00bb4.27.4&#8243; _module_preset=\u00bbdefault\u00bb front_title_font_size=\u00bb1.5rem\u00bb front_title_line_height=\u00bb1.7em\u00bb front_description_font_size=\u00bb1rem\u00bb front_description_line_height=\u00bb1.7em\u00bb back_title_text_color=\u00bb#ffffff\u00bb back_title_font_size=\u00bb1.5rem\u00bb back_title_line_height=\u00bb1.7em\u00bb back_description_text_color=\u00bb#ffffff\u00bb back_description_font_size=\u00bb1rem\u00bb back_description_line_height=\u00bb1.7em\u00bb front_subtitle_line_height=\u00bb1.7em\u00bb back_subtitle_line_height=\u00bb1.7em\u00bb custom_padding=\u00bb|4px||4px|false|false\u00bb border_radii_card=\u00bbon|9px|9px|9px|9px\u00bb border_width_all_card=\u00bb1px\u00bb border_color_all_card=\u00bbgcid-11f9b122-e9c0-482b-a959-1714baa342ba\u00bb border_radii_front_media=\u00bbon|100px|100px|100px|100px\u00bb border_radii_back_media=\u00bbon|100px|100px|100px|100px\u00bb locked=\u00bboff\u00bb global_colors_info=\u00bb{%22gcid-11f9b122-e9c0-482b-a959-1714baa342ba%22:%91%22back_bg_color%22,%22border_color_all_card%22%93}\u00bb][\/ba_flipbox][\/et_pb_column][\/et_pb_row][et_pb_row column_structure=\u00bb1_4,1_4,1_4,1_4&#8243; custom_padding_last_edited=\u00bbon|tablet\u00bb _builder_version=\u00bb4.27.4&#8243; _module_preset=\u00bbdefault\u00bb min_height=\u00bb257px\u00bb custom_margin=\u00bb30px|auto||auto||\u00bb custom_margin_tablet=\u00bb||-30px||false|false\u00bb custom_margin_phone=\u00bb||-30px||false|false\u00bb custom_margin_last_edited=\u00bbon|tablet\u00bb custom_padding_tablet=\u00bb||0px||false|false\u00bb custom_padding_phone=\u00bb||0px||false|false\u00bb locked=\u00bboff\u00bb global_colors_info=\u00bb{}\u00bb][et_pb_column type=\u00bb1_4&#8243; _builder_version=\u00bb4.27.4&#8243; _module_preset=\u00bbdefault\u00bb global_colors_info=\u00bb{}\u00bb][ba_flipbox front_media_type=\u00bbimage\u00bb front_img=\u00bbhttps:\/\/congresso15.cmm.pt\/wp-content\/uploads\/2025\/04\/1683482654071.jpeg\u00bb front_title=\u00bbHelena Gerv\u00e1sio\u00bb front_description=\u00bbUniversidad de Coimbra\u00bb back_media_type=\u00bbnone\u00bb back_title=\u00bbProfesora Asociada\u00bb back_description=\u00bbDEC \u2013 Universidad de Coimbra\u00bb main_height=\u00bb265px\u00bb front_padding=\u00bb0px|0px|0px|0px\u00bb front_ct_padding=\u00bb0px|3px|0px|3px|false|false\u00bb back_padding=\u00bb0px|0px|0px|0px\u00bb back_ct_padding=\u00bb0px|3px|0px|3px|false|false\u00bb front_img_height=\u00bb120px\u00bb front_img_width=\u00bb120px\u00bb back_img_height=\u00bb120px\u00bb back_img_width=\u00bb120px\u00bb back_bg_color=\u00bbgcid-11f9b122-e9c0-482b-a959-1714baa342ba\u00bb front_bg_color=\u00bb#ffffff\u00bb front_desc_spacing=\u00bb10px\u00bb back_desc_spacing=\u00bb10px\u00bb _builder_version=\u00bb4.27.4&#8243; _module_preset=\u00bbdefault\u00bb front_title_font_size=\u00bb1.5rem\u00bb front_title_line_height=\u00bb1.7em\u00bb front_description_font_size=\u00bb1rem\u00bb front_description_line_height=\u00bb1.7em\u00bb back_title_text_color=\u00bb#ffffff\u00bb back_title_font_size=\u00bb1.5rem\u00bb back_title_line_height=\u00bb1.7em\u00bb back_description_text_color=\u00bb#ffffff\u00bb back_description_font_size=\u00bb1rem\u00bb back_description_line_height=\u00bb1.7em\u00bb front_subtitle_line_height=\u00bb1.7em\u00bb back_subtitle_line_height=\u00bb1.7em\u00bb custom_padding=\u00bb|4px||4px|false|false\u00bb border_radii_card=\u00bbon|9px|9px|9px|9px\u00bb border_width_all_card=\u00bb1px\u00bb border_color_all_card=\u00bbgcid-11f9b122-e9c0-482b-a959-1714baa342ba\u00bb border_radii_front_media=\u00bbon|100px|100px|100px|100px\u00bb border_radii_back_media=\u00bbon|100px|100px|100px|100px\u00bb global_colors_info=\u00bb{%22gcid-11f9b122-e9c0-482b-a959-1714baa342ba%22:%91%22back_bg_color%22,%22border_color_all_card%22%93}\u00bb][\/ba_flipbox][\/et_pb_column][et_pb_column type=\u00bb1_4&#8243; _builder_version=\u00bb4.27.4&#8243; _module_preset=\u00bbdefault\u00bb global_colors_info=\u00bb{}\u00bb][ba_flipbox front_media_type=\u00bbimage\u00bb front_img=\u00bbhttps:\/\/congresso15.cmm.pt\/wp-content\/uploads\/2025\/04\/IC_Humberto_Varum.jpg\u00bb front_title=\u00bbHumberto Varum\u00bb front_description=\u00bbFEUP\u00bb back_media_type=\u00bbnone\u00bb back_title=\u00bbProfesor Titular\u00bb back_description=\u00bbFacultad de Ingenier\u00eda de la Universidad de Oporto\u00bb main_height=\u00bb265px\u00bb front_padding=\u00bb0px|0px|0px|0px\u00bb front_ct_padding=\u00bb0px|3px|0px|3px|false|false\u00bb back_padding=\u00bb0px|0px|0px|0px\u00bb back_ct_padding=\u00bb0px|3px|0px|3px|false|false\u00bb front_img_height=\u00bb120px\u00bb front_img_width=\u00bb120px\u00bb back_img_height=\u00bb120px\u00bb back_img_width=\u00bb120px\u00bb back_bg_color=\u00bbgcid-11f9b122-e9c0-482b-a959-1714baa342ba\u00bb front_bg_color=\u00bb#ffffff\u00bb front_desc_spacing=\u00bb10px\u00bb back_desc_spacing=\u00bb10px\u00bb _builder_version=\u00bb4.27.4&#8243; _module_preset=\u00bbdefault\u00bb front_title_font_size=\u00bb1.5rem\u00bb front_title_line_height=\u00bb1.7em\u00bb front_description_font_size=\u00bb1rem\u00bb front_description_line_height=\u00bb1.7em\u00bb back_title_text_color=\u00bb#ffffff\u00bb back_title_font_size=\u00bb1.5rem\u00bb back_title_line_height=\u00bb1.7em\u00bb back_description_text_color=\u00bb#ffffff\u00bb back_description_font_size=\u00bb1rem\u00bb back_description_line_height=\u00bb1.7em\u00bb front_subtitle_line_height=\u00bb1.7em\u00bb back_subtitle_line_height=\u00bb1.7em\u00bb custom_padding=\u00bb|4px||4px|false|false\u00bb border_radii_card=\u00bbon|9px|9px|9px|9px\u00bb border_width_all_card=\u00bb1px\u00bb border_color_all_card=\u00bbgcid-11f9b122-e9c0-482b-a959-1714baa342ba\u00bb border_radii_front_media=\u00bbon|100px|100px|100px|100px\u00bb border_radii_back_media=\u00bbon|100px|100px|100px|100px\u00bb global_colors_info=\u00bb{%22gcid-11f9b122-e9c0-482b-a959-1714baa342ba%22:%91%22back_bg_color%22,%22border_color_all_card%22%93}\u00bb][\/ba_flipbox][\/et_pb_column][et_pb_column type=\u00bb1_4&#8243; _builder_version=\u00bb4.27.4&#8243; _module_preset=\u00bbdefault\u00bb global_colors_info=\u00bb{}\u00bb][ba_flipbox front_media_type=\u00bbimage\u00bb front_img=\u00bbhttps:\/\/congresso15.cmm.pt\/wp-content\/uploads\/2025\/04\/Isabel-Valente.jpg\u00bb front_title=\u00bbIsabel Valente\u00bb front_description=\u00bbUniversidad de Mi\u00f1o\u00bb back_media_type=\u00bbnone\u00bb back_title=\u00bbProfesor Asistente\u00bb back_description=\u00bbUniversidad de Mi\u00f1o\u00bb main_height=\u00bb265px\u00bb front_padding=\u00bb0px|0px|0px|0px\u00bb front_ct_padding=\u00bb0px|3px|0px|3px|false|false\u00bb back_padding=\u00bb0px|0px|0px|0px\u00bb back_ct_padding=\u00bb0px|3px|0px|3px|false|false\u00bb front_img_height=\u00bb120px\u00bb front_img_width=\u00bb120px\u00bb back_img_height=\u00bb120px\u00bb back_img_width=\u00bb120px\u00bb back_bg_color=\u00bbgcid-11f9b122-e9c0-482b-a959-1714baa342ba\u00bb front_bg_color=\u00bb#ffffff\u00bb front_desc_spacing=\u00bb10px\u00bb back_desc_spacing=\u00bb10px\u00bb _builder_version=\u00bb4.27.4&#8243; _module_preset=\u00bbdefault\u00bb front_title_font_size=\u00bb1.5rem\u00bb front_title_line_height=\u00bb1.7em\u00bb front_description_font_size=\u00bb1rem\u00bb front_description_line_height=\u00bb1.7em\u00bb back_title_text_color=\u00bb#ffffff\u00bb back_title_font_size=\u00bb1.5rem\u00bb back_title_line_height=\u00bb1.7em\u00bb back_description_text_color=\u00bb#ffffff\u00bb back_description_font_size=\u00bb1rem\u00bb back_description_line_height=\u00bb1.7em\u00bb front_subtitle_line_height=\u00bb1.7em\u00bb back_subtitle_line_height=\u00bb1.7em\u00bb custom_padding=\u00bb|4px||4px|false|false\u00bb border_radii_card=\u00bbon|9px|9px|9px|9px\u00bb border_width_all_card=\u00bb1px\u00bb border_color_all_card=\u00bbgcid-11f9b122-e9c0-482b-a959-1714baa342ba\u00bb border_radii_front_media=\u00bbon|100px|100px|100px|100px\u00bb border_radii_back_media=\u00bbon|100px|100px|100px|100px\u00bb global_colors_info=\u00bb{%22gcid-11f9b122-e9c0-482b-a959-1714baa342ba%22:%91%22back_bg_color%22,%22border_color_all_card%22%93}\u00bb][\/ba_flipbox][\/et_pb_column][et_pb_column type=\u00bb1_4&#8243; _builder_version=\u00bb4.27.4&#8243; _module_preset=\u00bbdefault\u00bb global_colors_info=\u00bb{}\u00bb][ba_flipbox front_media_type=\u00bbimage\u00bb front_img=\u00bbhttps:\/\/congresso15.cmm.pt\/wp-content\/uploads\/2025\/04\/JavierGracia.png\u00bb front_title=\u00bbJavier Gracia\u00bb front_description=\u00bbUNIOVI\u00bb back_media_type=\u00bbnone\u00bb back_title=\u00bbProfesor Titular\u00bb back_description=\u00bbUniversidad de Oviedo\u00bb main_height=\u00bb265px\u00bb front_padding=\u00bb0px|0px|0px|0px\u00bb front_ct_padding=\u00bb0px|3px|0px|3px|false|false\u00bb back_padding=\u00bb0px|0px|0px|0px\u00bb back_ct_padding=\u00bb0px|3px|0px|3px|false|false\u00bb front_img_height=\u00bb120px\u00bb front_img_width=\u00bb120px\u00bb back_img_height=\u00bb120px\u00bb back_img_width=\u00bb120px\u00bb back_bg_color=\u00bbgcid-11f9b122-e9c0-482b-a959-1714baa342ba\u00bb front_bg_color=\u00bb#ffffff\u00bb front_desc_spacing=\u00bb10px\u00bb back_desc_spacing=\u00bb10px\u00bb _builder_version=\u00bb4.27.4&#8243; _module_preset=\u00bbdefault\u00bb front_title_font_size=\u00bb1.5rem\u00bb front_title_line_height=\u00bb1.8em\u00bb front_description_font_size=\u00bb1rem\u00bb front_description_line_height=\u00bb1.7em\u00bb back_title_text_color=\u00bb#ffffff\u00bb back_title_font_size=\u00bb1.5rem\u00bb back_title_line_height=\u00bb1.7em\u00bb back_description_text_color=\u00bb#ffffff\u00bb back_description_font_size=\u00bb1rem\u00bb back_description_line_height=\u00bb1.7em\u00bb front_subtitle_line_height=\u00bb1.7em\u00bb back_subtitle_line_height=\u00bb1.7em\u00bb custom_padding=\u00bb|4px||4px|false|false\u00bb border_radii_card=\u00bbon|9px|9px|9px|9px\u00bb border_width_all_card=\u00bb1px\u00bb border_color_all_card=\u00bbgcid-11f9b122-e9c0-482b-a959-1714baa342ba\u00bb border_radii_front_media=\u00bbon|100px|100px|100px|100px\u00bb border_radii_back_media=\u00bbon|100px|100px|100px|100px\u00bb global_colors_info=\u00bb{%22gcid-11f9b122-e9c0-482b-a959-1714baa342ba%22:%91%22back_bg_color%22,%22border_color_all_card%22%93}\u00bb][\/ba_flipbox][\/et_pb_column][\/et_pb_row][et_pb_row column_structure=\u00bb1_4,1_4,1_4,1_4&#8243; custom_padding_last_edited=\u00bbon|tablet\u00bb _builder_version=\u00bb4.27.4&#8243; _module_preset=\u00bbdefault\u00bb min_height=\u00bb257px\u00bb custom_margin=\u00bb30px|auto||auto||\u00bb custom_margin_tablet=\u00bb||-30px||false|false\u00bb custom_margin_phone=\u00bb||-30px||false|false\u00bb custom_margin_last_edited=\u00bbon|tablet\u00bb custom_padding_tablet=\u00bb||0px||false|false\u00bb custom_padding_phone=\u00bb||0px||false|false\u00bb locked=\u00bboff\u00bb global_colors_info=\u00bb{}\u00bb][et_pb_column type=\u00bb1_4&#8243; _builder_version=\u00bb4.27.4&#8243; _module_preset=\u00bbdefault\u00bb global_colors_info=\u00bb{}\u00bb][ba_flipbox front_media_type=\u00bbimage\u00bb front_img=\u00bbhttps:\/\/congresso15.cmm.pt\/wp-content\/uploads\/2025\/04\/AlmeidaFernandes.png\u00bb front_title=\u00bbJo\u00e3o Almeida Fernandes\u00bb front_description=\u00bbLNEC\u00bb back_media_type=\u00bbnone\u00bb back_title=\u00bbIngeniero\u00bb back_description=\u00bbLaboratorio Nacional de Ingenier\u00eda Civil\u00bb main_height=\u00bb265px\u00bb front_padding=\u00bb0px|0px|0px|0px\u00bb front_ct_padding=\u00bb0px|3px|0px|3px|false|false\u00bb back_padding=\u00bb0px|0px|0px|0px\u00bb back_ct_padding=\u00bb0px|3px|0px|3px|false|false\u00bb front_img_height=\u00bb120px\u00bb front_img_width=\u00bb120px\u00bb back_img_height=\u00bb120px\u00bb back_img_width=\u00bb120px\u00bb back_bg_color=\u00bbgcid-11f9b122-e9c0-482b-a959-1714baa342ba\u00bb front_bg_color=\u00bb#ffffff\u00bb front_desc_spacing=\u00bb10px\u00bb back_desc_spacing=\u00bb10px\u00bb _builder_version=\u00bb4.27.4&#8243; _module_preset=\u00bbdefault\u00bb front_title_font_size=\u00bb1.5rem\u00bb front_title_line_height=\u00bb1.7em\u00bb front_description_font_size=\u00bb1rem\u00bb front_description_line_height=\u00bb1.7em\u00bb back_title_text_color=\u00bb#ffffff\u00bb back_title_font_size=\u00bb1.5rem\u00bb back_title_line_height=\u00bb1.7em\u00bb back_description_text_color=\u00bb#ffffff\u00bb back_description_font_size=\u00bb1rem\u00bb back_description_line_height=\u00bb1.7em\u00bb front_subtitle_line_height=\u00bb1.7em\u00bb back_subtitle_line_height=\u00bb1.7em\u00bb custom_padding=\u00bb|4px||4px|false|false\u00bb border_radii_card=\u00bbon|9px|9px|9px|9px\u00bb border_width_all_card=\u00bb1px\u00bb border_color_all_card=\u00bbgcid-11f9b122-e9c0-482b-a959-1714baa342ba\u00bb border_radii_front_media=\u00bbon|100px|100px|100px|100px\u00bb border_radii_back_media=\u00bbon|100px|100px|100px|100px\u00bb global_colors_info=\u00bb{%22gcid-11f9b122-e9c0-482b-a959-1714baa342ba%22:%91%22back_bg_color%22,%22border_color_all_card%22%93}\u00bb][\/ba_flipbox][\/et_pb_column][et_pb_column type=\u00bb1_4&#8243; _builder_version=\u00bb4.27.4&#8243; _module_preset=\u00bbdefault\u00bb global_colors_info=\u00bb{}\u00bb][ba_flipbox front_media_type=\u00bbimage\u00bb front_img=\u00bbhttps:\/\/congresso15.cmm.pt\/wp-content\/uploads\/2025\/04\/hr-uc42174.jpeg\u00bb front_title=\u00bbJo\u00e3o Pedro Martins\u00bb front_description=\u00bbUniversidad de Coimbra\u00bb back_media_type=\u00bbnone\u00bb back_title=\u00bbProfesor Asistente\u00bb back_description=\u00bbDEC \u2013 Universidad de Coimbra\u00bb main_height=\u00bb265px\u00bb front_padding=\u00bb0px|0px|0px|0px\u00bb front_ct_padding=\u00bb0px|3px|0px|3px|false|false\u00bb back_padding=\u00bb0px|0px|0px|0px\u00bb back_ct_padding=\u00bb0px|3px|0px|3px|false|false\u00bb front_img_height=\u00bb120px\u00bb front_img_width=\u00bb120px\u00bb back_img_height=\u00bb120px\u00bb back_img_width=\u00bb120px\u00bb back_bg_color=\u00bbgcid-11f9b122-e9c0-482b-a959-1714baa342ba\u00bb front_bg_color=\u00bb#ffffff\u00bb front_desc_spacing=\u00bb10px\u00bb back_desc_spacing=\u00bb10px\u00bb _builder_version=\u00bb4.27.4&#8243; _module_preset=\u00bbdefault\u00bb front_title_font_size=\u00bb1.5rem\u00bb front_title_line_height=\u00bb1.7em\u00bb front_description_font_size=\u00bb1rem\u00bb front_description_line_height=\u00bb1.7em\u00bb back_title_text_color=\u00bb#ffffff\u00bb back_title_font_size=\u00bb1.5rem\u00bb back_title_line_height=\u00bb1.7em\u00bb back_description_text_color=\u00bb#ffffff\u00bb back_description_font_size=\u00bb1rem\u00bb back_description_line_height=\u00bb1.7em\u00bb front_subtitle_line_height=\u00bb1.7em\u00bb back_subtitle_line_height=\u00bb1.7em\u00bb custom_padding=\u00bb|4px||4px|false|false\u00bb border_radii_card=\u00bbon|9px|9px|9px|9px\u00bb border_width_all_card=\u00bb1px\u00bb border_color_all_card=\u00bbgcid-11f9b122-e9c0-482b-a959-1714baa342ba\u00bb border_radii_front_media=\u00bbon|100px|100px|100px|100px\u00bb border_radii_back_media=\u00bbon|100px|100px|100px|100px\u00bb global_colors_info=\u00bb{%22gcid-11f9b122-e9c0-482b-a959-1714baa342ba%22:%91%22back_bg_color%22,%22border_color_all_card%22%93}\u00bb][\/ba_flipbox][\/et_pb_column][et_pb_column type=\u00bb1_4&#8243; _builder_version=\u00bb4.27.4&#8243; _module_preset=\u00bbdefault\u00bb global_colors_info=\u00bb{}\u00bb][ba_flipbox front_media_type=\u00bbimage\u00bb front_img=\u00bbhttps:\/\/congresso15.cmm.pt\/wp-content\/uploads\/2025\/04\/JPFONSECA.jpg\u00bb front_title=\u00bbJo\u00e3o Pires da Fonseca\u00bb front_description=\u00bbUBI\u00bb back_media_type=\u00bbnone\u00bb back_title=\u00bbProfesor Asociado\u00bb back_description=\u00bbUniversidad de Beira Interior\u00bb main_height=\u00bb265px\u00bb front_padding=\u00bb0px|0px|0px|0px\u00bb front_ct_padding=\u00bb0px|3px|0px|3px|false|false\u00bb back_padding=\u00bb0px|0px|0px|0px\u00bb back_ct_padding=\u00bb0px|3px|0px|3px|false|false\u00bb front_img_height=\u00bb120px\u00bb front_img_width=\u00bb120px\u00bb back_img_height=\u00bb120px\u00bb back_img_width=\u00bb120px\u00bb back_bg_color=\u00bbgcid-11f9b122-e9c0-482b-a959-1714baa342ba\u00bb front_bg_color=\u00bb#ffffff\u00bb front_desc_spacing=\u00bb10px\u00bb back_desc_spacing=\u00bb10px\u00bb _builder_version=\u00bb4.27.4&#8243; _module_preset=\u00bbdefault\u00bb front_title_font_size=\u00bb1.5rem\u00bb front_title_line_height=\u00bb1.7em\u00bb front_description_font_size=\u00bb1rem\u00bb front_description_line_height=\u00bb1.7em\u00bb back_title_text_color=\u00bb#ffffff\u00bb back_title_font_size=\u00bb1.5rem\u00bb back_title_line_height=\u00bb1.7em\u00bb back_description_text_color=\u00bb#ffffff\u00bb back_description_font_size=\u00bb1rem\u00bb back_description_line_height=\u00bb1.7em\u00bb front_subtitle_line_height=\u00bb1.7em\u00bb back_subtitle_line_height=\u00bb1.7em\u00bb custom_padding=\u00bb|4px||4px|false|false\u00bb border_radii_card=\u00bbon|9px|9px|9px|9px\u00bb border_width_all_card=\u00bb1px\u00bb border_color_all_card=\u00bbgcid-11f9b122-e9c0-482b-a959-1714baa342ba\u00bb border_radii_front_media=\u00bbon|100px|100px|100px|100px\u00bb border_radii_back_media=\u00bbon|100px|100px|100px|100px\u00bb global_colors_info=\u00bb{%22gcid-11f9b122-e9c0-482b-a959-1714baa342ba%22:%91%22back_bg_color%22,%22border_color_all_card%22%93}\u00bb][\/ba_flipbox][\/et_pb_column][et_pb_column type=\u00bb1_4&#8243; _builder_version=\u00bb4.27.4&#8243; _module_preset=\u00bbdefault\u00bb global_colors_info=\u00bb{}\u00bb][ba_flipbox front_media_type=\u00bbimage\u00bb front_img=\u00bbhttps:\/\/congresso15.cmm.pt\/wp-content\/uploads\/2025\/04\/img_8308-rotated.jpg\u00bb front_title=\u00bbJo\u00e3o Rocha de Almeida\u00bb front_description=\u00bbUniversidad Nueva de Lisboa\u00bb back_media_type=\u00bbnone\u00bb back_title=\u00bbProfesor Asociado\u00bb back_description=\u00bbUniversidad Nueva de Lisboa\u00bb main_height=\u00bb265px\u00bb front_padding=\u00bb0px|0px|0px|0px\u00bb front_ct_padding=\u00bb0px|3px|0px|3px|false|false\u00bb back_padding=\u00bb0px|0px|0px|0px\u00bb back_ct_padding=\u00bb0px|3px|0px|3px|false|false\u00bb front_img_height=\u00bb120px\u00bb front_img_width=\u00bb120px\u00bb back_img_height=\u00bb120px\u00bb back_img_width=\u00bb120px\u00bb back_bg_color=\u00bbgcid-11f9b122-e9c0-482b-a959-1714baa342ba\u00bb front_bg_color=\u00bb#ffffff\u00bb front_desc_spacing=\u00bb10px\u00bb back_desc_spacing=\u00bb10px\u00bb _builder_version=\u00bb4.27.4&#8243; _module_preset=\u00bbdefault\u00bb front_title_font_size=\u00bb1.5rem\u00bb front_title_line_height=\u00bb1.7em\u00bb front_description_font_size=\u00bb1rem\u00bb front_description_line_height=\u00bb1.7em\u00bb back_title_text_color=\u00bb#ffffff\u00bb back_title_font_size=\u00bb1.5rem\u00bb back_title_line_height=\u00bb1.7em\u00bb back_description_text_color=\u00bb#ffffff\u00bb back_description_font_size=\u00bb1rem\u00bb back_description_line_height=\u00bb1.7em\u00bb front_subtitle_line_height=\u00bb1.7em\u00bb back_subtitle_line_height=\u00bb1.7em\u00bb custom_padding=\u00bb|4px||4px|false|false\u00bb border_radii_card=\u00bbon|9px|9px|9px|9px\u00bb border_width_all_card=\u00bb1px\u00bb border_color_all_card=\u00bbgcid-11f9b122-e9c0-482b-a959-1714baa342ba\u00bb border_radii_front_media=\u00bbon|100px|100px|100px|100px\u00bb border_radii_back_media=\u00bbon|100px|100px|100px|100px\u00bb global_colors_info=\u00bb{%22gcid-11f9b122-e9c0-482b-a959-1714baa342ba%22:%91%22back_bg_color%22,%22border_color_all_card%22%93}\u00bb][\/ba_flipbox][\/et_pb_column][\/et_pb_row][et_pb_row column_structure=\u00bb1_4,1_4,1_4,1_4&#8243; custom_padding_last_edited=\u00bbon|tablet\u00bb _builder_version=\u00bb4.27.4&#8243; _module_preset=\u00bbdefault\u00bb min_height=\u00bb257px\u00bb custom_margin=\u00bb30px|auto||auto||\u00bb custom_margin_tablet=\u00bb||-30px||false|false\u00bb custom_margin_phone=\u00bb||-30px||false|false\u00bb custom_margin_last_edited=\u00bbon|tablet\u00bb custom_padding_tablet=\u00bb||0px||false|false\u00bb custom_padding_phone=\u00bb||0px||false|false\u00bb locked=\u00bboff\u00bb global_colors_info=\u00bb{}\u00bb][et_pb_column type=\u00bb1_4&#8243; _builder_version=\u00bb4.27.4&#8243; _module_preset=\u00bbdefault\u00bb global_colors_info=\u00bb{}\u00bb][ba_flipbox front_media_type=\u00bbimage\u00bb front_img=\u00bbhttps:\/\/congresso15.cmm.pt\/wp-content\/uploads\/2025\/04\/JorgeConde.png\u00bb front_title=\u00bbJorge Conde\u00bb front_description=\u00bbUniversidad Polit\u00e9cnica de Madrid\u00bb back_media_type=\u00bbnone\u00bb back_title=\u00bbProfesor\u00bb back_description=\u00bbUniversidad Polit\u00e9cnica de Madrid\u00bb main_height=\u00bb265px\u00bb front_padding=\u00bb0px|0px|0px|0px\u00bb front_ct_padding=\u00bb0px|3px|0px|3px|false|false\u00bb back_padding=\u00bb0px|0px|0px|0px\u00bb back_ct_padding=\u00bb0px|3px|0px|3px|false|false\u00bb front_img_height=\u00bb120px\u00bb front_img_width=\u00bb120px\u00bb back_img_height=\u00bb120px\u00bb back_img_width=\u00bb120px\u00bb back_bg_color=\u00bbgcid-11f9b122-e9c0-482b-a959-1714baa342ba\u00bb front_bg_color=\u00bb#ffffff\u00bb front_desc_spacing=\u00bb10px\u00bb back_desc_spacing=\u00bb10px\u00bb _builder_version=\u00bb4.27.4&#8243; _module_preset=\u00bbdefault\u00bb front_title_font_size=\u00bb1.5rem\u00bb front_title_line_height=\u00bb1.7em\u00bb front_description_font_size=\u00bb1rem\u00bb front_description_line_height=\u00bb1.7em\u00bb back_title_text_color=\u00bb#ffffff\u00bb back_title_font_size=\u00bb1.5rem\u00bb back_title_line_height=\u00bb1.7em\u00bb back_description_text_color=\u00bb#ffffff\u00bb back_description_font_size=\u00bb1rem\u00bb back_description_line_height=\u00bb1.7em\u00bb front_subtitle_line_height=\u00bb1.7em\u00bb back_subtitle_line_height=\u00bb1.7em\u00bb custom_padding=\u00bb|4px||4px|false|false\u00bb border_radii_card=\u00bbon|9px|9px|9px|9px\u00bb border_width_all_card=\u00bb1px\u00bb border_color_all_card=\u00bbgcid-11f9b122-e9c0-482b-a959-1714baa342ba\u00bb border_radii_front_media=\u00bbon|100px|100px|100px|100px\u00bb border_radii_back_media=\u00bbon|100px|100px|100px|100px\u00bb global_colors_info=\u00bb{%22gcid-11f9b122-e9c0-482b-a959-1714baa342ba%22:%91%22back_bg_color%22,%22border_color_all_card%22%93}\u00bb][\/ba_flipbox][\/et_pb_column][et_pb_column type=\u00bb1_4&#8243; _builder_version=\u00bb4.27.4&#8243; _module_preset=\u00bbdefault\u00bb global_colors_info=\u00bb{}\u00bb][ba_flipbox front_media_type=\u00bbimage\u00bb front_img=\u00bbhttps:\/\/congresso15.cmm.pt\/wp-content\/uploads\/2025\/04\/1516272484453.jpeg\u00bb front_title=\u00bbJorge Paiva  \u00bb front_description=\u00bbCIN\u00bb back_media_type=\u00bbnone\u00bb back_title=\u00bbJefe de Producto y Soporte de Ventas\u00bb back_description=\u00bbTintas CIN\u00bb main_height=\u00bb265px\u00bb front_padding=\u00bb0px|0px|0px|0px\u00bb front_ct_padding=\u00bb0px|3px|0px|3px|false|false\u00bb back_padding=\u00bb0px|3px|0px|3px|false|false\u00bb back_ct_padding=\u00bb0px|3px|0px|3px|false|false\u00bb front_img_height=\u00bb120px\u00bb front_img_width=\u00bb120px\u00bb back_img_height=\u00bb120px\u00bb back_img_width=\u00bb120px\u00bb back_bg_color=\u00bbgcid-11f9b122-e9c0-482b-a959-1714baa342ba\u00bb front_bg_color=\u00bb#ffffff\u00bb front_desc_spacing=\u00bb10px\u00bb back_desc_spacing=\u00bb10px\u00bb _builder_version=\u00bb4.27.4&#8243; _module_preset=\u00bbdefault\u00bb front_title_font_size=\u00bb1.5rem\u00bb front_title_line_height=\u00bb1.7em\u00bb front_description_font_size=\u00bb1rem\u00bb front_description_line_height=\u00bb1.7em\u00bb back_title_text_color=\u00bb#ffffff\u00bb back_title_font_size=\u00bb1.5rem\u00bb back_title_line_height=\u00bb1.7em\u00bb back_description_text_color=\u00bb#ffffff\u00bb back_description_font_size=\u00bb1rem\u00bb back_description_line_height=\u00bb1.7em\u00bb front_subtitle_line_height=\u00bb1.7em\u00bb back_subtitle_line_height=\u00bb1.7em\u00bb custom_padding=\u00bb|4px||4px|false|false\u00bb border_radii_card=\u00bbon|9px|9px|9px|9px\u00bb border_width_all_card=\u00bb1px\u00bb border_color_all_card=\u00bbgcid-11f9b122-e9c0-482b-a959-1714baa342ba\u00bb border_radii_front_media=\u00bbon|100px|100px|100px|100px\u00bb border_radii_back_media=\u00bbon|100px|100px|100px|100px\u00bb global_colors_info=\u00bb{%22gcid-11f9b122-e9c0-482b-a959-1714baa342ba%22:%91%22back_bg_color%22,%22border_color_all_card%22%93}\u00bb][\/ba_flipbox][\/et_pb_column][et_pb_column type=\u00bb1_4&#8243; _builder_version=\u00bb4.27.4&#8243; _module_preset=\u00bbdefault\u00bb global_colors_info=\u00bb{}\u00bb][ba_flipbox front_media_type=\u00bbimage\u00bb front_img=\u00bbhttps:\/\/congresso15.cmm.pt\/wp-content\/uploads\/2025\/04\/1627286848446.jpeg\u00bb front_title=\u00bbJos\u00e9 Ant\u00f3nio Correia\u00bb front_description=\u00bbINEGI\u00bb back_media_type=\u00bbnone\u00bb back_title=\u00bbProfesor Asistente\u00bb back_description=\u00bbInstituto de Ciencia e Innovaci\u00f3n en Ingenier\u00eda Mec\u00e1nica e Ingenier\u00eda Industrial\u00bb main_height=\u00bb265px\u00bb front_padding=\u00bb0px|3px|0px|3px|false|false\u00bb front_ct_padding=\u00bb0px|3px|0px|3px|false|false\u00bb back_padding=\u00bb0px|3px|0px|3px|false|false\u00bb back_ct_padding=\u00bb0px|3px|0px|3px|false|false\u00bb front_img_height=\u00bb120px\u00bb front_img_width=\u00bb120px\u00bb back_img_height=\u00bb120px\u00bb back_img_width=\u00bb120px\u00bb back_bg_color=\u00bbgcid-11f9b122-e9c0-482b-a959-1714baa342ba\u00bb front_bg_color=\u00bb#ffffff\u00bb front_desc_spacing=\u00bb10px\u00bb back_desc_spacing=\u00bb10px\u00bb _builder_version=\u00bb4.27.4&#8243; _module_preset=\u00bbdefault\u00bb front_title_font_size=\u00bb1.5rem\u00bb front_title_line_height=\u00bb1.7em\u00bb front_description_font_size=\u00bb1rem\u00bb front_description_line_height=\u00bb1.7em\u00bb back_title_text_color=\u00bb#ffffff\u00bb back_title_font_size=\u00bb1.5rem\u00bb back_title_line_height=\u00bb1.7em\u00bb back_description_text_color=\u00bb#ffffff\u00bb back_description_font_size=\u00bb1rem\u00bb back_description_line_height=\u00bb1.7em\u00bb front_subtitle_line_height=\u00bb1.7em\u00bb back_subtitle_line_height=\u00bb1.7em\u00bb custom_padding=\u00bb|4px||4px|false|false\u00bb border_radii_card=\u00bbon|9px|9px|9px|9px\u00bb border_width_all_card=\u00bb1px\u00bb border_color_all_card=\u00bbgcid-11f9b122-e9c0-482b-a959-1714baa342ba\u00bb border_radii_front_media=\u00bbon|100px|100px|100px|100px\u00bb border_radii_back_media=\u00bbon|100px|100px|100px|100px\u00bb global_colors_info=\u00bb{%22gcid-11f9b122-e9c0-482b-a959-1714baa342ba%22:%91%22back_bg_color%22,%22border_color_all_card%22%93}\u00bb][\/ba_flipbox][\/et_pb_column][et_pb_column type=\u00bb1_4&#8243; _builder_version=\u00bb4.27.4&#8243; _module_preset=\u00bbdefault\u00bb global_colors_info=\u00bb{}\u00bb][ba_flipbox front_media_type=\u00bbimage\u00bb front_img=\u00bbhttps:\/\/congresso15.cmm.pt\/wp-content\/uploads\/2025\/04\/JMC.png\u00bb front_title=\u00bbJos\u00e9 Miguel Castro\u00bb front_description=\u00bbFEUP\u00bb back_media_type=\u00bbnone\u00bb back_title=\u00bbProfesor Asociado\u00bb back_description=\u00bbFacultad de Ingenier\u00eda de la Universidad de Oporto\u00bb main_height=\u00bb265px\u00bb front_padding=\u00bb0px|3px|0px|3px|false|false\u00bb front_ct_padding=\u00bb0px|3px|0px|3px|false|false\u00bb back_padding=\u00bb0px|3px|0px|3px|false|false\u00bb back_ct_padding=\u00bb0px|3px|0px|3px|false|false\u00bb front_img_height=\u00bb120px\u00bb front_img_width=\u00bb120px\u00bb back_img_height=\u00bb120px\u00bb back_img_width=\u00bb120px\u00bb back_bg_color=\u00bbgcid-11f9b122-e9c0-482b-a959-1714baa342ba\u00bb front_bg_color=\u00bb#ffffff\u00bb front_desc_spacing=\u00bb10px\u00bb back_desc_spacing=\u00bb10px\u00bb _builder_version=\u00bb4.27.4&#8243; _module_preset=\u00bbdefault\u00bb front_title_font_size=\u00bb1.5rem\u00bb front_title_line_height=\u00bb1.7em\u00bb front_description_font_size=\u00bb1rem\u00bb front_description_line_height=\u00bb1.7em\u00bb back_title_text_color=\u00bb#ffffff\u00bb back_title_font_size=\u00bb1.5rem\u00bb back_title_line_height=\u00bb1.7em\u00bb back_description_text_color=\u00bb#ffffff\u00bb back_description_font_size=\u00bb1rem\u00bb back_description_line_height=\u00bb1.7em\u00bb front_subtitle_line_height=\u00bb1.7em\u00bb back_subtitle_line_height=\u00bb1.7em\u00bb custom_padding=\u00bb|4px||4px|false|false\u00bb border_radii_card=\u00bbon|9px|9px|9px|9px\u00bb border_width_all_card=\u00bb1px\u00bb border_color_all_card=\u00bbgcid-11f9b122-e9c0-482b-a959-1714baa342ba\u00bb border_radii_front_media=\u00bbon|100px|100px|100px|100px\u00bb border_radii_back_media=\u00bbon|100px|100px|100px|100px\u00bb global_colors_info=\u00bb{%22gcid-11f9b122-e9c0-482b-a959-1714baa342ba%22:%91%22back_bg_color%22,%22border_color_all_card%22%93}\u00bb][\/ba_flipbox][\/et_pb_column][\/et_pb_row][et_pb_row column_structure=\u00bb1_4,1_4,1_4,1_4&#8243; custom_padding_last_edited=\u00bbon|tablet\u00bb _builder_version=\u00bb4.27.4&#8243; _module_preset=\u00bbdefault\u00bb min_height=\u00bb257px\u00bb custom_margin=\u00bb30px|auto||auto||\u00bb custom_margin_tablet=\u00bb||-30px||false|false\u00bb custom_margin_phone=\u00bb||-30px||false|false\u00bb custom_margin_last_edited=\u00bbon|tablet\u00bb custom_padding_tablet=\u00bb||0px||false|false\u00bb custom_padding_phone=\u00bb||0px||false|false\u00bb locked=\u00bboff\u00bb global_colors_info=\u00bb{}\u00bb][et_pb_column type=\u00bb1_4&#8243; _builder_version=\u00bb4.27.4&#8243; _module_preset=\u00bbdefault\u00bb global_colors_info=\u00bb{}\u00bb][ba_flipbox front_media_type=\u00bbimage\u00bb front_img=\u00bbhttps:\/\/congresso15.cmm.pt\/wp-content\/uploads\/2025\/04\/ist12924-e1745536884232.png\u00bb front_title=\u00bbJos\u00e9 de Oliveira Pedro\u00bb front_description=\u00bbIST\u00bb back_media_type=\u00bbnone\u00bb back_title=\u00bbProfesor Asistente\u00bb back_description=\u00bbInstituto Superior T\u00e9cnico\u00bb main_height=\u00bb265px\u00bb front_padding=\u00bb0px|3px|0px|3px|false|false\u00bb front_ct_padding=\u00bb0px|3px|0px|3px|false|false\u00bb back_padding=\u00bb0px|3px|0px|3px|false|false\u00bb back_ct_padding=\u00bb0px|3px|0px|3px|false|false\u00bb front_img_height=\u00bb120px\u00bb front_img_width=\u00bb120px\u00bb back_img_height=\u00bb120px\u00bb back_img_width=\u00bb120px\u00bb back_bg_color=\u00bbgcid-11f9b122-e9c0-482b-a959-1714baa342ba\u00bb front_bg_color=\u00bb#ffffff\u00bb front_desc_spacing=\u00bb10px\u00bb back_desc_spacing=\u00bb10px\u00bb _builder_version=\u00bb4.27.4&#8243; _module_preset=\u00bbdefault\u00bb front_title_font_size=\u00bb1.5rem\u00bb front_title_line_height=\u00bb1.7em\u00bb front_description_font_size=\u00bb1rem\u00bb front_description_line_height=\u00bb1.7em\u00bb back_title_text_color=\u00bb#ffffff\u00bb back_title_font_size=\u00bb1.5rem\u00bb back_title_line_height=\u00bb1.7em\u00bb back_description_text_color=\u00bb#ffffff\u00bb back_description_font_size=\u00bb1rem\u00bb back_description_line_height=\u00bb1.7em\u00bb front_subtitle_line_height=\u00bb1.7em\u00bb back_subtitle_line_height=\u00bb1.7em\u00bb custom_padding=\u00bb|4px||4px|false|false\u00bb border_radii_card=\u00bbon|9px|9px|9px|9px\u00bb border_width_all_card=\u00bb1px\u00bb border_color_all_card=\u00bbgcid-11f9b122-e9c0-482b-a959-1714baa342ba\u00bb border_radii_front_media=\u00bbon|100px|100px|100px|100px\u00bb border_radii_back_media=\u00bbon|100px|100px|100px|100px\u00bb global_colors_info=\u00bb{%22gcid-11f9b122-e9c0-482b-a959-1714baa342ba%22:%91%22back_bg_color%22,%22border_color_all_card%22%93}\u00bb][\/ba_flipbox][\/et_pb_column][et_pb_column type=\u00bb1_4&#8243; _builder_version=\u00bb4.27.4&#8243; _module_preset=\u00bbdefault\u00bb global_colors_info=\u00bb{}\u00bb][ba_flipbox front_media_type=\u00bbimage\u00bb front_img=\u00bbhttps:\/\/congresso15.cmm.pt\/wp-content\/uploads\/2025\/04\/JuanRey.png\u00bb front_title=\u00bbJuan Rey\u00bb front_description=\u00bbUDC\u00bb back_media_type=\u00bbnone\u00bb back_title=\u00bbProfesor Asociado\u00bb back_description=\u00bbUniversidad de A Coru\u00f1a\u00bb main_height=\u00bb265px\u00bb front_padding=\u00bb0px|3px|0px|3px|false|false\u00bb front_ct_padding=\u00bb0px|3px|0px|3px|false|false\u00bb back_padding=\u00bb0px|3px|0px|3px|false|false\u00bb back_ct_padding=\u00bb0px|3px|0px|3px|false|false\u00bb front_img_height=\u00bb120px\u00bb front_img_width=\u00bb120px\u00bb back_img_height=\u00bb120px\u00bb back_img_width=\u00bb120px\u00bb back_bg_color=\u00bbgcid-11f9b122-e9c0-482b-a959-1714baa342ba\u00bb front_bg_color=\u00bb#ffffff\u00bb front_desc_spacing=\u00bb10px\u00bb back_desc_spacing=\u00bb10px\u00bb _builder_version=\u00bb4.27.4&#8243; _module_preset=\u00bbdefault\u00bb front_title_font_size=\u00bb1.5rem\u00bb front_title_line_height=\u00bb1.7em\u00bb front_description_font_size=\u00bb1rem\u00bb front_description_line_height=\u00bb1.7em\u00bb back_title_text_color=\u00bb#ffffff\u00bb back_title_font_size=\u00bb1.5rem\u00bb back_title_line_height=\u00bb1.7em\u00bb back_description_text_color=\u00bb#ffffff\u00bb back_description_font_size=\u00bb1rem\u00bb back_description_line_height=\u00bb1.7em\u00bb front_subtitle_line_height=\u00bb1.7em\u00bb back_subtitle_line_height=\u00bb1.7em\u00bb custom_padding=\u00bb|4px||4px|false|false\u00bb border_radii_card=\u00bbon|9px|9px|9px|9px\u00bb border_width_all_card=\u00bb1px\u00bb border_color_all_card=\u00bbgcid-11f9b122-e9c0-482b-a959-1714baa342ba\u00bb border_radii_front_media=\u00bbon|100px|100px|100px|100px\u00bb border_radii_back_media=\u00bbon|100px|100px|100px|100px\u00bb global_colors_info=\u00bb{%22gcid-11f9b122-e9c0-482b-a959-1714baa342ba%22:%91%22back_bg_color%22,%22border_color_all_card%22%93}\u00bb][\/ba_flipbox][\/et_pb_column][et_pb_column type=\u00bb1_4&#8243; _builder_version=\u00bb4.27.4&#8243; _module_preset=\u00bbdefault\u00bb global_colors_info=\u00bb{}\u00bb][ba_flipbox front_media_type=\u00bbimage\u00bb front_img=\u00bbhttps:\/\/congresso15.cmm.pt\/wp-content\/uploads\/2025\/04\/Juan-Vielma-3.jpg\u00bb front_title=\u00bbJuan Carlos Vielma\u00bb front_description=\u00bbPUCV\u00bb back_media_type=\u00bbnone\u00bb back_title=\u00bbProfesor\u00bb back_description=\u00bbPontificia Universidad Catolica de Valparaiso\u00bb main_height=\u00bb265px\u00bb front_padding=\u00bb0px|0px|0px|0px\u00bb back_padding=\u00bb0px|3px|0px|3px|false|false\u00bb back_ct_padding=\u00bb0px|3px|0px|3px|false|false\u00bb front_img_height=\u00bb120px\u00bb front_img_width=\u00bb120px\u00bb back_img_height=\u00bb120px\u00bb back_img_width=\u00bb120px\u00bb back_bg_color=\u00bbgcid-11f9b122-e9c0-482b-a959-1714baa342ba\u00bb front_bg_color=\u00bb#ffffff\u00bb front_desc_spacing=\u00bb10px\u00bb back_desc_spacing=\u00bb10px\u00bb _builder_version=\u00bb4.27.4&#8243; _module_preset=\u00bbdefault\u00bb front_title_font_size=\u00bb1.5rem\u00bb front_title_line_height=\u00bb1.7em\u00bb front_description_font_size=\u00bb1rem\u00bb front_description_line_height=\u00bb1.7em\u00bb back_title_text_color=\u00bb#ffffff\u00bb back_title_font_size=\u00bb1.5rem\u00bb back_title_line_height=\u00bb1.7em\u00bb back_description_text_color=\u00bb#ffffff\u00bb back_description_font_size=\u00bb1rem\u00bb back_description_line_height=\u00bb1.7em\u00bb front_subtitle_line_height=\u00bb1.7em\u00bb back_subtitle_line_height=\u00bb1.7em\u00bb custom_padding=\u00bb|4px||4px|false|false\u00bb border_radii_card=\u00bbon|9px|9px|9px|9px\u00bb border_width_all_card=\u00bb1px\u00bb border_color_all_card=\u00bbgcid-11f9b122-e9c0-482b-a959-1714baa342ba\u00bb border_radii_front_media=\u00bbon|100px|100px|100px|100px\u00bb border_radii_back_media=\u00bbon|100px|100px|100px|100px\u00bb global_colors_info=\u00bb{%22gcid-11f9b122-e9c0-482b-a959-1714baa342ba%22:%91%22back_bg_color%22,%22border_color_all_card%22%93}\u00bb][\/ba_flipbox][\/et_pb_column][et_pb_column type=\u00bb1_4&#8243; _builder_version=\u00bb4.27.4&#8243; _module_preset=\u00bbdefault\u00bb global_colors_info=\u00bb{}\u00bb][ba_flipbox front_media_type=\u00bbimage\u00bb front_img=\u00bbhttps:\/\/congresso15.cmm.pt\/wp-content\/uploads\/2025\/04\/LCR.png\u00bb front_title=\u00bbLeonor Corte-Real\u00bb front_description=\u00bbHempel\u00bb back_media_type=\u00bbnone\u00bb back_title=\u00bbDirector Comercial\u00bb back_description=\u00bbHempel Portugal\u00bb main_height=\u00bb265px\u00bb front_padding=\u00bb0px|3px|0px|3px|false|false\u00bb front_ct_padding=\u00bb0px|3px|0px|3px|false|false\u00bb back_padding=\u00bb0px|3px|0px|3px|false|false\u00bb back_ct_padding=\u00bb0px|3px|0px|3px|false|false\u00bb front_img_height=\u00bb120px\u00bb front_img_width=\u00bb120px\u00bb back_img_height=\u00bb120px\u00bb back_img_width=\u00bb120px\u00bb back_bg_color=\u00bbgcid-11f9b122-e9c0-482b-a959-1714baa342ba\u00bb front_bg_color=\u00bb#ffffff\u00bb front_desc_spacing=\u00bb10px\u00bb back_desc_spacing=\u00bb10px\u00bb _builder_version=\u00bb4.27.4&#8243; _module_preset=\u00bbdefault\u00bb front_title_font_size=\u00bb1.5rem\u00bb front_title_line_height=\u00bb1.7em\u00bb front_description_font_size=\u00bb1rem\u00bb front_description_line_height=\u00bb1.7em\u00bb back_title_text_color=\u00bb#ffffff\u00bb back_title_font_size=\u00bb1.5rem\u00bb back_title_line_height=\u00bb1.7em\u00bb back_description_text_color=\u00bb#ffffff\u00bb back_description_font_size=\u00bb1rem\u00bb back_description_line_height=\u00bb1.7em\u00bb front_subtitle_line_height=\u00bb1.7em\u00bb back_subtitle_line_height=\u00bb1.7em\u00bb custom_padding=\u00bb|4px||4px|false|false\u00bb border_radii_card=\u00bbon|9px|9px|9px|9px\u00bb border_width_all_card=\u00bb1px\u00bb border_color_all_card=\u00bbgcid-11f9b122-e9c0-482b-a959-1714baa342ba\u00bb border_radii_front_media=\u00bbon|100px|100px|100px|100px\u00bb border_radii_back_media=\u00bbon|100px|100px|100px|100px\u00bb global_colors_info=\u00bb{%22gcid-11f9b122-e9c0-482b-a959-1714baa342ba%22:%91%22back_bg_color%22,%22border_color_all_card%22%93}\u00bb][\/ba_flipbox][\/et_pb_column][\/et_pb_row][et_pb_row column_structure=\u00bb1_4,1_4,1_4,1_4&#8243; custom_padding_last_edited=\u00bbon|tablet\u00bb _builder_version=\u00bb4.27.4&#8243; _module_preset=\u00bbdefault\u00bb min_height=\u00bb257px\u00bb custom_margin=\u00bb30px|auto||auto||\u00bb custom_margin_tablet=\u00bb||-30px||false|false\u00bb custom_margin_phone=\u00bb||-30px||false|false\u00bb custom_margin_last_edited=\u00bbon|tablet\u00bb custom_padding_tablet=\u00bb||0px||false|false\u00bb custom_padding_phone=\u00bb||0px||false|false\u00bb locked=\u00bboff\u00bb global_colors_info=\u00bb{}\u00bb][et_pb_column type=\u00bb1_4&#8243; _builder_version=\u00bb4.27.4&#8243; _module_preset=\u00bbdefault\u00bb global_colors_info=\u00bb{}\u00bb][ba_flipbox front_media_type=\u00bbimage\u00bb front_img=\u00bbhttps:\/\/congresso15.cmm.pt\/wp-content\/uploads\/2025\/04\/Luis.png\u00bb front_title=\u00bbLuis Borges\u00bb front_description=\u00bbStructurame\u00bb back_media_type=\u00bbnone\u00bb back_title=\u00bbIngeniero Estructural\u00bb back_description=\u00bbStructurame\u00bb main_height=\u00bb265px\u00bb front_padding=\u00bb0px|3px|0px|3px|false|false\u00bb front_ct_padding=\u00bb0px|3px|0px|3px|false|false\u00bb back_padding=\u00bb0px|3px|0px|3px|false|false\u00bb back_ct_padding=\u00bb0px|3px|0px|3px|false|false\u00bb front_img_height=\u00bb120px\u00bb front_img_width=\u00bb120px\u00bb back_img_height=\u00bb120px\u00bb back_img_width=\u00bb120px\u00bb back_bg_color=\u00bbgcid-11f9b122-e9c0-482b-a959-1714baa342ba\u00bb front_bg_color=\u00bb#ffffff\u00bb front_desc_spacing=\u00bb10px\u00bb back_desc_spacing=\u00bb10px\u00bb _builder_version=\u00bb4.27.4&#8243; _module_preset=\u00bbdefault\u00bb front_title_font_size=\u00bb1.5rem\u00bb front_title_line_height=\u00bb1.7em\u00bb front_description_font_size=\u00bb1rem\u00bb front_description_line_height=\u00bb1.7em\u00bb back_title_text_color=\u00bb#ffffff\u00bb back_title_font_size=\u00bb1.5rem\u00bb back_title_line_height=\u00bb1.7em\u00bb back_description_text_color=\u00bb#ffffff\u00bb back_description_font_size=\u00bb1rem\u00bb back_description_line_height=\u00bb1.7em\u00bb front_subtitle_line_height=\u00bb1.7em\u00bb back_subtitle_line_height=\u00bb1.7em\u00bb custom_padding=\u00bb|4px||4px|false|false\u00bb border_radii_card=\u00bbon|9px|9px|9px|9px\u00bb border_width_all_card=\u00bb1px\u00bb border_color_all_card=\u00bbgcid-11f9b122-e9c0-482b-a959-1714baa342ba\u00bb border_radii_front_media=\u00bbon|100px|100px|100px|100px\u00bb border_radii_back_media=\u00bbon|100px|100px|100px|100px\u00bb global_colors_info=\u00bb{%22gcid-11f9b122-e9c0-482b-a959-1714baa342ba%22:%91%22back_bg_color%22,%22border_color_all_card%22%93}\u00bb][\/ba_flipbox][\/et_pb_column][et_pb_column type=\u00bb1_4&#8243; _builder_version=\u00bb4.27.4&#8243; _module_preset=\u00bbdefault\u00bb global_colors_info=\u00bb{}\u00bb][ba_flipbox front_media_type=\u00bbimage\u00bb front_img=\u00bbhttps:\/\/congresso15.cmm.pt\/wp-content\/uploads\/2025\/04\/main_luiscalado.jpg.webp\u00bb front_title=\u00bbLu\u00eds Calado\u00bb front_description=\u00bbIST\u00bb back_media_type=\u00bbnone\u00bb back_title=\u00bbProfesor Titular\u00bb back_description=\u00bbInstituto Superior T\u00e9cnico\u00bb main_height=\u00bb265px\u00bb front_padding=\u00bb0px|3px|0px|3px|false|false\u00bb front_ct_padding=\u00bb0px|3px|0px|3px|false|false\u00bb back_padding=\u00bb0px|3px|0px|3px|false|false\u00bb back_ct_padding=\u00bb0px|3px|0px|3px|false|false\u00bb front_img_height=\u00bb120px\u00bb front_img_width=\u00bb120px\u00bb back_img_height=\u00bb120px\u00bb back_img_width=\u00bb120px\u00bb back_bg_color=\u00bbgcid-11f9b122-e9c0-482b-a959-1714baa342ba\u00bb front_bg_color=\u00bb#ffffff\u00bb front_desc_spacing=\u00bb10px\u00bb back_desc_spacing=\u00bb10px\u00bb _builder_version=\u00bb4.27.4&#8243; _module_preset=\u00bbdefault\u00bb front_title_font_size=\u00bb1.5rem\u00bb front_title_line_height=\u00bb1.7em\u00bb front_description_font_size=\u00bb1rem\u00bb front_description_line_height=\u00bb1.7em\u00bb back_title_text_color=\u00bb#ffffff\u00bb back_title_font_size=\u00bb1.5rem\u00bb back_title_line_height=\u00bb1.7em\u00bb back_description_text_color=\u00bb#ffffff\u00bb back_description_font_size=\u00bb1rem\u00bb back_description_line_height=\u00bb1.7em\u00bb front_subtitle_line_height=\u00bb1.7em\u00bb back_subtitle_line_height=\u00bb1.7em\u00bb custom_padding=\u00bb|4px||4px|false|false\u00bb border_radii_card=\u00bbon|9px|9px|9px|9px\u00bb border_width_all_card=\u00bb1px\u00bb border_color_all_card=\u00bbgcid-11f9b122-e9c0-482b-a959-1714baa342ba\u00bb border_radii_front_media=\u00bbon|100px|100px|100px|100px\u00bb border_radii_back_media=\u00bbon|100px|100px|100px|100px\u00bb global_colors_info=\u00bb{%22gcid-11f9b122-e9c0-482b-a959-1714baa342ba%22:%91%22back_bg_color%22,%22border_color_all_card%22%93}\u00bb][\/ba_flipbox][\/et_pb_column][et_pb_column type=\u00bb1_4&#8243; _builder_version=\u00bb4.27.4&#8243; _module_preset=\u00bbdefault\u00bb global_colors_info=\u00bb{}\u00bb][ba_flipbox front_media_type=\u00bbimage\u00bb front_img=\u00bbhttps:\/\/congresso15.cmm.pt\/wp-content\/uploads\/2025\/04\/1517735716394.jpeg\u00bb front_title=\u00bbLu\u00eds C\u00e2ncio Martins\u00bb front_description=\u00bbJ. L. C\u00e2ncio Martins\u00bb back_media_type=\u00bbnone\u00bb back_title=\u00bbDirector General\u00bb back_description=\u00bbJ. L. C\u00e2ncio Martins\u00bb main_height=\u00bb265px\u00bb front_padding=\u00bb0px|3px|0px|3px|false|false\u00bb front_ct_padding=\u00bb0px|3px|0px|3px|false|false\u00bb back_padding=\u00bb0px|3px|0px|3px|false|false\u00bb back_ct_padding=\u00bb0px|3px|0px|3px|false|false\u00bb front_img_height=\u00bb120px\u00bb front_img_width=\u00bb120px\u00bb back_img_height=\u00bb120px\u00bb back_img_width=\u00bb120px\u00bb back_bg_color=\u00bbgcid-11f9b122-e9c0-482b-a959-1714baa342ba\u00bb front_bg_color=\u00bb#ffffff\u00bb front_desc_spacing=\u00bb10px\u00bb back_desc_spacing=\u00bb10px\u00bb _builder_version=\u00bb4.27.4&#8243; _module_preset=\u00bbdefault\u00bb front_title_font_size=\u00bb1.5rem\u00bb front_title_line_height=\u00bb1.7em\u00bb front_description_font_size=\u00bb1rem\u00bb front_description_line_height=\u00bb1.7em\u00bb back_title_text_color=\u00bb#ffffff\u00bb back_title_font_size=\u00bb1.5rem\u00bb back_title_line_height=\u00bb1.7em\u00bb back_description_text_color=\u00bb#ffffff\u00bb back_description_font_size=\u00bb1rem\u00bb back_description_line_height=\u00bb1.7em\u00bb front_subtitle_line_height=\u00bb1.7em\u00bb back_subtitle_line_height=\u00bb1.7em\u00bb custom_padding=\u00bb|4px||4px|false|false\u00bb border_radii_card=\u00bbon|9px|9px|9px|9px\u00bb border_width_all_card=\u00bb1px\u00bb border_color_all_card=\u00bbgcid-11f9b122-e9c0-482b-a959-1714baa342ba\u00bb border_radii_front_media=\u00bbon|100px|100px|100px|100px\u00bb border_radii_back_media=\u00bbon|100px|100px|100px|100px\u00bb global_colors_info=\u00bb{%22gcid-11f9b122-e9c0-482b-a959-1714baa342ba%22:%91%22back_bg_color%22,%22border_color_all_card%22%93}\u00bb][\/ba_flipbox][\/et_pb_column][et_pb_column type=\u00bb1_4&#8243; _builder_version=\u00bb4.27.4&#8243; _module_preset=\u00bbdefault\u00bb global_colors_info=\u00bb{}\u00bb][ba_flipbox front_media_type=\u00bbimage\u00bb front_img=\u00bbhttps:\/\/congresso15.cmm.pt\/wp-content\/uploads\/2025\/04\/luis_godinho.1200&#215;0.jpeg\u00bb front_title=\u00bbLu\u00eds Godinho\u00bb front_description=\u00bbUniversidad de Coimbra\u00bb back_media_type=\u00bbnone\u00bb back_title=\u00bbProfesor Asociado\u00bb back_description=\u00bbDEC \u2013 Universidad de Coimbra\u00bb main_height=\u00bb265px\u00bb front_padding=\u00bb0px|3px|0px|3px|false|false\u00bb front_ct_padding=\u00bb0px|3px|0px|3px|false|false\u00bb back_padding=\u00bb0px|3px|0px|3px|false|false\u00bb back_ct_padding=\u00bb0px|3px|0px|3px|false|false\u00bb front_img_height=\u00bb120px\u00bb front_img_width=\u00bb120px\u00bb back_img_height=\u00bb120px\u00bb back_img_width=\u00bb120px\u00bb back_bg_color=\u00bbgcid-11f9b122-e9c0-482b-a959-1714baa342ba\u00bb front_bg_color=\u00bb#ffffff\u00bb front_desc_spacing=\u00bb10px\u00bb back_desc_spacing=\u00bb10px\u00bb _builder_version=\u00bb4.27.4&#8243; _module_preset=\u00bbdefault\u00bb front_title_font_size=\u00bb1.5rem\u00bb front_title_line_height=\u00bb1.7em\u00bb front_description_font_size=\u00bb1rem\u00bb front_description_line_height=\u00bb1.8em\u00bb back_title_text_color=\u00bb#ffffff\u00bb back_title_font_size=\u00bb1.5rem\u00bb back_title_line_height=\u00bb1.7em\u00bb back_description_text_color=\u00bb#ffffff\u00bb back_description_font_size=\u00bb1rem\u00bb back_description_line_height=\u00bb1.7em\u00bb front_subtitle_line_height=\u00bb1.7em\u00bb back_subtitle_line_height=\u00bb1.7em\u00bb custom_padding=\u00bb|4px||4px|false|false\u00bb border_radii_card=\u00bbon|9px|9px|9px|9px\u00bb border_width_all_card=\u00bb1px\u00bb border_color_all_card=\u00bbgcid-11f9b122-e9c0-482b-a959-1714baa342ba\u00bb border_radii_front_media=\u00bbon|100px|100px|100px|100px\u00bb border_radii_back_media=\u00bbon|100px|100px|100px|100px\u00bb global_colors_info=\u00bb{%22gcid-11f9b122-e9c0-482b-a959-1714baa342ba%22:%91%22back_bg_color%22,%22border_color_all_card%22%93}\u00bb][\/ba_flipbox][\/et_pb_column][\/et_pb_row][et_pb_row column_structure=\u00bb1_4,1_4,1_4,1_4&#8243; custom_padding_last_edited=\u00bbon|tablet\u00bb _builder_version=\u00bb4.27.4&#8243; _module_preset=\u00bbdefault\u00bb min_height=\u00bb257px\u00bb custom_margin=\u00bb30px|auto||auto||\u00bb custom_margin_tablet=\u00bb||-30px||false|false\u00bb custom_margin_phone=\u00bb||-30px||false|false\u00bb custom_margin_last_edited=\u00bbon|tablet\u00bb custom_padding_tablet=\u00bb||0px||false|false\u00bb custom_padding_phone=\u00bb||0px||false|false\u00bb locked=\u00bboff\u00bb global_colors_info=\u00bb{}\u00bb][et_pb_column type=\u00bb1_4&#8243; _builder_version=\u00bb4.27.4&#8243; _module_preset=\u00bbdefault\u00bb global_colors_info=\u00bb{}\u00bb][ba_flipbox front_media_type=\u00bbimage\u00bb front_img=\u00bbhttps:\/\/congresso15.cmm.pt\/wp-content\/uploads\/2025\/04\/1533140581827.jpeg\u00bb front_title=\u00bbLu\u00eds La\u00edm\u00bb front_description=\u00bbUniversidad de Coimbra\u00bb back_media_type=\u00bbnone\u00bb back_title=\u00bbProfesor Asistente\u00bb back_description=\u00bbDEC \u2013 Universidad de Coimbra\u00bb main_height=\u00bb265px\u00bb front_padding=\u00bb0px|3px|0px|3px|false|false\u00bb front_ct_padding=\u00bb0px|3px|0px|3px|false|false\u00bb back_padding=\u00bb0px|3px|0px|3px|false|false\u00bb back_ct_padding=\u00bb0px|3px|0px|3px|false|true\u00bb front_img_height=\u00bb120px\u00bb front_img_width=\u00bb120px\u00bb back_img_height=\u00bb120px\u00bb back_img_width=\u00bb120px\u00bb back_bg_color=\u00bbgcid-11f9b122-e9c0-482b-a959-1714baa342ba\u00bb front_bg_color=\u00bb#ffffff\u00bb front_desc_spacing=\u00bb10px\u00bb back_desc_spacing=\u00bb10px\u00bb _builder_version=\u00bb4.27.4&#8243; _module_preset=\u00bbdefault\u00bb front_title_font_size=\u00bb1.5rem\u00bb front_title_line_height=\u00bb1.7em\u00bb front_description_font_size=\u00bb1rem\u00bb front_description_line_height=\u00bb1.7em\u00bb back_title_text_color=\u00bb#ffffff\u00bb back_title_font_size=\u00bb1.5rem\u00bb back_title_line_height=\u00bb1.7em\u00bb back_description_text_color=\u00bb#ffffff\u00bb back_description_font_size=\u00bb1rem\u00bb back_description_line_height=\u00bb1.7em\u00bb front_subtitle_line_height=\u00bb1.7em\u00bb back_subtitle_line_height=\u00bb1.7em\u00bb custom_padding=\u00bb|4px||4px|false|false\u00bb border_radii_card=\u00bbon|9px|9px|9px|9px\u00bb border_width_all_card=\u00bb1px\u00bb border_color_all_card=\u00bbgcid-11f9b122-e9c0-482b-a959-1714baa342ba\u00bb border_radii_front_media=\u00bbon|100px|100px|100px|100px\u00bb border_radii_back_media=\u00bbon|100px|100px|100px|100px\u00bb global_colors_info=\u00bb{%22gcid-11f9b122-e9c0-482b-a959-1714baa342ba%22:%91%22back_bg_color%22,%22border_color_all_card%22%93}\u00bb][\/ba_flipbox][\/et_pb_column][et_pb_column type=\u00bb1_4&#8243; _builder_version=\u00bb4.27.4&#8243; _module_preset=\u00bbdefault\u00bb global_colors_info=\u00bb{}\u00bb][ba_flipbox front_media_type=\u00bbimage\u00bb front_img=\u00bbhttps:\/\/congresso15.cmm.pt\/wp-content\/uploads\/2025\/04\/images.jpeg\u00bb front_title=\u00bbLu\u00eds Sim\u00f5es da Silva\u00bb front_description=\u00bbUniversidad de Coimbra\u00bb back_media_type=\u00bbnone\u00bb back_title=\u00bbProfesor Titular\u00bb back_description=\u00bbDEC \u2013 Universidad de Coimbra.<br \/>\nPresidente de CMM\u00bb main_height=\u00bb265px\u00bb front_padding=\u00bb0px|3px|0px|3px|false|true\u00bb front_ct_padding=\u00bb0px|3px|0px|3px|false|true\u00bb back_padding=\u00bb0px|3px|0px|3px|false|true\u00bb back_ct_padding=\u00bb0px|3px|0px|3px|false|true\u00bb front_img_height=\u00bb120px\u00bb front_img_width=\u00bb120px\u00bb back_img_height=\u00bb120px\u00bb back_img_width=\u00bb120px\u00bb back_bg_color=\u00bbgcid-11f9b122-e9c0-482b-a959-1714baa342ba\u00bb front_bg_color=\u00bb#ffffff\u00bb front_desc_spacing=\u00bb10px\u00bb back_desc_spacing=\u00bb10px\u00bb _builder_version=\u00bb4.27.4&#8243; _module_preset=\u00bbdefault\u00bb front_title_font_size=\u00bb1.5rem\u00bb front_title_line_height=\u00bb1.7em\u00bb front_description_font_size=\u00bb1rem\u00bb front_description_line_height=\u00bb1.7em\u00bb back_title_text_color=\u00bb#ffffff\u00bb back_title_font_size=\u00bb1.5rem\u00bb back_title_line_height=\u00bb1.7em\u00bb back_description_text_color=\u00bb#ffffff\u00bb back_description_font_size=\u00bb1rem\u00bb back_description_line_height=\u00bb1.7em\u00bb front_subtitle_line_height=\u00bb1.7em\u00bb back_subtitle_line_height=\u00bb1.7em\u00bb custom_padding=\u00bb|4px||4px|false|false\u00bb border_radii_card=\u00bbon|9px|9px|9px|9px\u00bb border_width_all_card=\u00bb1px\u00bb border_color_all_card=\u00bbgcid-11f9b122-e9c0-482b-a959-1714baa342ba\u00bb border_radii_front_media=\u00bbon|100px|100px|100px|100px\u00bb border_radii_back_media=\u00bbon|100px|100px|100px|100px\u00bb global_colors_info=\u00bb{%22gcid-11f9b122-e9c0-482b-a959-1714baa342ba%22:%91%22back_bg_color%22,%22border_color_all_card%22%93}\u00bb][\/ba_flipbox][\/et_pb_column][et_pb_column type=\u00bb1_4&#8243; _builder_version=\u00bb4.27.4&#8243; _module_preset=\u00bbdefault\u00bb global_colors_info=\u00bb{}\u00bb][ba_flipbox front_media_type=\u00bbimage\u00bb front_img=\u00bbhttps:\/\/congresso15.cmm.pt\/wp-content\/uploads\/2025\/04\/1735890829949.jpeg\u00bb front_title=\u00bbNuno Lopes\u00bb front_description=\u00bbUniversidad de Aveiro\u00bb back_media_type=\u00bbnone\u00bb back_title=\u00bbProfesor Asociado\u00bb back_description=\u00bbDEC \u2013 Universidad de Aveiro\u00bb main_height=\u00bb265px\u00bb front_padding=\u00bb0px|3px|0px|3px|false|true\u00bb front_ct_padding=\u00bb0px|3px|0px|3px|false|true\u00bb back_padding=\u00bb0px|3px|0px|3px|false|true\u00bb back_ct_padding=\u00bb0px|3px|0px|3px|false|true\u00bb front_img_height=\u00bb120px\u00bb front_img_width=\u00bb120px\u00bb back_img_height=\u00bb120px\u00bb back_img_width=\u00bb120px\u00bb back_bg_color=\u00bbgcid-11f9b122-e9c0-482b-a959-1714baa342ba\u00bb front_bg_color=\u00bb#ffffff\u00bb front_desc_spacing=\u00bb10px\u00bb back_desc_spacing=\u00bb10px\u00bb _builder_version=\u00bb4.27.4&#8243; _module_preset=\u00bbdefault\u00bb front_title_font_size=\u00bb1.5rem\u00bb front_title_line_height=\u00bb1.7em\u00bb front_description_font_size=\u00bb1rem\u00bb front_description_line_height=\u00bb1.7em\u00bb back_title_text_color=\u00bb#ffffff\u00bb back_title_font_size=\u00bb1.5rem\u00bb back_title_line_height=\u00bb1.7em\u00bb back_description_text_color=\u00bb#ffffff\u00bb back_description_font_size=\u00bb1rem\u00bb back_description_line_height=\u00bb1.7em\u00bb front_subtitle_line_height=\u00bb1.7em\u00bb back_subtitle_line_height=\u00bb1.7em\u00bb custom_padding=\u00bb|4px||4px|false|false\u00bb border_radii_card=\u00bbon|9px|9px|9px|9px\u00bb border_width_all_card=\u00bb1px\u00bb border_color_all_card=\u00bbgcid-11f9b122-e9c0-482b-a959-1714baa342ba\u00bb border_radii_front_media=\u00bbon|100px|100px|100px|100px\u00bb border_radii_back_media=\u00bbon|100px|100px|100px|100px\u00bb global_colors_info=\u00bb{%22gcid-11f9b122-e9c0-482b-a959-1714baa342ba%22:%91%22back_bg_color%22,%22border_color_all_card%22%93}\u00bb][\/ba_flipbox][\/et_pb_column][et_pb_column type=\u00bb1_4&#8243; _builder_version=\u00bb4.27.4&#8243; _module_preset=\u00bbdefault\u00bb global_colors_info=\u00bb{}\u00bb][ba_flipbox front_media_type=\u00bbimage\u00bb front_img=\u00bbhttps:\/\/congresso15.cmm.pt\/wp-content\/uploads\/2025\/04\/1668705038566.jpeg\u00bb front_title=\u00bbNuno Silvestre\u00bb front_description=\u00bbIST\u00bb back_media_type=\u00bbnone\u00bb back_title=\u00bbProfesor Titular  \u00bb back_description=\u00bbDEM \u2013 Instituto Superior T\u00e9cnico\u00bb main_height=\u00bb265px\u00bb front_padding=\u00bb0px|3px|0px|3px|false|true\u00bb front_ct_padding=\u00bb0px|3px|0px|3px|false|true\u00bb back_padding=\u00bb0px|3px|0px|3px|false|true\u00bb back_ct_padding=\u00bb0px|3px|0px|3px|false|true\u00bb front_img_height=\u00bb120px\u00bb front_img_width=\u00bb120px\u00bb back_img_height=\u00bb120px\u00bb back_img_width=\u00bb120px\u00bb back_bg_color=\u00bbgcid-11f9b122-e9c0-482b-a959-1714baa342ba\u00bb front_bg_color=\u00bb#ffffff\u00bb front_desc_spacing=\u00bb10px\u00bb back_desc_spacing=\u00bb10px\u00bb _builder_version=\u00bb4.27.4&#8243; _module_preset=\u00bbdefault\u00bb front_title_font_size=\u00bb1.5rem\u00bb front_title_line_height=\u00bb1.7em\u00bb front_description_font_size=\u00bb1rem\u00bb front_description_line_height=\u00bb1.7em\u00bb back_title_text_color=\u00bb#ffffff\u00bb back_title_font_size=\u00bb1.5rem\u00bb back_title_line_height=\u00bb1.7em\u00bb back_description_text_color=\u00bb#ffffff\u00bb back_description_font_size=\u00bb1rem\u00bb back_description_line_height=\u00bb1.7em\u00bb front_subtitle_line_height=\u00bb1.7em\u00bb back_subtitle_line_height=\u00bb1.7em\u00bb custom_padding=\u00bb|4px||4px|false|false\u00bb border_radii_card=\u00bbon|9px|9px|9px|9px\u00bb border_width_all_card=\u00bb1px\u00bb border_color_all_card=\u00bbgcid-11f9b122-e9c0-482b-a959-1714baa342ba\u00bb border_radii_front_media=\u00bbon|100px|100px|100px|100px\u00bb border_radii_back_media=\u00bbon|100px|100px|100px|100px\u00bb global_colors_info=\u00bb{%22gcid-11f9b122-e9c0-482b-a959-1714baa342ba%22:%91%22back_bg_color%22,%22border_color_all_card%22%93}\u00bb][\/ba_flipbox][\/et_pb_column][\/et_pb_row][et_pb_row column_structure=\u00bb1_4,1_4,1_4,1_4&#8243; custom_padding_last_edited=\u00bbon|tablet\u00bb _builder_version=\u00bb4.27.4&#8243; _module_preset=\u00bbdefault\u00bb min_height=\u00bb257px\u00bb custom_margin=\u00bb30px|auto||auto||\u00bb custom_margin_tablet=\u00bb||-30px||false|false\u00bb custom_margin_phone=\u00bb||-30px||false|false\u00bb custom_margin_last_edited=\u00bbon|tablet\u00bb custom_padding_tablet=\u00bb||0px||false|false\u00bb custom_padding_phone=\u00bb||0px||false|false\u00bb locked=\u00bboff\u00bb global_colors_info=\u00bb{}\u00bb][et_pb_column type=\u00bb1_4&#8243; _builder_version=\u00bb4.27.4&#8243; _module_preset=\u00bbdefault\u00bb global_colors_info=\u00bb{}\u00bb][ba_flipbox front_media_type=\u00bbimage\u00bb front_img=\u00bbhttps:\/\/congresso15.cmm.pt\/wp-content\/uploads\/2025\/05\/Paulo-Cruz.jpg\u00bb front_title=\u00bbPaulo Cruz\u00bb front_description=\u00bbUniversidad del Mi\u00f1o\u00bb back_media_type=\u00bbnone\u00bb back_title=\u00bbProfesor Titular\u00bb back_description=\u00bbConstrucci\u00f3n y Tecnolog\u00eda en la Escuela de Arquitectura de la Universidad del Mi\u00f1o\u00bb main_height=\u00bb265px\u00bb front_padding=\u00bb0px|3px|0px|3px|false|true\u00bb front_ct_padding=\u00bb0px|3px|0px|3px|false|true\u00bb back_padding=\u00bb0px|3px|0px|3px|false|true\u00bb back_ct_padding=\u00bb0px|3px|0px|3px|false|true\u00bb front_img_height=\u00bb120px\u00bb front_img_width=\u00bb120px\u00bb back_img_height=\u00bb120px\u00bb back_img_width=\u00bb120px\u00bb back_bg_color=\u00bbgcid-11f9b122-e9c0-482b-a959-1714baa342ba\u00bb front_bg_color=\u00bb#ffffff\u00bb front_desc_spacing=\u00bb10px\u00bb back_desc_spacing=\u00bb10px\u00bb _builder_version=\u00bb4.27.4&#8243; _module_preset=\u00bbdefault\u00bb front_title_font_size=\u00bb1.5rem\u00bb front_title_line_height=\u00bb1.7em\u00bb front_description_font_size=\u00bb1rem\u00bb front_description_line_height=\u00bb1.7em\u00bb back_title_text_color=\u00bb#ffffff\u00bb back_title_font_size=\u00bb1.5rem\u00bb back_title_line_height=\u00bb1.7em\u00bb back_description_text_color=\u00bb#ffffff\u00bb back_description_font_size=\u00bb1rem\u00bb back_description_line_height=\u00bb1.7em\u00bb front_subtitle_line_height=\u00bb1.7em\u00bb back_subtitle_line_height=\u00bb1.7em\u00bb custom_padding=\u00bb|4px||4px|false|false\u00bb border_radii_card=\u00bbon|9px|9px|9px|9px\u00bb border_width_all_card=\u00bb1px\u00bb border_color_all_card=\u00bbgcid-11f9b122-e9c0-482b-a959-1714baa342ba\u00bb border_radii_front_media=\u00bbon|100px|100px|100px|100px\u00bb border_radii_back_media=\u00bbon|100px|100px|100px|100px\u00bb locked=\u00bboff\u00bb global_colors_info=\u00bb{%22gcid-11f9b122-e9c0-482b-a959-1714baa342ba%22:%91%22back_bg_color%22,%22border_color_all_card%22%93}\u00bb][\/ba_flipbox][\/et_pb_column][et_pb_column type=\u00bb1_4&#8243; _builder_version=\u00bb4.27.4&#8243; _module_preset=\u00bbdefault\u00bb global_colors_info=\u00bb{}\u00bb][ba_flipbox front_media_type=\u00bbimage\u00bb front_img=\u00bbhttps:\/\/congresso15.cmm.pt\/wp-content\/uploads\/2025\/04\/piloto-150&#215;150-1.jpg\u00bb front_title=\u00bbPaulo Piloto\u00bb front_description=\u00bbIPB\u00bb back_media_type=\u00bbnone\u00bb back_title=\u00bbProfesor\u00bb back_description=\u00bbInstituto Polit\u00e9cnico de Bragan\u00e7a\u00bb main_height=\u00bb265px\u00bb front_padding=\u00bb0px|3px|0px|3px|false|true\u00bb front_ct_padding=\u00bb0px|3px|0px|3px|false|true\u00bb back_padding=\u00bb0px|3px|0px|3px|false|true\u00bb back_ct_padding=\u00bb0px|3px|0px|3px|false|true\u00bb front_img_height=\u00bb120px\u00bb front_img_width=\u00bb120px\u00bb back_img_height=\u00bb120px\u00bb back_img_width=\u00bb120px\u00bb back_bg_color=\u00bbgcid-11f9b122-e9c0-482b-a959-1714baa342ba\u00bb front_bg_color=\u00bb#ffffff\u00bb front_desc_spacing=\u00bb10px\u00bb back_desc_spacing=\u00bb10px\u00bb _builder_version=\u00bb4.27.4&#8243; _module_preset=\u00bbdefault\u00bb front_title_font_size=\u00bb1.5rem\u00bb front_title_line_height=\u00bb1.7em\u00bb front_description_font_size=\u00bb1rem\u00bb front_description_line_height=\u00bb1.7em\u00bb back_title_text_color=\u00bb#ffffff\u00bb back_title_font_size=\u00bb1.5rem\u00bb back_title_line_height=\u00bb1.7em\u00bb back_description_text_color=\u00bb#ffffff\u00bb back_description_font_size=\u00bb1rem\u00bb back_description_line_height=\u00bb1.7em\u00bb front_subtitle_line_height=\u00bb1.7em\u00bb back_subtitle_line_height=\u00bb1.7em\u00bb custom_padding=\u00bb|4px||4px|false|false\u00bb border_radii_card=\u00bbon|9px|9px|9px|9px\u00bb border_width_all_card=\u00bb1px\u00bb border_color_all_card=\u00bbgcid-11f9b122-e9c0-482b-a959-1714baa342ba\u00bb border_radii_front_media=\u00bbon|100px|100px|100px|100px\u00bb border_radii_back_media=\u00bbon|100px|100px|100px|100px\u00bb global_colors_info=\u00bb{%22gcid-11f9b122-e9c0-482b-a959-1714baa342ba%22:%91%22back_bg_color%22,%22border_color_all_card%22%93}\u00bb][\/ba_flipbox][\/et_pb_column][et_pb_column type=\u00bb1_4&#8243; _builder_version=\u00bb4.27.4&#8243; _module_preset=\u00bbdefault\u00bb global_colors_info=\u00bb{}\u00bb][ba_flipbox front_media_type=\u00bbimage\u00bb front_img=\u00bbhttps:\/\/congresso15.cmm.pt\/wp-content\/uploads\/2025\/04\/citations.jpeg\u00bb front_title=\u00bbPaulo Santos\u00bb front_description=\u00bbUniversidad de Coimbra\u00bb back_media_type=\u00bbnone\u00bb back_title=\u00bbProfesor Asociado\u00bb back_description=\u00bbDEC \u2013 Universidad de Coimbra\u00bb main_height=\u00bb265px\u00bb front_padding=\u00bb0px|3px|0px|3px|false|true\u00bb front_ct_padding=\u00bb0px|3px|0px|3px|false|true\u00bb back_padding=\u00bb0px|3px|0px|3px|false|true\u00bb back_ct_padding=\u00bb0px|3px|0px|3px|false|true\u00bb front_img_height=\u00bb120px\u00bb front_img_width=\u00bb120px\u00bb back_img_height=\u00bb120px\u00bb back_img_width=\u00bb120px\u00bb back_bg_color=\u00bbgcid-11f9b122-e9c0-482b-a959-1714baa342ba\u00bb front_bg_color=\u00bb#ffffff\u00bb front_desc_spacing=\u00bb10px\u00bb back_desc_spacing=\u00bb10px\u00bb _builder_version=\u00bb4.27.4&#8243; _module_preset=\u00bbdefault\u00bb front_title_font_size=\u00bb1.5rem\u00bb front_title_line_height=\u00bb1.7em\u00bb front_description_font_size=\u00bb1rem\u00bb front_description_line_height=\u00bb1.7em\u00bb back_title_text_color=\u00bb#ffffff\u00bb back_title_font_size=\u00bb1.5rem\u00bb back_title_line_height=\u00bb1.7em\u00bb back_description_text_color=\u00bb#ffffff\u00bb back_description_font_size=\u00bb1rem\u00bb back_description_line_height=\u00bb1.7em\u00bb front_subtitle_line_height=\u00bb1.7em\u00bb back_subtitle_line_height=\u00bb1.7em\u00bb custom_padding=\u00bb|4px||4px|false|false\u00bb border_radii_card=\u00bbon|9px|9px|9px|9px\u00bb border_width_all_card=\u00bb1px\u00bb border_color_all_card=\u00bbgcid-11f9b122-e9c0-482b-a959-1714baa342ba\u00bb border_radii_front_media=\u00bbon|100px|100px|100px|100px\u00bb border_radii_back_media=\u00bbon|100px|100px|100px|100px\u00bb global_colors_info=\u00bb{%22gcid-11f9b122-e9c0-482b-a959-1714baa342ba%22:%91%22back_bg_color%22,%22border_color_all_card%22%93}\u00bb][\/ba_flipbox][\/et_pb_column][et_pb_column type=\u00bb1_4&#8243; _builder_version=\u00bb4.27.4&#8243; _module_preset=\u00bbdefault\u00bb global_colors_info=\u00bb{}\u00bb][ba_flipbox front_media_type=\u00bbimage\u00bb front_img=\u00bbhttps:\/\/congresso15.cmm.pt\/wp-content\/uploads\/2025\/04\/rodrigo-removebg-preview.png\u00bb front_title=\u00bbRodrigo Gon\u00e7alves\u00bb front_description=\u00bbUNL\u00bb back_media_type=\u00bbnone\u00bb back_title=\u00bbProfesor Titular\u00bb back_description=\u00bbDEC \u2013 Universidad Nueva de Lisboa\u00bb main_height=\u00bb265px\u00bb front_padding=\u00bb0px|3px|0px|3px|false|true\u00bb front_ct_padding=\u00bb0px|3px|0px|3px|false|true\u00bb back_padding=\u00bb0px|3px|0px|3px|false|true\u00bb back_ct_padding=\u00bb0px|3px|0px|3px|false|true\u00bb front_img_height=\u00bb120px\u00bb front_img_width=\u00bb120px\u00bb back_img_height=\u00bb120px\u00bb back_img_width=\u00bb120px\u00bb back_bg_color=\u00bbgcid-11f9b122-e9c0-482b-a959-1714baa342ba\u00bb front_bg_color=\u00bb#ffffff\u00bb front_desc_spacing=\u00bb10px\u00bb back_desc_spacing=\u00bb10px\u00bb _builder_version=\u00bb4.27.4&#8243; _module_preset=\u00bbdefault\u00bb front_title_font_size=\u00bb1.5rem\u00bb front_title_line_height=\u00bb1.7em\u00bb front_description_font_size=\u00bb1rem\u00bb front_description_line_height=\u00bb1.7em\u00bb back_title_text_color=\u00bb#ffffff\u00bb back_title_font_size=\u00bb1.5rem\u00bb back_title_line_height=\u00bb1.7em\u00bb back_description_text_color=\u00bb#ffffff\u00bb back_description_font_size=\u00bb1rem\u00bb back_description_line_height=\u00bb1.7em\u00bb front_subtitle_line_height=\u00bb1.7em\u00bb back_subtitle_line_height=\u00bb1.7em\u00bb custom_padding=\u00bb|4px||4px|false|false\u00bb border_radii_card=\u00bbon|9px|9px|9px|9px\u00bb border_width_all_card=\u00bb1px\u00bb border_color_all_card=\u00bbgcid-11f9b122-e9c0-482b-a959-1714baa342ba\u00bb border_radii_front_media=\u00bbon|100px|100px|100px|100px\u00bb border_radii_back_media=\u00bbon|100px|100px|100px|100px\u00bb global_colors_info=\u00bb{%22gcid-11f9b122-e9c0-482b-a959-1714baa342ba%22:%91%22back_bg_color%22,%22border_color_all_card%22%93}\u00bb][\/ba_flipbox][\/et_pb_column][\/et_pb_row][et_pb_row column_structure=\u00bb1_4,1_4,1_4,1_4&#8243; _builder_version=\u00bb4.27.4&#8243; _module_preset=\u00bbdefault\u00bb min_height=\u00bb257px\u00bb custom_margin=\u00bb30px|auto||auto||\u00bb locked=\u00bboff\u00bb global_colors_info=\u00bb{}\u00bb][et_pb_column type=\u00bb1_4&#8243; _builder_version=\u00bb4.27.4&#8243; _module_preset=\u00bbdefault\u00bb global_colors_info=\u00bb{}\u00bb][ba_flipbox front_media_type=\u00bbimage\u00bb front_img=\u00bbhttps:\/\/congresso15.cmm.pt\/wp-content\/uploads\/2025\/06\/Rohola-Rahnavard-personal-photo.png\u00bb front_title=\u00bbRohola Rahnavard\u00bb front_description=\u00bbUniversidad de Co\u00edmbra\u00bb back_media_type=\u00bbnone\u00bb back_description=\u00bbInvestigador del ISISE, Universidad de Coimbra\u00bb main_height=\u00bb265px\u00bb front_padding=\u00bb0px|3px|0px|3px|false|true\u00bb front_ct_padding=\u00bb0px|3px|0px|3px|false|false\u00bb back_padding=\u00bb0px|3px|0px|3px|false|true\u00bb back_ct_padding=\u00bb0px|3px|0px|3px|false|false\u00bb front_img_height=\u00bb120px\u00bb front_img_width=\u00bb120px\u00bb back_img_height=\u00bb120px\u00bb back_img_width=\u00bb120px\u00bb back_bg_color=\u00bbgcid-11f9b122-e9c0-482b-a959-1714baa342ba\u00bb front_bg_color=\u00bb#ffffff\u00bb front_desc_spacing=\u00bb10px\u00bb back_desc_spacing=\u00bb10px\u00bb _builder_version=\u00bb4.27.4&#8243; _module_preset=\u00bbdefault\u00bb front_title_font_size=\u00bb1.5rem\u00bb front_title_line_height=\u00bb1.7em\u00bb front_description_font_size=\u00bb1rem\u00bb front_description_line_height=\u00bb1.7em\u00bb back_title_text_color=\u00bb#ffffff\u00bb back_title_font_size=\u00bb1.5rem\u00bb back_title_line_height=\u00bb1.7em\u00bb back_description_text_color=\u00bb#ffffff\u00bb back_description_font_size=\u00bb1rem\u00bb back_description_line_height=\u00bb1.7em\u00bb front_subtitle_line_height=\u00bb1.7em\u00bb back_subtitle_line_height=\u00bb1.7em\u00bb custom_padding=\u00bb|4px||4px|false|false\u00bb border_radii_card=\u00bbon|9px|9px|9px|9px\u00bb border_width_all_card=\u00bb1px\u00bb border_color_all_card=\u00bbgcid-11f9b122-e9c0-482b-a959-1714baa342ba\u00bb border_radii_front_media=\u00bbon|100px|100px|100px|100px\u00bb border_radii_back_media=\u00bbon|100px|100px|100px|100px\u00bb locked=\u00bboff\u00bb global_colors_info=\u00bb{%22gcid-11f9b122-e9c0-482b-a959-1714baa342ba%22:%91%22back_bg_color%22,%22border_color_all_card%22%93}\u00bb][\/ba_flipbox][\/et_pb_column][et_pb_column type=\u00bb1_4&#8243; _builder_version=\u00bb4.27.4&#8243; _module_preset=\u00bbdefault\u00bb global_colors_info=\u00bb{}\u00bb][ba_flipbox front_media_type=\u00bbimage\u00bb front_img=\u00bbhttps:\/\/congresso15.cmm.pt\/wp-content\/uploads\/2025\/04\/1517565253105.jpeg\u00bb front_title=\u00bbRui Alves\u00bb front_description=\u00bbProindustrial\u00bb back_media_type=\u00bbnone\u00bb back_title=\u00bbDirector\u00bb back_description=\u00bbProindustrial\u00bb main_height=\u00bb265px\u00bb front_padding=\u00bb0px|3px|0px|3px|false|true\u00bb front_ct_padding=\u00bb0px|3px|0px|3px|false|false\u00bb back_padding=\u00bb0px|3px|0px|3px|false|true\u00bb back_ct_padding=\u00bb0px|3px|0px|3px|false|false\u00bb front_img_height=\u00bb120px\u00bb front_img_width=\u00bb120px\u00bb back_img_height=\u00bb120px\u00bb back_img_width=\u00bb120px\u00bb back_bg_color=\u00bbgcid-11f9b122-e9c0-482b-a959-1714baa342ba\u00bb front_bg_color=\u00bb#ffffff\u00bb front_desc_spacing=\u00bb10px\u00bb back_desc_spacing=\u00bb10px\u00bb _builder_version=\u00bb4.27.4&#8243; _module_preset=\u00bbdefault\u00bb front_title_font_size=\u00bb1.5rem\u00bb front_title_line_height=\u00bb1.7em\u00bb front_description_font_size=\u00bb1rem\u00bb front_description_line_height=\u00bb1.7em\u00bb back_title_text_color=\u00bb#ffffff\u00bb back_title_font_size=\u00bb1.5rem\u00bb back_title_line_height=\u00bb1.7em\u00bb back_description_text_color=\u00bb#ffffff\u00bb back_description_font_size=\u00bb1rem\u00bb back_description_line_height=\u00bb1.7em\u00bb front_subtitle_line_height=\u00bb1.7em\u00bb back_subtitle_line_height=\u00bb1.7em\u00bb custom_padding=\u00bb|4px||4px|false|false\u00bb border_radii_card=\u00bbon|9px|9px|9px|9px\u00bb border_width_all_card=\u00bb1px\u00bb border_color_all_card=\u00bbgcid-11f9b122-e9c0-482b-a959-1714baa342ba\u00bb border_radii_front_media=\u00bbon|100px|100px|100px|100px\u00bb border_radii_back_media=\u00bbon|100px|100px|100px|100px\u00bb locked=\u00bboff\u00bb global_colors_info=\u00bb{%22gcid-11f9b122-e9c0-482b-a959-1714baa342ba%22:%91%22back_bg_color%22,%22border_color_all_card%22%93}\u00bb][\/ba_flipbox][\/et_pb_column][et_pb_column type=\u00bb1_4&#8243; _builder_version=\u00bb4.27.4&#8243; _module_preset=\u00bbdefault\u00bb global_colors_info=\u00bb{}\u00bb][ba_flipbox front_media_type=\u00bbimage\u00bb front_img=\u00bbhttps:\/\/congresso15.cmm.pt\/wp-content\/uploads\/2025\/04\/Rui-Simoes.png\u00bb front_title=\u00bbRui Sim\u00f5es\u00bb front_description=\u00bbUniversidad de Coimbra\u00bb back_media_type=\u00bbnone\u00bb back_title=\u00bbProfesor Asociado\u00bb back_description=\u00bbDEC \u2013 Universidad de Coimbra\u00bb main_height=\u00bb265px\u00bb front_padding=\u00bb0px|3px|0px|3px|false|true\u00bb front_ct_padding=\u00bb0px|3px|0px|3px|false|true\u00bb back_padding=\u00bb0px|3px|0px|3px|false|true\u00bb back_ct_padding=\u00bb0px|3px|0px|3px|false|false\u00bb front_img_height=\u00bb120px\u00bb front_img_width=\u00bb120px\u00bb back_img_height=\u00bb120px\u00bb back_img_width=\u00bb120px\u00bb back_bg_color=\u00bbgcid-11f9b122-e9c0-482b-a959-1714baa342ba\u00bb front_bg_color=\u00bb#ffffff\u00bb front_desc_spacing=\u00bb10px\u00bb back_desc_spacing=\u00bb10px\u00bb _builder_version=\u00bb4.27.4&#8243; _module_preset=\u00bbdefault\u00bb front_title_font_size=\u00bb1.5rem\u00bb front_title_line_height=\u00bb1.7em\u00bb front_description_font_size=\u00bb1rem\u00bb front_description_line_height=\u00bb1.7em\u00bb back_title_text_color=\u00bb#ffffff\u00bb back_title_font_size=\u00bb1.5rem\u00bb back_title_line_height=\u00bb1.7em\u00bb back_description_text_color=\u00bb#ffffff\u00bb back_description_font_size=\u00bb1rem\u00bb back_description_line_height=\u00bb1.7em\u00bb front_subtitle_line_height=\u00bb1.7em\u00bb back_subtitle_line_height=\u00bb1.7em\u00bb custom_padding=\u00bb|4px||4px|false|false\u00bb border_radii_card=\u00bbon|9px|9px|9px|9px\u00bb border_width_all_card=\u00bb1px\u00bb border_color_all_card=\u00bbgcid-11f9b122-e9c0-482b-a959-1714baa342ba\u00bb border_radii_front_media=\u00bbon|100px|100px|100px|100px\u00bb border_radii_back_media=\u00bbon|100px|100px|100px|100px\u00bb locked=\u00bboff\u00bb global_colors_info=\u00bb{%22gcid-11f9b122-e9c0-482b-a959-1714baa342ba%22:%91%22back_bg_color%22,%22border_color_all_card%22%93}\u00bb][\/ba_flipbox][\/et_pb_column][et_pb_column type=\u00bb1_4&#8243; _builder_version=\u00bb4.27.4&#8243; _module_preset=\u00bbdefault\u00bb global_colors_info=\u00bb{}\u00bb][ba_flipbox front_media_type=\u00bbimage\u00bb front_img=\u00bbhttps:\/\/congresso15.cmm.pt\/wp-content\/uploads\/2025\/04\/Unknown.jpeg\u00bb front_title=\u00bbSandra Jord\u00e3o\u00bb front_description=\u00bbUniversity of Coimbra\u00bb back_media_type=\u00bbnone\u00bb back_title=\u00bbAssistant Professor\u00bb back_description=\u00bbDepartment of Civil Engineering of the University of Coimbra\u00bb main_height=\u00bb265px\u00bb front_padding=\u00bb0px|3px|0px|3px|false|true\u00bb front_ct_padding=\u00bb0px|3px|0px|3px|false|true\u00bb back_padding=\u00bb0px|3px|0px|3px|false|true\u00bb back_ct_padding=\u00bb0px|3px|0px|3px|false|true\u00bb front_img_height=\u00bb120px\u00bb front_img_width=\u00bb120px\u00bb back_img_height=\u00bb120px\u00bb back_img_width=\u00bb120px\u00bb back_bg_color=\u00bbgcid-11f9b122-e9c0-482b-a959-1714baa342ba\u00bb front_bg_color=\u00bb#ffffff\u00bb front_desc_spacing=\u00bb10px\u00bb back_desc_spacing=\u00bb10px\u00bb _builder_version=\u00bb4.27.4&#8243; _module_preset=\u00bbdefault\u00bb front_title_font_size=\u00bb1.5rem\u00bb front_title_line_height=\u00bb1.7em\u00bb front_description_font_size=\u00bb1rem\u00bb front_description_line_height=\u00bb1.7em\u00bb back_title_text_color=\u00bb#ffffff\u00bb back_title_font_size=\u00bb1.5rem\u00bb back_title_line_height=\u00bb1.7em\u00bb back_description_text_color=\u00bb#ffffff\u00bb back_description_font_size=\u00bb1rem\u00bb back_description_line_height=\u00bb1.7em\u00bb front_subtitle_line_height=\u00bb1.7em\u00bb back_subtitle_line_height=\u00bb1.7em\u00bb custom_padding=\u00bb|4px||4px|false|false\u00bb border_radii_card=\u00bbon|9px|9px|9px|9px\u00bb border_width_all_card=\u00bb1px\u00bb border_color_all_card=\u00bbgcid-11f9b122-e9c0-482b-a959-1714baa342ba\u00bb border_radii_front_media=\u00bbon|100px|100px|100px|100px\u00bb border_radii_back_media=\u00bbon|100px|100px|100px|100px\u00bb locked=\u00bboff\u00bb global_colors_info=\u00bb{%22gcid-11f9b122-e9c0-482b-a959-1714baa342ba%22:%91%22back_bg_color%22,%22border_color_all_card%22%93}\u00bb][\/ba_flipbox][\/et_pb_column][\/et_pb_row][et_pb_row column_structure=\u00bb1_4,1_4,1_4,1_4&#8243; _builder_version=\u00bb4.27.4&#8243; _module_preset=\u00bbdefault\u00bb min_height=\u00bb257px\u00bb custom_margin=\u00bb30px|auto||auto||\u00bb custom_padding=\u00bb25px|||||\u00bb locked=\u00bboff\u00bb global_colors_info=\u00bb{}\u00bb][et_pb_column type=\u00bb1_4&#8243; _builder_version=\u00bb4.27.4&#8243; _module_preset=\u00bbdefault\u00bb global_colors_info=\u00bb{}\u00bb][ba_flipbox front_media_type=\u00bbimage\u00bb front_img=\u00bbhttps:\/\/congresso15.cmm.pt\/wp-content\/uploads\/2025\/04\/Tiago-Abecasis.png\u00bb front_title=\u00bbTiago Abecasis\u00bb front_description=\u00bbTal Projecto\u00bb back_media_type=\u00bbnone\u00bb back_title=\u00bbIngeniero\u00bb back_description=\u00bbTal Projecto\u00bb main_height=\u00bb265px\u00bb front_padding=\u00bb0px|3px|0px|3px|false|true\u00bb front_ct_padding=\u00bb0px|3px|0px|3px|false|true\u00bb back_padding=\u00bb0px|3px|0px|3px|false|true\u00bb back_ct_padding=\u00bb0px|3px|0px|3px|false|false\u00bb front_img_height=\u00bb120px\u00bb front_img_width=\u00bb120px\u00bb back_img_height=\u00bb120px\u00bb back_img_width=\u00bb120px\u00bb back_bg_color=\u00bbgcid-11f9b122-e9c0-482b-a959-1714baa342ba\u00bb front_bg_color=\u00bb#ffffff\u00bb front_desc_spacing=\u00bb10px\u00bb back_desc_spacing=\u00bb10px\u00bb _builder_version=\u00bb4.27.4&#8243; _module_preset=\u00bbdefault\u00bb front_title_font_size=\u00bb1.5rem\u00bb front_title_line_height=\u00bb1.7em\u00bb front_description_font_size=\u00bb1rem\u00bb front_description_line_height=\u00bb1.7em\u00bb back_title_text_color=\u00bb#ffffff\u00bb back_title_font_size=\u00bb1.5rem\u00bb back_title_line_height=\u00bb1.7em\u00bb back_description_text_color=\u00bb#ffffff\u00bb back_description_font_size=\u00bb1rem\u00bb back_description_line_height=\u00bb1.7em\u00bb front_subtitle_line_height=\u00bb1.7em\u00bb back_subtitle_line_height=\u00bb1.7em\u00bb custom_padding=\u00bb|4px||4px|false|false\u00bb border_radii_card=\u00bbon|9px|9px|9px|9px\u00bb border_width_all_card=\u00bb1px\u00bb border_color_all_card=\u00bbgcid-11f9b122-e9c0-482b-a959-1714baa342ba\u00bb border_radii_front_media=\u00bbon|100px|100px|100px|100px\u00bb border_radii_back_media=\u00bbon|100px|100px|100px|100px\u00bb global_colors_info=\u00bb{%22gcid-11f9b122-e9c0-482b-a959-1714baa342ba%22:%91%22back_bg_color%22,%22border_color_all_card%22%93}\u00bb][\/ba_flipbox][\/et_pb_column][et_pb_column type=\u00bb1_4&#8243; _builder_version=\u00bb4.27.4&#8243; _module_preset=\u00bbdefault\u00bb global_colors_info=\u00bb{}\u00bb][ba_flipbox front_media_type=\u00bbimage\u00bb front_img=\u00bbhttps:\/\/congresso15.cmm.pt\/wp-content\/uploads\/2025\/04\/Tiago-Mendonca-1-525&#215;420-1.jpg\u00bb front_title=\u00bbTiago Mendon\u00e7a\u00bb front_description=\u00bbBetar Consultores\u00bb back_media_type=\u00bbnone\u00bb back_title=\u00bbIngeniero\u00bb back_description=\u00bbBetar Consultores\u00bb main_height=\u00bb265px\u00bb front_padding=\u00bb0px|3px|0px|3px|false|true\u00bb front_ct_padding=\u00bb0px|3px|0px|3px|false|true\u00bb back_padding=\u00bb0px|3px|0px|3px|false|true\u00bb back_ct_padding=\u00bb0px|3px|0px|3px|false|false\u00bb front_img_height=\u00bb120px\u00bb front_img_width=\u00bb120px\u00bb back_img_height=\u00bb120px\u00bb back_img_width=\u00bb120px\u00bb back_bg_color=\u00bbgcid-11f9b122-e9c0-482b-a959-1714baa342ba\u00bb front_bg_color=\u00bb#ffffff\u00bb front_desc_spacing=\u00bb10px\u00bb back_desc_spacing=\u00bb10px\u00bb _builder_version=\u00bb4.27.4&#8243; _module_preset=\u00bbdefault\u00bb front_title_font_size=\u00bb1.5rem\u00bb front_title_line_height=\u00bb1.7em\u00bb front_description_font_size=\u00bb1rem\u00bb front_description_line_height=\u00bb1.7em\u00bb back_title_text_color=\u00bb#ffffff\u00bb back_title_font_size=\u00bb1.5rem\u00bb back_title_line_height=\u00bb1.7em\u00bb back_description_text_color=\u00bb#ffffff\u00bb back_description_font_size=\u00bb1rem\u00bb back_description_line_height=\u00bb1.7em\u00bb front_subtitle_line_height=\u00bb1.7em\u00bb back_subtitle_line_height=\u00bb1.7em\u00bb custom_padding=\u00bb|4px||4px|false|false\u00bb border_radii_card=\u00bbon|9px|9px|9px|9px\u00bb border_width_all_card=\u00bb1px\u00bb border_color_all_card=\u00bbgcid-11f9b122-e9c0-482b-a959-1714baa342ba\u00bb border_radii_front_media=\u00bbon|100px|100px|100px|100px\u00bb border_radii_back_media=\u00bbon|100px|100px|100px|100px\u00bb locked=\u00bboff\u00bb global_colors_info=\u00bb{%22gcid-11f9b122-e9c0-482b-a959-1714baa342ba%22:%91%22back_bg_color%22,%22border_color_all_card%22%93}\u00bb][\/ba_flipbox][\/et_pb_column][et_pb_column type=\u00bb1_4&#8243; _builder_version=\u00bb4.27.4&#8243; _module_preset=\u00bbdefault\u00bb global_colors_info=\u00bb{}\u00bb][ba_flipbox front_media_type=\u00bbimage\u00bb front_img=\u00bbhttps:\/\/congresso15.cmm.pt\/wp-content\/uploads\/2025\/04\/csm_g5m1j1_d72dd391f3.webp\u00bb front_title=\u00bbTrayana Tankova\u00bb front_description=\u00bbTU Delft\u00bb back_media_type=\u00bbnone\u00bb back_title=\u00bbProfesor Asistente\u00bb back_description=\u00bbDepartamento de Estructuras de Ingenier\u00eda de la Universidad Tecnol\u00f3gica de Delft\u00bb main_height=\u00bb265px\u00bb front_padding=\u00bb0px|3px|0px|3px|false|true\u00bb front_ct_padding=\u00bb0px|3px|0px|3px|false|false\u00bb back_padding=\u00bb0px|3px|0px|3px|false|true\u00bb back_ct_padding=\u00bb0px|3px|0px|3px|false|false\u00bb front_img_height=\u00bb120px\u00bb front_img_width=\u00bb120px\u00bb back_img_height=\u00bb120px\u00bb back_img_width=\u00bb120px\u00bb back_bg_color=\u00bbgcid-11f9b122-e9c0-482b-a959-1714baa342ba\u00bb front_bg_color=\u00bb#ffffff\u00bb front_desc_spacing=\u00bb10px\u00bb back_desc_spacing=\u00bb10px\u00bb _builder_version=\u00bb4.27.4&#8243; _module_preset=\u00bbdefault\u00bb front_title_font_size=\u00bb1.5rem\u00bb front_title_line_height=\u00bb1.7em\u00bb front_description_font_size=\u00bb1rem\u00bb front_description_line_height=\u00bb1.7em\u00bb back_title_text_color=\u00bb#ffffff\u00bb back_title_font_size=\u00bb1.5rem\u00bb back_title_line_height=\u00bb1.7em\u00bb back_description_text_color=\u00bb#ffffff\u00bb back_description_font_size=\u00bb1rem\u00bb back_description_line_height=\u00bb1.7em\u00bb front_subtitle_line_height=\u00bb1.7em\u00bb back_subtitle_line_height=\u00bb1.7em\u00bb custom_padding=\u00bb|4px||4px|false|false\u00bb border_radii_card=\u00bbon|9px|9px|9px|9px\u00bb border_width_all_card=\u00bb1px\u00bb border_color_all_card=\u00bbgcid-11f9b122-e9c0-482b-a959-1714baa342ba\u00bb border_radii_front_media=\u00bbon|100px|100px|100px|100px\u00bb border_radii_back_media=\u00bbon|100px|100px|100px|100px\u00bb global_colors_info=\u00bb{%22gcid-11f9b122-e9c0-482b-a959-1714baa342ba%22:%91%22back_bg_color%22,%22border_color_all_card%22%93}\u00bb][\/ba_flipbox][\/et_pb_column][et_pb_column type=\u00bb1_4&#8243; _builder_version=\u00bb4.27.4&#8243; _module_preset=\u00bbdefault\u00bb global_colors_info=\u00bb{}\u00bb][ba_flipbox front_media_type=\u00bbimage\u00bb front_img=\u00bbhttps:\/\/congresso15.cmm.pt\/wp-content\/uploads\/2025\/04\/Unknown-1.jpeg\u00bb front_title=\u00bbV\u00edctor Ferreira\u00bb front_description=\u00bbUniversidad de Aveiro\u00bb back_media_type=\u00bbnone\u00bb back_title=\u00bbProfesor Titular\u00bb back_description=\u00bbUniversidad de Aveiro\u00bb main_height=\u00bb265px\u00bb front_padding=\u00bb0px|3px|0px|3px|false|true\u00bb front_ct_padding=\u00bb0px|3px|0px|3px|false|false\u00bb back_padding=\u00bb0px|3px|0px|3px|false|true\u00bb back_ct_padding=\u00bb0px|3px|0px|3px|false|false\u00bb front_img_height=\u00bb120px\u00bb front_img_width=\u00bb120px\u00bb back_img_height=\u00bb120px\u00bb back_img_width=\u00bb120px\u00bb back_bg_color=\u00bbgcid-11f9b122-e9c0-482b-a959-1714baa342ba\u00bb front_bg_color=\u00bb#ffffff\u00bb front_desc_spacing=\u00bb10px\u00bb back_desc_spacing=\u00bb10px\u00bb _builder_version=\u00bb4.27.4&#8243; _module_preset=\u00bbdefault\u00bb front_title_font_size=\u00bb1.5rem\u00bb front_title_line_height=\u00bb1.7em\u00bb front_description_font_size=\u00bb1rem\u00bb front_description_line_height=\u00bb1.7em\u00bb back_title_text_color=\u00bb#ffffff\u00bb back_title_font_size=\u00bb1.5rem\u00bb back_title_line_height=\u00bb1.7em\u00bb back_description_text_color=\u00bb#ffffff\u00bb back_description_font_size=\u00bb1rem\u00bb back_description_line_height=\u00bb1.7em\u00bb front_subtitle_line_height=\u00bb1.7em\u00bb back_subtitle_line_height=\u00bb1.7em\u00bb custom_padding=\u00bb|4px||4px|false|false\u00bb border_radii_card=\u00bbon|9px|9px|9px|9px\u00bb border_width_all_card=\u00bb1px\u00bb border_color_all_card=\u00bbgcid-11f9b122-e9c0-482b-a959-1714baa342ba\u00bb border_radii_front_media=\u00bbon|100px|100px|100px|100px\u00bb border_radii_back_media=\u00bbon|100px|100px|100px|100px\u00bb locked=\u00bboff\u00bb global_colors_info=\u00bb{%22gcid-11f9b122-e9c0-482b-a959-1714baa342ba%22:%91%22back_bg_color%22,%22border_color_all_card%22%93}\u00bb][\/ba_flipbox][\/et_pb_column][\/et_pb_row][\/et_pb_section]<\/p>\n","protected":false},"excerpt":{"rendered":"<p>Comit\u00e9 Cient\u00edfico<div class=\"et_pb_with_border et_pb_module ba_flipbox ba_flipbox_0\">\n\t\t\t\t\n\t\t\t\t\n\t\t\t\t\n\t\t\t\t\n\t\t\t\t\n\t\t\t\t\n\t\t\t\t<div class=\"et_pb_module_inner\">\n\t\t\t\t\t<div class=\"dtq-module dtq-flipbox dtq-flipbox--flip dtq-flip-right\">\n                <div class=\"dtq-flipbox-inner\">\n\t\t\t\t\t<div class=\"dtq-flipbox-card-container\">\n\t\t\t\t\t\t<div class=\"dtq-flipbox-front-card dtq-flipbox-card\">\n\t\t\t\t\t\t\t<div class=\"dtq-flipbox-card-inner\">\n\t\t\t\t\t\t\t\t<div class=\"dtq-flipbox-front-content dtq-flipbox-content\">\n\t\t\t\t\t\t\t\t\t<div class=\"dtq-flipbox-figure-front\">\n\t\t\t\t\t\n\t\t\t\t<\/div>\n\t\t\t\t\t\t\t\t\t<div class=\"dtq-flipbox-content-wrap\">\n\t\t\t\t\t\t\t\t\t\t<h2 class=\"dtq-flipbox-title-front\">\u00bbPaulo<\/h2>\n\t\t\t\t\t\t\t\t\t\t<h4 class=\"dtq-flipbox-subtitle-front\">\u00bbPresidente\u00bb<\/h4>\n\t\t\t\t\t\t\t\t\t\t<div class=\"dtq-flipbox-desc-front\">\u00bbUniversidad<\/div>\n\t\t\t\t\t\t\t\t\t<\/div>\n\t\t\t\t\t\t\t\t<\/div>\n\t\t\t\t\t\t\t<\/div>\n\t\t\t\t\t\t<\/div>\n\t\t\t\t\t\t<div class=\"dtq-flipbox-back-card dtq-flipbox-card\">\n\t\t\t\t\t\t\t<div class=\"dtq-flipbox-card-inner\">\n\t\t\t\t\t\t\t\t<div class=\"dtq-flipbox-back-content dtq-flipbox-content\">\n\t\t\t\t\t\t\t\t\t<div class=\"dtq-flipbox-figure-back\">\n\t\t\t\t\t\n\t\t\t\t<\/div>\n\t\t\t\t\t\t\t\t\t<div class=\"dtq-flipbox-content-wrap\">\n\t\t\t\t\t\t\t\t\t\t<h2 class=\"dtq-flipbox-title-back\">\u00bbProfesor<\/h2>\n\t\t\t\t\t\t\t\t\t\t\n\t\t\t\t\t\t\t\t\t\t<div class=\"dtq-flipbox-desc-back\">\u00bb<\/div>\n\t\t\t\t\t\t\t\t\t\t\n\t\t\t\t\t\t\t\t\t<\/div>\n\t\t\t\t\t\t\t\t<\/div>\n\t\t\t\t\t\t\t<\/div>\n\t\t\t\t\t\t<\/div>\n\t\t\t\t\t\t<div class=\"dtq-flank\"><\/div>\n\t\t\t\t\t<\/div>\n\t\t\t\t<\/div>\n            <\/div>\n\t\t\t\t<\/div>\n\t\t\t<\/div><\/p>\n","protected":false},"author":2,"featured_media":0,"parent":0,"menu_order":0,"comment_status":"closed","ping_status":"closed","template":"","meta":{"_et_pb_use_builder":"on","_et_pb_old_content":"","_et_gb_content_width":"","_view_id":"","footnotes":""},"class_list":["post-1995","page","type-page","status-publish","hentry"],"_links":{"self":[{"href":"https:\/\/congresso15.cmm.pt\/es\/wp-json\/wp\/v2\/pages\/1995","targetHints":{"allow":["GET"]}}],"collection":[{"href":"https:\/\/congresso15.cmm.pt\/es\/wp-json\/wp\/v2\/pages"}],"about":[{"href":"https:\/\/congresso15.cmm.pt\/es\/wp-json\/wp\/v2\/types\/page"}],"author":[{"embeddable":true,"href":"https:\/\/congresso15.cmm.pt\/es\/wp-json\/wp\/v2\/users\/2"}],"replies":[{"embeddable":true,"href":"https:\/\/congresso15.cmm.pt\/es\/wp-json\/wp\/v2\/comments?post=1995"}],"version-history":[{"count":19,"href":"https:\/\/congresso15.cmm.pt\/es\/wp-json\/wp\/v2\/pages\/1995\/revisions"}],"predecessor-version":[{"id":4266,"href":"https:\/\/congresso15.cmm.pt\/es\/wp-json\/wp\/v2\/pages\/1995\/revisions\/4266"}],"wp:attachment":[{"href":"https:\/\/congresso15.cmm.pt\/es\/wp-json\/wp\/v2\/media?parent=1995"}],"curies":[{"name":"wp","href":"https:\/\/api.w.org\/{rel}","templated":true}]}}