{"id":2019,"date":"2025-04-08T11:34:25","date_gmt":"2025-04-08T11:34:25","guid":{"rendered":"https:\/\/congresso15.cmm.pt\/altavoces\/"},"modified":"2025-11-15T21:10:15","modified_gmt":"2025-11-15T21:10:15","slug":"conferenciantes","status":"publish","type":"page","link":"https:\/\/congresso15.cmm.pt\/es\/conferenciantes\/","title":{"rendered":"Conferenciantes"},"content":{"rendered":"<p>[et_pb_section fb_built=\u00bb1&#8243; custom_padding_last_edited=\u00bbon|phone\u00bb admin_label=\u00bbHero\u00bb _builder_version=\u00bb4.27.4&#8243; use_background_color_gradient=\u00bbon\u00bb background_color_gradient_stops=\u00bb#008aa8 0%|#ffffff 100%\u00bb custom_margin=\u00bb0px||||false|false\u00bb custom_padding=\u00bb100px||100px|\u00bb custom_padding_tablet=\u00bb130px||130px|\u00bb custom_padding_phone=\u00bb0px||50px||false|false\u00bb global_colors_info=\u00bb{}\u00bb][et_pb_row custom_padding_last_edited=\u00bbon|phone\u00bb admin_label=\u00bbt\u00edtulo e ilustraci\u00f3n\u00bb _builder_version=\u00bb4.27.4&#8243; background_size=\u00bbinitial\u00bb background_position=\u00bbtop_left\u00bb background_repeat=\u00bbrepeat\u00bb custom_margin=\u00bb|||\u00bb custom_margin_tablet=\u00bb|||\u00bb custom_margin_phone=\u00bb0px||||false|false\u00bb custom_margin_last_edited=\u00bbon|phone\u00bb custom_padding_tablet=\u00bb\u00bb custom_padding_phone=\u00bb50px||0px||false|false\u00bb global_colors_info=\u00bb{}\u00bb][et_pb_column type=\u00bb4_4&#8243; _builder_version=\u00bb4.16&#8243; custom_padding=\u00bb|||\u00bb global_colors_info=\u00bb{}\u00bb custom_padding__hover=\u00bb|||\u00bb][et_pb_text _builder_version=\u00bb4.27.4&#8243; header_font=\u00bbMerriweather|700|||||||\u00bb header_font_size=\u00bb46px\u00bb header_line_height=\u00bb1.3em\u00bb custom_margin=\u00bb||0px|\u00bb animation_style=\u00bbflip\u00bb animation_direction=\u00bbtop\u00bb header_font_size_tablet=\u00bb46px\u00bb header_font_size_phone=\u00bb40px\u00bb header_font_size_last_edited=\u00bbon|phone\u00bb global_colors_info=\u00bb{}\u00bb]<\/p>\n<h1 style=\"text-align: center;\"><span style=\"color: #ffffff;\">Conferenciantes<\/span><\/h1>\n<p>[\/et_pb_text][et_pb_divider color=\u00bbgcid-11f9b122-e9c0-482b-a959-1714baa342ba\u00bb divider_position=\u00bbcenter\u00bb divider_weight=\u00bb2px\u00bb _builder_version=\u00bb4.27.4&#8243; max_width=\u00bb90px\u00bb max_width_tablet=\u00bb12%\u00bb max_width_last_edited=\u00bboff|desktop\u00bb module_alignment=\u00bbcenter\u00bb custom_margin=\u00bb|||\u00bb animation_style=\u00bbflip\u00bb animation_delay=\u00bb100ms\u00bb locked=\u00bboff\u00bb global_colors_info=\u00bb{%22gcid-11f9b122-e9c0-482b-a959-1714baa342ba%22:%91%22color%22%93}\u00bb][\/et_pb_divider][\/et_pb_column][\/et_pb_row][\/et_pb_section][et_pb_section fb_built=\u00bb1&#8243; custom_padding_last_edited=\u00bbon|phone\u00bb admin_label=\u00bbSpeakers\u00bb _builder_version=\u00bb4.27.4&#8243; custom_margin_tablet=\u00bb\u00bb custom_margin_phone=\u00bb\u00bb custom_margin_last_edited=\u00bbon|phone\u00bb custom_padding=\u00bb60px||0px||false|false\u00bb custom_padding_tablet=\u00bb60px||0px||false|false\u00bb custom_padding_phone=\u00bb0px||||false|false\u00bb animation_style=\u00bbzoom\u00bb animation_intensity_zoom=\u00bb10%\u00bb global_colors_info=\u00bb{}\u00bb][et_pb_row column_structure=\u00bb1_3,2_3&#8243; _builder_version=\u00bb4.16&#8243; custom_margin=\u00bb2px|auto||auto||\u00bb custom_padding=\u00bb40px|0px|40px|0px\u00bb locked=\u00bboff\u00bb global_colors_info=\u00bb{}\u00bb][et_pb_column type=\u00bb1_3&#8243; _builder_version=\u00bb4.16&#8243; custom_padding=\u00bb|||\u00bb global_colors_info=\u00bb{}\u00bb custom_padding__hover=\u00bb|||\u00bb][et_pb_image src=\u00bbhttps:\/\/congresso15.cmm.pt\/wp-content\/uploads\/2025\/11\/image006.jpg\u00bb title_text=\u00bbimage006&#8243; _builder_version=\u00bb4.27.4&#8243; max_width_tablet=\u00bb40%\u00bb max_width_phone=\u00bb40%\u00bb max_width_last_edited=\u00bbon|tablet\u00bb custom_margin=\u00bb|||\u00bb custom_margin_tablet=\u00bb90px|||\u00bb custom_margin_last_edited=\u00bboff|desktop\u00bb always_center_on_mobile=\u00bboff\u00bb locked=\u00bboff\u00bb global_colors_info=\u00bb{}\u00bb][\/et_pb_image][\/et_pb_column][et_pb_column type=\u00bb2_3&#8243; _builder_version=\u00bb4.16&#8243; custom_padding=\u00bb|||\u00bb global_colors_info=\u00bb{}\u00bb custom_padding__hover=\u00bb|||\u00bb][et_pb_text _builder_version=\u00bb4.27.4&#8243; text_font=\u00bb||||||||\u00bb text_text_color=\u00bb#7e7f93&#8243; text_font_size=\u00bb18px\u00bb text_line_height=\u00bb1.5em\u00bb header_font=\u00bb||||||||\u00bb header_3_font=\u00bbMerriweather|700|||||||\u00bb header_3_text_color=\u00bb#4646c4&#8243; header_3_font_size=\u00bb36px\u00bb header_3_line_height=\u00bb1.4em\u00bb text_font_size_tablet=\u00bb18px\u00bb text_font_size_phone=\u00bb15px\u00bb text_font_size_last_edited=\u00bbon|phone\u00bb text_line_height_tablet=\u00bb1.5em\u00bb text_line_height_phone=\u00bb1.6em\u00bb text_line_height_last_edited=\u00bbon|phone\u00bb header_3_font_size_tablet=\u00bb36px\u00bb header_3_font_size_phone=\u00bb25px\u00bb header_3_font_size_last_edited=\u00bbon|phone\u00bb locked=\u00bboff\u00bb global_colors_info=\u00bb{}\u00bb]<\/p>\n<h3><span style=\"color: #008aa8;\">Ing. Ana Ara\u00fajo<\/span><\/h3>\n<div>\n<p>Socio de Buro Happold, responsable de ingenier\u00eda de fachadas y de rehabilitaci\u00f3n de edificios.<\/p>\n<\/div>\n<div><\/div>\n<p>[\/et_pb_text][et_pb_text content_tablet=\u00bb<\/p>\n<div>Conferencia: <strong>Hi Chat. Build me a fa\u00e7ade.\u201d \u00bfSer\u00e1 tan f\u00e1cil? Desaf\u00edos y oportunidades<\/strong><\/div>\n<div><\/div>\n<p>\u00bb content_phone=\u00bb<\/p>\n<div>Conferencia: <strong>Hi Chat. Build me a fa\u00e7ade.\u201d \u00bfSer\u00e1 tan f\u00e1cil? Desaf\u00edos y oportunidades<\/strong><\/div>\n<div><\/div>\n<p>\u00bb content_last_edited=\u00bbon|phone\u00bb _builder_version=\u00bb4.27.4&#8243; text_font=\u00bb||||||||\u00bb text_text_color=\u00bb#7e7f93&#8243; text_font_size=\u00bb18px\u00bb text_line_height=\u00bb1.5em\u00bb header_font=\u00bb||||||||\u00bb header_3_font=\u00bbMerriweather|700|||||||\u00bb header_3_text_color=\u00bb#4646c4&#8243; header_3_font_size=\u00bb36px\u00bb header_3_line_height=\u00bb1.4em\u00bb text_font_size_tablet=\u00bb18px\u00bb text_font_size_phone=\u00bb15px\u00bb text_font_size_last_edited=\u00bbon|phone\u00bb text_line_height_tablet=\u00bb1.5em\u00bb text_line_height_phone=\u00bb1.6em\u00bb text_line_height_last_edited=\u00bbon|phone\u00bb locked=\u00bboff\u00bb global_colors_info=\u00bb{}\u00bb]<\/p>\n<div>Conferencia: <strong>Hi Chat. Build me a fa\u00e7ade.\u201d \u00bfSer\u00e1 tan f\u00e1cil? Desaf\u00edos y oportunidades<\/strong><\/div>\n<p>[\/et_pb_text][et_pb_text _builder_version=\u00bb4.27.4&#8243; text_font=\u00bb||||||||\u00bb text_font_size=\u00bb18px\u00bb text_line_height=\u00bb1.8em\u00bb custom_padding=\u00bb||0px|||\u00bb text_font_size_tablet=\u00bb18px\u00bb text_font_size_phone=\u00bb15px\u00bb text_font_size_last_edited=\u00bbon|phone\u00bb text_line_height_tablet=\u00bb1.8em\u00bb text_line_height_phone=\u00bb1.6em\u00bb text_line_height_last_edited=\u00bbon|phone\u00bb global_colors_info=\u00bb{}\u00bb]<\/p>\n<p>Ana \u00e9 ingenheira civil (Faculdade de Engenharia da Universidade do Porto, especialidade em constru\u00e7\u00f5es) y Chartered Building Surveyor. Tendo come\u00e7ado a carreira no Porto e, actualmente, basada en Londres, dedic\u00f3 los \u00faltimos 20 a\u00f1os a la inspecci\u00f3n de edificios existentes y a la consultor\u00eda de fachadas en m\u00faltiples pa\u00edses. Lidera a equipa de Engenharia de Fachadas da Buro Happold desde 2021, un grupo internacional de m\u00e1s de 80 especialistas en ingenier\u00eda de fachadas basados \u200b\u200ben Europa, Am\u00e9rica do Norte, Medio Oriente e \u00c1sia. Entusiasta de la reabilitaci\u00f3n, inspirada en el lindo Centro Hist\u00f3rico de Porto, se enfoca a la mayor parte de su asesoramiento directo en la reabilitaci\u00f3n de los edificios existentes, visando siempre soluciones innovadoras y sostenibles para los desaf\u00edos que el patrimonio edificado enfrenta, en constante evoluci\u00f3n. La tecnolog\u00eda eliminar\u00e1 un papel cada vez m\u00e1s importante seg\u00fan su objetivo.<\/p>\n<p>[\/et_pb_text][\/et_pb_column][\/et_pb_row][et_pb_row column_structure=\u00bb1_3,2_3&#8243; _builder_version=\u00bb4.16&#8243; custom_margin=\u00bb2px|auto||auto||\u00bb custom_padding=\u00bb40px|0px|40px|0px\u00bb locked=\u00bboff\u00bb global_colors_info=\u00bb{}\u00bb][et_pb_column type=\u00bb1_3&#8243; _builder_version=\u00bb4.16&#8243; custom_padding=\u00bb|||\u00bb global_colors_info=\u00bb{}\u00bb custom_padding__hover=\u00bb|||\u00bb][et_pb_image src=\u00bbhttps:\/\/congresso15.cmm.pt\/wp-content\/uploads\/2025\/10\/A-LORCA.jpg\u00bb title_text=\u00bbA LORCA\u00bb _builder_version=\u00bb4.27.4&#8243; max_width_tablet=\u00bb40%\u00bb max_width_phone=\u00bb40%\u00bb max_width_last_edited=\u00bbon|tablet\u00bb custom_margin=\u00bb|||\u00bb custom_margin_tablet=\u00bb90px|||\u00bb custom_margin_last_edited=\u00bboff|desktop\u00bb always_center_on_mobile=\u00bboff\u00bb locked=\u00bboff\u00bb global_colors_info=\u00bb{}\u00bb][\/et_pb_image][\/et_pb_column][et_pb_column type=\u00bb2_3&#8243; _builder_version=\u00bb4.16&#8243; custom_padding=\u00bb|||\u00bb global_colors_info=\u00bb{}\u00bb custom_padding__hover=\u00bb|||\u00bb][et_pb_text _builder_version=\u00bb4.27.4&#8243; text_font=\u00bb||||||||\u00bb text_text_color=\u00bb#7e7f93&#8243; text_font_size=\u00bb18px\u00bb text_line_height=\u00bb1.5em\u00bb header_font=\u00bb||||||||\u00bb header_3_font=\u00bbMerriweather|700|||||||\u00bb header_3_text_color=\u00bb#4646c4&#8243; header_3_font_size=\u00bb36px\u00bb header_3_line_height=\u00bb1.4em\u00bb text_font_size_tablet=\u00bb18px\u00bb text_font_size_phone=\u00bb15px\u00bb text_font_size_last_edited=\u00bbon|phone\u00bb text_line_height_tablet=\u00bb1.5em\u00bb text_line_height_phone=\u00bb1.6em\u00bb text_line_height_last_edited=\u00bbon|phone\u00bb header_3_font_size_tablet=\u00bb36px\u00bb header_3_font_size_phone=\u00bb25px\u00bb header_3_font_size_last_edited=\u00bbon|phone\u00bb locked=\u00bboff\u00bb global_colors_info=\u00bb{}\u00bb]<\/p>\n<h3><span style=\"color: #008aa8;\">Arq. Alejandro Lorca<\/span><\/h3>\n<div>Socio senior y jefe del estudio de Madrid en L35 Architects(masculino)<\/div>\n<div><\/div>\n<p>[\/et_pb_text][et_pb_text content_tablet=\u00bb<\/p>\n<div>Conferencia: <strong>La Fachada del Bernab\u00e9u<\/strong><\/div>\n<div><\/div>\n<p>\u00bb content_phone=\u00bb<\/p>\n<div>Conferencia: <strong>La Fachada del Bernab\u00e9u<\/strong><\/div>\n<div><\/div>\n<p>\u00bb content_last_edited=\u00bbon|phone\u00bb _builder_version=\u00bb4.27.4&#8243; text_font=\u00bb||||||||\u00bb text_text_color=\u00bb#7e7f93&#8243; text_font_size=\u00bb18px\u00bb text_line_height=\u00bb1.5em\u00bb header_font=\u00bb||||||||\u00bb header_3_font=\u00bbMerriweather|700|||||||\u00bb header_3_text_color=\u00bb#4646c4&#8243; header_3_font_size=\u00bb36px\u00bb header_3_line_height=\u00bb1.4em\u00bb text_font_size_tablet=\u00bb18px\u00bb text_font_size_phone=\u00bb15px\u00bb text_font_size_last_edited=\u00bbon|phone\u00bb text_line_height_tablet=\u00bb1.5em\u00bb text_line_height_phone=\u00bb1.6em\u00bb text_line_height_last_edited=\u00bbon|phone\u00bb locked=\u00bboff\u00bb global_colors_info=\u00bb{}\u00bb]<\/p>\n<div>Conferencia: <strong>La Fachada del Bernab\u00e9u<\/strong><\/div>\n<div><\/div>\n<p>[\/et_pb_text][et_pb_text _builder_version=\u00bb4.27.4&#8243; text_font=\u00bb||||||||\u00bb text_font_size=\u00bb18px\u00bb text_line_height=\u00bb1.8em\u00bb text_font_size_tablet=\u00bb18px\u00bb text_font_size_phone=\u00bb15px\u00bb text_font_size_last_edited=\u00bbon|phone\u00bb text_line_height_tablet=\u00bb1.8em\u00bb text_line_height_phone=\u00bb1.6em\u00bb text_line_height_last_edited=\u00bbon|phone\u00bb global_colors_info=\u00bb{}\u00bb]<\/p>\n<p style=\"font-weight: 400;\">Alejandro es socio principal y director del estudio madrile\u00f1o de L35 Arquitectos.<br \/>Lidera y supervisa equipos de dise\u00f1o que trabajan en proyectos complejos, en particular desarrollos de uso mixto y deportivos. En los \u00faltimos a\u00f1os, ha coordinado estudios de arquitectura e ingenier\u00eda para proyectos internacionales. Entre sus obras m\u00e1s destacadas se encuentran el Estadio Santiago Bernab\u00e9u de Madrid, el Estadio de Gran Canaria, el proyecto de regeneraci\u00f3n urbana de Petah Tikva en Tel Aviv y centros comerciales como Sofia Ring Mall e Islazul.<\/p>\n<p>[\/et_pb_text][\/et_pb_column][\/et_pb_row][et_pb_row column_structure=\u00bb1_3,2_3&#8243; _builder_version=\u00bb4.16&#8243; custom_margin=\u00bb2px|auto|28px|auto||\u00bb custom_padding=\u00bb40px|0px|40px|0px\u00bb locked=\u00bboff\u00bb global_colors_info=\u00bb{}\u00bb][et_pb_column type=\u00bb1_3&#8243; _builder_version=\u00bb4.16&#8243; custom_padding=\u00bb|||\u00bb global_colors_info=\u00bb{}\u00bb custom_padding__hover=\u00bb|||\u00bb][et_pb_image src=\u00bbhttps:\/\/congresso15.cmm.pt\/wp-content\/uploads\/2025\/10\/Anton.png\u00bb title_text=\u00bbAnton\u00bb _builder_version=\u00bb4.27.4&#8243; max_width_tablet=\u00bb40%\u00bb max_width_phone=\u00bb40%\u00bb max_width_last_edited=\u00bbon|tablet\u00bb custom_margin=\u00bb|||\u00bb custom_margin_tablet=\u00bb90px|||\u00bb custom_margin_last_edited=\u00bboff|desktop\u00bb always_center_on_mobile=\u00bboff\u00bb locked=\u00bboff\u00bb global_colors_info=\u00bb{}\u00bb][\/et_pb_image][\/et_pb_column][et_pb_column type=\u00bb2_3&#8243; _builder_version=\u00bb4.16&#8243; custom_padding=\u00bb|||\u00bb global_colors_info=\u00bb{}\u00bb custom_padding__hover=\u00bb|||\u00bb][et_pb_text _builder_version=\u00bb4.27.4&#8243; text_font=\u00bb||||||||\u00bb text_text_color=\u00bb#7e7f93&#8243; text_font_size=\u00bb18px\u00bb text_line_height=\u00bb1.5em\u00bb header_font=\u00bb||||||||\u00bb header_3_font=\u00bbMerriweather|700|||||||\u00bb header_3_text_color=\u00bb#4646c4&#8243; header_3_font_size=\u00bb36px\u00bb header_3_line_height=\u00bb1.4em\u00bb text_font_size_tablet=\u00bb18px\u00bb text_font_size_phone=\u00bb15px\u00bb text_font_size_last_edited=\u00bbon|phone\u00bb text_line_height_tablet=\u00bb1.5em\u00bb text_line_height_phone=\u00bb1.6em\u00bb text_line_height_last_edited=\u00bbon|phone\u00bb header_3_font_size_tablet=\u00bb36px\u00bb header_3_font_size_phone=\u00bb25px\u00bb header_3_font_size_last_edited=\u00bbon|phone\u00bb locked=\u00bboff\u00bb global_colors_info=\u00bb{}\u00bb]<\/p>\n<h3><span style=\"color: #008aa8;\">Ing. Anton Zeilinger<\/span><\/h3>\n<div>\n<p class=\"p1\">igm Robotersystem \u2013 Gerente Global de Cuentas Clave Caterpillar<\/p>\n<\/div>\n<div><\/div>\n<p>[\/et_pb_text][et_pb_text content_tablet=\u00bb<\/p>\n<div>Conferencia: <strong>Sistemas rob\u00f3ticos de soldadura integrados con tecnolog\u00eda de sensores avanzada<\/strong><\/div>\n<div><\/div>\n<p>\u00bb content_phone=\u00bb<\/p>\n<div>Conferencia: <strong>Sistemas rob\u00f3ticos de soldadura integrados con tecnolog\u00eda de sensores avanzada<\/strong><\/div>\n<div><\/div>\n<p>\u00bb content_last_edited=\u00bbon|phone\u00bb _builder_version=\u00bb4.27.4&#8243; text_font=\u00bb||||||||\u00bb text_text_color=\u00bb#7e7f93&#8243; text_font_size=\u00bb18px\u00bb text_line_height=\u00bb1.5em\u00bb header_font=\u00bb||||||||\u00bb header_3_font=\u00bbMerriweather|700|||||||\u00bb header_3_text_color=\u00bb#4646c4&#8243; header_3_font_size=\u00bb36px\u00bb header_3_line_height=\u00bb1.4em\u00bb custom_padding=\u00bb||0px|||\u00bb text_font_size_tablet=\u00bb18px\u00bb text_font_size_phone=\u00bb15px\u00bb text_font_size_last_edited=\u00bbon|phone\u00bb text_line_height_tablet=\u00bb1.5em\u00bb text_line_height_phone=\u00bb1.6em\u00bb text_line_height_last_edited=\u00bbon|phone\u00bb locked=\u00bboff\u00bb global_colors_info=\u00bb{}\u00bb]<\/p>\n<p>Conferencia: <strong>Sistemas rob\u00f3ticos de soldadura integrados con tecnolog\u00eda de sensores avanzada<\/strong><\/p>\n<p>[\/et_pb_text][et_pb_text _builder_version=\u00bb4.27.4&#8243; text_font=\u00bb||||||||\u00bb text_font_size=\u00bb18px\u00bb text_line_height=\u00bb1.8em\u00bb text_font_size_tablet=\u00bb18px\u00bb text_font_size_phone=\u00bb15px\u00bb text_font_size_last_edited=\u00bbon|phone\u00bb text_line_height_tablet=\u00bb1.8em\u00bb text_line_height_phone=\u00bb1.6em\u00bb text_line_height_last_edited=\u00bbon|phone\u00bb global_colors_info=\u00bb{}\u00bb]<\/p>\n<p style=\"font-weight: 400;\">L\u00edder de ventas con una amplia trayectoria en igm Robotersysteme AG, destacando en liderazgo de equipos, satisfacci\u00f3n del cliente y optimizaci\u00f3n del rendimiento del servicio.<\/p>\n<p>[\/et_pb_text][\/et_pb_column][\/et_pb_row][et_pb_row column_structure=\u00bb1_3,2_3&#8243; _builder_version=\u00bb4.16&#8243; custom_margin=\u00bb2px|auto||auto||\u00bb custom_padding=\u00bb40px|0px|40px|0px\u00bb locked=\u00bboff\u00bb global_colors_info=\u00bb{}\u00bb][et_pb_column type=\u00bb1_3&#8243; _builder_version=\u00bb4.16&#8243; custom_padding=\u00bb|||\u00bb global_colors_info=\u00bb{}\u00bb custom_padding__hover=\u00bb|||\u00bb][et_pb_image src=\u00bbhttps:\/\/congresso15.cmm.pt\/wp-content\/uploads\/2025\/11\/AntonioPedro.jpeg\u00bb title_text=\u00bbAntonioPedro\u00bb _builder_version=\u00bb4.27.4&#8243; max_width_tablet=\u00bb40%\u00bb max_width_phone=\u00bb40%\u00bb max_width_last_edited=\u00bbon|tablet\u00bb custom_margin=\u00bb|||\u00bb custom_margin_tablet=\u00bb90px|||\u00bb custom_margin_last_edited=\u00bboff|desktop\u00bb always_center_on_mobile=\u00bboff\u00bb locked=\u00bboff\u00bb global_colors_info=\u00bb{}\u00bb][\/et_pb_image][\/et_pb_column][et_pb_column type=\u00bb2_3&#8243; _builder_version=\u00bb4.16&#8243; custom_padding=\u00bb|||\u00bb global_colors_info=\u00bb{}\u00bb custom_padding__hover=\u00bb|||\u00bb][et_pb_text _builder_version=\u00bb4.27.4&#8243; text_font=\u00bb||||||||\u00bb text_text_color=\u00bb#7e7f93&#8243; text_font_size=\u00bb18px\u00bb text_line_height=\u00bb1.5em\u00bb header_font=\u00bb||||||||\u00bb header_3_font=\u00bbMerriweather|700|||||||\u00bb header_3_text_color=\u00bb#4646c4&#8243; header_3_font_size=\u00bb36px\u00bb header_3_line_height=\u00bb1.4em\u00bb text_font_size_tablet=\u00bb18px\u00bb text_font_size_phone=\u00bb15px\u00bb text_font_size_last_edited=\u00bbon|phone\u00bb text_line_height_tablet=\u00bb1.5em\u00bb text_line_height_phone=\u00bb1.6em\u00bb text_line_height_last_edited=\u00bbon|phone\u00bb header_3_font_size_tablet=\u00bb36px\u00bb header_3_font_size_phone=\u00bb25px\u00bb header_3_font_size_last_edited=\u00bbon|phone\u00bb locked=\u00bboff\u00bb global_colors_info=\u00bb{}\u00bb]<\/p>\n<h3><span style=\"color: #008aa8;\">Ing. Ant\u00f3nio Pedro<\/span><\/h3>\n<div>\n<p class=\"p1\">CEO Metalogalva<\/p>\n<\/div>\n<div><\/div>\n<p>[\/et_pb_text][et_pb_text content_tablet=\u00bb<\/p>\n<div>Conferencia: <strong>Impactos y desaf\u00edos clave del panorama geopol\u00edtico actual: c\u00f3mo afrontar los aranceles, la inflaci\u00f3n y las tensiones comerciales<\/strong><\/div>\n<div><\/div>\n<p>\u00bb content_phone=\u00bb<\/p>\n<div>Palestra: <strong>Principais Impactos e Desafios do Cen\u00e1rio Geopol\u00edtico Atual: Navegando por Tarifas, Infla\u00e7\u00e3o e Tens\u00f5es Comerciais<\/strong><\/div>\n<div><\/div>\n<p>\u00bb content_last_edited=\u00bbon|phone\u00bb _builder_version=\u00bb4.27.4&#8243; text_font=\u00bb||||||||\u00bb text_text_color=\u00bb#7e7f93&#8243; text_font_size=\u00bb18px\u00bb text_line_height=\u00bb1.5em\u00bb header_font=\u00bb||||||||\u00bb header_3_font=\u00bbMerriweather|700|||||||\u00bb header_3_text_color=\u00bb#4646c4&#8243; header_3_font_size=\u00bb36px\u00bb header_3_line_height=\u00bb1.4em\u00bb custom_padding=\u00bb||0px|||\u00bb text_font_size_tablet=\u00bb18px\u00bb text_font_size_phone=\u00bb15px\u00bb text_font_size_last_edited=\u00bbon|phone\u00bb text_line_height_tablet=\u00bb1.5em\u00bb text_line_height_phone=\u00bb1.6em\u00bb text_line_height_last_edited=\u00bbon|phone\u00bb locked=\u00bboff\u00bb global_colors_info=\u00bb{}\u00bb]<\/p>\n<p>Conferencia: <strong>Impactos y desaf\u00edos clave del panorama geopol\u00edtico actual: c\u00f3mo afrontar los aranceles, la inflaci\u00f3n y las tensiones comerciales<\/strong><\/p>\n<p>[\/et_pb_text][et_pb_text _builder_version=\u00bb4.27.4&#8243; text_font=\u00bb||||||||\u00bb text_font_size=\u00bb18px\u00bb text_line_height=\u00bb1.8em\u00bb text_font_size_tablet=\u00bb18px\u00bb text_font_size_phone=\u00bb15px\u00bb text_font_size_last_edited=\u00bbon|phone\u00bb text_line_height_tablet=\u00bb1.8em\u00bb text_line_height_phone=\u00bb1.6em\u00bb text_line_height_last_edited=\u00bbon|phone\u00bb global_colors_info=\u00bb{}\u00bb]<\/p>\n<p>Ant\u00f3nio Pedro Rocha Brito M. Antunes es el director general de Metalogalva y responsable del \u00e1rea de metalurgia del Grupo Vigent, que cuenta con plantas industriales en siete pa\u00edses (Portugal, Francia, Alemania, Polonia, Reino Unido, Ucrania, Estados Unidos y Angola) y presencia comercial en otros dos mercados. Inici\u00f3 su trayectoria en Metalogalva como becario en 2005, asumiendo la direcci\u00f3n t\u00e9cnica en 2007. En 2011, se incorpor\u00f3 al Consejo de Administraci\u00f3n, desempe\u00f1ando un papel fundamental en el proceso de internacionalizaci\u00f3n de la compa\u00f1\u00eda. En 2020, fue nombrado director general del conglomerado, consolidando la expansi\u00f3n global y la diversificaci\u00f3n estrat\u00e9gica del grupo. Con una s\u00f3lida experiencia en la creaci\u00f3n y el desarrollo de equipos para afrontar retos globales, Ant\u00f3nio Pedro ha liderado operaciones que compiten al m\u00e1s alto nivel en el sector metal\u00fargico. Su trayectoria incluye crecimiento org\u00e1nico y adquisiciones de competidores europeos, as\u00ed como la creaci\u00f3n de empresas conjuntas en pa\u00edses como Ucrania, Brasil y Arabia Saud\u00ed. Posee un MBA Ejecutivo Global de INSEAD, una maestr\u00eda en Ingenier\u00eda Civil de la Universidad de Oporto y un programa de Direcci\u00f3n General de AESE, y combina conocimientos t\u00e9cnicos y visi\u00f3n estrat\u00e9gica para impulsar la innovaci\u00f3n y la competitividad en el sector industrial.<\/p>\n<p>[\/et_pb_text][\/et_pb_column][\/et_pb_row][et_pb_row column_structure=\u00bb1_3,2_3&#8243; _builder_version=\u00bb4.16&#8243; min_height=\u00bb967.9px\u00bb custom_margin=\u00bb2px|auto||auto||\u00bb custom_padding=\u00bb40px|0px|40px|0px\u00bb global_colors_info=\u00bb{}\u00bb][et_pb_column type=\u00bb1_3&#8243; _builder_version=\u00bb4.16&#8243; custom_padding=\u00bb|||\u00bb global_colors_info=\u00bb{}\u00bb custom_padding__hover=\u00bb|||\u00bb][et_pb_image src=\u00bbhttps:\/\/congresso15.cmm.pt\/wp-content\/uploads\/2025\/04\/Ben-Young-300dpi.png\u00bb title_text=\u00bbBen Young (300dpi)\u00bb _builder_version=\u00bb4.27.4&#8243; max_width_tablet=\u00bb40%\u00bb max_width_phone=\u00bb40%\u00bb max_width_last_edited=\u00bbon|tablet\u00bb custom_margin=\u00bb|||\u00bb custom_margin_tablet=\u00bb90px|||\u00bb custom_margin_last_edited=\u00bboff|desktop\u00bb always_center_on_mobile=\u00bboff\u00bb locked=\u00bboff\u00bb global_colors_info=\u00bb{}\u00bb][\/et_pb_image][\/et_pb_column][et_pb_column type=\u00bb2_3&#8243; _builder_version=\u00bb4.16&#8243; custom_padding=\u00bb|||\u00bb global_colors_info=\u00bb{}\u00bb custom_padding__hover=\u00bb|||\u00bb][et_pb_text _builder_version=\u00bb4.27.4&#8243; text_font=\u00bb||||||||\u00bb text_text_color=\u00bb#7e7f93&#8243; text_font_size=\u00bb18px\u00bb text_line_height=\u00bb1.5em\u00bb header_font=\u00bb||||||||\u00bb header_3_font=\u00bbMerriweather|700|||||||\u00bb header_3_text_color=\u00bb#4646c4&#8243; header_3_font_size=\u00bb36px\u00bb header_3_line_height=\u00bb1.4em\u00bb text_font_size_tablet=\u00bb18px\u00bb text_font_size_phone=\u00bb15px\u00bb text_font_size_last_edited=\u00bbon|phone\u00bb text_line_height_tablet=\u00bb1.5em\u00bb text_line_height_phone=\u00bb1.6em\u00bb text_line_height_last_edited=\u00bbon|phone\u00bb header_3_font_size_tablet=\u00bb36px\u00bb header_3_font_size_phone=\u00bb25px\u00bb header_3_font_size_last_edited=\u00bbon|phone\u00bb locked=\u00bboff\u00bb global_colors_info=\u00bb{}\u00bb]<\/p>\n<h3><span style=\"color: #008aa8;\">Prof. Ben Young<\/span><\/h3>\n<div><span lang=\"EN-US\">Vicepresidente y Catedr\u00e1tico de Estructuras de Acero de la Universidad Polit\u00e9cnica de Hong Kong<\/span><\/div>\n<div><\/div>\n<p>[\/et_pb_text][et_pb_text content_tablet=\u00bb<\/p>\n<div>Conferencia: <strong><span style=%22font-size: 18px;%22>Ensayos, modelizaci\u00f3n num\u00e9rica y dise\u00f1o de perfiles cerrados de acero inoxidable conformados en fr\u00edo en flexi\u00f3n<\/span><\/strong><\/div>\n<div><\/div>\n<p>\u00bb content_phone=\u00bb<\/p>\n<div>Conferencia: <strong><span style=%22font-size: 15px;%22>Ensayos, modelizaci\u00f3n num\u00e9rica y dise\u00f1o de perfiles cerrados de acero inoxidable conformados en fr\u00edo en flexi\u00f3n<\/span><\/strong><\/div>\n<div><\/div>\n<p>\u00bb content_last_edited=\u00bbon|phone\u00bb _builder_version=\u00bb4.27.4&#8243; text_font=\u00bb||||||||\u00bb text_text_color=\u00bb#7e7f93&#8243; text_font_size=\u00bb18px\u00bb text_line_height=\u00bb1.5em\u00bb header_font=\u00bb||||||||\u00bb header_3_font=\u00bbMerriweather|700|||||||\u00bb header_3_text_color=\u00bb#4646c4&#8243; header_3_font_size=\u00bb36px\u00bb header_3_line_height=\u00bb1.4em\u00bb text_font_size_tablet=\u00bb18px\u00bb text_font_size_phone=\u00bb15px\u00bb text_font_size_last_edited=\u00bbon|phone\u00bb text_line_height_tablet=\u00bb1.5em\u00bb text_line_height_phone=\u00bb1.6em\u00bb text_line_height_last_edited=\u00bbon|phone\u00bb locked=\u00bboff\u00bb global_colors_info=\u00bb{}\u00bb]<\/p>\n<div>Conferencia: <strong><span style=\"font-size: 18px;\">Ensayos, modelizaci\u00f3n num\u00e9rica y dise\u00f1o de perfiles cerrados de acero inoxidable conformados en fr\u00edo en flexi\u00f3n<\/span><\/strong><\/div>\n<div><\/div>\n<p>[\/et_pb_text][et_pb_text _builder_version=\u00bb4.27.4&#8243; text_font=\u00bb||||||||\u00bb text_font_size=\u00bb18px\u00bb text_line_height=\u00bb1.8em\u00bb text_font_size_tablet=\u00bb18px\u00bb text_font_size_phone=\u00bb15px\u00bb text_font_size_last_edited=\u00bbon|phone\u00bb text_line_height_tablet=\u00bb1.8em\u00bb text_line_height_phone=\u00bb1.6em\u00bb text_line_height_last_edited=\u00bbon|phone\u00bb global_colors_info=\u00bb{}\u00bb]<\/p>\n<p style=\"font-weight: 400;\">El profesor Ben Young es Vicepresidente (Asuntos Estudiantiles y Globales) y Catedr\u00e1tico de Estructuras de Acero de la Universidad Polit\u00e9cnica de Hong Kong, y supervisa las pol\u00edticas y planes institucionales relacionados con el desarrollo estudiantil y la promoci\u00f3n de la cultura, as\u00ed como los esfuerzos de compromiso global en iniciativas educativas que implican el establecimiento de asociaciones con universidades l\u00edderes y socios estrat\u00e9gicos de todo el mundo. El profesor Young est\u00e1 muy familiarizado con la investigaci\u00f3n acad\u00e9mica y participa activamente en paneles acad\u00e9micos de diversos organismos gubernamentales y organizaciones no gubernamentales. Es miembro asesor del Comit\u00e9 de Acero Inoxidable Estructural del Instituto Americano de Construcci\u00f3n en Acero. En la actualidad, el profesor Young es Coeditor Jefe del Journal of Constructional Steel Research, publicado por Elsevier. Ha publicado m\u00e1s de 700 art\u00edculos en revistas y conferencias internacionales, de los que m\u00e1s de 400 son art\u00edculos indexados en SCI. Tiene un \u00edndice h de 73 en Scopus. El profesor Young ha sido elegido Miembro de la Academia Europea de Ciencias y Artes (EASA). Tambi\u00e9n ha recibido el Premio Shortridge Hardesty por sus aportaciones a la investigaci\u00f3n sobre el dise\u00f1o de la estabilidad de estructuras de acero conformado en fr\u00edo y acero inoxidable, concedido por la Sociedad Americana de Ingenieros Civiles en 2020.<\/p>\n<p>[\/et_pb_text][\/et_pb_column][\/et_pb_row][et_pb_row column_structure=\u00bb1_3,2_3&#8243; _builder_version=\u00bb4.16&#8243; custom_margin=\u00bb|||\u00bb custom_padding=\u00bb40px|0px|40px|0px\u00bb global_colors_info=\u00bb{}\u00bb][et_pb_column type=\u00bb1_3&#8243; _builder_version=\u00bb4.16&#8243; custom_padding=\u00bb|||\u00bb global_colors_info=\u00bb{}\u00bb custom_padding__hover=\u00bb|||\u00bb][et_pb_image src=\u00bbhttps:\/\/congresso15.cmm.pt\/wp-content\/uploads\/2025\/05\/image.png\u00bb title_text=\u00bbimage\u00bb _builder_version=\u00bb4.27.4&#8243; max_width_tablet=\u00bb40%\u00bb max_width_phone=\u00bb40%\u00bb max_width_last_edited=\u00bbon|tablet\u00bb custom_margin=\u00bb|||\u00bb custom_margin_tablet=\u00bb90px|||\u00bb custom_margin_last_edited=\u00bboff|desktop\u00bb always_center_on_mobile=\u00bboff\u00bb locked=\u00bboff\u00bb global_colors_info=\u00bb{}\u00bb][\/et_pb_image][\/et_pb_column][et_pb_column type=\u00bb2_3&#8243; _builder_version=\u00bb4.16&#8243; custom_padding=\u00bb|||\u00bb global_colors_info=\u00bb{}\u00bb custom_padding__hover=\u00bb|||\u00bb][et_pb_text _builder_version=\u00bb4.27.4&#8243; text_font=\u00bb||||||||\u00bb text_text_color=\u00bb#7e7f93&#8243; text_font_size=\u00bb18px\u00bb text_line_height=\u00bb1.5em\u00bb header_font=\u00bb||||||||\u00bb header_3_font=\u00bbMerriweather|700|||||||\u00bb header_3_text_color=\u00bb#4646c4&#8243; header_3_font_size=\u00bb36px\u00bb header_3_line_height=\u00bb1.4em\u00bb text_font_size_tablet=\u00bb18px\u00bb text_font_size_phone=\u00bb15px\u00bb text_font_size_last_edited=\u00bbon|phone\u00bb text_line_height_tablet=\u00bb1.5em\u00bb text_line_height_phone=\u00bb1.6em\u00bb text_line_height_last_edited=\u00bbon|phone\u00bb header_3_font_size_tablet=\u00bb36px\u00bb header_3_font_size_phone=\u00bb22px\u00bb header_3_font_size_last_edited=\u00bbon|phone\u00bb locked=\u00bboff\u00bb global_colors_info=\u00bb{}\u00bb]<\/p>\n<h3><span style=\"color: #008aa8;\">Prof. Bernardo Almada-Lobo<\/span><\/h3>\n<p>Profesor Titular de Ingenier\u00eda y Gesti\u00f3n Industrial en la Facultad de Ingenier\u00eda de la Universidad de Oporto<\/p>\n<p>[\/et_pb_text][et_pb_text content_tablet=\u00bb<\/p>\n<div>Conferencia: <strong><span style=%22font-size: 18px;%22>La construcci\u00f3n en acero en la era de la inteligencia artificial: \u00bfDe d\u00f3nde venimos, ad\u00f3nde vamos?<\/span><\/strong><\/div>\n<div><\/div>\n<p>\u00bb content_phone=\u00bb<\/p>\n<div>Conferencia: <strong><span style=%22font-size: 15px;%22>La construcci\u00f3n en acero en la era de la inteligencia artificial: \u00bfDe d\u00f3nde venimos, ad\u00f3nde vamos?<\/span><\/strong><\/div>\n<div><\/div>\n<p>\u00bb content_last_edited=\u00bbon|phone\u00bb _builder_version=\u00bb4.27.4&#8243; text_font=\u00bb||||||||\u00bb text_text_color=\u00bb#7e7f93&#8243; text_font_size=\u00bb18px\u00bb text_line_height=\u00bb1.5em\u00bb header_font=\u00bb||||||||\u00bb header_3_font=\u00bbMerriweather|700|||||||\u00bb header_3_text_color=\u00bb#4646c4&#8243; header_3_font_size=\u00bb36px\u00bb header_3_line_height=\u00bb1.4em\u00bb text_font_size_tablet=\u00bb18px\u00bb text_font_size_phone=\u00bb15px\u00bb text_font_size_last_edited=\u00bbon|phone\u00bb text_line_height_tablet=\u00bb1.5em\u00bb text_line_height_phone=\u00bb1.6em\u00bb text_line_height_last_edited=\u00bbon|phone\u00bb locked=\u00bboff\u00bb global_colors_info=\u00bb{}\u00bb]<\/p>\n<div>Conferencia: <strong><span style=\"font-size: 18px;\">La construcci\u00f3n en acero en la era de la inteligencia artificial: \u00bfDe d\u00f3nde venimos, ad\u00f3nde vamos?<\/span><\/strong><\/div>\n<div><\/div>\n<p>[\/et_pb_text][et_pb_text _builder_version=\u00bb4.27.4&#8243; text_font=\u00bb||||||||\u00bb text_font_size=\u00bb18px\u00bb text_line_height=\u00bb1.8em\u00bb text_font_size_tablet=\u00bb18px\u00bb text_font_size_phone=\u00bb15px\u00bb text_font_size_last_edited=\u00bbon|phone\u00bb text_line_height_tablet=\u00bb1.8em\u00bb text_line_height_phone=\u00bb1.6em\u00bb text_line_height_last_edited=\u00bbon|phone\u00bb global_colors_info=\u00bb{}\u00bb]<\/p>\n<p>Profesor titular de Ingenier\u00eda y Gesti\u00f3n Industrial en la Facultad de Ingenier\u00eda de la Universidad de Oporto (FEUP), y en la Escuela de Negocios de Oporto. Cofundador y socio de LTPlabs, empresa de IA y anal\u00edtica avanzada. Miembro del Patronato de la Fundaci\u00f3n Belmiro de Azevedo. Miembro de la Academia de Ingenier\u00eda. Ex director del INESC TEC e investigador de la Sloan School of Management del Instituto Tecnol\u00f3gico de Massachusetts. Licenciado, Doctor y Agregado en Ingenier\u00eda y Gesti\u00f3n Industrial por la FEUP. Programa Avanzado de Gesti\u00f3n en el INSEAD. Profesional Certificado en Anal\u00edtica por INFORMS.       <\/p>\n<p>[\/et_pb_text][\/et_pb_column][\/et_pb_row][et_pb_row column_structure=\u00bb1_3,2_3&#8243; _builder_version=\u00bb4.27.4&#8243; custom_margin=\u00bb|||\u00bb custom_padding=\u00bb40px|0px|40px|0px\u00bb locked=\u00bboff\u00bb global_colors_info=\u00bb{}\u00bb][et_pb_column type=\u00bb1_3&#8243; _builder_version=\u00bb4.27.4&#8243; custom_padding=\u00bb|||\u00bb global_colors_info=\u00bb{}\u00bb custom_padding__hover=\u00bb|||\u00bb][et_pb_image src=\u00bbhttps:\/\/congresso15.cmm.pt\/wp-content\/uploads\/2025\/10\/Bruno-Martins-Azevedo-CSW-PT.jpg\u00bb title_text=\u00bbBruno Martins Azevedo &#8211; CSW PT\u00bb _builder_version=\u00bb4.27.4&#8243; max_width_tablet=\u00bb40%\u00bb max_width_phone=\u00bb40%\u00bb max_width_last_edited=\u00bbon|tablet\u00bb custom_margin=\u00bb|||\u00bb custom_margin_tablet=\u00bb90px|||\u00bb custom_margin_last_edited=\u00bboff|desktop\u00bb always_center_on_mobile=\u00bboff\u00bb locked=\u00bboff\u00bb global_colors_info=\u00bb{}\u00bb][\/et_pb_image][\/et_pb_column][et_pb_column type=\u00bb2_3&#8243; _builder_version=\u00bb4.16&#8243; custom_padding=\u00bb|||\u00bb global_colors_info=\u00bb{}\u00bb custom_padding__hover=\u00bb|||\u00bb][et_pb_text _builder_version=\u00bb4.27.4&#8243; text_font=\u00bb||||||||\u00bb text_text_color=\u00bb#7e7f93&#8243; text_font_size=\u00bb18px\u00bb text_line_height=\u00bb1.5em\u00bb header_font=\u00bb||||||||\u00bb header_3_font=\u00bbMerriweather|700|||||||\u00bb header_3_text_color=\u00bb#4646c4&#8243; header_3_font_size=\u00bb36px\u00bb header_3_line_height=\u00bb1.4em\u00bb text_font_size_tablet=\u00bb18px\u00bb text_font_size_phone=\u00bb15px\u00bb text_font_size_last_edited=\u00bbon|phone\u00bb text_line_height_tablet=\u00bb1.5em\u00bb text_line_height_phone=\u00bb1.6em\u00bb text_line_height_last_edited=\u00bbon|phone\u00bb header_3_font_size_tablet=\u00bb36px\u00bb header_3_font_size_phone=\u00bb22px\u00bb header_3_font_size_last_edited=\u00bbon|phone\u00bb locked=\u00bboff\u00bb global_colors_info=\u00bb{}\u00bb]<\/p>\n<h3><span style=\"color: #008aa8;\">Ing. Bruno Martins Azevedo<\/span><\/h3>\n<p>Director de Gesti\u00f3n de Proyectos y Contratos, Desarrollo de Negocios en CSWind PT<\/p>\n<p>[\/et_pb_text][et_pb_text content_tablet=\u00bb<\/p>\n<div>Conferencia: <strong>Hacia el futuro: Industrializaci\u00f3n de la energ\u00eda e\u00f3lica marina en Portugal<\/strong><\/div>\n<div><\/div>\n<p>\u00bb content_phone=\u00bb<\/p>\n<p>Conferencia: <strong>Hacia el futuro: Industrializaci\u00f3n de la energ\u00eda e\u00f3lica marina en Portugal<\/strong><\/p>\n<p>\u00bb content_last_edited=\u00bbon|phone\u00bb _builder_version=\u00bb4.27.4&#8243; text_font=\u00bb||||||||\u00bb text_text_color=\u00bb#7e7f93&#8243; text_font_size=\u00bb18px\u00bb text_line_height=\u00bb1.5em\u00bb header_font=\u00bb||||||||\u00bb header_3_font=\u00bbMerriweather|700|||||||\u00bb header_3_text_color=\u00bb#4646c4&#8243; header_3_font_size=\u00bb36px\u00bb header_3_line_height=\u00bb1.4em\u00bb custom_padding=\u00bb0px|||||\u00bb text_font_size_tablet=\u00bb18px\u00bb text_font_size_phone=\u00bb15px\u00bb text_font_size_last_edited=\u00bbon|phone\u00bb text_line_height_tablet=\u00bb1.5em\u00bb text_line_height_phone=\u00bb1.6em\u00bb text_line_height_last_edited=\u00bbon|phone\u00bb locked=\u00bboff\u00bb global_colors_info=\u00bb{}\u00bb]<\/p>\n<div>Conferencia: <strong>Hacia el futuro: Industrializaci\u00f3n de la energ\u00eda e\u00f3lica marina en Portugal<\/strong><\/div>\n<div><\/div>\n<p>[\/et_pb_text][et_pb_text _builder_version=\u00bb4.27.4&#8243; text_font=\u00bb||||||||\u00bb text_font_size=\u00bb18px\u00bb text_line_height=\u00bb1.8em\u00bb text_font_size_tablet=\u00bb18px\u00bb text_font_size_phone=\u00bb15px\u00bb text_font_size_last_edited=\u00bbon|phone\u00bb text_line_height_tablet=\u00bb1.8em\u00bb text_line_height_phone=\u00bb1.6em\u00bb text_line_height_last_edited=\u00bbon|phone\u00bb global_colors_info=\u00bb{}\u00bb]<\/p>\n<p>Con un t\u00edtulo en Ingenier\u00eda Ambiental, Bruno Martins Azevedo inici\u00f3 su carrera en 2004 como especialista en investigaci\u00f3n y modelado matem\u00e1tico para apoyar la toma de decisiones ambientales en proyectos financiados por la UE, centr\u00e1ndose en estuarios y lagunas costeras. Durante este periodo, contribuy\u00f3 como autor principal y coautor a varios art\u00edculos cient\u00edficos publicados internacionalmente. En las \u00faltimas dos d\u00e9cadas, ha desarrollado una s\u00f3lida trayectoria internacional, principalmente en el sector del petr\u00f3leo y el gas, abarcando infraestructuras de GLP\/GNL marinas y terrestres, grandes estructuras de acero, superestructuras y subestaciones. Desde 2019, participa activamente en la transici\u00f3n energ\u00e9tica, regresando a Portugal para contribuir al desarrollo del sector de las energ\u00edas renovables, en particular en tecnolog\u00edas de cimentaciones flotantes para aerogeneradores. Experto en Gesti\u00f3n de Proyectos y Contratos, Bruno Martins Azevedo tambi\u00e9n se desempe\u00f1a actualmente como Director de Desarrollo de Negocios en CSWind Portugal. En este cargo, lidera la alineaci\u00f3n estrat\u00e9gica de la filial portuguesa con las operaciones globales de CSWind en Corea del Sur, apoyando la posici\u00f3n de la compa\u00f1\u00eda como l\u00edder mundial en la fabricaci\u00f3n de torres y cimentaciones e\u00f3licas.<\/p>\n<p>[\/et_pb_text][\/et_pb_column][\/et_pb_row][et_pb_row column_structure=\u00bb1_3,2_3&#8243; _builder_version=\u00bb4.16&#8243; custom_margin=\u00bb|||\u00bb custom_padding=\u00bb40px|0px|40px|0px\u00bb global_colors_info=\u00bb{}\u00bb][et_pb_column type=\u00bb1_3&#8243; _builder_version=\u00bb4.16&#8243; custom_padding=\u00bb|||\u00bb global_colors_info=\u00bb{}\u00bb custom_padding__hover=\u00bb|||\u00bb][et_pb_image src=\u00bbhttps:\/\/congresso15.cmm.pt\/wp-content\/uploads\/2025\/06\/foto_daniel_aelenei.jpeg\u00bb title_text=\u00bbfoto_daniel_aelenei\u00bb _builder_version=\u00bb4.27.4&#8243; max_width_tablet=\u00bb40%\u00bb max_width_phone=\u00bb40%\u00bb max_width_last_edited=\u00bbon|tablet\u00bb custom_margin=\u00bb|||\u00bb custom_margin_tablet=\u00bb90px|||\u00bb custom_margin_last_edited=\u00bboff|desktop\u00bb always_center_on_mobile=\u00bboff\u00bb locked=\u00bboff\u00bb global_colors_info=\u00bb{}\u00bb][\/et_pb_image][\/et_pb_column][et_pb_column type=\u00bb2_3&#8243; _builder_version=\u00bb4.16&#8243; custom_padding=\u00bb|||\u00bb global_colors_info=\u00bb{}\u00bb custom_padding__hover=\u00bb|||\u00bb][et_pb_text _builder_version=\u00bb4.27.4&#8243; text_font=\u00bb||||||||\u00bb text_text_color=\u00bb#7e7f93&#8243; text_font_size=\u00bb18px\u00bb text_line_height=\u00bb1.5em\u00bb header_font=\u00bb||||||||\u00bb header_3_font=\u00bbMerriweather|700|||||||\u00bb header_3_text_color=\u00bb#4646c4&#8243; header_3_font_size=\u00bb36px\u00bb header_3_line_height=\u00bb1.4em\u00bb text_font_size_tablet=\u00bb18px\u00bb text_font_size_phone=\u00bb15px\u00bb text_font_size_last_edited=\u00bbon|phone\u00bb text_line_height_tablet=\u00bb1.5em\u00bb text_line_height_phone=\u00bb1.6em\u00bb text_line_height_last_edited=\u00bbon|phone\u00bb header_3_font_size_tablet=\u00bb36px\u00bb header_3_font_size_phone=\u00bb22px\u00bb header_3_font_size_last_edited=\u00bbon|phone\u00bb locked=\u00bboff\u00bb global_colors_info=\u00bb{}\u00bb]<\/p>\n<h3><span style=\"color: #008aa8;\">Prof. Daniel Aelenei<\/span><\/h3>\n<p>Profesor Asociado en la Escuela de Ciencia y Tecnolog\u00eda NOVA de Portugal<\/p>\n<p>[\/et_pb_text][et_pb_text content_tablet=\u00bb<\/p>\n<div>Conferencia: <strong>Formaci\u00f3n avanzada en ingenier\u00eda de fachadas: habilidades para la sostenibilidad, la eficiencia energ\u00e9tica, el confort y el bienestar<\/strong><\/div>\n<div><\/div>\n<p>\u00bb content_phone=\u00bb<\/p>\n<div>Conferencia: <strong>Formaci\u00f3n avanzada en ingenier\u00eda de fachadas: habilidades para la sostenibilidad, la eficiencia energ\u00e9tica, el confort y el bienestar<\/strong><\/div>\n<div><\/div>\n<p>\u00bb content_last_edited=\u00bbon|phone\u00bb _builder_version=\u00bb4.27.4&#8243; text_font=\u00bb||||||||\u00bb text_text_color=\u00bb#7e7f93&#8243; text_font_size=\u00bb18px\u00bb text_line_height=\u00bb1.5em\u00bb header_font=\u00bb||||||||\u00bb header_3_font=\u00bbMerriweather|700|||||||\u00bb header_3_text_color=\u00bb#4646c4&#8243; header_3_font_size=\u00bb36px\u00bb header_3_line_height=\u00bb1.4em\u00bb text_font_size_tablet=\u00bb18px\u00bb text_font_size_phone=\u00bb15px\u00bb text_font_size_last_edited=\u00bbon|phone\u00bb text_line_height_tablet=\u00bb1.5em\u00bb text_line_height_phone=\u00bb1.6em\u00bb text_line_height_last_edited=\u00bbon|phone\u00bb locked=\u00bboff\u00bb global_colors_info=\u00bb{}\u00bb]<\/p>\n<div>Conferencia: <strong>Formaci\u00f3n avanzada en ingenier\u00eda de fachadas: habilidades para la sostenibilidad, la eficiencia energ\u00e9tica, el confort y el bienestar<\/strong><\/div>\n<div><\/div>\n<p>[\/et_pb_text][et_pb_text _builder_version=\u00bb4.27.4&#8243; text_font=\u00bb||||||||\u00bb text_font_size=\u00bb18px\u00bb text_line_height=\u00bb1.8em\u00bb text_font_size_tablet=\u00bb18px\u00bb text_font_size_phone=\u00bb15px\u00bb text_font_size_last_edited=\u00bbon|phone\u00bb text_line_height_tablet=\u00bb1.8em\u00bb text_line_height_phone=\u00bb1.6em\u00bb text_line_height_last_edited=\u00bbon|phone\u00bb global_colors_info=\u00bb{}\u00bb]<\/p>\n<p>Daniel Aelenei es Profesor Asociado en la Escuela de Ciencia y Tecnolog\u00eda NOVA de Portugal, donde coordina el M\u00e1ster en Tecnolog\u00eda de Fachadas. Su investigaci\u00f3n se centra en edificios de bajo consumo y de energ\u00eda neta cero, con especial \u00e9nfasis en fachadas adaptativas y renovaciones solares pasivas. Ha participado activamente en iniciativas internacionales como COST Action TU1403 \u2013 Red de Fachadas Adaptativas, el Anexo 67 del Convenio Marco de la Energ\u00eda (EBC) de la IEA y el Proyecto Interreg SUDOKET de la UE, y es cofundador de la Red Europea de Fachadas. Daniel Aelenei es experto certificado y formador en el Sistema de Certificaci\u00f3n Energ\u00e9tica (SCE) de Portugal y cofundador de la Red Europea de Fachadas.<\/p>\n<p>[\/et_pb_text][\/et_pb_column][\/et_pb_row][et_pb_row column_structure=\u00bb1_3,2_3&#8243; _builder_version=\u00bb4.16&#8243; custom_margin=\u00bb|||\u00bb custom_padding=\u00bb40px|0px|40px|0px\u00bb locked=\u00bboff\u00bb global_colors_info=\u00bb{}\u00bb][et_pb_column type=\u00bb1_3&#8243; _builder_version=\u00bb4.16&#8243; custom_padding=\u00bb|||\u00bb global_colors_info=\u00bb{}\u00bb custom_padding__hover=\u00bb|||\u00bb][et_pb_image src=\u00bbhttps:\/\/congresso15.cmm.pt\/wp-content\/uploads\/2025\/11\/RAR_E8A8582_A_Photo-Ricardo-Raminhos.jpeg\u00bb title_text=\u00bbRAR_E8A8582_A_Photo Ricardo Raminhos\u00bb _builder_version=\u00bb4.27.4&#8243; max_width_tablet=\u00bb40%\u00bb max_width_phone=\u00bb40%\u00bb max_width_last_edited=\u00bbon|tablet\u00bb custom_margin=\u00bb|||\u00bb custom_margin_tablet=\u00bb90px|||\u00bb custom_margin_last_edited=\u00bboff|desktop\u00bb always_center_on_mobile=\u00bboff\u00bb locked=\u00bboff\u00bb global_colors_info=\u00bb{}\u00bb][\/et_pb_image][\/et_pb_column][et_pb_column type=\u00bb2_3&#8243; _builder_version=\u00bb4.16&#8243; custom_padding=\u00bb|||\u00bb global_colors_info=\u00bb{}\u00bb custom_padding__hover=\u00bb|||\u00bb][et_pb_text _builder_version=\u00bb4.27.4&#8243; text_font=\u00bb||||||||\u00bb text_text_color=\u00bb#7e7f93&#8243; text_font_size=\u00bb18px\u00bb text_line_height=\u00bb1.5em\u00bb header_font=\u00bb||||||||\u00bb header_3_font=\u00bbMerriweather|700|||||||\u00bb header_3_text_color=\u00bb#4646c4&#8243; header_3_font_size=\u00bb36px\u00bb header_3_line_height=\u00bb1.4em\u00bb text_font_size_tablet=\u00bb18px\u00bb text_font_size_phone=\u00bb15px\u00bb text_font_size_last_edited=\u00bbon|phone\u00bb text_line_height_tablet=\u00bb1.5em\u00bb text_line_height_phone=\u00bb1.6em\u00bb text_line_height_last_edited=\u00bbon|phone\u00bb header_3_font_size_tablet=\u00bb36px\u00bb header_3_font_size_phone=\u00bb22px\u00bb header_3_font_size_last_edited=\u00bbon|phone\u00bb locked=\u00bboff\u00bb global_colors_info=\u00bb{}\u00bb]<\/p>\n<h3><span style=\"color: #008aa8;\">Prof. Diego Inglez de Souza <\/span><\/h3>\n<p>Facultad de Arquitetura de la Universidad de Porto<\/p>\n<p>[\/et_pb_text][et_pb_text content_tablet=\u00bb<\/p>\n<div>Conferencia: <strong>Prefabricaci\u00f3n: entre el pragmatismo constructivo y la complejidad de la realidad.<\/strong><\/div>\n<div><\/div>\n<p>\u00bb content_phone=\u00bb<\/p>\n<div>Conferencia: <strong>Prefabricaci\u00f3n: entre el pragmatismo constructivo y la complejidad de la realidad.<\/strong><\/div>\n<div><\/div>\n<p>\u00bb content_last_edited=\u00bbon|phone\u00bb _builder_version=\u00bb4.27.4&#8243; text_font=\u00bb||||||||\u00bb text_text_color=\u00bb#7e7f93&#8243; text_font_size=\u00bb18px\u00bb text_line_height=\u00bb1.5em\u00bb header_font=\u00bb||||||||\u00bb header_3_font=\u00bbMerriweather|700|||||||\u00bb header_3_text_color=\u00bb#4646c4&#8243; header_3_font_size=\u00bb36px\u00bb header_3_line_height=\u00bb1.4em\u00bb text_font_size_tablet=\u00bb18px\u00bb text_font_size_phone=\u00bb15px\u00bb text_font_size_last_edited=\u00bbon|phone\u00bb text_line_height_tablet=\u00bb1.5em\u00bb text_line_height_phone=\u00bb1.6em\u00bb text_line_height_last_edited=\u00bbon|phone\u00bb locked=\u00bboff\u00bb global_colors_info=\u00bb{}\u00bb]<\/p>\n<div>Conferencia: <strong>Prefabricaci\u00f3n: entre el pragmatismo constructivo y la complejidad de la realidad.<\/strong><\/div>\n<div><\/div>\n<p>[\/et_pb_text][et_pb_text _builder_version=\u00bb4.27.4&#8243; text_font=\u00bb||||||||\u00bb text_font_size=\u00bb18px\u00bb text_line_height=\u00bb1.8em\u00bb text_font_size_tablet=\u00bb18px\u00bb text_font_size_phone=\u00bb15px\u00bb text_font_size_last_edited=\u00bbon|phone\u00bb text_line_height_tablet=\u00bb1.8em\u00bb text_line_height_phone=\u00bb1.6em\u00bb text_line_height_last_edited=\u00bbon|phone\u00bb global_colors_info=\u00bb{}\u00bb]<\/p>\n<p>Diego Inglez de Souza (S\u00e3o Paulo, 1978) es arquitecto y urbanista, doctor en Historia, Arquitectura y Urbanismo por la Universidad de S\u00e3o Paulo y la Universidad Par\u00eds 1 Panth\u00e9on-Sorbonne. Es investigador del Centro de Estudios de Arquitectura y Urbanismo (CEAU) de la Facultad de Arquitectura de la Universidad de Oporto. Su trabajo investiga las interacciones entre la arquitectura, las pol\u00edticas sociales, las pr\u00e1cticas culturales y las dimensiones ambientales. Es autor de *Reconstruindo Cajueiro Seco* (Annablume, 2010) y coautor, junto con Andr\u00e9 Tavares, de *Arquitetura do bacalhau e outras esp\u00e9cies* (Dafne Editora, 2022). Su obra ha sido publicada en libros y revistas de Brasil, Europa y Estados Unidos.<\/p>\n<p>[\/et_pb_text][\/et_pb_column][\/et_pb_row][et_pb_row column_structure=\u00bb1_3,2_3&#8243; _builder_version=\u00bb4.16&#8243; custom_margin=\u00bb|||\u00bb custom_padding=\u00bb40px|0px|40px|0px\u00bb locked=\u00bboff\u00bb global_colors_info=\u00bb{}\u00bb][et_pb_column type=\u00bb1_3&#8243; _builder_version=\u00bb4.16&#8243; custom_padding=\u00bb|||\u00bb global_colors_info=\u00bb{}\u00bb custom_padding__hover=\u00bb|||\u00bb][et_pb_image src=\u00bbhttps:\/\/congresso15.cmm.pt\/wp-content\/uploads\/2025\/10\/Eivin-Sonju2.png\u00bb title_text=\u00bbEivin Sonju2&#8243; _builder_version=\u00bb4.27.4&#8243; max_width_tablet=\u00bb40%\u00bb max_width_phone=\u00bb40%\u00bb max_width_last_edited=\u00bbon|tablet\u00bb custom_margin=\u00bb|||\u00bb custom_margin_tablet=\u00bb90px|||\u00bb custom_margin_last_edited=\u00bboff|desktop\u00bb always_center_on_mobile=\u00bboff\u00bb locked=\u00bboff\u00bb global_colors_info=\u00bb{}\u00bb][\/et_pb_image][\/et_pb_column][et_pb_column type=\u00bb2_3&#8243; _builder_version=\u00bb4.16&#8243; custom_padding=\u00bb|||\u00bb global_colors_info=\u00bb{}\u00bb custom_padding__hover=\u00bb|||\u00bb][et_pb_text _builder_version=\u00bb4.27.4&#8243; text_font=\u00bb||||||||\u00bb text_text_color=\u00bb#7e7f93&#8243; text_font_size=\u00bb18px\u00bb text_line_height=\u00bb1.5em\u00bb header_font=\u00bb||||||||\u00bb header_3_font=\u00bbMerriweather|700|||||||\u00bb header_3_text_color=\u00bb#4646c4&#8243; header_3_font_size=\u00bb36px\u00bb header_3_line_height=\u00bb1.4em\u00bb text_font_size_tablet=\u00bb18px\u00bb text_font_size_phone=\u00bb15px\u00bb text_font_size_last_edited=\u00bbon|phone\u00bb text_line_height_tablet=\u00bb1.5em\u00bb text_line_height_phone=\u00bb1.6em\u00bb text_line_height_last_edited=\u00bbon|phone\u00bb header_3_font_size_tablet=\u00bb36px\u00bb header_3_font_size_phone=\u00bb22px\u00bb header_3_font_size_last_edited=\u00bbon|phone\u00bb locked=\u00bboff\u00bb global_colors_info=\u00bb{}\u00bb]<\/p>\n<h3><span style=\"color: #008aa8;\">Ing. Eivind S\u00f8nju<\/span><\/h3>\n<p>Clovers International (Portugal) &amp; Clovers AS (Norway)<\/p>\n<p>[\/et_pb_text][et_pb_text content_tablet=\u00bb<\/p>\n<div>Conferencia: <strong>El imperativo de seguridad energ\u00e9tica de Portugal: energ\u00edas renovables y autonom\u00eda como catalizadores de la reindustrializaci\u00f3n<\/strong><\/div>\n<div><\/div>\n<p>\u00bb content_phone=\u00bb<\/p>\n<div>Conferencia: <strong>El imperativo de seguridad energ\u00e9tica de Portugal: energ\u00edas renovables y autonom\u00eda como catalizadores de la reindustrializaci\u00f3n<\/strong><\/div>\n<div><\/div>\n<p>\u00bb content_last_edited=\u00bbon|phone\u00bb _builder_version=\u00bb4.27.4&#8243; text_font=\u00bb||||||||\u00bb text_text_color=\u00bb#7e7f93&#8243; text_font_size=\u00bb18px\u00bb text_line_height=\u00bb1.5em\u00bb header_font=\u00bb||||||||\u00bb header_3_font=\u00bbMerriweather|700|||||||\u00bb header_3_text_color=\u00bb#4646c4&#8243; header_3_font_size=\u00bb36px\u00bb header_3_line_height=\u00bb1.4em\u00bb custom_padding=\u00bb||0px|||\u00bb text_font_size_tablet=\u00bb18px\u00bb text_font_size_phone=\u00bb15px\u00bb text_font_size_last_edited=\u00bbon|phone\u00bb text_line_height_tablet=\u00bb1.5em\u00bb text_line_height_phone=\u00bb1.6em\u00bb text_line_height_last_edited=\u00bbon|phone\u00bb locked=\u00bboff\u00bb global_colors_info=\u00bb{}\u00bb]<\/p>\n<div>Conferencia: <strong>El imperativo de seguridad energ\u00e9tica de Portugal: energ\u00edas renovables y autonom\u00eda como catalizadores de la reindustrializaci\u00f3n<\/strong><\/div>\n<div><\/div>\n<p>[\/et_pb_text][et_pb_text _builder_version=\u00bb4.27.4&#8243; text_font=\u00bb||||||||\u00bb text_font_size=\u00bb18px\u00bb text_line_height=\u00bb1.8em\u00bb text_font_size_tablet=\u00bb18px\u00bb text_font_size_phone=\u00bb15px\u00bb text_font_size_last_edited=\u00bbon|phone\u00bb text_line_height_tablet=\u00bb1.8em\u00bb text_line_height_phone=\u00bb1.6em\u00bb text_line_height_last_edited=\u00bbon|phone\u00bb global_colors_info=\u00bb{}\u00bb]<\/p>\n<p>Eivind S\u00f8nju es un l\u00edder en ingenier\u00eda marina y estructural con m\u00e1s de 20 a\u00f1os de experiencia en los sectores de energ\u00eda e\u00f3lica marina y petr\u00f3leo y gas. Director General y fundador de Clovers AS, es el inventor del flotador semisumergible de acero MOLO\u00ae y lidera su industrializaci\u00f3n para la producci\u00f3n en serie. Anteriormente, fue ingeniero principal en Statkraft y director t\u00e9cnico en FORCE Technology. Su trabajo abarca subestaciones marinas, estructuras de soporte flotantes y fijas, diligencia debida y desarrollo de la cadena de suministro. Eivind es \u00e1rbitro experto del Consejo de Investigaci\u00f3n de Noruega y posee una maestr\u00eda en Estructuras Marinas de la NTNU.<\/p>\n<p>[\/et_pb_text][\/et_pb_column][\/et_pb_row][et_pb_row column_structure=\u00bb1_3,2_3&#8243; _builder_version=\u00bb4.16&#8243; custom_margin=\u00bb|||\u00bb custom_padding=\u00bb40px|0px|40px|0px\u00bb global_colors_info=\u00bb{}\u00bb][et_pb_column type=\u00bb1_3&#8243; _builder_version=\u00bb4.16&#8243; custom_padding=\u00bb|||\u00bb global_colors_info=\u00bb{}\u00bb custom_padding__hover=\u00bb|||\u00bb][et_pb_image src=\u00bbhttps:\/\/congresso15.cmm.pt\/wp-content\/uploads\/2025\/04\/Fljubinkovic-1.jpeg\u00bb title_text=\u00bbFljubinkovic\u00bb _builder_version=\u00bb4.27.4&#8243; max_width=\u00bb100%\u00bb max_width_tablet=\u00bb40%\u00bb max_width_phone=\u00bb40%\u00bb max_width_last_edited=\u00bbon|tablet\u00bb custom_margin=\u00bb|||\u00bb custom_margin_tablet=\u00bb90px|||\u00bb custom_margin_last_edited=\u00bboff|desktop\u00bb always_center_on_mobile=\u00bboff\u00bb locked=\u00bboff\u00bb global_colors_info=\u00bb{}\u00bb][\/et_pb_image][\/et_pb_column][et_pb_column type=\u00bb2_3&#8243; _builder_version=\u00bb4.16&#8243; custom_padding=\u00bb|||\u00bb global_colors_info=\u00bb{}\u00bb custom_padding__hover=\u00bb|||\u00bb][et_pb_text _builder_version=\u00bb4.27.4&#8243; text_font=\u00bb||||||||\u00bb text_text_color=\u00bb#7e7f93&#8243; text_font_size=\u00bb18px\u00bb text_line_height=\u00bb1.5em\u00bb header_font=\u00bb||||||||\u00bb header_3_font=\u00bbMerriweather|700|||||||\u00bb header_3_text_color=\u00bb#4646c4&#8243; header_3_font_size=\u00bb36px\u00bb header_3_line_height=\u00bb1.4em\u00bb text_font_size_tablet=\u00bb18px\u00bb text_font_size_phone=\u00bb15px\u00bb text_font_size_last_edited=\u00bbon|phone\u00bb text_line_height_tablet=\u00bb1.5em\u00bb text_line_height_phone=\u00bb1.6em\u00bb text_line_height_last_edited=\u00bbon|phone\u00bb header_3_font_size_tablet=\u00bb36px\u00bb header_3_font_size_phone=\u00bb25px\u00bb header_3_font_size_last_edited=\u00bbon|phone\u00bb locked=\u00bboff\u00bb global_colors_info=\u00bb{}\u00bb]<\/p>\n<h3><span style=\"color: #008aa8;\">Dr. Filip Ljubincovi\u0107<\/span><\/h3>\n<p>Investigador Asistente en Estructuras de Acero y Compuestas en la Universidad de Coimbra<\/p>\n<p>[\/et_pb_text][et_pb_text content_tablet=\u00bb<\/p>\n<div>Conferencia: <strong>Construyendo el futuro: la IA en la construcci\u00f3n y el dise\u00f1o estructural<\/strong><\/div>\n<div><\/div>\n<p>\u00bb content_phone=\u00bb<\/p>\n<div>Conferencia: <strong>Construyendo el futuro: la IA en la construcci\u00f3n y el dise\u00f1o estructural<\/strong><\/div>\n<div><\/div>\n<p>\u00bb content_last_edited=\u00bbon|phone\u00bb _builder_version=\u00bb4.27.4&#8243; text_font=\u00bb||||||||\u00bb text_text_color=\u00bb#7e7f93&#8243; text_font_size=\u00bb18px\u00bb text_line_height=\u00bb1.5em\u00bb header_font=\u00bb||||||||\u00bb header_3_font=\u00bbMerriweather|700|||||||\u00bb header_3_text_color=\u00bb#4646c4&#8243; header_3_font_size=\u00bb36px\u00bb header_3_line_height=\u00bb1.4em\u00bb text_font_size_tablet=\u00bb18px\u00bb text_font_size_phone=\u00bb15px\u00bb text_font_size_last_edited=\u00bbon|phone\u00bb locked=\u00bboff\u00bb global_colors_info=\u00bb{}\u00bb]<\/p>\n<div>Conferencia: <strong>Construyendo el futuro: la IA en la construcci\u00f3n y el dise\u00f1o estructural<\/strong><\/div>\n<div><\/div>\n<p>[\/et_pb_text][et_pb_text _builder_version=\u00bb4.27.4&#8243; text_font=\u00bb||||||||\u00bb text_font_size=\u00bb18px\u00bb text_line_height=\u00bb1.8em\u00bb custom_padding=\u00bb||0px|||\u00bb text_font_size_tablet=\u00bb18px\u00bb text_font_size_phone=\u00bb15px\u00bb text_font_size_last_edited=\u00bbon|phone\u00bb text_line_height_tablet=\u00bb1.8em\u00bb text_line_height_phone=\u00bb1.6em\u00bb text_line_height_last_edited=\u00bbon|phone\u00bb global_colors_info=\u00bb{}\u00bb]<\/p>\n<p>El Dr. Filip Ljubinkovi\u0107 es Investigador Asistente en Estructuras de Acero y Compuestas en la Universidad de Coimbra y miembro de la Unidad de Investigaci\u00f3n ISISE. Doctor en Estructuras de Acero y Compuestas, su investigaci\u00f3n se centra en la estabilidad de las placas de acero y los paneles curvos en aplicaciones de puentes, as\u00ed como en las conexiones de acero, combinando los conocimientos de ingenier\u00eda estructural con la digitalizaci\u00f3n y los m\u00e9todos computacionales avanzados. Ha participado en m\u00e1s de 10 proyectos de investigaci\u00f3n nacionales y europeos y es titular de 3 patentes internacionales en construcci\u00f3n modular. Sus contribuciones han sido reconocidas con la prestigiosa Medalla John Henry Garrod King de la Instituci\u00f3n Brit\u00e1nica de Ingenieros Civiles (ICE). El Dr. Ljubinkovi\u0107 es el coordinador del Grupo Ad-hoc CEN\/TC250\/SC3 sobre Dise\u00f1o AI de Estructuras de Acero, que dirige los esfuerzos europeos de normalizaci\u00f3n en este campo emergente. Imparte cursos sobre estructuras de acero y es miembro de varios comit\u00e9s t\u00e9cnicos, como CEN\/TC250\/SC3 WG5, CEN\/TC250\/SC3 WG22, ECCS\/TWG8.3 y el Comit\u00e9 T\u00e9cnico Portugu\u00e9s de Estructuras de Acero (CT115\/SC3). Tambi\u00e9n es miembro de la Asociaci\u00f3n Portuguesa de Estructuras Met\u00e1licas (CMM) y miembro del Comit\u00e9 Cient\u00edfico de la XV Conferencia sobre Construcciones Met\u00e1licas y Compuestas.      <\/p>\n<p>[\/et_pb_text][\/et_pb_column][\/et_pb_row][et_pb_row column_structure=\u00bb1_3,2_3&#8243; _builder_version=\u00bb4.16&#8243; custom_margin=\u00bb|||\u00bb custom_padding=\u00bb40px|0px|40px|0px\u00bb global_colors_info=\u00bb{}\u00bb][et_pb_column type=\u00bb1_3&#8243; _builder_version=\u00bb4.16&#8243; custom_padding=\u00bb|||\u00bb global_colors_info=\u00bb{}\u00bb custom_padding__hover=\u00bb|||\u00bb][et_pb_image src=\u00bbhttps:\/\/congresso15.cmm.pt\/wp-content\/uploads\/2025\/07\/Germano-Vega.jpg\u00bb title_text=\u00bbGermano Vega\u00bb _builder_version=\u00bb4.27.4&#8243; max_width=\u00bb100%\u00bb max_width_tablet=\u00bb40%\u00bb max_width_phone=\u00bb40%\u00bb max_width_last_edited=\u00bbon|tablet\u00bb custom_margin=\u00bb|||\u00bb custom_margin_tablet=\u00bb90px|||\u00bb custom_margin_last_edited=\u00bboff|desktop\u00bb always_center_on_mobile=\u00bboff\u00bb locked=\u00bboff\u00bb global_colors_info=\u00bb{}\u00bb][\/et_pb_image][\/et_pb_column][et_pb_column type=\u00bb2_3&#8243; _builder_version=\u00bb4.16&#8243; custom_padding=\u00bb|||\u00bb global_colors_info=\u00bb{}\u00bb custom_padding__hover=\u00bb|||\u00bb][et_pb_text _builder_version=\u00bb4.27.4&#8243; text_font=\u00bb||||||||\u00bb text_text_color=\u00bb#7e7f93&#8243; text_font_size=\u00bb18px\u00bb text_line_height=\u00bb1.5em\u00bb header_font=\u00bb||||||||\u00bb header_3_font=\u00bbMerriweather|700|||||||\u00bb header_3_text_color=\u00bb#4646c4&#8243; header_3_font_size=\u00bb36px\u00bb header_3_line_height=\u00bb1.4em\u00bb text_font_size_tablet=\u00bb18px\u00bb text_font_size_phone=\u00bb15px\u00bb text_font_size_last_edited=\u00bbon|phone\u00bb text_line_height_tablet=\u00bb1.5em\u00bb text_line_height_phone=\u00bb1.6em\u00bb text_line_height_last_edited=\u00bbon|phone\u00bb header_3_font_size_tablet=\u00bb36px\u00bb header_3_font_size_phone=\u00bb25px\u00bb header_3_font_size_last_edited=\u00bbon|phone\u00bb locked=\u00bboff\u00bb global_colors_info=\u00bb{}\u00bb]<\/p>\n<h3><span style=\"color: #008aa8;\">Ing. Germano Veiga<\/span><\/h3>\n<div><span>CTO do AGT Robotics<\/span><\/div>\n<div><\/div>\n<p>[\/et_pb_text][et_pb_text content_tablet=\u00bb<\/p>\n<div>\n<p>Conferencia: <strong>Soldadura rob\u00f3tica inteligente en la construcci\u00f3n de metales<\/strong><\/p>\n<div><\/div>\n<\/div>\n<div><\/div>\n<p>\u00bb content_phone=\u00bb<\/p>\n<div>Conferencia: <strong>Soldadura rob\u00f3tica inteligente en la construcci\u00f3n de metales<\/strong><\/div>\n<div><\/div>\n<p>\u00bb content_last_edited=\u00bbon|phone\u00bb _builder_version=\u00bb4.27.4&#8243; text_font=\u00bb||||||||\u00bb text_text_color=\u00bb#7e7f93&#8243; text_font_size=\u00bb18px\u00bb text_line_height=\u00bb1.5em\u00bb header_font=\u00bb||||||||\u00bb header_3_font=\u00bbMerriweather|700|||||||\u00bb header_3_text_color=\u00bb#4646c4&#8243; header_3_font_size=\u00bb36px\u00bb header_3_line_height=\u00bb1.4em\u00bb custom_padding=\u00bb||0px|||\u00bb text_font_size_tablet=\u00bb18px\u00bb text_font_size_phone=\u00bb15px\u00bb text_font_size_last_edited=\u00bbon|phone\u00bb locked=\u00bboff\u00bb global_colors_info=\u00bb{}\u00bb]<\/p>\n<div>\n<p>Conferencia: <strong>Soldadura rob\u00f3tica inteligente en la construcci\u00f3n de metales<\/strong><\/p>\n<div><\/div>\n<\/div>\n<div><\/div>\n<p>[\/et_pb_text][et_pb_text _builder_version=\u00bb4.27.4&#8243; text_font=\u00bb||||||||\u00bb text_font_size=\u00bb18px\u00bb text_line_height=\u00bb1.8em\u00bb custom_padding=\u00bb||0px|||\u00bb text_font_size_tablet=\u00bb18px\u00bb text_font_size_phone=\u00bb15px\u00bb text_font_size_last_edited=\u00bbon|phone\u00bb text_line_height_tablet=\u00bb1.8em\u00bb text_line_height_phone=\u00bb1.6em\u00bb text_line_height_last_edited=\u00bbon|phone\u00bb global_colors_info=\u00bb{}\u00bb]<\/p>\n<p style=\"font-weight: 400;\">Germano Veiga es ingeniero mec\u00e1nico y doctor en Ingenier\u00eda Mec\u00e1nica (Rob\u00f3tica y Automatizaci\u00f3n) por la Universidad de Co\u00edmbra (2010). En 2005, fue investigador visitante en la Universidad de Lund (Suecia), y tambi\u00e9n investigador (2002-2011) y profesor visitante (2007-2011) en la Universidad de Co\u00edmbra, adem\u00e1s de profesor asistente en la Facultad de Ingenier\u00eda de la Universidad de Oporto (2016-2022). Germano se incorpor\u00f3 a INESC TEC en 2012, donde fue coordinador del Centro de Rob\u00f3tica y Sistemas Inteligentes (2016-2023). En 2012, fund\u00f3 SARKKIS Robotics, que se integr\u00f3 en el grupo canadiense AGT Robotics en 2022. Desde 2023, es el director de tecnolog\u00eda de AGT Robotics, coordinando su sede europea en Oporto. Su trabajo se ha centrado en el desarrollo de tecnolog\u00edas de producci\u00f3n inmediata, programaci\u00f3n de robots, manipuladores m\u00f3viles e interacci\u00f3n humano-robot, con el objetivo de contribuir a una industria m\u00e1s eficiente y sostenible. A lo largo de su carrera, ha coordinado y participado en varios proyectos de investigaci\u00f3n europeos importantes, como FP6 SMErobot, FP7 ECHORD, FP7-CARLoS, FP7-STAMINA, FP7-SMErobotics y H2020-ColRobot. Desde enero de 2017, coordina el proyecto H2020 ScalABLE4.0, lo que refuerza su contribuci\u00f3n al avance de la rob\u00f3tica industrial en Europa.<\/p>\n<p>[\/et_pb_text][\/et_pb_column][\/et_pb_row][et_pb_row column_structure=\u00bb1_3,2_3&#8243; _builder_version=\u00bb4.16&#8243; custom_margin=\u00bb|||\u00bb custom_padding=\u00bb40px|0px|40px|0px\u00bb locked=\u00bboff\u00bb global_colors_info=\u00bb{}\u00bb][et_pb_column type=\u00bb1_3&#8243; _builder_version=\u00bb4.16&#8243; custom_padding=\u00bb|||\u00bb global_colors_info=\u00bb{}\u00bb custom_padding__hover=\u00bb|||\u00bb][et_pb_image src=\u00bbhttps:\/\/congresso15.cmm.pt\/wp-content\/uploads\/2025\/10\/jacobo.jpg\u00bb title_text=\u00bbjacobo\u00bb _builder_version=\u00bb4.27.4&#8243; max_width=\u00bb100%\u00bb max_width_tablet=\u00bb40%\u00bb max_width_phone=\u00bb40%\u00bb max_width_last_edited=\u00bbon|tablet\u00bb custom_margin=\u00bb|||\u00bb custom_margin_tablet=\u00bb90px|||\u00bb custom_margin_last_edited=\u00bboff|desktop\u00bb always_center_on_mobile=\u00bboff\u00bb locked=\u00bboff\u00bb global_colors_info=\u00bb{}\u00bb][\/et_pb_image][\/et_pb_column][et_pb_column type=\u00bb2_3&#8243; _builder_version=\u00bb4.16&#8243; custom_padding=\u00bb|||\u00bb global_colors_info=\u00bb{}\u00bb custom_padding__hover=\u00bb|||\u00bb][et_pb_text _builder_version=\u00bb4.27.4&#8243; text_font=\u00bb||||||||\u00bb text_text_color=\u00bb#7e7f93&#8243; text_font_size=\u00bb18px\u00bb text_line_height=\u00bb1.5em\u00bb header_font=\u00bb||||||||\u00bb header_3_font=\u00bbMerriweather|700|||||||\u00bb header_3_text_color=\u00bb#4646c4&#8243; header_3_font_size=\u00bb36px\u00bb header_3_line_height=\u00bb1.4em\u00bb text_font_size_tablet=\u00bb18px\u00bb text_font_size_phone=\u00bb15px\u00bb text_font_size_last_edited=\u00bbon|phone\u00bb text_line_height_tablet=\u00bb1.5em\u00bb text_line_height_phone=\u00bb1.6em\u00bb text_line_height_last_edited=\u00bbon|phone\u00bb header_3_font_size_tablet=\u00bb36px\u00bb header_3_font_size_phone=\u00bb25px\u00bb header_3_font_size_last_edited=\u00bbon|phone\u00bb locked=\u00bboff\u00bb global_colors_info=\u00bb{}\u00bb]<\/p>\n<h3><span style=\"color: #008aa8;\">Arq. Jacobo Campomnes<\/span><\/h3>\n<div>Arquitecto asociado y director de proyectos internacionales en ENAR<\/div>\n<div><\/div>\n<p>[\/et_pb_text][et_pb_text content_tablet=\u00bb<\/p>\n<div>Palestra: <strong>Futuro no disponible<\/strong><\/div>\n<div><\/div>\n<p>\u00bb content_phone=\u00bb<\/p>\n<div>Conferencia: <strong>Futuro no disponible<\/strong><\/div>\n<div><\/div>\n<p>\u00bb content_last_edited=\u00bbon|phone\u00bb _builder_version=\u00bb4.27.4&#8243; text_font=\u00bb||||||||\u00bb text_text_color=\u00bb#7e7f93&#8243; text_font_size=\u00bb18px\u00bb text_line_height=\u00bb1.5em\u00bb header_font=\u00bb||||||||\u00bb header_3_font=\u00bbMerriweather|700|||||||\u00bb header_3_text_color=\u00bb#4646c4&#8243; header_3_font_size=\u00bb36px\u00bb header_3_line_height=\u00bb1.4em\u00bb text_font_size_tablet=\u00bb18px\u00bb text_font_size_phone=\u00bb15px\u00bb text_font_size_last_edited=\u00bbon|phone\u00bb locked=\u00bboff\u00bb global_colors_info=\u00bb{}\u00bb]<\/p>\n<div>\n<p>Conferencia: <strong>Futuro no disponible<\/strong><\/p>\n<div><\/div>\n<\/div>\n<div><\/div>\n<p>[\/et_pb_text][et_pb_text _builder_version=\u00bb4.27.4&#8243; text_font=\u00bb||||||||\u00bb text_font_size=\u00bb18px\u00bb text_line_height=\u00bb1.8em\u00bb custom_padding=\u00bb||0px|||\u00bb text_font_size_tablet=\u00bb18px\u00bb text_font_size_phone=\u00bb15px\u00bb text_font_size_last_edited=\u00bbon|phone\u00bb text_line_height_tablet=\u00bb1.8em\u00bb text_line_height_phone=\u00bb1.6em\u00bb text_line_height_last_edited=\u00bbon|phone\u00bb global_colors_info=\u00bb{}\u00bb]<\/p>\n<p>Jacobo Pel\u00e1ez-Campomanes is an Associate Architect and Director of International Projects at ENAR, with extensive experience in facade engineering and sustainable architecture. He has led major international projects in Europe, the Middle East, and North Africa, including stadiums, resorts, and corporate headquarters. Jacobo holds multiple master&#8217;s degrees from UPM and has been a speaker at global conferences on facade refurbishment and composite materials.<\/p>\n<p>[\/et_pb_text][\/et_pb_column][\/et_pb_row][et_pb_row column_structure=\u00bb1_3,2_3&#8243; _builder_version=\u00bb4.16&#8243; custom_margin=\u00bb|||\u00bb custom_padding=\u00bb40px|0px|40px|0px\u00bb global_colors_info=\u00bb{}\u00bb][et_pb_column type=\u00bb1_3&#8243; _builder_version=\u00bb4.16&#8243; custom_padding=\u00bb|||\u00bb global_colors_info=\u00bb{}\u00bb custom_padding__hover=\u00bb|||\u00bb][et_pb_image src=\u00bbhttps:\/\/congresso15.cmm.pt\/wp-content\/uploads\/2025\/07\/James.jpeg\u00bb title_text=\u00bbJames\u00bb _builder_version=\u00bb4.27.4&#8243; max_width=\u00bb100%\u00bb max_width_tablet=\u00bb40%\u00bb max_width_phone=\u00bb40%\u00bb max_width_last_edited=\u00bbon|tablet\u00bb custom_margin=\u00bb|||\u00bb custom_margin_tablet=\u00bb90px|||\u00bb custom_margin_last_edited=\u00bboff|desktop\u00bb always_center_on_mobile=\u00bboff\u00bb locked=\u00bboff\u00bb global_colors_info=\u00bb{}\u00bb][\/et_pb_image][\/et_pb_column][et_pb_column type=\u00bb2_3&#8243; _builder_version=\u00bb4.16&#8243; custom_padding=\u00bb|||\u00bb global_colors_info=\u00bb{}\u00bb custom_padding__hover=\u00bb|||\u00bb][et_pb_text _builder_version=\u00bb4.27.4&#8243; text_font=\u00bb||||||||\u00bb text_text_color=\u00bb#7e7f93&#8243; text_font_size=\u00bb18px\u00bb text_line_height=\u00bb1.5em\u00bb header_font=\u00bb||||||||\u00bb header_3_font=\u00bbMerriweather|700|||||||\u00bb header_3_text_color=\u00bb#4646c4&#8243; header_3_font_size=\u00bb36px\u00bb header_3_line_height=\u00bb1.4em\u00bb text_font_size_tablet=\u00bb18px\u00bb text_font_size_phone=\u00bb15px\u00bb text_font_size_last_edited=\u00bbon|phone\u00bb text_line_height_tablet=\u00bb1.5em\u00bb text_line_height_phone=\u00bb1.6em\u00bb text_line_height_last_edited=\u00bbon|phone\u00bb header_3_font_size_tablet=\u00bb36px\u00bb header_3_font_size_phone=\u00bb25px\u00bb header_3_font_size_last_edited=\u00bbon|phone\u00bb locked=\u00bboff\u00bb global_colors_info=\u00bb{}\u00bb]<\/p>\n<h3><span style=\"color: #008aa8;\">Prof. James O&#8217;Callaghan<\/span><\/h3>\n<div>Director fundador Eckersley O&#8217;Callaghan, Profesor de la Universidad Tecnol\u00f3gica de Delft<\/div>\n<div><\/div>\n<p>[\/et_pb_text][et_pb_text _builder_version=\u00bb4.27.4&#8243; text_font=\u00bb||||||||\u00bb text_text_color=\u00bb#7e7f93&#8243; text_font_size=\u00bb18px\u00bb text_line_height=\u00bb1.5em\u00bb header_font=\u00bb||||||||\u00bb header_3_font=\u00bbMerriweather|700|||||||\u00bb header_3_text_color=\u00bb#4646c4&#8243; header_3_font_size=\u00bb36px\u00bb header_3_line_height=\u00bb1.4em\u00bb text_font_size_tablet=\u00bb18px\u00bb text_font_size_phone=\u00bb15px\u00bb text_font_size_last_edited=\u00bbon|tablet\u00bb locked=\u00bboff\u00bb global_colors_info=\u00bb{}\u00bb]<\/p>\n<div>Conferencia: <strong>Transparencia en la ingenier\u00eda<\/strong><\/div>\n<div><\/div>\n<p>[\/et_pb_text][et_pb_text _builder_version=\u00bb4.27.4&#8243; text_font=\u00bb||||||||\u00bb text_font_size=\u00bb18px\u00bb text_line_height=\u00bb1.8em\u00bb custom_padding=\u00bb||0px|||\u00bb text_font_size_tablet=\u00bb18px\u00bb text_font_size_phone=\u00bb15px\u00bb text_font_size_last_edited=\u00bbon|phone\u00bb text_line_height_tablet=\u00bb1.8em\u00bb text_line_height_phone=\u00bb1.6em\u00bb text_line_height_last_edited=\u00bbon|phone\u00bb global_colors_info=\u00bb{}\u00bb]<\/p>\n<p style=\"font-weight: 400;\">James O&#8217;Callaghan es un ingeniero estructural y de fachadas l\u00edder a nivel mundial, reconocido como una autoridad en la aplicaci\u00f3n e ingenier\u00eda del vidrio estructural. Su enfoque innovador y pr\u00e1ctico lo ha convertido en parte integral del equipo de dise\u00f1o de numerosos clientes de renombre internacional y en sus proyectos pioneros y galardonados, como Apple, Google y Atlassian, entre otros. Le apasiona la sostenibilidad y se esfuerza por la mejora y la evoluci\u00f3n continuas en todas las soluciones que ofrece. Es cofundador del galardonado estudio de ingenier\u00eda estructural y de fachadas Eckersley O&#8217;Callaghan, al que ha liderado hasta convertirlo en uno de los estudios de dise\u00f1o de ingenier\u00eda creativa m\u00e1s reconocidos del mundo. Este estudio consolidado cuenta actualmente con diez oficinas en todo el mundo y contin\u00faa creciendo gracias a la combinaci\u00f3n de excelentes clientes y soluciones de valor. Como profesor de Vidrio Arquitect\u00f3nico en la Universidad T\u00e9cnica de Delft, James desempe\u00f1a un papel clave en el desarrollo de la investigaci\u00f3n en todas las \u00e1reas del vidrio en la arquitectura. Esto contribuye a definir el uso del vidrio en el tejido urbano del futuro y a impulsar soluciones m\u00e1s sostenibles y responsables.<\/p>\n<p style=\"font-weight: 400;\">\n<p>[\/et_pb_text][\/et_pb_column][\/et_pb_row][et_pb_row column_structure=\u00bb1_3,2_3&#8243; _builder_version=\u00bb4.16&#8243; custom_margin=\u00bb|||\u00bb custom_padding=\u00bb40px|0px|40px|0px\u00bb global_colors_info=\u00bb{}\u00bb][et_pb_column type=\u00bb1_3&#8243; _builder_version=\u00bb4.16&#8243; custom_padding=\u00bb|||\u00bb global_colors_info=\u00bb{}\u00bb custom_padding__hover=\u00bb|||\u00bb][et_pb_image src=\u00bbhttps:\/\/congresso15.cmm.pt\/wp-content\/uploads\/2025\/05\/64ee2f494029640e0f36c3b9_JP-Headshot_Sq.webp\u00bb title_text=\u00bb64ee2f494029640e0f36c3b9_JP Headshot_Sq\u00bb _builder_version=\u00bb4.27.4&#8243; max_width_tablet=\u00bb40%\u00bb max_width_phone=\u00bb40%\u00bb max_width_last_edited=\u00bbon|tablet\u00bb custom_margin=\u00bb|||\u00bb custom_margin_tablet=\u00bb90px|||\u00bb custom_margin_last_edited=\u00bboff|desktop\u00bb always_center_on_mobile=\u00bboff\u00bb locked=\u00bboff\u00bb global_colors_info=\u00bb{}\u00bb][\/et_pb_image][\/et_pb_column][et_pb_column type=\u00bb2_3&#8243; _builder_version=\u00bb4.16&#8243; custom_padding=\u00bb|||\u00bb global_colors_info=\u00bb{}\u00bb custom_padding__hover=\u00bb|||\u00bb][et_pb_text _builder_version=\u00bb4.27.4&#8243; text_font=\u00bb||||||||\u00bb text_text_color=\u00bb#7e7f93&#8243; text_font_size=\u00bb18px\u00bb text_line_height=\u00bb1.5em\u00bb header_font=\u00bb||||||||\u00bb header_3_font=\u00bbMerriweather|700|||||||\u00bb header_3_text_color=\u00bb#4646c4&#8243; header_3_font_size=\u00bb36px\u00bb header_3_line_height=\u00bb1.4em\u00bb text_font_size_tablet=\u00bb18px\u00bb text_font_size_phone=\u00bb15px\u00bb text_font_size_last_edited=\u00bbon|phone\u00bb text_line_height_tablet=\u00bb1.5em\u00bb text_line_height_phone=\u00bb1.6em\u00bb text_line_height_last_edited=\u00bbon|phone\u00bb header_3_font_size_tablet=\u00bb36px\u00bb header_3_font_size_phone=\u00bb25px\u00bb header_3_font_size_last_edited=\u00bbon|phone\u00bb locked=\u00bboff\u00bb global_colors_info=\u00bb{}\u00bb]<\/p>\n<h3><span style=\"color: #008aa8;\">Ing. Jennifer Pazdon <\/span><\/h3>\n<div class=\"team-member_title-top\">\n<div class=\"text-size-xlarge\">Vicepresidente, EE.UU. | Director, Divisi\u00f3n del Reino Unido en Cast Connex<\/div>\n<\/div>\n<p>[\/et_pb_text][et_pb_text content_tablet=\u00bb<\/p>\n<div>Conferencia: <strong><span style=%22font-size: 18px;%22>Disponible pronto<\/span><\/strong><\/div>\n<div><\/div>\n<p>\u00bb content_phone=\u00bb<\/p>\n<div>Conferencia: <strong><span style=%22font-size: 15px;%22>Disponible pronto<\/span><\/strong><\/div>\n<div><\/div>\n<p>\u00bb content_last_edited=\u00bboff|desktop\u00bb _builder_version=\u00bb4.27.4&#8243; text_font=\u00bb||||||||\u00bb text_text_color=\u00bb#7e7f93&#8243; text_font_size=\u00bb18px\u00bb text_line_height=\u00bb1.5em\u00bb header_font=\u00bb||||||||\u00bb header_3_font=\u00bbMerriweather|700|||||||\u00bb header_3_text_color=\u00bb#4646c4&#8243; header_3_font_size=\u00bb36px\u00bb header_3_line_height=\u00bb1.4em\u00bb text_font_size_tablet=\u00bb18px\u00bb text_font_size_phone=\u00bb15px\u00bb text_font_size_last_edited=\u00bbon|phone\u00bb locked=\u00bboff\u00bb global_colors_info=\u00bb{}\u00bb]<\/p>\n<div>Conferencia: <strong>Piezas de acero fundido para un mejor rendimiento de las estructuras<\/strong><\/div>\n<div><\/div>\n<p>[\/et_pb_text][et_pb_text _builder_version=\u00bb4.27.4&#8243; text_font=\u00bb||||||||\u00bb text_font_size=\u00bb18px\u00bb text_line_height=\u00bb1.8em\u00bb custom_padding=\u00bb||0px|||\u00bb text_font_size_tablet=\u00bb18px\u00bb text_font_size_phone=\u00bb15px\u00bb text_font_size_last_edited=\u00bbon|phone\u00bb text_line_height_tablet=\u00bb1.8em\u00bb text_line_height_phone=\u00bb1.6em\u00bb text_line_height_last_edited=\u00bbon|phone\u00bb global_colors_info=\u00bb{}\u00bb]<\/p>\n<p>Como Vicepresidenta y Directora de la Oficina del Reino Unido de CAST CONNEX, Jennifer Pazdon aprovecha sus m\u00e1s de 15 a\u00f1os de experiencia en dise\u00f1o y construcci\u00f3n para apoyar a ingenieros, arquitectos y contratistas en el uso de conexiones de acero fundido para optimizar el rendimiento, la econom\u00eda, la est\u00e9tica y la constructibilidad. Pazdon es ingeniero estructural licenciado en el estado de Nueva York. Tiene un m\u00e1ster en Ingenier\u00eda por la Universidad de Princeton y una licenciatura en Ingenier\u00eda Civil con especializaci\u00f3n en Arquitectura por la Universidad Carnegie Mellon. Pazdon ha ejercido como consultora de ingenier\u00eda estructural en Nueva York, \u00c1frica y el sudeste asi\u00e1tico, en nuevas construcciones, renovaciones y modernizaciones de toda una serie de tipolog\u00edas estructurales: acero, hormig\u00f3n, madera, madera en masa, edificios altos, puentes, viviendas unifamiliares, instalaciones art\u00edsticas y refuerzo de edificios vern\u00e1culos de baja tecnolog\u00eda en pa\u00edses en v\u00edas de desarrollo. Pazdon es Presidenta del Grupo de Trabajo 17 de Colaboraci\u00f3n AASHTO\/NSBA: Fundiciones de Acero, y Directora de la Junta de la Asociaci\u00f3n de Ingenieros Estructurales de Nueva York y Miembro del Comit\u00e9 EDI del CTBUH. Fue Profesora de Mec\u00e1nica, Materiales y Ciencias en la Universidad de Princeton, Profesora Adjunta de Arquitectura en The Cooper Union, y ha dado numerosas conferencias sobre las aplicaciones de las fundiciones de acero en edificios, puentes y otras estructuras.     <\/p>\n<p>[\/et_pb_text][\/et_pb_column][\/et_pb_row][et_pb_row column_structure=\u00bb1_3,2_3&#8243; _builder_version=\u00bb4.16&#8243; custom_margin=\u00bb|||\u00bb custom_padding=\u00bb40px|0px|40px|0px\u00bb global_colors_info=\u00bb{}\u00bb][et_pb_column type=\u00bb1_3&#8243; _builder_version=\u00bb4.16&#8243; custom_padding=\u00bb|||\u00bb global_colors_info=\u00bb{}\u00bb custom_padding__hover=\u00bb|||\u00bb][et_pb_image src=\u00bbhttps:\/\/congresso15.cmm.pt\/wp-content\/uploads\/2025\/09\/JOP_2021-1.jpg\u00bb title_text=\u00bbJOP_2021&#8243; _builder_version=\u00bb4.27.4&#8243; max_width_tablet=\u00bb40%\u00bb max_width_phone=\u00bb40%\u00bb max_width_last_edited=\u00bbon|tablet\u00bb custom_margin=\u00bb|||\u00bb custom_margin_tablet=\u00bb90px|||\u00bb custom_margin_last_edited=\u00bboff|desktop\u00bb always_center_on_mobile=\u00bboff\u00bb locked=\u00bboff\u00bb global_colors_info=\u00bb{}\u00bb][\/et_pb_image][\/et_pb_column][et_pb_column type=\u00bb2_3&#8243; _builder_version=\u00bb4.16&#8243; custom_padding=\u00bb|||\u00bb global_colors_info=\u00bb{}\u00bb custom_padding__hover=\u00bb|||\u00bb][et_pb_text _builder_version=\u00bb4.27.4&#8243; text_font=\u00bb||||||||\u00bb text_text_color=\u00bb#7e7f93&#8243; text_font_size=\u00bb18px\u00bb text_line_height=\u00bb1.5em\u00bb header_font=\u00bb||||||||\u00bb header_3_font=\u00bbMerriweather|700|||||||\u00bb header_3_text_color=\u00bb#4646c4&#8243; header_3_font_size=\u00bb36px\u00bb header_3_line_height=\u00bb1.4em\u00bb custom_padding=\u00bb|||1px||\u00bb text_font_size_tablet=\u00bb18px\u00bb text_font_size_phone=\u00bb15px\u00bb text_font_size_last_edited=\u00bbon|phone\u00bb text_line_height_tablet=\u00bb1.5em\u00bb text_line_height_phone=\u00bb1.6em\u00bb text_line_height_last_edited=\u00bbon|phone\u00bb header_3_font_size_tablet=\u00bb36px\u00bb header_3_font_size_phone=\u00bb25px\u00bb header_3_font_size_last_edited=\u00bbon|phone\u00bb locked=\u00bboff\u00bb global_colors_info=\u00bb{}\u00bb]<\/p>\n<h3><span style=\"color: #008aa8;\">Prof. Jos\u00e9 Oliveira Pedro<\/span><\/h3>\n<p>Profesor de Dise\u00f1o Estructural y de Puentes \u2013 Instituto Superior T\u00e9cnico \u2013 Universidad de Lisboa[\/et_pb_text][et_pb_text content_tablet=\u00bb<\/p>\n<div>Conferencia: <strong><span style=%22font-size: 18px;%22>Disponible pronto<\/span><\/strong><\/div>\n<div><\/div>\n<p>\u00bb content_phone=\u00bb<\/p>\n<div>Conferencia: <strong><span style=%22font-size: 15px;%22>Disponible pronto<\/span><\/strong><\/div>\n<div><\/div>\n<p>\u00bb content_last_edited=\u00bboff|desktop\u00bb _builder_version=\u00bb4.27.4&#8243; text_font=\u00bb||||||||\u00bb text_text_color=\u00bb#7e7f93&#8243; text_font_size=\u00bb18px\u00bb text_line_height=\u00bb1.5em\u00bb header_font=\u00bb||||||||\u00bb header_3_font=\u00bbMerriweather|700|||||||\u00bb header_3_text_color=\u00bb#4646c4&#8243; header_3_font_size=\u00bb36px\u00bb header_3_line_height=\u00bb1.4em\u00bb text_font_size_tablet=\u00bb18px\u00bb text_font_size_phone=\u00bb15px\u00bb text_font_size_last_edited=\u00bbon|phone\u00bb locked=\u00bboff\u00bb global_colors_info=\u00bb{}\u00bb]<\/p>\n<p>Conferencia: <strong>Nuevas tendencias en el dise\u00f1o de puentes de acero y mixtas<\/strong><\/p>\n<p>[\/et_pb_text][et_pb_text _builder_version=\u00bb4.27.4&#8243; text_font=\u00bb||||||||\u00bb text_font_size=\u00bb18px\u00bb text_line_height=\u00bb1.8em\u00bb custom_padding=\u00bb||0px|||\u00bb text_font_size_tablet=\u00bb18px\u00bb text_font_size_phone=\u00bb15px\u00bb text_font_size_last_edited=\u00bbon|phone\u00bb text_line_height_tablet=\u00bb1.8em\u00bb text_line_height_phone=\u00bb1.6em\u00bb text_line_height_last_edited=\u00bbon|phone\u00bb global_colors_info=\u00bb{}\u00bb]<\/p>\n<p>Jos\u00e9 J. Oliveira Pedro es licenciado (1991), M\u00e1ster (1995) y Doctor (2007) en Ingenier\u00eda Civil (Estructural) por el IST de la Universidad de Lisboa, donde imparte clases de Puentes, Dise\u00f1o Estructural y Estructuras Especiales. Su doctorado abord\u00f3 el an\u00e1lisis estructural de puentes atirantados mixtos de acero y hormig\u00f3n. Reconocido con 16 premios al m\u00e9rito docente en el IST, fue investigador en la Universidad de Lieja (1999) y profesor visitante en la EPFL (2015).<br \/>Coautor de tres libros y m\u00e1s de 100 publicaciones, recibi\u00f3 la Medalla Baker (2013) y la Medalla John Henry Garrood King (2017) de la Instituci\u00f3n de Ingenieros Civiles por sus art\u00edculos en la revista Bridge Engineering. Su investigaci\u00f3n incluye la participaci\u00f3n en importantes proyectos europeos RFCS y formaci\u00f3n avanzada a trav\u00e9s de los cursos de FUNDEC. Como ingeniero de dise\u00f1o en GRID International desde 1991, ha contribuido al dise\u00f1o de m\u00e1s de 120 puentes y estructuras especiales. Tambi\u00e9n participa activamente en el desarrollo de Euroc\u00f3digos, participando en el CEN\/TC 250 como Coordinador del SC 3\/WG 11 (EN 1993-1-11) y como miembro del WG 5 \/ ECCS-TWG 8.3 (EN 1993-1-5) y del WG 13 (EN 1993-2). A nivel nacional, es miembro de los grupos espejo para los Euroc\u00f3digos 2, 3, 4 y 8, y Coordinador del Grupo Horizontal para Puentes.<\/p>\n<p>[\/et_pb_text][\/et_pb_column][\/et_pb_row][et_pb_row column_structure=\u00bb1_3,2_3&#8243; _builder_version=\u00bb4.16&#8243; custom_margin=\u00bb|||\u00bb custom_padding=\u00bb40px|0px|40px|0px\u00bb global_colors_info=\u00bb{}\u00bb][et_pb_column type=\u00bb1_3&#8243; _builder_version=\u00bb4.16&#8243; custom_padding=\u00bb|||\u00bb global_colors_info=\u00bb{}\u00bb custom_padding__hover=\u00bb|||\u00bb][et_pb_image src=\u00bbhttps:\/\/congresso15.cmm.pt\/wp-content\/uploads\/2025\/04\/Luciano_01.jpg\u00bb title_text=\u00bbLuciano_01&#8243; _builder_version=\u00bb4.27.4&#8243; max_width_tablet=\u00bb40%\u00bb max_width_phone=\u00bb40%\u00bb max_width_last_edited=\u00bbon|tablet\u00bb custom_margin=\u00bb|||\u00bb custom_margin_tablet=\u00bb90px|||\u00bb custom_margin_last_edited=\u00bboff|desktop\u00bb always_center_on_mobile=\u00bboff\u00bb locked=\u00bboff\u00bb global_colors_info=\u00bb{}\u00bb][\/et_pb_image][\/et_pb_column][et_pb_column type=\u00bb2_3&#8243; _builder_version=\u00bb4.16&#8243; custom_padding=\u00bb|||\u00bb global_colors_info=\u00bb{}\u00bb custom_padding__hover=\u00bb|||\u00bb][et_pb_text _builder_version=\u00bb4.27.4&#8243; text_font=\u00bb||||||||\u00bb text_text_color=\u00bb#7e7f93&#8243; text_font_size=\u00bb18px\u00bb text_line_height=\u00bb1.5em\u00bb header_font=\u00bb||||||||\u00bb header_3_font=\u00bbMerriweather|700|||||||\u00bb header_3_text_color=\u00bb#4646c4&#8243; header_3_font_size=\u00bb36px\u00bb header_3_line_height=\u00bb1.4em\u00bb text_font_size_tablet=\u00bb18px\u00bb text_font_size_phone=\u00bb15px\u00bb text_font_size_last_edited=\u00bbon|phone\u00bb text_line_height_tablet=\u00bb1.5em\u00bb text_line_height_phone=\u00bb1.6em\u00bb text_line_height_last_edited=\u00bbon|phone\u00bb header_3_font_size_tablet=\u00bb36px\u00bb header_3_font_size_phone=\u00bb25px\u00bb header_3_font_size_last_edited=\u00bbon|phone\u00bb locked=\u00bboff\u00bb global_colors_info=\u00bb{}\u00bb]<\/p>\n<h3><span style=\"color: #008aa8;\">Prof. Luciano Lima<\/span><\/h3>\n<p>Profesor Titular Departamento de Ingenier\u00eda Estructural Universidad Estatal de R\u00edo de Janeiro<\/p>\n<p>[\/et_pb_text][et_pb_text content_tablet=\u00bb<\/p>\n<div>Conferencia: <strong><span style=%22font-size: 18px;%22>Los aceros inoxidables en la ingenier\u00eda estructural brasile\u00f1a: Retos y oportunidades<\/span><\/strong><\/div>\n<div><\/div>\n<p>\u00bb content_phone=\u00bb<\/p>\n<div>Conferencia: <strong><span style=%22font-size: 15px;%22>Los aceros inoxidables en la ingenier\u00eda estructural brasile\u00f1a: Retos y oportunidades<\/span><\/strong><\/div>\n<div><\/div>\n<p>\u00bb content_last_edited=\u00bbon|phone\u00bb _builder_version=\u00bb4.27.4&#8243; text_font=\u00bb||||||||\u00bb text_text_color=\u00bb#7e7f93&#8243; text_font_size=\u00bb18px\u00bb text_line_height=\u00bb1.5em\u00bb header_font=\u00bb||||||||\u00bb header_3_font=\u00bbMerriweather|700|||||||\u00bb header_3_text_color=\u00bb#4646c4&#8243; header_3_font_size=\u00bb36px\u00bb header_3_line_height=\u00bb1.4em\u00bb text_font_size_tablet=\u00bb18px\u00bb text_font_size_phone=\u00bb15px\u00bb text_font_size_last_edited=\u00bbon|phone\u00bb text_line_height_tablet=\u00bb1.5em\u00bb text_line_height_phone=\u00bb1.6em\u00bb text_line_height_last_edited=\u00bbon|phone\u00bb locked=\u00bboff\u00bb global_colors_info=\u00bb{}\u00bb]<\/p>\n<div>Conferencia: <strong><span style=\"font-size: 18px;\">Los aceros inoxidables en la ingenier\u00eda estructural brasile\u00f1a: Retos y oportunidades<\/span><\/strong><\/div>\n<div><\/div>\n<p>[\/et_pb_text][et_pb_text content_tablet=\u00bb<\/p>\n<p style=%22font-weight: 400;%22><span>El profesor Luciano Lima (PhD) imparte clases a nivel de grado y postgrado en la Facultad de Ingenier\u00eda. Est\u00e1 profundamente involucrado en la investigaci\u00f3n sobre estructuras de acero y compuestas. En los \u00faltimos 20 a\u00f1os, ha trabajado en actividades relacionadas con ensayos de laboratorio, modelizaci\u00f3n num\u00e9rica, an\u00e1lisis avanzados y dise\u00f1o estructural.    <\/span><span>Ha sido galardonado con el Premio <em>An\u00edsio Teixeira<\/em> como Mejor Profesor elegido por los alumnos del Centro de Ciencia y Tecnolog\u00eda de la UERJ (2013 y 2015). Sus alumnos tutelados (licenciatura, m\u00e1ster y doctorado) han recibido numerosos Premios del Consejo de Ingenier\u00eda de R\u00edo de Janeiro (CREA-RJ) por sus trabajos desarrollados en estructuras de acero y compuestas, principalmente en lo que se refiere a estructuras de acero inoxidable.   <\/span><span style=%22font-size: 18px;%22>Es coautor de tres libros sobre estructuras de acero. Adem\u00e1s, ha presidido tres conferencias internacionales celebradas en R\u00edo de Janeiro (Brasil):   <\/span><span style=%22font-size: 18px;%22><a href=%22http:\/\/www.labciv.eng.uerj.br\/sdss2010\/%22>SDSS<\/a><\/span><span style=%22font-size: 18px;%22> <\/span><span style=%22font-size: 18px;%22>(2010), <\/span><span style=%22font-size: 18px;%22><a href=%22http:\/\/www.labciv.eng.uerj.br\/ists15\/%22>ISTS15<\/a><\/span><span style=%22font-size: 18px;%22> <\/span><span style=%22font-size: 18px;%22>(2015) y <\/span><span style=%22font-size: 18px;%22><a href=%22http:\/\/www.labciv.eng.uerj.br\/icsas2024%22><sup>10\u00aa<\/sup> ICSAS<\/a><\/span><span style=%22font-size: 18px;%22> <\/span><span style=%22font-size: 18px;%22>(2024).  <\/span><span style=%22font-size: 18px;%22>Desde el a\u00f1o pasado, trabaja como Editor Asociado en Structures y como Editor Invitado de un N\u00famero Especial en Thin-Walled Structures (Elsevier Journals).  <\/span><span>Ha sido financiado por Agencias Nacionales Brasile\u00f1as como FAPERJ, CNPq y CAPES.<\/span><\/p>\n<p>\u00bb content_phone=\u00bb<\/p>\n<p style=%22font-weight: 400;%22><span>El profesor Luciano Lima (PhD) imparte clases a nivel de grado y postgrado en la Facultad de Ingenier\u00eda. Est\u00e1 profundamente involucrado en la investigaci\u00f3n sobre estructuras de acero y compuestas. En los \u00faltimos 20 a\u00f1os, ha trabajado en actividades relacionadas con ensayos de laboratorio, modelizaci\u00f3n num\u00e9rica, an\u00e1lisis avanzados y dise\u00f1o estructural.    <\/span><span>Ha sido galardonado con el Premio <em>An\u00edsio Teixeira<\/em> como Mejor Profesor elegido por los alumnos del Centro de Ciencia y Tecnolog\u00eda de la UERJ (2013 y 2015). Sus alumnos tutelados (licenciatura, m\u00e1ster y doctorado) han recibido numerosos Premios del Consejo de Ingenier\u00eda de R\u00edo de Janeiro (CREA-RJ) por sus trabajos desarrollados en estructuras de acero y compuestas, principalmente en lo que se refiere a estructuras de acero inoxidable.   <\/span><span style=%22font-size: 15px;%22>Es coautor de tres libros sobre estructuras de acero. Adem\u00e1s, ha presidido tres conferencias internacionales celebradas en R\u00edo de Janeiro (Brasil):   <\/span><span style=%22font-size: 15px;%22><a href=%22http:\/\/www.labciv.eng.uerj.br\/sdss2010\/%22>SDSS<\/a><\/span><span style=%22font-size: 15px;%22> <\/span><span style=%22font-size: 15px;%22>(2010), <\/span><span style=%22font-size: 15px;%22><a href=%22http:\/\/www.labciv.eng.uerj.br\/ists15\/%22>ISTS15<\/a><\/span><span style=%22font-size: 15px;%22> <\/span><span style=%22font-size: 15px;%22>(2015) y <\/span><span style=%22font-size: 15px;%22><a href=%22http:\/\/www.labciv.eng.uerj.br\/icsas2024%22><sup>10\u00aa<\/sup> ICSAS<\/a><\/span><span style=%22font-size: 15px;%22> <\/span><span style=%22font-size: 15px;%22>(2024).  <\/span><span style=%22font-size: 15px;%22>Desde el a\u00f1o pasado, trabaja como Editor Asociado en Structures y como Editor Invitado de un N\u00famero Especial en Thin-Walled Structures (Elsevier Journals).  <\/span><span>Ha sido financiado por Agencias Nacionales Brasile\u00f1as como FAPERJ, CNPq y CAPES.<\/span><\/p>\n<p>\u00bb content_last_edited=\u00bbon|phone\u00bb _builder_version=\u00bb4.27.4&#8243; text_font=\u00bb||||||||\u00bb text_font_size=\u00bb18px\u00bb text_line_height=\u00bb1.8em\u00bb text_font_size_tablet=\u00bb18px\u00bb text_font_size_phone=\u00bb15px\u00bb text_font_size_last_edited=\u00bbon|phone\u00bb text_line_height_tablet=\u00bb1.8em\u00bb text_line_height_phone=\u00bb1.6em\u00bb text_line_height_last_edited=\u00bbon|phone\u00bb global_colors_info=\u00bb{}\u00bb]<\/p>\n<p style=\"font-weight: 400;\"><span>El profesor Luciano Lima (PhD) imparte clases a nivel de grado y postgrado en la Facultad de Ingenier\u00eda. Est\u00e1 profundamente involucrado en la investigaci\u00f3n sobre estructuras de acero y compuestas. En los \u00faltimos 20 a\u00f1os, ha trabajado en actividades relacionadas con ensayos de laboratorio, modelizaci\u00f3n num\u00e9rica, an\u00e1lisis avanzados y dise\u00f1o estructural.    <\/span><span>Ha sido galardonado con el Premio <em>An\u00edsio Teixeira<\/em> como Mejor Profesor elegido por los alumnos del Centro de Ciencia y Tecnolog\u00eda de la UERJ (2013 y 2015). Sus alumnos tutelados (licenciatura, m\u00e1ster y doctorado) han recibido numerosos Premios del Consejo de Ingenier\u00eda de R\u00edo de Janeiro (CREA-RJ) por sus trabajos desarrollados en estructuras de acero y compuestas, principalmente en lo que se refiere a estructuras de acero inoxidable.   <\/span><span style=\"font-size: 18px;\">Es coautor de tres libros sobre estructuras de acero. Adem\u00e1s, ha presidido tres conferencias internacionales celebradas en R\u00edo de Janeiro (Brasil):   <\/span><span style=\"font-size: 18px;\"><a href=\"http:\/\/www.labciv.eng.uerj.br\/sdss2010\/\">SDSS<\/a><\/span><span style=\"font-size: 18px;\"> <\/span><span style=\"font-size: 18px;\">(2010), <\/span><span style=\"font-size: 18px;\"><a href=\"http:\/\/www.labciv.eng.uerj.br\/ists15\/\">ISTS15<\/a><\/span><span style=\"font-size: 18px;\"> <\/span><span style=\"font-size: 18px;\">(2015) y <\/span><span style=\"font-size: 18px;\"><a href=\"http:\/\/www.labciv.eng.uerj.br\/icsas2024\"><sup>10\u00aa<\/sup> ICSAS<\/a><\/span><span style=\"font-size: 18px;\"> <\/span><span style=\"font-size: 18px;\">(2024).  <\/span><span style=\"font-size: 18px;\">Desde el a\u00f1o pasado, trabaja como Editor Asociado en Structures y como Editor Invitado de un N\u00famero Especial en Thin-Walled Structures (Elsevier Journals).  <\/span><span>Ha sido financiado por Agencias Nacionales Brasile\u00f1as como FAPERJ, CNPq y CAPES.<\/span><\/p>\n<p>[\/et_pb_text][\/et_pb_column][\/et_pb_row][et_pb_row column_structure=\u00bb1_3,2_3&#8243; custom_padding_last_edited=\u00bbon|phone\u00bb _builder_version=\u00bb4.27.4&#8243; custom_margin=\u00bb|||\u00bb custom_padding=\u00bb40px|0px|40px|0px\u00bb custom_padding_tablet=\u00bb40px|0px|40px|0px\u00bb custom_padding_phone=\u00bb40px|0px|0px|0px|false|false\u00bb global_colors_info=\u00bb{}\u00bb][et_pb_column type=\u00bb1_3&#8243; _builder_version=\u00bb4.16&#8243; custom_padding=\u00bb|||\u00bb global_colors_info=\u00bb{}\u00bb custom_padding__hover=\u00bb|||\u00bb][et_pb_image src=\u00bbhttps:\/\/congresso15.cmm.pt\/wp-content\/uploads\/2025\/05\/luissilva.jpeg\u00bb title_text=\u00bbluissilva\u00bb _builder_version=\u00bb4.27.4&#8243; max_width_tablet=\u00bb40%\u00bb max_width_phone=\u00bb40%\u00bb max_width_last_edited=\u00bbon|tablet\u00bb custom_margin=\u00bb|||\u00bb custom_margin_tablet=\u00bb90px|||\u00bb custom_margin_last_edited=\u00bboff|desktop\u00bb always_center_on_mobile=\u00bboff\u00bb locked=\u00bboff\u00bb global_colors_info=\u00bb{}\u00bb][\/et_pb_image][\/et_pb_column][et_pb_column type=\u00bb2_3&#8243; _builder_version=\u00bb4.16&#8243; custom_padding=\u00bb|||\u00bb global_colors_info=\u00bb{}\u00bb custom_padding__hover=\u00bb|||\u00bb][et_pb_text _builder_version=\u00bb4.27.4&#8243; text_font=\u00bb||||||||\u00bb text_text_color=\u00bb#7e7f93&#8243; text_font_size=\u00bb18px\u00bb text_line_height=\u00bb1.5em\u00bb header_font=\u00bb||||||||\u00bb header_3_font=\u00bbMerriweather|700|||||||\u00bb header_3_text_color=\u00bb#4646c4&#8243; header_3_font_size=\u00bb36px\u00bb header_3_line_height=\u00bb1.4em\u00bb custom_margin=\u00bb||26px|||\u00bb text_font_size_tablet=\u00bb18px\u00bb text_font_size_phone=\u00bb15px\u00bb text_font_size_last_edited=\u00bbon|phone\u00bb text_line_height_tablet=\u00bb1.5em\u00bb text_line_height_phone=\u00bb1.6em\u00bb text_line_height_last_edited=\u00bbon|phone\u00bb header_3_font_size_tablet=\u00bb36px\u00bb header_3_font_size_phone=\u00bb25px\u00bb header_3_font_size_last_edited=\u00bbon|phone\u00bb locked=\u00bboff\u00bb global_colors_info=\u00bb{}\u00bb]<\/p>\n<h3><span style=\"color: #008aa8;\">Prof. Lu\u00eds Sim\u00f5es da Silva<\/span><\/h3>\n<div class=\"team-member_title-top\">\n<div class=\"text-size-xlarge\">\n<div>Profesor de Construcciones en Acero &#8211; <span>Universidad de Coimbra<\/span><\/div>\n<div><span>Codirector de la Revista de Investigaci\u00f3n sobre el Acero de Construcci\u00f3n<\/span><\/div>\n<p style=\"font-weight: 400;\">\n<\/div>\n<\/div>\n<p>[\/et_pb_text][et_pb_text content_tablet=\u00bb<\/p>\n<div>Conferencia: <strong>SeaPower: Innovaci\u00f3n e ingenier\u00eda en la construcci\u00f3n mar\u00edtima<\/strong><\/div>\n<div><\/div>\n<p>\u00bb content_phone=\u00bb<\/p>\n<div>Conferencia: <strong><span style=%22font-size: 15px;%22>SeaPower: Innovaci\u00f3n e ingenier\u00eda en la construcci\u00f3n mar\u00edtima<\/span><\/strong><\/div>\n<div><\/div>\n<p>\u00bb content_last_edited=\u00bbon|phone\u00bb _builder_version=\u00bb4.27.4&#8243; text_font=\u00bb||||||||\u00bb text_text_color=\u00bb#7e7f93&#8243; text_font_size=\u00bb18px\u00bb text_line_height=\u00bb1.5em\u00bb header_font=\u00bb||||||||\u00bb header_3_font=\u00bbMerriweather|700|||||||\u00bb header_3_text_color=\u00bb#4646c4&#8243; header_3_font_size=\u00bb36px\u00bb header_3_line_height=\u00bb1.4em\u00bb text_font_size_tablet=\u00bb18px\u00bb text_font_size_phone=\u00bb15px\u00bb text_font_size_last_edited=\u00bbon|phone\u00bb locked=\u00bboff\u00bb global_colors_info=\u00bb{}\u00bb]<\/p>\n<div>Conferencia: <strong><span style=\"font-size: 18px;\">SeaPower: Innovaci\u00f3n e ingenier\u00eda en la construcci\u00f3n mar\u00edtima<\/span><\/strong><\/div>\n<div><\/div>\n<p>[\/et_pb_text][et_pb_text _builder_version=\u00bb4.27.4&#8243; text_font=\u00bb||||||||\u00bb text_font_size=\u00bb18px\u00bb text_line_height=\u00bb1.8em\u00bb custom_padding=\u00bb||0px|||\u00bb text_font_size_tablet=\u00bb18px\u00bb text_font_size_phone=\u00bb15px\u00bb text_font_size_last_edited=\u00bbon|phone\u00bb text_line_height_tablet=\u00bb1.8em\u00bb text_line_height_phone=\u00bb1.6em\u00bb text_line_height_last_edited=\u00bbon|phone\u00bb global_colors_info=\u00bb{}\u00bb]<\/p>\n<p><span>Profesor de Construcciones en Acero, Departamento de Ingenier\u00eda Civil, Universidad de Coimbra. Jefe del Grupo de Construcciones Met\u00e1licas del ISISE &#8211; Instituto para la Sostenibilidad y la Innovaci\u00f3n en Ingenier\u00eda Estructural, Centro de Investigaci\u00f3n financiado por la FCT (Fundaci\u00f3n Portuguesa para la Ciencia). Coeditor Jefe de la Revista de Investigaci\u00f3n sobre Acero de Construcci\u00f3n. Presidente de CMM (Asociaci\u00f3n Portuguesa de Siderurgia). Presidente de Seapower. Doctor Honoris Causa por la Universidad de Lieja en 2018.     <\/span><\/p>\n<p><span><\/span><\/p>\n<p>[\/et_pb_text][\/et_pb_column][\/et_pb_row][et_pb_row column_structure=\u00bb1_3,2_3&#8243; custom_padding_last_edited=\u00bbon|phone\u00bb _builder_version=\u00bb4.27.4&#8243; custom_margin=\u00bb|||\u00bb custom_padding=\u00bb40px|0px|40px|0px\u00bb custom_padding_tablet=\u00bb40px|0px|40px|0px\u00bb custom_padding_phone=\u00bb40px|0px|0px|0px|false|false\u00bb locked=\u00bboff\u00bb global_colors_info=\u00bb{}\u00bb][et_pb_column type=\u00bb1_3&#8243; _builder_version=\u00bb4.16&#8243; custom_padding=\u00bb|||\u00bb global_colors_info=\u00bb{}\u00bb custom_padding__hover=\u00bb|||\u00bb][et_pb_image src=\u00bbhttps:\/\/congresso15.cmm.pt\/wp-content\/uploads\/2025\/11\/MarcoBatists.jpg\u00bb title_text=\u00bbMarcoBatists\u00bb _builder_version=\u00bb4.27.4&#8243; max_width_tablet=\u00bb40%\u00bb max_width_phone=\u00bb40%\u00bb max_width_last_edited=\u00bbon|tablet\u00bb custom_margin=\u00bb|||\u00bb custom_margin_tablet=\u00bb90px|||\u00bb custom_margin_last_edited=\u00bboff|desktop\u00bb always_center_on_mobile=\u00bboff\u00bb locked=\u00bboff\u00bb global_colors_info=\u00bb{}\u00bb][\/et_pb_image][\/et_pb_column][et_pb_column type=\u00bb2_3&#8243; _builder_version=\u00bb4.16&#8243; custom_padding=\u00bb|||\u00bb global_colors_info=\u00bb{}\u00bb custom_padding__hover=\u00bb|||\u00bb][et_pb_text _builder_version=\u00bb4.27.4&#8243; text_font=\u00bb||||||||\u00bb text_text_color=\u00bb#7e7f93&#8243; text_font_size=\u00bb18px\u00bb text_line_height=\u00bb1.5em\u00bb header_font=\u00bb||||||||\u00bb header_3_font=\u00bbMerriweather|700|||||||\u00bb header_3_text_color=\u00bb#4646c4&#8243; header_3_font_size=\u00bb36px\u00bb header_3_line_height=\u00bb1.4em\u00bb custom_margin=\u00bb||26px|||\u00bb text_font_size_tablet=\u00bb18px\u00bb text_font_size_phone=\u00bb15px\u00bb text_font_size_last_edited=\u00bbon|phone\u00bb text_line_height_tablet=\u00bb1.5em\u00bb text_line_height_phone=\u00bb1.6em\u00bb text_line_height_last_edited=\u00bbon|phone\u00bb header_3_font_size_tablet=\u00bb36px\u00bb header_3_font_size_phone=\u00bb25px\u00bb header_3_font_size_last_edited=\u00bbon|phone\u00bb locked=\u00bboff\u00bb global_colors_info=\u00bb{}\u00bb]<\/p>\n<h3><span style=\"color: #008aa8;\">Ing. Marco Baptista<\/span><\/h3>\n<div class=\"team-member_title-top\">\n<div class=\"text-size-xlarge\">\n<div>\n<p>Especialista en Estructuras | Socio Director de A400<\/p>\n<\/div>\n<p style=\"font-weight: 400;\">\n<\/div>\n<\/div>\n<p>[\/et_pb_text][et_pb_text content_tablet=\u00bb<\/p>\n<div>Conferencia: <strong><span style=%22font-size: 18px;%22>La Construcci\u00f3n como Producto<\/span><\/strong><\/div>\n<div><\/div>\n<p>\u00bb content_phone=\u00bb<\/p>\n<p>Conferencia: <strong>La Construcci\u00f3n como Producto<\/strong><\/p>\n<p>\u00bb content_last_edited=\u00bbon|phone\u00bb _builder_version=\u00bb4.27.4&#8243; text_font=\u00bb||||||||\u00bb text_text_color=\u00bb#7e7f93&#8243; text_font_size=\u00bb18px\u00bb text_line_height=\u00bb1.5em\u00bb header_font=\u00bb||||||||\u00bb header_3_font=\u00bbMerriweather|700|||||||\u00bb header_3_text_color=\u00bb#4646c4&#8243; header_3_font_size=\u00bb36px\u00bb header_3_line_height=\u00bb1.4em\u00bb custom_padding=\u00bb||0px|||\u00bb text_font_size_tablet=\u00bb18px\u00bb text_font_size_phone=\u00bb15px\u00bb text_font_size_last_edited=\u00bbon|phone\u00bb locked=\u00bboff\u00bb global_colors_info=\u00bb{}\u00bb]<\/p>\n<div>Conferencia: <strong><span style=\"font-size: 18px;\">La Construcci\u00f3n como Producto<\/span><\/strong><\/div>\n<div><\/div>\n<p>[\/et_pb_text][et_pb_text _builder_version=\u00bb4.27.4&#8243; text_font=\u00bb||||||||\u00bb text_font_size=\u00bb18px\u00bb text_line_height=\u00bb1.8em\u00bb custom_padding=\u00bb||0px|||\u00bb text_font_size_tablet=\u00bb18px\u00bb text_font_size_phone=\u00bb15px\u00bb text_font_size_last_edited=\u00bbon|phone\u00bb text_line_height_tablet=\u00bb1.8em\u00bb text_line_height_phone=\u00bb1.6em\u00bb text_line_height_last_edited=\u00bbon|phone\u00bb global_colors_info=\u00bb{}\u00bb]<\/p>\n<p>Marco Baptista (nacido el 18 de diciembre de 1969) es ingeniero civil, graduado de la Facultad de Ingenier\u00eda de la Universidad de Oporto (FEUP), con una maestr\u00eda en Estructuras de Ingenier\u00eda Civil (1999). Particip\u00f3 en investigaci\u00f3n internacional en ISMES (Italia) e imparti\u00f3 clases entre 1995 y 2007 en instituciones como la UTAD y el Instituto Polit\u00e9cnico de Viana do Castelo, en el \u00e1rea de Estructuras. Es coautor de varias publicaciones cient\u00edficas y cuenta con una amplia experiencia profesional desde 1993, a\u00f1o en que fund\u00f3 A400 \u2013 Consultores de Ingenier\u00eda, donde es socio gerente. Ha liderado proyectos de alta complejidad en Portugal y en el extranjero, y es especialista en Estructuras certificado por el Colegio de Ingenieros (2017). En 2022 finaliz\u00f3 un posgrado en Gesti\u00f3n Inmobiliaria en Porto Business School.<\/p>\n<p><span><\/span><\/p>\n<p>[\/et_pb_text][\/et_pb_column][\/et_pb_row][et_pb_row column_structure=\u00bb1_3,2_3&#8243; custom_padding_last_edited=\u00bbon|phone\u00bb _builder_version=\u00bb4.27.4&#8243; custom_margin=\u00bb|||\u00bb custom_padding=\u00bb40px|0px|40px|0px\u00bb custom_padding_tablet=\u00bb40px|0px|40px|0px\u00bb custom_padding_phone=\u00bb40px|0px|0px|0px|false|false\u00bb locked=\u00bboff\u00bb global_colors_info=\u00bb{}\u00bb][et_pb_column type=\u00bb1_3&#8243; _builder_version=\u00bb4.16&#8243; custom_padding=\u00bb|||\u00bb global_colors_info=\u00bb{}\u00bb custom_padding__hover=\u00bb|||\u00bb][et_pb_image src=\u00bbhttps:\/\/congresso15.cmm.pt\/wp-content\/uploads\/2025\/06\/IMG_20241005_103815597_MF_PORTRAIT3-scaled-e1750772933646.jpg\u00bb title_text=\u00bbIMG_20241005_103815597_MF_PORTRAIT~3&#8243; _builder_version=\u00bb4.27.4&#8243; max_width_tablet=\u00bb40%\u00bb max_width_phone=\u00bb40%\u00bb max_width_last_edited=\u00bbon|tablet\u00bb custom_margin=\u00bb|||\u00bb custom_margin_tablet=\u00bb90px|||\u00bb custom_margin_last_edited=\u00bboff|desktop\u00bb always_center_on_mobile=\u00bboff\u00bb locked=\u00bboff\u00bb global_colors_info=\u00bb{}\u00bb][\/et_pb_image][\/et_pb_column][et_pb_column type=\u00bb2_3&#8243; _builder_version=\u00bb4.16&#8243; custom_padding=\u00bb|||\u00bb global_colors_info=\u00bb{}\u00bb custom_padding__hover=\u00bb|||\u00bb][et_pb_text _builder_version=\u00bb4.27.4&#8243; text_font=\u00bb||||||||\u00bb text_text_color=\u00bb#7e7f93&#8243; text_font_size=\u00bb18px\u00bb text_line_height=\u00bb1.5em\u00bb header_font=\u00bb||||||||\u00bb header_3_font=\u00bbMerriweather|700|||||||\u00bb header_3_text_color=\u00bb#4646c4&#8243; header_3_font_size=\u00bb36px\u00bb header_3_line_height=\u00bb1.4em\u00bb custom_margin=\u00bb||26px|||\u00bb text_font_size_tablet=\u00bb18px\u00bb text_font_size_phone=\u00bb15px\u00bb text_font_size_last_edited=\u00bbon|phone\u00bb text_line_height_tablet=\u00bb1.5em\u00bb text_line_height_phone=\u00bb1.6em\u00bb text_line_height_last_edited=\u00bbon|phone\u00bb header_3_font_size_tablet=\u00bb36px\u00bb header_3_font_size_phone=\u00bb25px\u00bb header_3_font_size_last_edited=\u00bbon|phone\u00bb locked=\u00bboff\u00bb global_colors_info=\u00bb{}\u00bb]<\/p>\n<h3><span style=\"color: #008aa8;\">Prof. Mauro Overend<\/span><\/h3>\n<div class=\"team-member_title-top\">\n<div class=\"text-size-xlarge\">\n<div>Profesor de Dise\u00f1o y Mec\u00e1nica Estructural &#8211; TU Delft<\/div>\n<p style=\"font-weight: 400;\">\n<\/div>\n<\/div>\n<p>[\/et_pb_text][et_pb_text content_tablet=\u00bb<\/p>\n<div>Conferencia: <strong>Hacia fachadas m\u00e1s sostenibles: Investigaciones recientes sobre envolventes de edificios eficientes en el uso de recursos, resilientes y centradas en las personas.<\/strong><\/div>\n<div><\/div>\n<p>\u00bb content_phone=\u00bb<\/p>\n<div>Conferencia: <strong>Hacia fachadas m\u00e1s sostenibles: Investigaciones recientes sobre envolventes de edificios eficientes en el uso de recursos, resilientes y centradas en las personas.<\/strong><\/div>\n<div><\/div>\n<p>\u00bb content_last_edited=\u00bbon|phone\u00bb _builder_version=\u00bb4.27.4&#8243; text_font=\u00bb||||||||\u00bb text_text_color=\u00bb#7e7f93&#8243; text_font_size=\u00bb18px\u00bb text_line_height=\u00bb1.5em\u00bb header_font=\u00bb||||||||\u00bb header_3_font=\u00bbMerriweather|700|||||||\u00bb header_3_text_color=\u00bb#4646c4&#8243; header_3_font_size=\u00bb36px\u00bb header_3_line_height=\u00bb1.4em\u00bb custom_padding=\u00bb1px|||||\u00bb text_font_size_tablet=\u00bb18px\u00bb text_font_size_phone=\u00bb15px\u00bb text_font_size_last_edited=\u00bbon|phone\u00bb locked=\u00bboff\u00bb global_colors_info=\u00bb{}\u00bb]<\/p>\n<div>Conferencia: <strong>Hacia fachadas m\u00e1s sostenibles: Investigaciones recientes sobre envolventes de edificios eficientes en el uso de recursos, resilientes y centradas en las personas.<\/strong><\/div>\n<div><\/div>\n<p>[\/et_pb_text][et_pb_text _builder_version=\u00bb4.27.4&#8243; text_font=\u00bb||||||||\u00bb text_font_size=\u00bb18px\u00bb text_line_height=\u00bb1.8em\u00bb custom_padding=\u00bb||0px|||\u00bb text_font_size_tablet=\u00bb18px\u00bb text_font_size_phone=\u00bb15px\u00bb text_font_size_last_edited=\u00bbon|phone\u00bb text_line_height_tablet=\u00bb1.8em\u00bb text_line_height_phone=\u00bb1.6em\u00bb text_line_height_last_edited=\u00bbon|phone\u00bb global_colors_info=\u00bb{}\u00bb]<\/p>\n<p>Mauro Overend es profesor de Dise\u00f1o Estructural y Mec\u00e1nica en la Universidad T\u00e9cnica de Delft, donde imparte docencia a ingenieros y arquitectos, y ha creado el Grupo de Investigaci\u00f3n ReStruct. Es ingeniero colegiado con varios a\u00f1os de experiencia en consultor\u00eda de ingenier\u00eda, docencia e investigaci\u00f3n en los campos del dise\u00f1o estructural y la ingenier\u00eda de fachadas. En su puesto anterior, Mauro fund\u00f3 y dirigi\u00f3 el Grupo de Investigaci\u00f3n en Tecnolog\u00eda de Vidrio y Fachadas de la Universidad de Cambridge. Sus intereses de investigaci\u00f3n y docencia se centran en la interfaz entre la ingenier\u00eda de materiales y el dise\u00f1o estructural, que sustentan el rendimiento de materiales, fachadas y estructuras sostenibles. Mauro cuenta con una amplia trayectoria liderando equipos de investigaci\u00f3n interdisciplinarios en las Universidades de Nottingham, Cambridge y Delft. Ha obtenido m\u00e1s de 14 millones de euros de financiaci\u00f3n para su investigaci\u00f3n, ha supervisado a 22 estudiantes de doctorado y a 7 investigadores posdoctorales, y cuenta con m\u00e1s de 150 publicaciones revisadas por pares en su haber. Mauro tambi\u00e9n dirige y forma parte de varios comit\u00e9s internacionales relacionados con materiales y estructuras sostenibles, y ha aportado su experiencia especializada en dise\u00f1o de ingenier\u00eda e ingenier\u00eda forense en algunos de los edificios m\u00e1s complejos y prestigiosos del mundo. Ha recibido numerosos premios internacionales por su trabajo, como el premio IABSE y la Medalla Guthrie Brown de la Instituci\u00f3n de Ingenieros Estructurales. \u00a0\u00a0<\/p>\n<p><span><\/span><\/p>\n<p>[\/et_pb_text][\/et_pb_column][\/et_pb_row][et_pb_row column_structure=\u00bb1_3,2_3&#8243; _builder_version=\u00bb4.16&#8243; custom_margin=\u00bb|||\u00bb custom_padding=\u00bb40px|0px|40px|0px\u00bb global_colors_info=\u00bb{}\u00bb][et_pb_column type=\u00bb1_3&#8243; _builder_version=\u00bb4.16&#8243; custom_padding=\u00bb|||\u00bb global_colors_info=\u00bb{}\u00bb custom_padding__hover=\u00bb|||\u00bb][et_pb_image src=\u00bbhttps:\/\/congresso15.cmm.pt\/wp-content\/uploads\/2025\/04\/1531230357586.jpeg\u00bb title_text=\u00bb1531230357586&#8243; _builder_version=\u00bb4.27.4&#8243; max_width_tablet=\u00bb40%\u00bb max_width_phone=\u00bb40%\u00bb max_width_last_edited=\u00bbon|tablet\u00bb custom_margin=\u00bb|||\u00bb custom_margin_tablet=\u00bb90px|||\u00bb custom_margin_last_edited=\u00bboff|desktop\u00bb always_center_on_mobile=\u00bboff\u00bb locked=\u00bboff\u00bb global_colors_info=\u00bb{}\u00bb][\/et_pb_image][\/et_pb_column][et_pb_column type=\u00bb2_3&#8243; _builder_version=\u00bb4.16&#8243; custom_padding=\u00bb|||\u00bb global_colors_info=\u00bb{}\u00bb custom_padding__hover=\u00bb|||\u00bb][et_pb_text _builder_version=\u00bb4.27.4&#8243; text_font=\u00bb||||||||\u00bb text_text_color=\u00bb#7e7f93&#8243; text_font_size=\u00bb18px\u00bb text_line_height=\u00bb1.5em\u00bb header_font=\u00bb||||||||\u00bb header_3_font=\u00bbMerriweather|700|||||||\u00bb header_3_text_color=\u00bb#4646c4&#8243; header_3_font_size=\u00bb36px\u00bb header_3_line_height=\u00bb1.4em\u00bb text_font_size_tablet=\u00bb18px\u00bb text_font_size_phone=\u00bb15px\u00bb text_font_size_last_edited=\u00bbon|phone\u00bb text_line_height_tablet=\u00bb1.5em\u00bb text_line_height_phone=\u00bb1.6em\u00bb text_line_height_last_edited=\u00bbon|phone\u00bb header_3_font_size_tablet=\u00bb36px\u00bb header_3_font_size_phone=\u00bb25px\u00bb header_3_font_size_last_edited=\u00bbon|phone\u00bb locked=\u00bboff\u00bb global_colors_info=\u00bb{}\u00bb]<\/p>\n<h3><span style=\"color: #008aa8;\">Ing. Miguel Correia <\/span><\/h3>\n<p><span>Jefe Principal &#8211; Tecnolog\u00eda Estructural y Marina en Wood<\/span><\/p>\n<p>[\/et_pb_text][et_pb_text content_tablet=\u00bb<\/p>\n<div>Conferencia: <strong><span style=%22font-size: 18px;%22>Importancia de las estructuras de acero en los sectores energ\u00e9ticos marinos<\/span><\/strong><\/div>\n<div><\/div>\n<p>\u00bb content_phone=\u00bb<\/p>\n<div>Conferencia: <strong><span style=%22font-size: 15px;%22>Importancia de las estructuras de acero en los sectores energ\u00e9ticos marinos<\/span><\/strong><\/div>\n<div><\/div>\n<p>\u00bb content_last_edited=\u00bbon|phone\u00bb _builder_version=\u00bb4.27.4&#8243; text_font=\u00bb||||||||\u00bb text_text_color=\u00bb#7e7f93&#8243; text_font_size=\u00bb18px\u00bb text_line_height=\u00bb1.5em\u00bb header_font=\u00bb||||||||\u00bb header_3_font=\u00bbMerriweather|700|||||||\u00bb header_3_text_color=\u00bb#4646c4&#8243; header_3_font_size=\u00bb36px\u00bb header_3_line_height=\u00bb1.4em\u00bb text_font_size_tablet=\u00bb18px\u00bb text_font_size_phone=\u00bb15px\u00bb text_font_size_last_edited=\u00bbon|phone\u00bb locked=\u00bboff\u00bb global_colors_info=\u00bb{}\u00bb]<\/p>\n<div>Conferencia: <strong><span style=\"font-size: 18px;\">Importancia de las estructuras de acero en los sectores energ\u00e9ticos marinos<\/span><\/strong><\/div>\n<div><\/div>\n<p>[\/et_pb_text][et_pb_text _builder_version=\u00bb4.27.4&#8243; text_font=\u00bb||||||||\u00bb text_font_size=\u00bb18px\u00bb text_line_height=\u00bb1.8em\u00bb custom_padding=\u00bb||0px|||\u00bb text_font_size_tablet=\u00bb18px\u00bb text_font_size_phone=\u00bb15px\u00bb text_font_size_last_edited=\u00bbon|phone\u00bb text_line_height_tablet=\u00bb1.8em\u00bb text_line_height_phone=\u00bb1.6em\u00bb text_line_height_last_edited=\u00bbon|phone\u00bb global_colors_info=\u00bb{}\u00bb]<\/p>\n<p style=\"font-weight: 400;\">En la actualidad, Miguel Correia es Director Principal en Wood PLC Noruega, donde dirige el departamento de Tecnolog\u00eda Estructural y Marina desde hace 4 a\u00f1os. Wood ofrece servicios de ingenier\u00eda de nuevos proyectos de construcci\u00f3n y modificaci\u00f3n en tierra, mar y submarinos, as\u00ed como de nueva construcci\u00f3n y modificaci\u00f3n de buques. Su experiencia internacional tambi\u00e9n incluye la direcci\u00f3n del departamento de Integridad Estructural en Force Technology Noruega, durante 7 a\u00f1os, y antes de eso en Greenland group y Agility Group como Ingeniero Estructural Senior y l\u00edder de la Disciplina Estructural. Su experiencia nacional entre 2000 y 2011 se desarroll\u00f3 en IDOM Consulting Engineering Architecture, oficina de Lisboa, donde trabaj\u00f3 principalmente en proyectos industriales onshore, inicialmente como ingeniero estructural senior y posteriormente como l\u00edder del Departamento Estructural. Su formaci\u00f3n acad\u00e9mica se basa en dos Maestr\u00edas, la primera\u00a0en Ingenier\u00eda Civil &#8211; Perfil de Ingenier\u00eda Estructural y la segunda en Estructuras de Acero y Compuestos, respectivamente en ISEL &#8211; Instituto Superior de Engenharia de Lisboa y la Universidad de Coimbra, donde defendi\u00f3 su tesis &#8211; Robustez, redundancia de estructuras offshore &#8211; Plataformas Jacket. <span> <\/span>Tambi\u00e9n es miembro de la Asociaci\u00f3n Portuguesa de Construcci\u00f3n en Acero y Mixta (CMM).<\/p>\n<p style=\"font-weight: 400;\">[\/et_pb_text][\/et_pb_column][\/et_pb_row][et_pb_row column_structure=\u00bb1_3,2_3&#8243; _builder_version=\u00bb4.16&#8243; custom_margin=\u00bb|||\u00bb custom_padding=\u00bb40px|0px|40px|0px\u00bb locked=\u00bboff\u00bb global_colors_info=\u00bb{}\u00bb][et_pb_column type=\u00bb1_3&#8243; _builder_version=\u00bb4.16&#8243; custom_padding=\u00bb|||\u00bb global_colors_info=\u00bb{}\u00bb custom_padding__hover=\u00bb|||\u00bb][et_pb_image src=\u00bbhttps:\/\/congresso15.cmm.pt\/wp-content\/uploads\/2025\/10\/Imagem1.png\u00bb title_text=\u00bbImagem1&#8243; _builder_version=\u00bb4.27.4&#8243; max_width_tablet=\u00bb40%\u00bb max_width_phone=\u00bb40%\u00bb max_width_last_edited=\u00bbon|tablet\u00bb custom_margin=\u00bb|||\u00bb custom_margin_tablet=\u00bb90px|||\u00bb custom_margin_last_edited=\u00bboff|desktop\u00bb always_center_on_mobile=\u00bboff\u00bb locked=\u00bboff\u00bb global_colors_info=\u00bb{}\u00bb][\/et_pb_image][\/et_pb_column][et_pb_column type=\u00bb2_3&#8243; _builder_version=\u00bb4.16&#8243; custom_padding=\u00bb|||\u00bb global_colors_info=\u00bb{}\u00bb custom_padding__hover=\u00bb|||\u00bb][et_pb_text _builder_version=\u00bb4.27.4&#8243; text_font=\u00bb||||||||\u00bb text_text_color=\u00bb#7e7f93&#8243; text_font_size=\u00bb18px\u00bb text_line_height=\u00bb1.5em\u00bb header_font=\u00bb||||||||\u00bb header_3_font=\u00bbMerriweather|700|||||||\u00bb header_3_text_color=\u00bb#4646c4&#8243; header_3_font_size=\u00bb36px\u00bb header_3_line_height=\u00bb1.4em\u00bb text_font_size_tablet=\u00bb18px\u00bb text_font_size_phone=\u00bb15px\u00bb text_font_size_last_edited=\u00bbon|phone\u00bb text_line_height_tablet=\u00bb1.5em\u00bb text_line_height_phone=\u00bb1.6em\u00bb text_line_height_last_edited=\u00bbon|phone\u00bb header_3_font_size_tablet=\u00bb36px\u00bb header_3_font_size_phone=\u00bb25px\u00bb header_3_font_size_last_edited=\u00bbon|phone\u00bb locked=\u00bboff\u00bb global_colors_info=\u00bb{}\u00bb]<\/p>\n<h3><span style=\"color: #008aa8;\">Arq. Miguel N\u00fa\u00f1ez D\u00edaz<\/span><\/h3>\n<p>Director T\u00e9cnico y Consultor de Fachadas en ENAR<\/p>\n<p>[\/et_pb_text][et_pb_text content_tablet=\u00bb<\/p>\n<div>Conferencia:<strong> Futuro no disponible<\/strong><\/div>\n<div><\/div>\n<p>\u00bb content_phone=\u00bb<\/p>\n<div>Conferencia:<strong> Futuro no disponible<\/strong><\/div>\n<div><\/div>\n<p>\u00bb content_last_edited=\u00bbon|phone\u00bb _builder_version=\u00bb4.27.4&#8243; text_font=\u00bb||||||||\u00bb text_text_color=\u00bb#7e7f93&#8243; text_font_size=\u00bb18px\u00bb text_line_height=\u00bb1.5em\u00bb header_font=\u00bb||||||||\u00bb header_3_font=\u00bbMerriweather|700|||||||\u00bb header_3_text_color=\u00bb#4646c4&#8243; header_3_font_size=\u00bb36px\u00bb header_3_line_height=\u00bb1.4em\u00bb custom_padding=\u00bb||0px|||\u00bb text_font_size_tablet=\u00bb18px\u00bb text_font_size_phone=\u00bb15px\u00bb text_font_size_last_edited=\u00bbon|phone\u00bb locked=\u00bboff\u00bb global_colors_info=\u00bb{}\u00bb]<\/p>\n<div>Conferencia:<strong> Futuro no disponible<\/strong><\/div>\n<div><\/div>\n<p>[\/et_pb_text][et_pb_text _builder_version=\u00bb4.27.4&#8243; text_font=\u00bb||||||||\u00bb text_font_size=\u00bb18px\u00bb text_line_height=\u00bb1.8em\u00bb custom_padding=\u00bb||0px|||\u00bb text_font_size_tablet=\u00bb18px\u00bb text_font_size_phone=\u00bb15px\u00bb text_font_size_last_edited=\u00bbon|phone\u00bb text_line_height_tablet=\u00bb1.8em\u00bb text_line_height_phone=\u00bb1.6em\u00bb text_line_height_last_edited=\u00bbon|phone\u00bb global_colors_info=\u00bb{}\u00bb]<\/p>\n<p>Miguel \u00c1ngel N\u00fa\u00f1ez es Director T\u00e9cnico y Consultor de Fachadas en ENAR, con m\u00e1s de 25 a\u00f1os de experiencia en envolventes arquitect\u00f3nicas. Doctor en Arquitectura y con un MBA Ejecutivo, ha liderado importantes proyectos de fachadas para aeropuertos, edificios corporativos e instituciones culturales en Europa y Oriente Medio. Su experiencia abarca vidrio estructural, materiales compuestos y fachadas digitales, respaldada por su participaci\u00f3n activa en programas de investigaci\u00f3n de la UE como Horizonte. Miguel participa frecuentemente como ponente en congresos internacionales y ha contribuido a publicaciones t\u00e9cnicas sobre dise\u00f1o de fachadas.<\/p>\n<p style=\"font-weight: 400;\">\n<p>[\/et_pb_text][\/et_pb_column][\/et_pb_row][et_pb_row column_structure=\u00bb1_3,2_3&#8243; _builder_version=\u00bb4.16&#8243; custom_margin=\u00bb|||\u00bb custom_padding=\u00bb40px|0px|40px|0px\u00bb global_colors_info=\u00bb{}\u00bb][et_pb_column type=\u00bb1_3&#8243; _builder_version=\u00bb4.16&#8243; custom_padding=\u00bb|||\u00bb global_colors_info=\u00bb{}\u00bb custom_padding__hover=\u00bb|||\u00bb][et_pb_image src=\u00bbhttps:\/\/congresso15.cmm.pt\/wp-content\/uploads\/2025\/09\/MOF1709-Copy.jpg\u00bb title_text=\u00bb_MOF1709 &#8211; Copy\u00bb _builder_version=\u00bb4.27.4&#8243; max_width_tablet=\u00bb40%\u00bb max_width_phone=\u00bb40%\u00bb max_width_last_edited=\u00bbon|tablet\u00bb custom_margin=\u00bb|||\u00bb custom_margin_tablet=\u00bb90px|||\u00bb custom_margin_last_edited=\u00bboff|desktop\u00bb always_center_on_mobile=\u00bboff\u00bb locked=\u00bboff\u00bb global_colors_info=\u00bb{}\u00bb][\/et_pb_image][\/et_pb_column][et_pb_column type=\u00bb2_3&#8243; _builder_version=\u00bb4.16&#8243; custom_padding=\u00bb|||\u00bb global_colors_info=\u00bb{}\u00bb custom_padding__hover=\u00bb|||\u00bb][et_pb_text _builder_version=\u00bb4.27.4&#8243; text_font=\u00bb||||||||\u00bb text_text_color=\u00bb#7e7f93&#8243; text_font_size=\u00bb18px\u00bb text_line_height=\u00bb1.5em\u00bb header_font=\u00bb||||||||\u00bb header_3_font=\u00bbMerriweather|700|||||||\u00bb header_3_text_color=\u00bb#4646c4&#8243; header_3_font_size=\u00bb36px\u00bb header_3_line_height=\u00bb1.4em\u00bb text_font_size_tablet=\u00bb18px\u00bb text_font_size_phone=\u00bb15px\u00bb text_font_size_last_edited=\u00bbon|phone\u00bb text_line_height_tablet=\u00bb1.5em\u00bb text_line_height_phone=\u00bb1.6em\u00bb text_line_height_last_edited=\u00bbon|phone\u00bb header_3_font_size_tablet=\u00bb36px\u00bb header_3_font_size_phone=\u00bb25px\u00bb header_3_font_size_last_edited=\u00bbon|phone\u00bb locked=\u00bboff\u00bb global_colors_info=\u00bb{}\u00bb]<\/p>\n<h3><span style=\"color: #008aa8;\">Ing. Murray Cook<\/span><\/h3>\n<p>Director Ejecutivo, EGGA \u2013 Galvanizando Europa<\/p>\n<p>[\/et_pb_text][et_pb_text content_tablet=\u00bb<\/p>\n<div>Conferencia: <strong>Optimizaci\u00f3n de la sostenibilidad y la circularidad de las estructuras de acero: la importancia de la protecci\u00f3n contra la corrosi\u00f3n<\/strong><\/div>\n<div><\/div>\n<p>\u00bb content_phone=\u00bb<\/p>\n<div>Conferencia: <strong>Optimizaci\u00f3n de la sostenibilidad y la circularidad de las estructuras de acero: la importancia de la protecci\u00f3n contra la corrosi\u00f3n<\/strong><\/div>\n<div><\/div>\n<p>\u00bb content_last_edited=\u00bbon|phone\u00bb _builder_version=\u00bb4.27.4&#8243; text_font=\u00bb||||||||\u00bb text_text_color=\u00bb#7e7f93&#8243; text_font_size=\u00bb18px\u00bb text_line_height=\u00bb1.5em\u00bb header_font=\u00bb||||||||\u00bb header_3_font=\u00bbMerriweather|700|||||||\u00bb header_3_text_color=\u00bb#4646c4&#8243; header_3_font_size=\u00bb36px\u00bb header_3_line_height=\u00bb1.4em\u00bb custom_padding=\u00bb||0px|||\u00bb text_font_size_tablet=\u00bb18px\u00bb text_font_size_phone=\u00bb15px\u00bb text_font_size_last_edited=\u00bbon|phone\u00bb locked=\u00bboff\u00bb global_colors_info=\u00bb{}\u00bb]<\/p>\n<div>Conferencia: <strong>Optimizaci\u00f3n de la sostenibilidad y la circularidad de las estructuras de acero: la importancia de la protecci\u00f3n contra la corrosi\u00f3n<\/strong><\/div>\n<div><\/div>\n<p>[\/et_pb_text][et_pb_text _builder_version=\u00bb4.27.4&#8243; text_font=\u00bb||||||||\u00bb text_font_size=\u00bb18px\u00bb text_line_height=\u00bb1.8em\u00bb custom_padding=\u00bb||0px|||\u00bb text_font_size_tablet=\u00bb18px\u00bb text_font_size_phone=\u00bb15px\u00bb text_font_size_last_edited=\u00bbon|phone\u00bb text_line_height_tablet=\u00bb1.8em\u00bb text_line_height_phone=\u00bb1.6em\u00bb text_line_height_last_edited=\u00bbon|phone\u00bb global_colors_info=\u00bb{}\u00bb]<\/p>\n<p style=\"font-weight: 400;\">Murray Cook es Director Ejecutivo de la Asociaci\u00f3n Europea de Galvanizadores Generales (Galvanizing Europe), que representa a unas 700 plantas que protegen aproximadamente 7 millones de toneladas de acero al a\u00f1o mediante galvanizaci\u00f3n por inmersi\u00f3n en caliente. Cuenta con una amplia experiencia en zinc y recubrimientos de zinc, habiendo ocupado altos cargos en la Asociaci\u00f3n de Galvanizadores del Reino Unido y en la Asociaci\u00f3n Internacional de Zinc, donde dirigi\u00f3 el desarrollo de estrategias de sostenibilidad. Es Presidente del Comit\u00e9 T\u00e9cnico 107 SC4 de ISO\/TC y contribuye activamente a los trabajos de CEN e ISO sobre fabricaci\u00f3n de acero, protecci\u00f3n contra la corrosi\u00f3n, sostenibilidad y cuestiones medioambientales, a la vez que colabora con los comit\u00e9s t\u00e9cnicos de ECCS en asuntos regulatorios y de pol\u00edticas. Es licenciado en Ciencia de los Materiales e Ingenier\u00eda Metal\u00fargica por la Universidad de Gales (Cardiff), tiene un posgrado en Marketing y es miembro de varios organismos profesionales y consultivos, entre ellos el Panel Asesor del Sistema Internacional de DAP.<\/p>\n<p style=\"font-weight: 400;\">\n<p>[\/et_pb_text][\/et_pb_column][\/et_pb_row][et_pb_row column_structure=\u00bb1_3,2_3&#8243; _builder_version=\u00bb4.16&#8243; custom_margin=\u00bb|||\u00bb custom_padding=\u00bb40px|0px|40px|0px\u00bb locked=\u00bboff\u00bb global_colors_info=\u00bb{}\u00bb][et_pb_column type=\u00bb1_3&#8243; _builder_version=\u00bb4.16&#8243; custom_padding=\u00bb|||\u00bb global_colors_info=\u00bb{}\u00bb custom_padding__hover=\u00bb|||\u00bb][et_pb_image src=\u00bbhttps:\/\/congresso15.cmm.pt\/wp-content\/uploads\/2025\/11\/NunoCapa.png\u00bb title_text=\u00bbNunoCapa\u00bb _builder_version=\u00bb4.27.4&#8243; max_width_tablet=\u00bb40%\u00bb max_width_phone=\u00bb40%\u00bb max_width_last_edited=\u00bbon|tablet\u00bb custom_margin=\u00bb|||\u00bb custom_margin_tablet=\u00bb90px|||\u00bb custom_margin_last_edited=\u00bboff|desktop\u00bb always_center_on_mobile=\u00bboff\u00bb locked=\u00bboff\u00bb global_colors_info=\u00bb{}\u00bb][\/et_pb_image][\/et_pb_column][et_pb_column type=\u00bb2_3&#8243; _builder_version=\u00bb4.16&#8243; custom_padding=\u00bb|||\u00bb global_colors_info=\u00bb{}\u00bb custom_padding__hover=\u00bb|||\u00bb][et_pb_text _builder_version=\u00bb4.27.4&#8243; text_font=\u00bb||||||||\u00bb text_text_color=\u00bb#7e7f93&#8243; text_font_size=\u00bb18px\u00bb text_line_height=\u00bb1.5em\u00bb header_font=\u00bb||||||||\u00bb header_3_font=\u00bbMerriweather|700|||||||\u00bb header_3_text_color=\u00bb#4646c4&#8243; header_3_font_size=\u00bb36px\u00bb header_3_line_height=\u00bb1.4em\u00bb custom_padding=\u00bb||0px|||\u00bb text_font_size_tablet=\u00bb18px\u00bb text_font_size_phone=\u00bb15px\u00bb text_font_size_last_edited=\u00bbon|phone\u00bb text_line_height_tablet=\u00bb1.5em\u00bb text_line_height_phone=\u00bb1.6em\u00bb text_line_height_last_edited=\u00bbon|phone\u00bb header_3_font_size_tablet=\u00bb36px\u00bb header_3_font_size_phone=\u00bb25px\u00bb header_3_font_size_last_edited=\u00bbon|phone\u00bb locked=\u00bboff\u00bb global_colors_info=\u00bb{}\u00bb]<\/p>\n<h3><span style=\"color: #008aa8;\">Arq. Nuno Capa<\/span><\/h3>\n<p>Nuno Ferreira Capa, Arquitetura e Design Lda<\/p>\n<p>[\/et_pb_text][et_pb_text content_tablet=\u00bb<\/p>\n<div>Conferencia: <strong>Dise\u00f1o Modular en Arquitectura<\/strong><\/div>\n<div><\/div>\n<p>\u00bb content_phone=\u00bb<\/p>\n<div>Conferencia: <strong>Dise\u00f1o Modular en Arquitectura<\/strong><\/div>\n<div><\/div>\n<p>\u00bb content_last_edited=\u00bbon|phone\u00bb _builder_version=\u00bb4.27.4&#8243; text_font=\u00bb||||||||\u00bb text_text_color=\u00bb#7e7f93&#8243; text_font_size=\u00bb18px\u00bb text_line_height=\u00bb1.5em\u00bb header_font=\u00bb||||||||\u00bb header_3_font=\u00bbMerriweather|700|||||||\u00bb header_3_text_color=\u00bb#4646c4&#8243; header_3_font_size=\u00bb36px\u00bb header_3_line_height=\u00bb1.4em\u00bb custom_padding=\u00bb||0px|||\u00bb text_font_size_tablet=\u00bb18px\u00bb text_font_size_phone=\u00bb15px\u00bb text_font_size_last_edited=\u00bbon|phone\u00bb locked=\u00bboff\u00bb global_colors_info=\u00bb{}\u00bb]<\/p>\n<div>Conferencia: <strong>Dise\u00f1o Modular en Arquitectura<\/strong><\/div>\n<div><\/div>\n<p>[\/et_pb_text][et_pb_text _builder_version=\u00bb4.27.4&#8243; text_font=\u00bb||||||||\u00bb text_font_size=\u00bb18px\u00bb text_line_height=\u00bb1.8em\u00bb custom_padding=\u00bb||0px|||\u00bb text_font_size_tablet=\u00bb18px\u00bb text_font_size_phone=\u00bb15px\u00bb text_font_size_last_edited=\u00bbon|phone\u00bb text_line_height_tablet=\u00bb1.8em\u00bb text_line_height_phone=\u00bb1.6em\u00bb text_line_height_last_edited=\u00bbon|phone\u00bb global_colors_info=\u00bb{}\u00bb]<\/p>\n<p>Nuno Capa es arquitecto graduado de la Facultad de Arquitectura de la Universidad de Oporto y ejerce profesionalmente desde 1998 en los \u00e1mbitos de la arquitectura, el urbanismo y el dise\u00f1o. Su trabajo abarca proyectos de obra nueva y rehabilitaci\u00f3n, incluyendo edificios industriales, de servicios, residenciales y urbanos. Su trayectoria ha sido ampliamente reconocida con numerosos premios nacionales e internacionales, entre los que destacan:<\/p>\n<ul>\n<li>Iglesia Ancestral de Frai\u00e3o (Braga) \u2013 Premio MasterPrize de Arquitectura 2022 (Restauraci\u00f3n y Renovaci\u00f3n);<\/li>\n<li>Maison826 y Capilla Dst (Braga) \u2013 Premio MasterPrize de Arquitectura 2020 (Interiorismo Comercial y Peque\u00f1a Arquitectura);<\/li>\n<li>Edificio Bysteel FS (Braga) \u2013 Menci\u00f3n Honor\u00edfica en el Premio MasterPrize de Arquitectura 2020 (Edificios Industriales);<\/li>\n<li>Centro de Negocios Urbo (Matosinhos) \u2013 Galardonado con el Architecture MasterPrize 2019, el Premio SIL 2019 y el Premio Expresso\/SIC Not\u00edcias, adem\u00e1s de haber sido preseleccionado para los Premios BluePrint 2019.<\/li>\n<\/ul>\n<p>Su estudio destaca por un enfoque contempor\u00e1neo que valora la armon\u00eda entre forma, luz, materiales y sostenibilidad, entendiendo la forma arquitect\u00f3nica como una expresi\u00f3n art\u00edstica integrada en el territorio.<\/p>\n<p>[\/et_pb_text][\/et_pb_column][\/et_pb_row][et_pb_row column_structure=\u00bb1_3,2_3&#8243; _builder_version=\u00bb4.16&#8243; custom_margin=\u00bb|||\u00bb custom_padding=\u00bb40px|0px|40px|0px\u00bb locked=\u00bboff\u00bb global_colors_info=\u00bb{}\u00bb][et_pb_column type=\u00bb1_3&#8243; _builder_version=\u00bb4.16&#8243; custom_padding=\u00bb|||\u00bb global_colors_info=\u00bb{}\u00bb custom_padding__hover=\u00bb|||\u00bb][et_pb_image src=\u00bbhttps:\/\/congresso15.cmm.pt\/wp-content\/uploads\/2025\/11\/Neves-1.jpg\u00bb title_text=\u00bbNeves\u00bb _builder_version=\u00bb4.27.4&#8243; max_width_tablet=\u00bb40%\u00bb max_width_phone=\u00bb40%\u00bb max_width_last_edited=\u00bbon|tablet\u00bb custom_margin=\u00bb|||\u00bb custom_margin_tablet=\u00bb90px|||\u00bb custom_margin_last_edited=\u00bboff|desktop\u00bb always_center_on_mobile=\u00bboff\u00bb locked=\u00bboff\u00bb global_colors_info=\u00bb{}\u00bb][\/et_pb_image][\/et_pb_column][et_pb_column type=\u00bb2_3&#8243; _builder_version=\u00bb4.16&#8243; custom_padding=\u00bb|||\u00bb global_colors_info=\u00bb{}\u00bb custom_padding__hover=\u00bb|||\u00bb][et_pb_text _builder_version=\u00bb4.27.4&#8243; text_font=\u00bb||||||||\u00bb text_text_color=\u00bb#7e7f93&#8243; text_font_size=\u00bb18px\u00bb text_line_height=\u00bb1.5em\u00bb header_font=\u00bb||||||||\u00bb header_3_font=\u00bbMerriweather|700|||||||\u00bb header_3_text_color=\u00bb#4646c4&#8243; header_3_font_size=\u00bb36px\u00bb header_3_line_height=\u00bb1.4em\u00bb text_font_size_tablet=\u00bb18px\u00bb text_font_size_phone=\u00bb15px\u00bb text_font_size_last_edited=\u00bbon|phone\u00bb text_line_height_tablet=\u00bb1.5em\u00bb text_line_height_phone=\u00bb1.6em\u00bb text_line_height_last_edited=\u00bbon|phone\u00bb header_3_font_size_tablet=\u00bb36px\u00bb header_3_font_size_phone=\u00bb25px\u00bb header_3_font_size_last_edited=\u00bbon|phone\u00bb locked=\u00bboff\u00bb global_colors_info=\u00bb{}\u00bb]<\/p>\n<h3><span style=\"color: #008aa8;\">Ing. Nuno Neves<\/span><\/h3>\n<p>Jefe de Dise\u00f1o \u2013 bysteel<\/p>\n<p>[\/et_pb_text][et_pb_text content_tablet=\u00bb<\/p>\n<div>Conferencia: <strong>Zethaus \u2013 Construcci\u00f3n industrializada. Construyendo el ma\u00f1ana.<\/strong><\/div>\n<div><\/div>\n<p>\u00bb content_phone=\u00bb<\/p>\n<div>Conferencia: <strong>Zethaus \u2013 Construcci\u00f3n industrializada. Construyendo el ma\u00f1ana.<\/strong><\/div>\n<div><\/div>\n<p>\u00bb content_last_edited=\u00bbon|phone\u00bb _builder_version=\u00bb4.27.4&#8243; text_font=\u00bb||||||||\u00bb text_text_color=\u00bb#7e7f93&#8243; text_font_size=\u00bb18px\u00bb text_line_height=\u00bb1.5em\u00bb header_font=\u00bb||||||||\u00bb header_3_font=\u00bbMerriweather|700|||||||\u00bb header_3_text_color=\u00bb#4646c4&#8243; header_3_font_size=\u00bb36px\u00bb header_3_line_height=\u00bb1.4em\u00bb custom_padding=\u00bb||0px|||\u00bb text_font_size_tablet=\u00bb18px\u00bb text_font_size_phone=\u00bb15px\u00bb text_font_size_last_edited=\u00bbon|phone\u00bb locked=\u00bboff\u00bb global_colors_info=\u00bb{}\u00bb]<\/p>\n<div>Conferencia: <strong>Zethaus \u2013 Construcci\u00f3n industrializada. Construyendo el ma\u00f1ana.<\/strong><\/div>\n<div><\/div>\n<p>[\/et_pb_text][et_pb_text _builder_version=\u00bb4.27.4&#8243; text_font=\u00bb||||||||\u00bb text_font_size=\u00bb18px\u00bb text_line_height=\u00bb1.8em\u00bb custom_padding=\u00bb||0px|||\u00bb text_font_size_tablet=\u00bb18px\u00bb text_font_size_phone=\u00bb15px\u00bb text_font_size_last_edited=\u00bbon|phone\u00bb text_line_height_tablet=\u00bb1.8em\u00bb text_line_height_phone=\u00bb1.6em\u00bb text_line_height_last_edited=\u00bbon|phone\u00bb global_colors_info=\u00bb{}\u00bb]<\/p>\n<p data-start=\"40\" data-end=\"482\">Nuno Neves naci\u00f3 en 1976 en Oporto. Es ingeniero civil por la Facultad de Ingenier\u00eda de la Universidad de Oporto (1999), con especializaci\u00f3n en estructuras. Posee un m\u00e1ster en estructuras (2003) por la misma facultad y un MBA por la Universidad Cat\u00f3lica de Oporto (2010). Con 23 a\u00f1os de experiencia profesional, trabaj\u00f3 en dise\u00f1o estructural desde 1999 en AFACONSULT, donde coordin\u00f3 y gestion\u00f3 proyectos a partir de 2007. Particip\u00f3 en proyectos estructurales como el Convento de San Francisco y el Puente Pedro-In\u00eas, ambos en Coimbra. En 2010 se incorpor\u00f3 al grupo DST, en la empresa bysteel, donde dirigi\u00f3 el departamento de proyectos. Ha participado en proyectos como el Aeropuerto de Lyon, el Aeropuerto de Schiphol y el Hip\u00f3dromo de Longchamp en Par\u00eds. Desde 2022, es miembro del consejo de administraci\u00f3n de bysteel, responsable del departamento t\u00e9cnico, y act\u00faa como coordinador t\u00e9cnico en el proyecto de industrializaci\u00f3n\/construcci\u00f3n modular del grupo DST.<\/p>\n<p style=\"font-weight: 400;\">\n<p>[\/et_pb_text][\/et_pb_column][\/et_pb_row][et_pb_row column_structure=\u00bb1_3,2_3&#8243; _builder_version=\u00bb4.16&#8243; custom_margin=\u00bb|||\u00bb custom_padding=\u00bb40px|0px|40px|0px\u00bb locked=\u00bboff\u00bb global_colors_info=\u00bb{}\u00bb][et_pb_column type=\u00bb1_3&#8243; _builder_version=\u00bb4.16&#8243; custom_padding=\u00bb|||\u00bb global_colors_info=\u00bb{}\u00bb custom_padding__hover=\u00bb|||\u00bb][et_pb_image src=\u00bbhttps:\/\/congresso15.cmm.pt\/wp-content\/uploads\/2025\/11\/Unknown.jpeg\u00bb title_text=\u00bbUnknown\u00bb _builder_version=\u00bb4.27.4&#8243; max_width_tablet=\u00bb40%\u00bb max_width_phone=\u00bb40%\u00bb max_width_last_edited=\u00bbon|tablet\u00bb custom_margin=\u00bb|||\u00bb custom_margin_tablet=\u00bb90px|||\u00bb custom_margin_last_edited=\u00bboff|desktop\u00bb always_center_on_mobile=\u00bboff\u00bb locked=\u00bboff\u00bb global_colors_info=\u00bb{}\u00bb][\/et_pb_image][\/et_pb_column][et_pb_column type=\u00bb2_3&#8243; _builder_version=\u00bb4.16&#8243; custom_padding=\u00bb|||\u00bb global_colors_info=\u00bb{}\u00bb custom_padding__hover=\u00bb|||\u00bb][et_pb_text _builder_version=\u00bb4.27.4&#8243; text_font=\u00bb||||||||\u00bb text_text_color=\u00bb#7e7f93&#8243; text_font_size=\u00bb18px\u00bb text_line_height=\u00bb1.5em\u00bb header_font=\u00bb||||||||\u00bb header_3_font=\u00bbMerriweather|700|||||||\u00bb header_3_text_color=\u00bb#4646c4&#8243; header_3_font_size=\u00bb36px\u00bb header_3_line_height=\u00bb1.4em\u00bb custom_padding=\u00bb||0px|||\u00bb text_font_size_tablet=\u00bb18px\u00bb text_font_size_phone=\u00bb15px\u00bb text_font_size_last_edited=\u00bbon|phone\u00bb text_line_height_tablet=\u00bb1.5em\u00bb text_line_height_phone=\u00bb1.6em\u00bb text_line_height_last_edited=\u00bbon|phone\u00bb header_3_font_size_tablet=\u00bb36px\u00bb header_3_font_size_phone=\u00bb25px\u00bb header_3_font_size_last_edited=\u00bbon|phone\u00bb locked=\u00bboff\u00bb global_colors_info=\u00bb{}\u00bb]<\/p>\n<h3><span style=\"color: #008aa8;\">Prof. \u00d3scar Afonso<\/span><\/h3>\n<p>Catedr\u00e1tico de la Facultad de Econom\u00eda de la Universidad de Oporto<\/p>\n<p>[\/et_pb_text][et_pb_text content_tablet=\u00bb<\/p>\n<div>Conferencia: <strong>Crecimiento, especializaci\u00f3n y reformas: caminos hacia el futuro<\/strong><\/div>\n<div><\/div>\n<p>\u00bb content_phone=\u00bb<\/p>\n<div>Conferencia: <strong>Crecimiento, especializaci\u00f3n y reformas: caminos hacia el futuro<\/strong><\/div>\n<div><\/div>\n<p>\u00bb content_last_edited=\u00bbon|phone\u00bb _builder_version=\u00bb4.27.4&#8243; text_font=\u00bb||||||||\u00bb text_text_color=\u00bb#7e7f93&#8243; text_font_size=\u00bb18px\u00bb text_line_height=\u00bb1.5em\u00bb header_font=\u00bb||||||||\u00bb header_3_font=\u00bbMerriweather|700|||||||\u00bb header_3_text_color=\u00bb#4646c4&#8243; header_3_font_size=\u00bb36px\u00bb header_3_line_height=\u00bb1.4em\u00bb custom_padding=\u00bb||0px|||\u00bb text_font_size_tablet=\u00bb18px\u00bb text_font_size_phone=\u00bb15px\u00bb text_font_size_last_edited=\u00bbon|phone\u00bb locked=\u00bboff\u00bb global_colors_info=\u00bb{}\u00bb]<\/p>\n<div>Conferencia: <strong>Crecimiento, especializaci\u00f3n y reformas: caminos hacia el futuro<\/strong><\/div>\n<div><\/div>\n<p>[\/et_pb_text][et_pb_text _builder_version=\u00bb4.27.4&#8243; text_font=\u00bb||||||||\u00bb text_font_size=\u00bb18px\u00bb text_line_height=\u00bb1.8em\u00bb custom_padding=\u00bb1px||0px|||\u00bb text_font_size_tablet=\u00bb18px\u00bb text_font_size_phone=\u00bb15px\u00bb text_font_size_last_edited=\u00bbon|phone\u00bb text_line_height_tablet=\u00bb1.8em\u00bb text_line_height_phone=\u00bb1.6em\u00bb text_line_height_last_edited=\u00bbon|phone\u00bb global_colors_info=\u00bb{}\u00bb]<\/p>\n<p data-start=\"40\" data-end=\"482\">\u00d3scar Afonso es doctor y catedr\u00e1tico de la Facultad de Econom\u00eda de la Universidad de Oporto (FEP). Ha impartido docencia en los tres niveles de formaci\u00f3n: grado, m\u00e1ster y doctorado. Actualmente es director de la FEP y presidente de su Consejo Cient\u00edfico. Es miembro fundador del NIFIP (Centro de Investigaci\u00f3n en Finanzas P\u00fablicas y Pol\u00edtica Monetaria) y del OBEGEF (Observatorio de Econom\u00eda y Gesti\u00f3n del Fraude, del que fue presidente). Es miembro del CEFUP (Centro de Estudios de Econom\u00eda y Finanzas de la Universidad de Oporto). Es autor de libros, varios cap\u00edtulos de libros, m\u00e1s de 130 art\u00edculos en revistas cient\u00edficas internacionales, numerosos documentos de trabajo y ponencias en congresos internacionales. Ha realizado labores de consultor\u00eda, tanto como miembro del equipo t\u00e9cnico como coordinador. Es presidente del Comit\u00e9 de Remuneraciones del FC Porto y del Comit\u00e9 Asesor de la CMVM (Comisi\u00f3n del Mercado de Valores Mobiliarios de Portugal).<\/p>\n<p style=\"font-weight: 400;\">\n<p>[\/et_pb_text][\/et_pb_column][\/et_pb_row][et_pb_row column_structure=\u00bb1_3,2_3&#8243; _builder_version=\u00bb4.16&#8243; custom_margin=\u00bb|||\u00bb custom_padding=\u00bb40px|0px|40px|0px\u00bb locked=\u00bboff\u00bb global_colors_info=\u00bb{}\u00bb][et_pb_column type=\u00bb1_3&#8243; _builder_version=\u00bb4.16&#8243; custom_padding=\u00bb|||\u00bb global_colors_info=\u00bb{}\u00bb custom_padding__hover=\u00bb|||\u00bb][et_pb_image src=\u00bbhttps:\/\/congresso15.cmm.pt\/wp-content\/uploads\/2025\/11\/PSerradas-copia-scaled.jpeg\u00bb title_text=\u00bbPSerradas &#8211; co\u0301pia\u00bb _builder_version=\u00bb4.27.4&#8243; max_width_tablet=\u00bb40%\u00bb max_width_phone=\u00bb40%\u00bb max_width_last_edited=\u00bbon|tablet\u00bb custom_margin=\u00bb|||\u00bb custom_margin_tablet=\u00bb90px|||\u00bb custom_margin_last_edited=\u00bboff|desktop\u00bb always_center_on_mobile=\u00bboff\u00bb locked=\u00bboff\u00bb global_colors_info=\u00bb{}\u00bb][\/et_pb_image][\/et_pb_column][et_pb_column type=\u00bb2_3&#8243; _builder_version=\u00bb4.16&#8243; custom_padding=\u00bb|||\u00bb global_colors_info=\u00bb{}\u00bb custom_padding__hover=\u00bb|||\u00bb][et_pb_text _builder_version=\u00bb4.27.4&#8243; text_font=\u00bb||||||||\u00bb text_text_color=\u00bb#7e7f93&#8243; text_font_size=\u00bb18px\u00bb text_line_height=\u00bb1.5em\u00bb header_font=\u00bb||||||||\u00bb header_3_font=\u00bbMerriweather|700|||||||\u00bb header_3_text_color=\u00bb#4646c4&#8243; header_3_font_size=\u00bb36px\u00bb header_3_line_height=\u00bb1.4em\u00bb text_font_size_tablet=\u00bb18px\u00bb text_font_size_phone=\u00bb15px\u00bb text_font_size_last_edited=\u00bbon|phone\u00bb text_line_height_tablet=\u00bb1.5em\u00bb text_line_height_phone=\u00bb1.6em\u00bb text_line_height_last_edited=\u00bbon|phone\u00bb header_3_font_size_tablet=\u00bb36px\u00bb header_3_font_size_phone=\u00bb25px\u00bb header_3_font_size_last_edited=\u00bbon|phone\u00bb locked=\u00bboff\u00bb global_colors_info=\u00bb{}\u00bb]<\/p>\n<h3><span style=\"color: #008aa8;\">Ing. Paulo Serradas\u00a0<\/span><\/h3>\n<p>Consejero de Teixeira Duarte, S.A., holding del Grupo Teixeira Duarte.<\/p>\n<p>[\/et_pb_text][et_pb_text content_tablet=\u00bb<\/p>\n<div>Conferencia: <strong>El futuro de la metalurgia: la visi\u00f3n de Teixeira Duarte<\/strong><\/div>\n<div><\/div>\n<p>\u00bb content_phone=\u00bb<\/p>\n<div>Conferencia: <strong>El futuro de la metalurgia: la visi\u00f3n de Teixeira Duarte<\/strong><\/div>\n<div><\/div>\n<p>\u00bb content_last_edited=\u00bbon|phone\u00bb _builder_version=\u00bb4.27.4&#8243; text_font=\u00bb||||||||\u00bb text_text_color=\u00bb#7e7f93&#8243; text_font_size=\u00bb18px\u00bb text_line_height=\u00bb1.5em\u00bb header_font=\u00bb||||||||\u00bb header_3_font=\u00bbMerriweather|700|||||||\u00bb header_3_text_color=\u00bb#4646c4&#8243; header_3_font_size=\u00bb36px\u00bb header_3_line_height=\u00bb1.4em\u00bb custom_padding=\u00bb||0px|||\u00bb text_font_size_tablet=\u00bb18px\u00bb text_font_size_phone=\u00bb15px\u00bb text_font_size_last_edited=\u00bbon|phone\u00bb locked=\u00bboff\u00bb global_colors_info=\u00bb{}\u00bb]<\/p>\n<div>Conferencia: <strong>El futuro de la metalurgia: la visi\u00f3n de Teixeira Duarte<\/strong><\/div>\n<div><\/div>\n<p>[\/et_pb_text][et_pb_text _builder_version=\u00bb4.27.4&#8243; text_font=\u00bb||||||||\u00bb text_font_size=\u00bb18px\u00bb text_line_height=\u00bb1.8em\u00bb custom_padding=\u00bb1px||0px|||\u00bb text_font_size_tablet=\u00bb18px\u00bb text_font_size_phone=\u00bb15px\u00bb text_font_size_last_edited=\u00bbon|phone\u00bb text_line_height_tablet=\u00bb1.8em\u00bb text_line_height_phone=\u00bb1.6em\u00bb text_line_height_last_edited=\u00bbon|phone\u00bb global_colors_info=\u00bb{}\u00bb]<\/p>\n<p>Licenciado en Ingenier\u00eda Civil y posgrado en Contralor\u00eda y An\u00e1lisis Financiero, Paulo Serradas fue Director de Obras y Director del Subcentro de Producci\u00f3n de \u00bbTeixeira Duarte &#8211; Engenharia e Constru\u00e7\u00f5es, S.A.\u00bb entre 1992 y 2006. Tras este per\u00edodo, fue responsable de la direcci\u00f3n de proyecto de dos hoteles del Grupo Savoy en Funchal y, posteriormente, ejerci\u00f3 como Director General y Administrador de Martifer Alum\u00ednios, S.A., empresa dedicada a la ejecuci\u00f3n de fachadas de edificios, con contratos en toda Europa, Brasil, Australia, Arabia Saudita y Angola. En 2013 regres\u00f3 a \u00bbTeixeira Duarte &#8211; Engenharia e Constru\u00e7\u00f5es, S.A.\u00bb, actuando como Director General en las filiales del Grupo \u00bbSOMAFEL &#8211; Engenharia e Obras Ferrovi\u00e1rias, S.A.\u00bb y \u00bbOFM \u2013 Obras Ferrovi\u00e1rias e Mar\u00edtimas, S.A.\u00bb En 2019 fue nombrado Director de \u00bbTeixeira Duarte &#8211; Engenharia e Constru\u00e7\u00f5es, S.A.\u00bb Y en 2023 fue elegido Consejero de Teixeira Duarte, S.A., holding del Grupo Teixeira Duarte, siendo responsable de coordinar toda la actividad de Construcci\u00f3n del Grupo.<\/p>\n<p style=\"font-weight: 400;\">\n<p>[\/et_pb_text][\/et_pb_column][\/et_pb_row][et_pb_row column_structure=\u00bb1_3,2_3&#8243; _builder_version=\u00bb4.16&#8243; custom_margin=\u00bb|||\u00bb custom_padding=\u00bb40px|0px|40px|0px\u00bb global_colors_info=\u00bb{}\u00bb][et_pb_column type=\u00bb1_3&#8243; _builder_version=\u00bb4.16&#8243; custom_padding=\u00bb|||\u00bb global_colors_info=\u00bb{}\u00bb custom_padding__hover=\u00bb|||\u00bb][et_pb_image src=\u00bbhttps:\/\/congresso15.cmm.pt\/wp-content\/uploads\/2025\/08\/prof.-Pierre.jpeg\u00bb title_text=\u00bbprof. Pierre\u00bb _builder_version=\u00bb4.27.4&#8243; max_width_tablet=\u00bb40%\u00bb max_width_phone=\u00bb40%\u00bb max_width_last_edited=\u00bbon|tablet\u00bb custom_margin=\u00bb|||\u00bb custom_margin_tablet=\u00bb90px|||\u00bb custom_margin_last_edited=\u00bboff|desktop\u00bb always_center_on_mobile=\u00bboff\u00bb locked=\u00bboff\u00bb global_colors_info=\u00bb{}\u00bb][\/et_pb_image][\/et_pb_column][et_pb_column type=\u00bb2_3&#8243; _builder_version=\u00bb4.16&#8243; custom_padding=\u00bb|||\u00bb global_colors_info=\u00bb{}\u00bb custom_padding__hover=\u00bb|||\u00bb][et_pb_text _builder_version=\u00bb4.27.4&#8243; text_font=\u00bb||||||||\u00bb text_text_color=\u00bb#7e7f93&#8243; text_font_size=\u00bb18px\u00bb text_line_height=\u00bb1.5em\u00bb header_font=\u00bb||||||||\u00bb header_3_font=\u00bbMerriweather|700|||||||\u00bb header_3_text_color=\u00bb#4646c4&#8243; header_3_font_size=\u00bb36px\u00bb header_3_line_height=\u00bb1.4em\u00bb custom_margin=\u00bb||5px|||\u00bb text_font_size_tablet=\u00bb18px\u00bb text_font_size_phone=\u00bb15px\u00bb text_font_size_last_edited=\u00bbon|phone\u00bb text_line_height_tablet=\u00bb1.5em\u00bb text_line_height_phone=\u00bb1.6em\u00bb text_line_height_last_edited=\u00bbon|phone\u00bb header_3_font_size_tablet=\u00bb36px\u00bb header_3_font_size_phone=\u00bb25px\u00bb header_3_font_size_last_edited=\u00bbon|phone\u00bb header_3_line_height_tablet=\u00bb1.4em\u00bb header_3_line_height_phone=\u00bb1.6em\u00bb header_3_line_height_last_edited=\u00bbon|phone\u00bb locked=\u00bboff\u00bb global_colors_info=\u00bb{}\u00bb]<\/p>\n<h3><span style=\"color: #008aa8;\">Prof. Pierre Engel<\/span><\/h3>\n<div class=\"team-member_title-top\">\n<div class=\"text-size-xlarge\">\n<p style=\"font-weight: 400;\"><span>Jefe de ArcelorMittal Nueva <\/span><span>Sede central &#8211;<\/span><span>ArcelorMittal Europa<\/span><\/p>\n<p style=\"font-weight: 400;\">\n<\/div>\n<\/div>\n<p>[\/et_pb_text][et_pb_text content_tablet=\u00bb<\/p>\n<div>Conferencia: <strong>Un logro simb\u00f3lico e ic\u00f3nico en acero<\/strong><\/div>\n<div><\/div>\n<p>\u00bb content_phone=\u00bb<\/p>\n<div>Conferencia: <strong>Un logro simb\u00f3lico e ic\u00f3nico en acero<\/strong><\/div>\n<div><\/div>\n<p>\u00bb content_last_edited=\u00bbon|phone\u00bb _builder_version=\u00bb4.27.4&#8243; text_font=\u00bb||||||||\u00bb text_text_color=\u00bb#7e7f93&#8243; text_font_size=\u00bb18px\u00bb text_line_height=\u00bb1.5em\u00bb header_font=\u00bb||||||||\u00bb header_3_font=\u00bbMerriweather|700|||||||\u00bb header_3_text_color=\u00bb#4646c4&#8243; header_3_font_size=\u00bb36px\u00bb header_3_line_height=\u00bb1.4em\u00bb text_font_size_tablet=\u00bb18px\u00bb text_font_size_phone=\u00bb15px\u00bb text_font_size_last_edited=\u00bbon|phone\u00bb locked=\u00bboff\u00bb global_colors_info=\u00bb{}\u00bb]<\/p>\n<div>Conferencia: <strong>Un logro simb\u00f3lico e ic\u00f3nico en acero<\/strong><\/div>\n<div><\/div>\n<p>[\/et_pb_text][et_pb_text _builder_version=\u00bb4.27.4&#8243; text_font=\u00bb||||||||\u00bb text_font_size=\u00bb18px\u00bb text_line_height=\u00bb1.8em\u00bb custom_padding=\u00bb||0px|||\u00bb text_font_size_tablet=\u00bb18px\u00bb text_font_size_phone=\u00bb15px\u00bb text_font_size_last_edited=\u00bbon|phone\u00bb text_line_height_tablet=\u00bb1.8em\u00bb text_line_height_phone=\u00bb1.6em\u00bb text_line_height_last_edited=\u00bbon|phone\u00bb global_colors_info=\u00bb{}\u00bb]<\/p>\n<p><span>Pierre Engel es experto<\/span> en construcci\u00f3n e ingenier\u00eda estructural, con experiencia en investigaci\u00f3n, desarrollo, estudios, consultor\u00eda y gesti\u00f3n de proyectos en Francia y a escala internacional. Especializado en estructuras met\u00e1licas, rehabilitaci\u00f3n y grandes proyectos de construcci\u00f3n.   <span><\/span><span>Doctor y M\u00e1ster en Ingenier\u00eda Civil por la Universidad de Salford, ha dirigido grandes obras como los Anillos Ol\u00edmpicos de Par\u00eds 2024, la Torre Orbit de Londres 2012 y el Pabell\u00f3n de Luxemburgo en la Expo de Shanghai, ha desempe\u00f1ado cargos ejecutivos en empresas inmobiliarias y constructoras internacionales, ha desarrollado soluciones innovadoras de construcci\u00f3n con bajas emisiones de carbono, ha impartido clases en destacadas escuelas francesas de ingenier\u00eda y arquitectura, ha recibido dos medallas de plata de la Academia Francesa de Arquitectura y es miembro activo de varias organizaciones cient\u00edficas de renombre, lo que demuestra su gran capacidad para la gesti\u00f3n de proyectos internacionales, la docencia, la investigaci\u00f3n y la innovaci\u00f3n tecnol\u00f3gica en la construcci\u00f3n.<\/span><\/p>\n<p><span><\/span><\/p>\n<p>[\/et_pb_text][\/et_pb_column][\/et_pb_row][et_pb_row column_structure=\u00bb1_3,2_3&#8243; _builder_version=\u00bb4.27.4&#8243; custom_margin=\u00bb|||\u00bb custom_padding=\u00bb40px|0px|40px|0px\u00bb global_colors_info=\u00bb{}\u00bb][et_pb_column type=\u00bb1_3&#8243; _builder_version=\u00bb4.16&#8243; custom_padding=\u00bb|||\u00bb global_colors_info=\u00bb{}\u00bb custom_padding__hover=\u00bb|||\u00bb][et_pb_image src=\u00bbhttps:\/\/congresso15.cmm.pt\/wp-content\/uploads\/2025\/09\/Ricardo-Ceia-copia.jpg\u00bb title_text=\u00bbRicardo Ceia &#8211; co\u0301pia\u00bb _builder_version=\u00bb4.27.4&#8243; max_width_tablet=\u00bb40%\u00bb max_width_phone=\u00bb40%\u00bb max_width_last_edited=\u00bbon|tablet\u00bb custom_margin=\u00bb|||\u00bb custom_margin_tablet=\u00bb90px|||\u00bb custom_margin_last_edited=\u00bboff|desktop\u00bb always_center_on_mobile=\u00bboff\u00bb locked=\u00bboff\u00bb global_colors_info=\u00bb{}\u00bb][\/et_pb_image][\/et_pb_column][et_pb_column type=\u00bb2_3&#8243; _builder_version=\u00bb4.16&#8243; custom_padding=\u00bb|||\u00bb global_colors_info=\u00bb{}\u00bb custom_padding__hover=\u00bb|||\u00bb][et_pb_text _builder_version=\u00bb4.27.4&#8243; text_font=\u00bb||||||||\u00bb text_text_color=\u00bb#7e7f93&#8243; text_font_size=\u00bb18px\u00bb text_line_height=\u00bb1.5em\u00bb header_font=\u00bb||||||||\u00bb header_3_font=\u00bbMerriweather|700|||||||\u00bb header_3_text_color=\u00bb#4646c4&#8243; header_3_font_size=\u00bb36px\u00bb header_3_line_height=\u00bb1.4em\u00bb custom_margin=\u00bb||5px|||\u00bb text_font_size_tablet=\u00bb18px\u00bb text_font_size_phone=\u00bb15px\u00bb text_font_size_last_edited=\u00bbon|phone\u00bb text_line_height_tablet=\u00bb1.5em\u00bb text_line_height_phone=\u00bb1.6em\u00bb text_line_height_last_edited=\u00bbon|phone\u00bb header_3_font_size_tablet=\u00bb36px\u00bb header_3_font_size_phone=\u00bb25px\u00bb header_3_font_size_last_edited=\u00bbon|phone\u00bb header_3_line_height_tablet=\u00bb1.4em\u00bb header_3_line_height_phone=\u00bb1.6em\u00bb header_3_line_height_last_edited=\u00bbon|phone\u00bb locked=\u00bboff\u00bb global_colors_info=\u00bb{}\u00bb]<\/p>\n<h3><span style=\"color: #008aa8;\">Ing. Ricardo Ceia<\/span><\/h3>\n<div class=\"team-member_title-top\">\n<div class=\"text-size-xlarge\">\n<p style=\"font-weight: 400;\">Director T\u00e9cnico de Fachadas @ Martifer<\/p>\n<p style=\"font-weight: 400;\">\n<\/div>\n<\/div>\n<p>[\/et_pb_text][et_pb_text content_tablet=\u00bb<\/p>\n<div>Conferencia: <strong><span style=%22font-size: 18px;%22>Un viaje desde la mesa de dibujo hasta BIM y m\u00e1s all\u00e1: entre dise\u00f1o, rendimiento y realidad aumentada<\/span><\/strong><\/div>\n<div><\/div>\n<p>\u00bb content_phone=\u00bb<\/p>\n<div>Conferencia: <strong>Un viaje desde la mesa de dibujo hasta BIM y m\u00e1s all\u00e1: entre dise\u00f1o, rendimiento y realidad aumentada<\/strong><\/div>\n<div><\/div>\n<p>\u00bb content_last_edited=\u00bbon|phone\u00bb _builder_version=\u00bb4.27.4&#8243; text_font=\u00bb||||||||\u00bb text_text_color=\u00bb#7e7f93&#8243; text_font_size=\u00bb18px\u00bb text_line_height=\u00bb1.5em\u00bb header_font=\u00bb||||||||\u00bb header_3_font=\u00bbMerriweather|700|||||||\u00bb header_3_text_color=\u00bb#4646c4&#8243; header_3_font_size=\u00bb36px\u00bb header_3_line_height=\u00bb1.4em\u00bb custom_padding=\u00bb||0px|||\u00bb text_font_size_tablet=\u00bb18px\u00bb text_font_size_phone=\u00bb15px\u00bb text_font_size_last_edited=\u00bbon|phone\u00bb locked=\u00bboff\u00bb global_colors_info=\u00bb{}\u00bb]<\/p>\n<div>Conferencia: <strong><span style=\"font-size: 18px;\">Un viaje desde la mesa de dibujo hasta BIM y m\u00e1s all\u00e1: entre dise\u00f1o, rendimiento y realidad aumentada<\/span><\/strong><\/div>\n<div><\/div>\n<p>[\/et_pb_text][et_pb_text _builder_version=\u00bb4.27.4&#8243; text_font=\u00bb||||||||\u00bb text_font_size=\u00bb18px\u00bb text_line_height=\u00bb1.8em\u00bb custom_padding=\u00bb||0px|||\u00bb text_font_size_tablet=\u00bb18px\u00bb text_font_size_phone=\u00bb15px\u00bb text_font_size_last_edited=\u00bbon|phone\u00bb text_line_height_tablet=\u00bb1.8em\u00bb text_line_height_phone=\u00bb1.6em\u00bb text_line_height_last_edited=\u00bbon|phone\u00bb global_colors_info=\u00bb{}\u00bb]<\/p>\n<p>Ingeniero civil con amplia experiencia en el sector de las fachadas, la cartera de Ricardo Ceia incluye proyectos en diversas geograf\u00edas, especialmente en el Reino Unido. Actualmente, es Director T\u00e9cnico del departamento de fachadas de Martifer, cargo que ocupa tras formar parte de varios equipos de gesti\u00f3n de obra en Europa, \u00c1frica y Asia. Su trayectoria internacional tambi\u00e9n incluye la participaci\u00f3n en proyectos complejos con Zagope, lo que refuerza su visi\u00f3n global y su capacidad de adaptaci\u00f3n a diversos contextos de ingenier\u00eda.<\/p>\n<p>Con una perspectiva \u00fanica sobre la evoluci\u00f3n de las fachadas, desde el dise\u00f1o manual hasta la realidad aumentada, Ricardo aporta a la conferencia una reflexi\u00f3n sobre el pasado, el presente y el futuro de la construcci\u00f3n.<\/p>\n<p>&nbsp;<\/p>\n<p><span><\/span><\/p>\n<p>[\/et_pb_text][\/et_pb_column][\/et_pb_row][\/et_pb_section]<\/p>\n","protected":false},"excerpt":{"rendered":"<p>ConferenciantesIng. Ana Ara\u00fajo Socio de Buro Happold, responsable de ingenier\u00eda de fachadas y de rehabilitaci\u00f3n de edificios. Conferencia: Hi Chat. Build me a fa\u00e7ade.\u201d \u00bfSer\u00e1 tan f\u00e1cil? Desaf\u00edos y oportunidadesAna \u00e9 ingenheira civil (Faculdade de Engenharia da Universidade do Porto, especialidade em constru\u00e7\u00f5es) y Chartered Building Surveyor. Tendo come\u00e7ado a carreira no Porto e, actualmente, [&hellip;]<\/p>\n","protected":false},"author":1,"featured_media":0,"parent":0,"menu_order":0,"comment_status":"closed","ping_status":"closed","template":"","meta":{"_et_pb_use_builder":"on","_et_pb_old_content":"","_et_gb_content_width":"","_view_id":"","footnotes":""},"class_list":["post-2019","page","type-page","status-publish","hentry"],"_links":{"self":[{"href":"https:\/\/congresso15.cmm.pt\/es\/wp-json\/wp\/v2\/pages\/2019","targetHints":{"allow":["GET"]}}],"collection":[{"href":"https:\/\/congresso15.cmm.pt\/es\/wp-json\/wp\/v2\/pages"}],"about":[{"href":"https:\/\/congresso15.cmm.pt\/es\/wp-json\/wp\/v2\/types\/page"}],"author":[{"embeddable":true,"href":"https:\/\/congresso15.cmm.pt\/es\/wp-json\/wp\/v2\/users\/1"}],"replies":[{"embeddable":true,"href":"https:\/\/congresso15.cmm.pt\/es\/wp-json\/wp\/v2\/comments?post=2019"}],"version-history":[{"count":79,"href":"https:\/\/congresso15.cmm.pt\/es\/wp-json\/wp\/v2\/pages\/2019\/revisions"}],"predecessor-version":[{"id":5451,"href":"https:\/\/congresso15.cmm.pt\/es\/wp-json\/wp\/v2\/pages\/2019\/revisions\/5451"}],"wp:attachment":[{"href":"https:\/\/congresso15.cmm.pt\/es\/wp-json\/wp\/v2\/media?parent=2019"}],"curies":[{"name":"wp","href":"https:\/\/api.w.org\/{rel}","templated":true}]}}