{"id":3743,"date":"2025-07-03T15:38:00","date_gmt":"2025-07-03T15:38:00","guid":{"rendered":"https:\/\/congresso15.cmm.pt\/programa-social\/"},"modified":"2025-09-17T01:04:41","modified_gmt":"2025-09-17T01:04:41","slug":"programa-social","status":"publish","type":"page","link":"https:\/\/congresso15.cmm.pt\/es\/programa-social\/","title":{"rendered":"Programa social"},"content":{"rendered":"<p>[et_pb_section fb_built=\u00bb1&#8243; custom_padding_last_edited=\u00bbon|phone\u00bb admin_label=\u00bbHero\u00bb _builder_version=\u00bb4.27.4&#8243; use_background_color_gradient=\u00bbon\u00bb background_color_gradient_stops=\u00bb#008aa8 0%|#ffffff 100%\u00bb custom_margin=\u00bb|||\u00bb custom_margin_tablet=\u00bb|||\u00bb custom_margin_phone=\u00bb0px||0px||false|false\u00bb custom_margin_last_edited=\u00bbon|phone\u00bb custom_padding=\u00bb100px||100px|\u00bb custom_padding_tablet=\u00bb130px||130px|\u00bb custom_padding_phone=\u00bb0px||80px||false|false\u00bb locked=\u00bboff\u00bb global_colors_info=\u00bb{}\u00bb][et_pb_row custom_padding_last_edited=\u00bbon|phone\u00bb _builder_version=\u00bb4.27.4&#8243; background_size=\u00bbinitial\u00bb background_position=\u00bbtop_left\u00bb background_repeat=\u00bbrepeat\u00bb custom_margin=\u00bb|||\u00bb custom_margin_tablet=\u00bb|||\u00bb custom_margin_phone=\u00bb0px||0px||false|false\u00bb custom_margin_last_edited=\u00bbon|phone\u00bb custom_padding_tablet=\u00bb\u00bb custom_padding_phone=\u00bb50px||0px||false|false\u00bb global_colors_info=\u00bb{}\u00bb][et_pb_column type=\u00bb4_4&#8243; _builder_version=\u00bb4.16&#8243; custom_padding=\u00bb|||\u00bb global_colors_info=\u00bb{}\u00bb custom_padding__hover=\u00bb|||\u00bb][et_pb_text _builder_version=\u00bb4.27.4&#8243; header_font=\u00bbMerriweather|700|||||||\u00bb header_font_size=\u00bb46px\u00bb header_line_height=\u00bb1.3em\u00bb custom_margin=\u00bb||0px|\u00bb animation_style=\u00bbflip\u00bb animation_direction=\u00bbtop\u00bb header_font_size_tablet=\u00bb46px\u00bb header_font_size_phone=\u00bb40px\u00bb header_font_size_last_edited=\u00bbon|phone\u00bb global_colors_info=\u00bb{}\u00bb]<\/p>\n<h1 style=\"text-align: center;\"><span style=\"color: #ffffff;\">Programa social<\/span><\/h1>\n<p>[\/et_pb_text][et_pb_divider color=\u00bbgcid-11f9b122-e9c0-482b-a959-1714baa342ba\u00bb divider_position=\u00bbcenter\u00bb divider_weight=\u00bb2px\u00bb _builder_version=\u00bb4.27.4&#8243; max_width=\u00bb90px\u00bb max_width_tablet=\u00bb12%\u00bb max_width_last_edited=\u00bboff|desktop\u00bb module_alignment=\u00bbcenter\u00bb custom_margin=\u00bb|||\u00bb animation_style=\u00bbflip\u00bb animation_delay=\u00bb100ms\u00bb locked=\u00bboff\u00bb global_colors_info=\u00bb{%22gcid-11f9b122-e9c0-482b-a959-1714baa342ba%22:%91%22color%22%93}\u00bb][\/et_pb_divider][\/et_pb_column][\/et_pb_row][\/et_pb_section][et_pb_section fb_built=\u00bb1&#8243; custom_padding_last_edited=\u00bbon|tablet\u00bb admin_label=\u00bbGallery\u00bb _builder_version=\u00bb4.27.4&#8243; custom_margin_tablet=\u00bb||-25px||false|false\u00bb custom_margin_phone=\u00bb-20px||-25px||false|false\u00bb custom_margin_last_edited=\u00bbon|tablet\u00bb custom_padding=\u00bb30px||50px||false|false\u00bb custom_padding_tablet=\u00bb0px||0px||false|false\u00bb custom_padding_phone=\u00bb0px||0px||false|false\u00bb global_colors_info=\u00bb{}\u00bb][et_pb_row _builder_version=\u00bb4.16&#8243; animation_style=\u00bbzoom\u00bb animation_intensity_zoom=\u00bb10%\u00bb global_colors_info=\u00bb{}\u00bb][et_pb_column type=\u00bb4_4&#8243; _builder_version=\u00bb4.16&#8243; custom_padding=\u00bb|||\u00bb global_colors_info=\u00bb{}\u00bb custom_padding__hover=\u00bb|||\u00bb][et_pb_text _builder_version=\u00bb4.27.4&#8243; text_font=\u00bb||||||||\u00bb text_text_color=\u00bb#7e7f93&#8243; text_font_size=\u00bb18px\u00bb header_font=\u00bb||||||||\u00bb header_text_color=\u00bb#008aa8&#8243; header_3_font=\u00bbMerriweather|700|||||||\u00bb header_3_text_color=\u00bbgcid-5dbd214d-e006-4f90-9ffe-993abd176003&#8243; header_3_font_size=\u00bb30px\u00bb header_3_line_height=\u00bb1.4em\u00bb locked=\u00bboff\u00bb global_colors_info=\u00bb{%22gcid-5dbd214d-e006-4f90-9ffe-993abd176003%22:%91%22header_3_text_color%22%93}\u00bb]<\/p>\n<h3 style=\"text-align: center;\">21 de noviembre &#8211; Cena de clausura<\/h3>\n<p>[\/et_pb_text][et_pb_text _builder_version=\u00bb4.27.4&#8243; text_font=\u00bb||||||||\u00bb text_text_color=\u00bb#7e7f93&#8243; text_font_size=\u00bb18px\u00bb header_font=\u00bb||||||||\u00bb header_text_color=\u00bb#008aa8&#8243; header_3_font=\u00bbMerriweather|700|||||||\u00bb header_3_text_color=\u00bbgcid-5dbd214d-e006-4f90-9ffe-993abd176003&#8243; header_3_font_size=\u00bb30px\u00bb header_3_line_height=\u00bb1.4em\u00bb header_4_font=\u00bbMerriweather|700|||||||\u00bb header_4_text_color=\u00bbgcid-11f9b122-e9c0-482b-a959-1714baa342ba\u00bb header_4_font_size=\u00bb23px\u00bb locked=\u00bboff\u00bb global_colors_info=\u00bb{%22gcid-5dbd214d-e006-4f90-9ffe-993abd176003%22:%91%22header_3_text_color%22%93,%22gcid-11f9b122-e9c0-482b-a959-1714baa342ba%22:%91%22header_4_text_color%22%93}\u00bb]<\/p>\n<h4 style=\"text-align: center;\">Terraza T&amp;C &#8211; WOW, Vila Nova de Gaia<\/h4>\n<p>[\/et_pb_text][et_pb_text _builder_version=\u00bb4.27.4&#8243; text_font=\u00bb||||||||\u00bb text_text_color=\u00bb#7e7f93&#8243; text_font_size=\u00bb18px\u00bb header_font=\u00bb||||||||\u00bb header_text_color=\u00bb#008aa8&#8243; header_3_font=\u00bbMerriweather|700|||||||\u00bb header_3_text_color=\u00bbgcid-5dbd214d-e006-4f90-9ffe-993abd176003&#8243; header_3_font_size=\u00bb30px\u00bb header_3_line_height=\u00bb1.4em\u00bb locked=\u00bboff\u00bb global_colors_info=\u00bb{%22gcid-5dbd214d-e006-4f90-9ffe-993abd176003%22:%91%22header_3_text_color%22%93}\u00bb]<\/p>\n<h3 style=\"text-align: center;\"><\/h3>\n<p>[\/et_pb_text][\/et_pb_column][\/et_pb_row][et_pb_row column_structure=\u00bb1_2,1_2&#8243; custom_padding_last_edited=\u00bbon|tablet\u00bb _builder_version=\u00bb4.27.4&#8243; custom_margin=\u00bb|||\u00bb custom_margin_tablet=\u00bb0px||0px||false|false\u00bb custom_margin_phone=\u00bb0px||0px||false|false\u00bb custom_margin_last_edited=\u00bbon|tablet\u00bb custom_padding_tablet=\u00bb0px||0px||false|false\u00bb custom_padding_phone=\u00bb0px||0px||false|false\u00bb locked=\u00bboff\u00bb global_colors_info=\u00bb{}\u00bb][et_pb_column type=\u00bb1_2&#8243; _builder_version=\u00bb4.16&#8243; custom_padding=\u00bb|||\u00bb global_colors_info=\u00bb{}\u00bb custom_padding__hover=\u00bb|||\u00bb][et_pb_image src=\u00bbhttps:\/\/congresso15.cmm.pt\/wp-content\/uploads\/2025\/07\/3e2b72dd-4809-2ec1-14b1-999909e2f946.png\u00bb title_text=\u00bb3e2b72dd-4809-2ec1-14b1-999909e2f946&#8243; url=\u00bbhttps:\/\/www.dnctecnica.com\u00bb url_new_window=\u00bbon\u00bb align_tablet=\u00bbcenter\u00bb align_phone=\u00bbcenter\u00bb align_last_edited=\u00bbon|desktop\u00bb admin_label=\u00bbDNC\u00bb _builder_version=\u00bb4.27.4&#8243; width=\u00bb75%\u00bb max_width_tablet=\u00bb70%\u00bb max_width_phone=\u00bb70%\u00bb max_width_last_edited=\u00bbon|phone\u00bb module_alignment=\u00bbcenter\u00bb custom_margin_tablet=\u00bb-15px||-40px||false|false\u00bb custom_margin_phone=\u00bb-16px||||false|false\u00bb custom_margin_last_edited=\u00bbon|phone\u00bb custom_padding_tablet=\u00bb0px||0px||false|false\u00bb custom_padding_phone=\u00bb0px||0px||false|false\u00bb custom_padding_last_edited=\u00bbon|phone\u00bb animation_style=\u00bbfade\u00bb global_colors_info=\u00bb{}\u00bb][\/et_pb_image][\/et_pb_column][et_pb_column type=\u00bb1_2&#8243; _builder_version=\u00bb4.16&#8243; custom_padding=\u00bb|||\u00bb global_colors_info=\u00bb{}\u00bb custom_padding__hover=\u00bb|||\u00bb][et_pb_image src=\u00bbhttps:\/\/congresso15.cmm.pt\/wp-content\/uploads\/2025\/07\/6c86c92e-0e31-fd96-ce65-7e476cc93ff1.jpg\u00bb title_text=\u00bb6c86c92e-0e31-fd96-ce65-7e476cc93ff1&#8243; url=\u00bbhttps:\/\/ficepgroup.com\/en\/\u00bb url_new_window=\u00bbon\u00bb align_tablet=\u00bbcenter\u00bb align_phone=\u00bbcenter\u00bb align_last_edited=\u00bbon|desktop\u00bb admin_label=\u00bbFicep\u00bb _builder_version=\u00bb4.27.4&#8243; width=\u00bb75%\u00bb max_width_tablet=\u00bb70%\u00bb max_width_phone=\u00bb70%\u00bb max_width_last_edited=\u00bbon|phone\u00bb module_alignment=\u00bbcenter\u00bb custom_margin_tablet=\u00bb-15px||-40px||false|false\u00bb custom_margin_phone=\u00bb-75px||||false|false\u00bb custom_margin_last_edited=\u00bbon|phone\u00bb custom_padding_tablet=\u00bb0px||0px||false|false\u00bb custom_padding_phone=\u00bb0px||0px||false|false\u00bb custom_padding_last_edited=\u00bbon|phone\u00bb animation_style=\u00bbfade\u00bb animation_delay=\u00bb50ms\u00bb global_colors_info=\u00bb{}\u00bb][\/et_pb_image][\/et_pb_column][\/et_pb_row][et_pb_row _builder_version=\u00bb4.27.4&#8243; custom_margin=\u00bb20px||20px||false|false\u00bb animation_style=\u00bbzoom\u00bb animation_intensity_zoom=\u00bb10%\u00bb global_colors_info=\u00bb{}\u00bb][et_pb_column type=\u00bb4_4&#8243; _builder_version=\u00bb4.16&#8243; custom_padding=\u00bb|||\u00bb global_colors_info=\u00bb{}\u00bb custom_padding__hover=\u00bb|||\u00bb][et_pb_text _builder_version=\u00bb4.27.4&#8243; text_font=\u00bb||||||||\u00bb text_text_color=\u00bbgcid-heading-color\u00bb text_font_size=\u00bb18px\u00bb text_line_height=\u00bb1.5em\u00bb header_font=\u00bb||||||||\u00bb header_text_color=\u00bb#008aa8&#8243; header_3_font=\u00bbMerriweather|700|||||||\u00bb header_3_text_color=\u00bbgcid-5dbd214d-e006-4f90-9ffe-993abd176003&#8243; header_3_font_size=\u00bb30px\u00bb header_3_line_height=\u00bb1.4em\u00bb header_4_font=\u00bbMerriweather|700|||||||\u00bb header_4_text_color=\u00bbgcid-11f9b122-e9c0-482b-a959-1714baa342ba\u00bb header_4_font_size=\u00bb23px\u00bb locked=\u00bboff\u00bb global_colors_info=\u00bb{%22gcid-5dbd214d-e006-4f90-9ffe-993abd176003%22:%91%22header_3_text_color%22%93,%22gcid-11f9b122-e9c0-482b-a959-1714baa342ba%22:%91%22header_4_text_color%22%93,%22gcid-heading-color%22:%91%22text_text_color%22%93}\u00bb]<\/p>\n<p>Participe en una cena <span>especial en uno de los espacios m\u00e1s emblem\u00e1ticos de Vila Nova de Gaia, con una vista privilegiada sobre la ciudad de Oporto.<\/span><\/p>\n<p class=\"p1\"><span>Una excelente oportunidad para seguir socializando y reforzar los contactos establecidos durante el Congreso.<\/span><\/p>\n<p>[\/et_pb_text][\/et_pb_column][\/et_pb_row][et_pb_row column_structure=\u00bb1_2,1_2&#8243; custom_padding_last_edited=\u00bbon|tablet\u00bb _builder_version=\u00bb4.27.4&#8243; custom_margin=\u00bb|||\u00bb custom_margin_tablet=\u00bb0px||0px||false|false\u00bb custom_margin_phone=\u00bb0px||0px||false|false\u00bb custom_margin_last_edited=\u00bbon|tablet\u00bb custom_padding_tablet=\u00bb0px||0px||false|false\u00bb custom_padding_phone=\u00bb0px||0px||false|false\u00bb locked=\u00bboff\u00bb global_colors_info=\u00bb{}\u00bb][et_pb_column type=\u00bb1_2&#8243; _builder_version=\u00bb4.16&#8243; custom_padding=\u00bb|||\u00bb global_colors_info=\u00bb{}\u00bb custom_padding__hover=\u00bb|||\u00bb][et_pb_image src=\u00bbhttps:\/\/congresso15.cmm.pt\/wp-content\/uploads\/2025\/07\/image016.jpg\u00bb title_text=\u00bbimagen016&#8243; url=\u00bbhttps:\/\/www.dnctecnica.com\u00bb url_new_window=\u00bbon\u00bb align_tablet=\u00bbcenter\u00bb align_phone=\u00bbcenter\u00bb align_last_edited=\u00bbon|desktop\u00bb admin_label=\u00bbDNC\u00bb _builder_version=\u00bb4.27.4&#8243; width=\u00bb75%\u00bb max_width_tablet=\u00bb70%\u00bb max_width_phone=\u00bb70%\u00bb max_width_last_edited=\u00bbon|phone\u00bb module_alignment=\u00bbcenter\u00bb custom_margin_tablet=\u00bb-15px||-40px||false|false\u00bb custom_margin_phone=\u00bb-16px||||false|false\u00bb custom_margin_last_edited=\u00bbon|phone\u00bb custom_padding_tablet=\u00bb0px||0px||false|false\u00bb custom_padding_phone=\u00bb0px||0px||false|false\u00bb custom_padding_last_edited=\u00bbon|phone\u00bb animation_style=\u00bbfade\u00bb global_colors_info=\u00bb{}\u00bb][\/et_pb_image][\/et_pb_column][et_pb_column type=\u00bb1_2&#8243; _builder_version=\u00bb4.16&#8243; custom_padding=\u00bb|||\u00bb global_colors_info=\u00bb{}\u00bb custom_padding__hover=\u00bb|||\u00bb][et_pb_image src=\u00bbhttps:\/\/congresso15.cmm.pt\/wp-content\/uploads\/2025\/07\/f73ac699-fe85-71ae-0171-c79b3d7d5cf6.jpg\u00bb title_text=\u00bbf73ac699-fe85-71ae-0171-c79b3d7d5cf6&#8243; url=\u00bbhttps:\/\/ficepgroup.com\/en\/\u00bb url_new_window=\u00bbon\u00bb align_tablet=\u00bbcenter\u00bb align_phone=\u00bbcenter\u00bb align_last_edited=\u00bbon|desktop\u00bb admin_label=\u00bbFicep\u00bb _builder_version=\u00bb4.27.4&#8243; width=\u00bb75%\u00bb max_width_tablet=\u00bb70%\u00bb max_width_phone=\u00bb70%\u00bb max_width_last_edited=\u00bbon|phone\u00bb module_alignment=\u00bbcenter\u00bb custom_margin_tablet=\u00bb-15px||-40px||false|false\u00bb custom_margin_phone=\u00bb-75px||||false|false\u00bb custom_margin_last_edited=\u00bbon|phone\u00bb custom_padding_tablet=\u00bb0px||0px||false|false\u00bb custom_padding_phone=\u00bb0px||0px||false|false\u00bb custom_padding_last_edited=\u00bbon|phone\u00bb animation_style=\u00bbfade\u00bb animation_delay=\u00bb50ms\u00bb global_colors_info=\u00bb{}\u00bb][\/et_pb_image][\/et_pb_column][\/et_pb_row][et_pb_row _builder_version=\u00bb4.27.4&#8243; _module_preset=\u00bbdefault\u00bb custom_margin=\u00bb20px||||false|false\u00bb global_colors_info=\u00bb{}\u00bb][et_pb_column type=\u00bb4_4&#8243; _builder_version=\u00bb4.27.4&#8243; _module_preset=\u00bbdefault\u00bb global_colors_info=\u00bb{}\u00bb][et_pb_text _builder_version=\u00bb4.27.4&#8243; text_font=\u00bb||||||||\u00bb text_text_color=\u00bbgcid-heading-color\u00bb text_font_size=\u00bb18px\u00bb text_line_height=\u00bb1.5em\u00bb header_font=\u00bb||||||||\u00bb header_text_color=\u00bb#008aa8&#8243; header_3_font=\u00bbMerriweather|700|||||||\u00bb header_3_text_color=\u00bbgcid-5dbd214d-e006-4f90-9ffe-993abd176003&#8243; header_3_font_size=\u00bb30px\u00bb header_3_line_height=\u00bb1.4em\u00bb header_4_font=\u00bbMerriweather|700|||||||\u00bb header_4_text_color=\u00bbgcid-11f9b122-e9c0-482b-a959-1714baa342ba\u00bb header_4_font_size=\u00bb23px\u00bb header_5_font=\u00bbMerriweather|700|||on||||\u00bb header_5_font_size=\u00bb20px\u00bb custom_margin=\u00bb10px||||false|false\u00bb locked=\u00bboff\u00bb global_colors_info=\u00bb{%22gcid-5dbd214d-e006-4f90-9ffe-993abd176003%22:%91%22header_3_text_color%22%93,%22gcid-11f9b122-e9c0-482b-a959-1714baa342ba%22:%91%22header_4_text_color%22%93,%22gcid-heading-color%22:%91%22text_text_color%22%93}\u00bb]<\/p>\n<p><strong>Hora:<\/strong> A partir de las 19.30<\/p>\n<p class=\"p1\"><span><strong>Acceso a la cena: <\/strong>Opcional<\/span><\/p>\n<p class=\"p1 last-child\"><span>Reservado a los participantes que se hayan inscrito espec\u00edficamente para esta parte del programa social.<\/span><\/p>\n<p class=\"p1 last-child\"><span><\/span><\/p>\n<p class=\"p1 last-child\"><span>Precio: 110<\/span><\/p>\n<p>[\/et_pb_text][et_pb_button button_url=\u00bbhttps:\/\/congresso15.cmm.pt\/es\/inscribete\/\u00bb url_new_window=\u00bbon\u00bb button_text=\u00bbInscr\u00edbete aqu\u00ed\u00bb button_alignment=\u00bbcenter\u00bb _builder_version=\u00bb4.27.4&#8243; _module_preset=\u00bbdefault\u00bb custom_button=\u00bbon\u00bb button_text_color=\u00bbgcid-11f9b122-e9c0-482b-a959-1714baa342ba\u00bb button_bg_color=\u00bbgcid-546bed2b-5433-4fda-a464-70de8509316d\u00bb global_colors_info=\u00bb{%22gcid-11f9b122-e9c0-482b-a959-1714baa342ba%22:%91%22button_text_color%22%93,%22gcid-546bed2b-5433-4fda-a464-70de8509316d%22:%91%22button_bg_color%22%93}\u00bb][\/et_pb_button][et_pb_map address=\u00bbRua do Choupelo 39, 4400-088 Vila Nova de Gaia, Portugal\u00bb zoom_level=\u00bb16&#8243; address_lat=\u00bb41.1350774&#8243; address_lng=\u00bb-8.6138127&#8243; _builder_version=\u00bb4.27.4&#8243; _module_preset=\u00bbdefault\u00bb width=\u00bb80%\u00bb max_width=\u00bb100%\u00bb module_alignment=\u00bbcenter\u00bb custom_margin=\u00bb0px||||false|false\u00bb custom_padding=\u00bb20px||||false|false\u00bb global_colors_info=\u00bb{}\u00bb][et_pb_map_pin title=\u00bbTerraza T&amp;C &#8211; WOW\u00bb pin_address=\u00bbRua do Choupelo 39, 4400-088 Vila Nova de Gaia, Portugal\u00bb pin_address_lat=\u00bb41.1350394&#8243; pin_address_lng=\u00bb-8.6136088&#8243; _builder_version=\u00bb4.27.4&#8243; _module_preset=\u00bbdefault\u00bb global_colors_info=\u00bb{}\u00bb][\/et_pb_map_pin][\/et_pb_map][et_pb_text _builder_version=\u00bb4.27.4&#8243; text_font=\u00bb||||||||\u00bb text_text_color=\u00bb#7e7f93&#8243; text_font_size=\u00bb18px\u00bb header_font=\u00bb||||||||\u00bb header_text_color=\u00bb#008aa8&#8243; header_3_font=\u00bbMerriweather|700|||||||\u00bb header_3_text_color=\u00bbgcid-5dbd214d-e006-4f90-9ffe-993abd176003&#8243; header_3_font_size=\u00bb30px\u00bb header_3_line_height=\u00bb1.4em\u00bb custom_margin=\u00bb0px||||false|false\u00bb custom_padding=\u00bb70px||||false|false\u00bb locked=\u00bboff\u00bb global_colors_info=\u00bb{%22gcid-5dbd214d-e006-4f90-9ffe-993abd176003%22:%91%22header_3_text_color%22%93}\u00bb]<\/p>\n<h3 style=\"text-align: center;\">22 de noviembre &#8211; Crucero de un d\u00eda a R\u00e9gua<\/h3>\n<p>[\/et_pb_text][et_pb_video src=\u00bbhttps:\/\/congresso15.cmm.pt\/wp-content\/uploads\/2025\/07\/Cruzeiro.mp4&#8243; src_webm=\u00bbhttps:\/\/congresso15.cmm.pt\/wp-content\/uploads\/2025\/07\/Cruzeiro.mp4&#8243; play_icon_color=\u00bbgcid-11f9b122-e9c0-482b-a959-1714baa342ba\u00bb font_icon=\u00bb&#x49;||divi||400&#8243; _builder_version=\u00bb4.27.4&#8243; _module_preset=\u00bbdefault\u00bb width=\u00bb80%\u00bb module_alignment=\u00bbcenter\u00bb custom_margin=\u00bb0px||||false|false\u00bb custom_padding=\u00bb10px||||false|false\u00bb global_colors_info=\u00bb{%22gcid-11f9b122-e9c0-482b-a959-1714baa342ba%22:%91%22play_icon_color%22%93}\u00bb][\/et_pb_video][\/et_pb_column][\/et_pb_row][et_pb_row _builder_version=\u00bb4.27.4&#8243; _module_preset=\u00bbdefault\u00bb global_colors_info=\u00bb{}\u00bb][et_pb_column type=\u00bb4_4&#8243; _builder_version=\u00bb4.27.4&#8243; _module_preset=\u00bbdefault\u00bb global_colors_info=\u00bb{}\u00bb][et_pb_text _builder_version=\u00bb4.27.4&#8243; _module_preset=\u00bbdefault\u00bb text_font_size=\u00bb18px\u00bb text_line_height=\u00bb1.5em\u00bb custom_margin=\u00bb30px||-30px||false|false\u00bb global_colors_info=\u00bb{}\u00bb]<\/p>\n<p data-start=\"154\" data-end=\"457\"><span>En este crucero, navegaremos por el r\u00edo Duero hasta llegar a R\u00e9gua, la capital del vino de Oporto.<\/span><\/p>\n<p data-start=\"459\" data-end=\"693\">La ruta permite apreciar la belleza natural y paisaj\u00edstica de la regi\u00f3n vin\u00edcola del Duero, clasificada como Patrimonio Mundial de la UNESCO, pasando por vi\u00f1edos en terrazas, puentes hist\u00f3ricos y diversas infraestructuras emblem\u00e1ticas de la regi\u00f3n.<\/p>\n<p data-start=\"695\" data-end=\"717\"><strong data-start=\"695\" data-end=\"717\">Programa previsto:<\/strong><\/p>\n<ul data-start=\"718\" data-end=\"908\">\n<li data-start=\"718\" data-end=\"739\">\n<p data-start=\"720\" data-end=\"739\">Embarque en Cais da Estiva, en Ribeira do Porto.<\/p>\n<\/li>\n<li data-start=\"740\" data-end=\"775\">\n<p data-start=\"742\" data-end=\"775\">Desayuno y almuerzo a bordo.<\/p>\n<\/li>\n<li data-start=\"776\" data-end=\"858\">\n<p data-start=\"778\" data-end=\"858\">Navegaci\u00f3n hasta R\u00e9gua, pasando por zonas de inter\u00e9s tur\u00edstico.<\/p>\n<\/li>\n<li data-start=\"859\" data-end=\"908\">\n<p data-start=\"861\" data-end=\"908\">Regreso a Oporto &#8211; Puente Luiz I &#8211; en autob\u00fas con ruta panor\u00e1mica.<\/p>\n<\/li>\n<\/ul>\n<p data-start=\"1103\" data-end=\"1246\"><strong data-start=\"1103\" data-end=\"1112\"><\/strong><\/p>\n<p data-start=\"1103\" data-end=\"1246\"><strong data-start=\"1103\" data-end=\"1112\">Hora: <\/strong>Salida a las 08.30<\/p>\n<p data-start=\"1103\" data-end=\"1246\"><strong>Acceso al crucero:<\/strong> Opcional<\/p>\n<p data-start=\"1103\" data-end=\"1246\"><span>Reservado a los participantes que se hayan inscrito espec\u00edficamente para esta parte del programa social.  <\/span><span>El n\u00famero de plazas es limitado y la actividad est\u00e1 sujeta a un n\u00famero m\u00ednimo de participantes.<\/span><\/p>\n<p data-start=\"1103\" data-end=\"1246\"><span><\/span><\/p>\n<p data-start=\"1103\" data-end=\"1246\"><span>Valor: 180<\/span><\/p>\n<p>[\/et_pb_text][\/et_pb_column][\/et_pb_row][et_pb_row _builder_version=\u00bb4.27.4&#8243; _module_preset=\u00bbdefault\u00bb custom_margin=\u00bb20px||0px||false|false\u00bb custom_padding=\u00bb||20px||false|false\u00bb global_colors_info=\u00bb{}\u00bb][et_pb_column type=\u00bb4_4&#8243; _builder_version=\u00bb4.27.4&#8243; _module_preset=\u00bbdefault\u00bb global_colors_info=\u00bb{}\u00bb][et_pb_video _builder_version=\u00bb4.27.4&#8243; _module_preset=\u00bbdefault\u00bb global_colors_info=\u00bb{}\u00bb][\/et_pb_video][et_pb_button button_url=\u00bbhttps:\/\/congresso15.cmm.pt\/es\/inscribete\/\u00bb url_new_window=\u00bbon\u00bb button_text=\u00bbInscr\u00edbete aqu\u00ed\u00bb button_alignment=\u00bbcenter\u00bb _builder_version=\u00bb4.27.4&#8243; _module_preset=\u00bbdefault\u00bb custom_button=\u00bbon\u00bb button_text_color=\u00bbgcid-11f9b122-e9c0-482b-a959-1714baa342ba\u00bb button_bg_color=\u00bbgcid-546bed2b-5433-4fda-a464-70de8509316d\u00bb custom_margin=\u00bb0px||||false|false\u00bb custom_padding=\u00bb0px||||false|false\u00bb global_colors_info=\u00bb{%22gcid-11f9b122-e9c0-482b-a959-1714baa342ba%22:%91%22button_text_color%22%93,%22gcid-546bed2b-5433-4fda-a464-70de8509316d%22:%91%22button_bg_color%22%93}\u00bb][\/et_pb_button][\/et_pb_column][\/et_pb_row][et_pb_row _builder_version=\u00bb4.27.4&#8243; _module_preset=\u00bbdefault\u00bb custom_margin=\u00bb20px||||false|false\u00bb global_colors_info=\u00bb{}\u00bb][et_pb_column type=\u00bb4_4&#8243; _builder_version=\u00bb4.27.4&#8243; _module_preset=\u00bbdefault\u00bb global_colors_info=\u00bb{}\u00bb][et_pb_map address=\u00bbCais da Estiva, Ribeira, 4050 Porto, Portugal\u00bb zoom_level=\u00bb16&#8243; address_lat=\u00bb41.140859361369&#8243; address_lng=\u00bb-8.6138606071472&#8243; _builder_version=\u00bb4.27.4&#8243; _module_preset=\u00bbdefault\u00bb width=\u00bb80%\u00bb max_width=\u00bb100%\u00bb module_alignment=\u00bbcenter\u00bb global_colors_info=\u00bb{}\u00bb][et_pb_map_pin title=\u00bbMuelle de Estiva\u00bb pin_address=\u00bbCais da Estiva, Ribeira, 4050 Porto, Portugal\u00bb pin_address_lat=\u00bb41.1402908&#8243; pin_address_lng=\u00bb-8.6141388&#8243; _builder_version=\u00bb4.27.4&#8243; _module_preset=\u00bbdefault\u00bb global_colors_info=\u00bb{}\u00bb][\/et_pb_map_pin][\/et_pb_map][\/et_pb_column][\/et_pb_row][\/et_pb_section]<\/p>\n","protected":false},"excerpt":{"rendered":"<p>Programa social21 de noviembre &#8211; Cena de clausuraTerraza T&amp;C &#8211; WOW, Vila Nova de GaiaParticipe en una cena especial en uno de los espacios m\u00e1s emblem\u00e1ticos de Vila Nova de Gaia, con una vista privilegiada sobre la ciudad de Oporto. Una excelente oportunidad para seguir socializando y reforzar los contactos establecidos durante el Congreso.Hora: A [&hellip;]<\/p>\n","protected":false},"author":2,"featured_media":0,"parent":0,"menu_order":0,"comment_status":"closed","ping_status":"closed","template":"","meta":{"_et_pb_use_builder":"on","_et_pb_old_content":"","_et_gb_content_width":"","_view_id":"","footnotes":""},"class_list":["post-3743","page","type-page","status-publish","hentry"],"_links":{"self":[{"href":"https:\/\/congresso15.cmm.pt\/es\/wp-json\/wp\/v2\/pages\/3743","targetHints":{"allow":["GET"]}}],"collection":[{"href":"https:\/\/congresso15.cmm.pt\/es\/wp-json\/wp\/v2\/pages"}],"about":[{"href":"https:\/\/congresso15.cmm.pt\/es\/wp-json\/wp\/v2\/types\/page"}],"author":[{"embeddable":true,"href":"https:\/\/congresso15.cmm.pt\/es\/wp-json\/wp\/v2\/users\/2"}],"replies":[{"embeddable":true,"href":"https:\/\/congresso15.cmm.pt\/es\/wp-json\/wp\/v2\/comments?post=3743"}],"version-history":[{"count":13,"href":"https:\/\/congresso15.cmm.pt\/es\/wp-json\/wp\/v2\/pages\/3743\/revisions"}],"predecessor-version":[{"id":4589,"href":"https:\/\/congresso15.cmm.pt\/es\/wp-json\/wp\/v2\/pages\/3743\/revisions\/4589"}],"wp:attachment":[{"href":"https:\/\/congresso15.cmm.pt\/es\/wp-json\/wp\/v2\/media?parent=3743"}],"curies":[{"name":"wp","href":"https:\/\/api.w.org\/{rel}","templated":true}]}}